{"id":6331,"date":"2017-09-17T22:22:50","date_gmt":"2017-09-17T20:22:50","guid":{"rendered":"https:\/\/volare.volotea.com\/?post_type=inspiracion&p=6331"},"modified":"2017-09-17T22:37:08","modified_gmt":"2017-09-17T20:37:08","slug":"le-localita-costiere-che-preferisco","status":"publish","type":"inspiracion","link":"https:\/\/volare.volotea.com\/it\/citta\/nantes\/le-localita-costiere-che-preferisco\/","title":{"rendered":"Le localit\u00e0 costiere che preferisco"},"content":{"rendered":"<p>Dato che Nantes \u00e8 a meno di un\u2019ora dall\u2019Oceano Atlantico, nei fine settimana una delle abitudini dei nantesi \u00e8 partire per una gita in macchina sulla costa. Sotto il sole, come sotto la pioggia, nella regione della Loira Atlantica il mare \u00e8 magnifico. Siamo molto fortunati perch\u00e9 gli scenari sono diversi: coste selvagge, lunghe spiagge sabbiose, piccoli porti turistici, percorsi costieri&#8230; Oggi voglio condividere con voi le localit\u00e0 costiere che preferisco.<\/p>\n<p><strong>Pornic<\/strong><\/p>\n<p>Pornic \u00e8 una delle destinazioni costiere pi\u00f9 belle e accessibili di Nantes. La si raggiunge in un\u2019ora di treno o in 50 minuti di auto. Situata nel sud della Loira, la cittadina offre tutto ci\u00f2 che potrebbe incantare un turista; \u00e8 un vero e proprio <strong>scenario da cartolina<\/strong>. C\u2019\u00e8 da scommettere che, come noi, anche voi sarete vittima del suo fascino. C\u2019\u00e8 il suo vecchio porto, splendidamente sovrastato da un castello, il sentiero costiero con le sue attivit\u00e0 di pesca e un complesso termale conosciuto sia dalla popolazione locale sia dai visitatori.<\/p>\n<p>Se passate per Pornic, non potete lasciarvi scappare il gelato della <a href=\"http:\/\/www.ot-pornic.fr\/creperie-la-fraiseraie.html\">Fraiseraie<\/a>, una vera istituzione locale.<\/p>\n<p><strong>Le paludi saline di Gu\u00e9rande<\/strong><\/p>\n<p>Le paludi saline di Gu\u00e9rande sono un posto molto speciale. Il sale marino viene raccolto tramite evaporazione, secondo un metodo tradizionale che, dal Medioevo, ha subito ben poche modifiche. Il paesaggio \u00e8 composto da serbatoi d\u2019acqua &#8211; le saline &#8211; in cui l\u2019acqua scorre molto lentamente, fino a evaporare.<\/p>\n<p><strong>Non appena fa capolino il sole, i paesaggi svelano tutta la loro bellezza<\/strong>, perch\u00e9 il cielo blu si riflette nell\u2019acqua quasi stagnante dei bacini. Una cosa \u00e8 certa: le paludi saline di Gu\u00e9rande vi sbalordiranno! Quando li portiamo qui, i nostri amici restano sempre molto colpiti.<\/p>\n<p>E, se avrete fortuna, vedrete i salinai (coloro che lavorano nelle paludi saline) all\u2019opera, mentre raccolgono il sale (o \u201coro bianco\u201d, come lo chiamano qui).<\/p>\n<p>Per apprezzare davvero il luogo, prenotate una visita con la cooperativa <a href=\"http:\/\/www.ot-guerande.fr\/terre-de-sel-1-1-1.html#thaut\">Terre de Sel<\/a>, che vi racconter\u00e0 tutto ci\u00f2 che c\u2019\u00e8 da sapere sulle paludi saline di Gu\u00e9rande.<\/p>\n<p><strong>Mesquer-Quimiac<\/strong><\/p>\n<p>Le prime destinazioni che vi ho presentato sono imperdibili, ma attirano sempre un sacco di visitatori, specialmente in estate. In questa stagione, io preferisco posti pi\u00f9 riservati. Mesquer-Quimiac \u00e8 uno di questi.<\/p>\n<p><strong>La punta di Merquel<\/strong> offre un bellissimo paesaggio che mi ricorda quello del Golfo di Morbihan. A Quimiac ci sono anche splendide spiagge con acque cristalline. Sono spiagge poco conosciute dai turisti, per questo spesso adoro trascorrere qui i pomeriggi.<\/p>\n<p><strong>Piriac-sur-Mer<\/strong><\/p>\n<p>Cambio di scenario con una <strong>piccola citt\u00e0 portuale dal carattere tipicamente bretone<\/strong>: Piriac-sur-Mer. Le graziose casette sparse per la citt\u00e0 sono costruite in granito grigio e hanno tetti in ardesia molto ripidi, caratteristici dell\u2019architettura locale.<\/p>\n<p>A Piriac trascorriamo sempre delle bellissime giornate. Adoro passeggiare per i vicoletti, andare in spiaggia o percorrere i sentieri costieri. La citt\u00e0 ha anche alcuni bei posti: creperie, pub, boutique&#8230;<\/p>\n<p><strong>P\u00e9nestin<\/strong><\/p>\n<p>\u00c8 piacevole <a href=\"http:\/\/nanteswithlove.fr\/balade-dautomne-a-la-mer-a-penestin\/\">passeggiare per P\u00e9nestin<\/a>, un comune situato proprio al confine tra la Loira Atlantica e il Morbihan. \u00c8 circondato dal mare e la costa \u00e8 molto ricca. <strong>Ci si ferma con piacere in diversi punti<\/strong> per vedere l\u2019estuario della Vilaine, le lunghe spiagge sabbiose, le scogliere ocra, la punta del Bile e quella di Halguen&#8230; P\u00e9nestin \u00e8 poco conosciuta, e mi piace venire qui a ricaricare le batterie in ogni stagione.<\/p>\n<p>Se doveste mai trovarvi nei paraggi, godetevi il pranzo a La Roche-Bernard. \u00c8 una cittadina molto graziosa situata appena a monte della Vilaine.<\/p>\n<p><strong>Ecco i 5 luoghi che preferisco sulla costa atlantica<\/strong> e a poca distanza Nantes, ma ce ne sarebbero tanti altri di cui parlare. Se avete <strong>l\u2019anima da escursionista<\/strong>, cominciate da qui. Scendete o risalite la costa tra Pornic e P\u00e9nestin, perch\u00e8 il litorale \u00e8 tutto da scoprire!<\/p>\n","protected":false},"excerpt":{"rendered":"<p>Ecco i 5 luoghi che preferisco sulla costa atlantica e a poca distanza Nantes, ma ce ne sarebbero tanti altri di cui parlare. Se avete l\u2019anima da escursionista, cominciate da qui.<\/p>\n","protected":false},"author":25,"featured_media":6460,"template":"","topics":[2539],"destination":[2841],"class_list":["post-6331","inspiracion","type-inspiracion","status-publish","has-post-thumbnail","hentry","topics-spiagge-allaperto","destination-nantes"],"acf":[],"yoast_head":"<!-- This site is optimized with the Yoast SEO plugin v28.4 - https:\/\/yoast.com\/product\/yoast-seo-wordpress\/ -->\n<title>Le localit\u00e0 costiere che preferisco - VOLARE MAGAZINE | VOLOTEA<\/title>\n<meta name=\"description\" content=\"Ecco i 5 luoghi che preferisco sulla costa atlantica e a poca distanza Nantes, ma ce ne sarebbero tanti altri di cui parlare. Se avete l\u2019anima da...\" \/>\n<meta name=\"robots\" content=\"index, follow, max-snippet:-1, max-image-preview:large, max-video-preview:-1\" \/>\n<link rel=\"canonical\" href=\"https:\/\/volare.volotea.com\/it\/citta\/nantes\/le-localita-costiere-che-preferisco\/\" \/>\n<meta property=\"og:locale\" content=\"it_IT\" \/>\n<meta property=\"og:type\" content=\"article\" \/>\n<meta property=\"og:title\" content=\"Le localit\u00e0 costiere che preferisco - VOLARE MAGAZINE | VOLOTEA\" \/>\n<meta property=\"og:description\" content=\"Ecco i 5 luoghi che preferisco sulla costa atlantica e a poca distanza Nantes, ma ce ne sarebbero tanti altri di cui parlare. Se avete l\u2019anima da...\" \/>\n<meta property=\"og:url\" content=\"https:\/\/volare.volotea.com\/it\/citta\/nantes\/le-localita-costiere-che-preferisco\/\" \/>\n<meta property=\"og:site_name\" content=\"VOLARE MAGAZINE | VOLOTEA\" \/>\n<meta property=\"article:publisher\" content=\"https:\/\/www.facebook.com\/Volotea\/\" \/>\n<meta property=\"article:modified_time\" content=\"2017-09-17T20:37:08+00:00\" \/>\n<meta property=\"og:image\" content=\"https:\/\/volare.volotea.com\/wp-content\/uploads\/2017\/11\/05_Mes-endroits-pr\u00e9f\u00e9r\u00e9s-sur-la-c\u00f4te-4.jpg\" \/>\n\t<meta property=\"og:image:width\" content=\"717\" \/>\n\t<meta property=\"og:image:height\" content=\"538\" \/>\n\t<meta property=\"og:image:type\" content=\"image\/jpeg\" \/>\n<meta name=\"twitter:card\" content=\"summary_large_image\" \/>\n<meta name=\"twitter:site\" content=\"@volotea\" \/>\n<meta name=\"twitter:label1\" content=\"Tempo di lettura stimato\" \/>\n\t<meta name=\"twitter:data1\" content=\"3 minuti\" \/>\n<script type=\"application\/ld+json\" class=\"yoast-schema-graph\">{\"@context\":\"https:\\\/\\\/schema.org\",\"@graph\":[{\"@type\":\"WebPage\",\"@id\":\"https:\\\/\\\/volare.volotea.com\\\/it\\\/citta\\\/nantes\\\/le-localita-costiere-che-preferisco\\\/\",\"url\":\"https:\\\/\\\/volare.volotea.com\\\/it\\\/citta\\\/nantes\\\/le-localita-costiere-che-preferisco\\\/\",\"name\":\"Le localit\u00e0 costiere che preferisco - VOLARE MAGAZINE | VOLOTEA\",\"isPartOf\":{\"@id\":\"https:\\\/\\\/volare.volotea.com\\\/fr\\\/#website\"},\"primaryImageOfPage\":{\"@id\":\"https:\\\/\\\/volare.volotea.com\\\/it\\\/citta\\\/nantes\\\/le-localita-costiere-che-preferisco\\\/#primaryimage\"},\"image\":{\"@id\":\"https:\\\/\\\/volare.volotea.com\\\/it\\\/citta\\\/nantes\\\/le-localita-costiere-che-preferisco\\\/#primaryimage\"},\"thumbnailUrl\":\"https:\\\/\\\/i0.wp.com\\\/volare.volotea.com\\\/wp-content\\\/uploads\\\/2017\\\/11\\\/05_Mes-endroits-pr%C3%A9f%C3%A9r%C3%A9s-sur-la-c%C3%B4te-4.jpg?fit=717%2C538&ssl=1\",\"datePublished\":\"2017-09-17T20:22:50+00:00\",\"dateModified\":\"2017-09-17T20:37:08+00:00\",\"description\":\"Ecco i 5 luoghi che preferisco sulla costa atlantica e a poca distanza Nantes, ma ce ne sarebbero tanti altri di cui parlare. Se avete l\u2019anima da...\",\"breadcrumb\":{\"@id\":\"https:\\\/\\\/volare.volotea.com\\\/it\\\/citta\\\/nantes\\\/le-localita-costiere-che-preferisco\\\/#breadcrumb\"},\"inLanguage\":\"it-IT\",\"potentialAction\":[{\"@type\":\"ReadAction\",\"target\":[\"https:\\\/\\\/volare.volotea.com\\\/it\\\/citta\\\/nantes\\\/le-localita-costiere-che-preferisco\\\/\"]}]},{\"@type\":\"ImageObject\",\"inLanguage\":\"it-IT\",\"@id\":\"https:\\\/\\\/volare.volotea.com\\\/it\\\/citta\\\/nantes\\\/le-localita-costiere-che-preferisco\\\/#primaryimage\",\"url\":\"https:\\\/\\\/i0.wp.com\\\/volare.volotea.com\\\/wp-content\\\/uploads\\\/2017\\\/11\\\/05_Mes-endroits-pr%C3%A9f%C3%A9r%C3%A9s-sur-la-c%C3%B4te-4.jpg?fit=717%2C538&ssl=1\",\"contentUrl\":\"https:\\\/\\\/i0.wp.com\\\/volare.volotea.com\\\/wp-content\\\/uploads\\\/2017\\\/11\\\/05_Mes-endroits-pr%C3%A9f%C3%A9r%C3%A9s-sur-la-c%C3%B4te-4.jpg?fit=717%2C538&ssl=1\",\"width\":717,\"height\":538},{\"@type\":\"BreadcrumbList\",\"@id\":\"https:\\\/\\\/volare.volotea.com\\\/it\\\/citta\\\/nantes\\\/le-localita-costiere-che-preferisco\\\/#breadcrumb\",\"itemListElement\":[{\"@type\":\"ListItem\",\"position\":1,\"name\":\"Portada\",\"item\":\"https:\\\/\\\/volare.volotea.com\\\/it\\\/\"},{\"@type\":\"ListItem\",\"position\":2,\"name\":\"Inspiracion\",\"item\":\"https:\\\/\\\/volare.volotea.com\\\/it\\\/citta\\\/\"},{\"@type\":\"ListItem\",\"position\":3,\"name\":\"Le localit\u00e0 costiere che preferisco\"}]},{\"@type\":\"WebSite\",\"@id\":\"https:\\\/\\\/volare.volotea.com\\\/fr\\\/#website\",\"url\":\"https:\\\/\\\/volare.volotea.com\\\/fr\\\/\",\"name\":\"VOLARE MAGAZINE | VOLOTEA\",\"description\":\"Travel Blog\",\"publisher\":{\"@id\":\"https:\\\/\\\/volare.volotea.com\\\/fr\\\/#organization\"},\"potentialAction\":[{\"@type\":\"SearchAction\",\"target\":{\"@type\":\"EntryPoint\",\"urlTemplate\":\"https:\\\/\\\/volare.volotea.com\\\/fr\\\/?s={search_term_string}\"},\"query-input\":{\"@type\":\"PropertyValueSpecification\",\"valueRequired\":true,\"valueName\":\"search_term_string\"}}],\"inLanguage\":\"it-IT\"},{\"@type\":\"Organization\",\"@id\":\"https:\\\/\\\/volare.volotea.com\\\/fr\\\/#organization\",\"name\":\"VOLARE MAGAZINE | VOLOTEA\",\"url\":\"https:\\\/\\\/volare.volotea.com\\\/fr\\\/\",\"logo\":{\"@type\":\"ImageObject\",\"inLanguage\":\"it-IT\",\"@id\":\"https:\\\/\\\/volare.volotea.com\\\/fr\\\/#\\\/schema\\\/logo\\\/image\\\/\",\"url\":\"https:\\\/\\\/volare.volotea.com\\\/wp-content\\\/uploads\\\/2026\\\/04\\\/volotea.png\",\"contentUrl\":\"https:\\\/\\\/volare.volotea.com\\\/wp-content\\\/uploads\\\/2026\\\/04\\\/volotea.png\",\"width\":960,\"height\":318,\"caption\":\"VOLARE MAGAZINE | VOLOTEA\"},\"image\":{\"@id\":\"https:\\\/\\\/volare.volotea.com\\\/fr\\\/#\\\/schema\\\/logo\\\/image\\\/\"},\"sameAs\":[\"https:\\\/\\\/www.facebook.com\\\/Volotea\\\/\",\"https:\\\/\\\/x.com\\\/volotea\",\"https:\\\/\\\/es.pinterest.com\\\/volotea\\\/\"]}]}<\/script>\n<!-- \/ Yoast SEO plugin. -->","yoast_head_json":{"title":"Le localit\u00e0 costiere che preferisco - VOLARE MAGAZINE | VOLOTEA","description":"Ecco i 5 luoghi che preferisco sulla costa atlantica e a poca distanza Nantes, ma ce ne sarebbero tanti altri di cui parlare. Se avete l\u2019anima da...","robots":{"index":"index","follow":"follow","max-snippet":"max-snippet:-1","max-image-preview":"max-image-preview:large","max-video-preview":"max-video-preview:-1"},"canonical":"https:\/\/volare.volotea.com\/it\/citta\/nantes\/le-localita-costiere-che-preferisco\/","og_locale":"it_IT","og_type":"article","og_title":"Le localit\u00e0 costiere che preferisco - VOLARE MAGAZINE | VOLOTEA","og_description":"Ecco i 5 luoghi che preferisco sulla costa atlantica e a poca distanza Nantes, ma ce ne sarebbero tanti altri di cui parlare. Se avete l\u2019anima da...","og_url":"https:\/\/volare.volotea.com\/it\/citta\/nantes\/le-localita-costiere-che-preferisco\/","og_site_name":"VOLARE MAGAZINE | VOLOTEA","article_publisher":"https:\/\/www.facebook.com\/Volotea\/","article_modified_time":"2017-09-17T20:37:08+00:00","og_image":[{"width":717,"height":538,"url":"https:\/\/volare.volotea.com\/wp-content\/uploads\/2017\/11\/05_Mes-endroits-pr\u00e9f\u00e9r\u00e9s-sur-la-c\u00f4te-4.jpg","type":"image\/jpeg"}],"twitter_card":"summary_large_image","twitter_site":"@volotea","twitter_misc":{"Tempo di lettura stimato":"3 minuti"},"schema":{"@context":"https:\/\/schema.org","@graph":[{"@type":"WebPage","@id":"https:\/\/volare.volotea.com\/it\/citta\/nantes\/le-localita-costiere-che-preferisco\/","url":"https:\/\/volare.volotea.com\/it\/citta\/nantes\/le-localita-costiere-che-preferisco\/","name":"Le localit\u00e0 costiere che preferisco - VOLARE MAGAZINE | VOLOTEA","isPartOf":{"@id":"https:\/\/volare.volotea.com\/fr\/#website"},"primaryImageOfPage":{"@id":"https:\/\/volare.volotea.com\/it\/citta\/nantes\/le-localita-costiere-che-preferisco\/#primaryimage"},"image":{"@id":"https:\/\/volare.volotea.com\/it\/citta\/nantes\/le-localita-costiere-che-preferisco\/#primaryimage"},"thumbnailUrl":"https:\/\/i0.wp.com\/volare.volotea.com\/wp-content\/uploads\/2017\/11\/05_Mes-endroits-pr%C3%A9f%C3%A9r%C3%A9s-sur-la-c%C3%B4te-4.jpg?fit=717%2C538&ssl=1","datePublished":"2017-09-17T20:22:50+00:00","dateModified":"2017-09-17T20:37:08+00:00","description":"Ecco i 5 luoghi che preferisco sulla costa atlantica e a poca distanza Nantes, ma ce ne sarebbero tanti altri di cui parlare. Se avete l\u2019anima da...","breadcrumb":{"@id":"https:\/\/volare.volotea.com\/it\/citta\/nantes\/le-localita-costiere-che-preferisco\/#breadcrumb"},"inLanguage":"it-IT","potentialAction":[{"@type":"ReadAction","target":["https:\/\/volare.volotea.com\/it\/citta\/nantes\/le-localita-costiere-che-preferisco\/"]}]},{"@type":"ImageObject","inLanguage":"it-IT","@id":"https:\/\/volare.volotea.com\/it\/citta\/nantes\/le-localita-costiere-che-preferisco\/#primaryimage","url":"https:\/\/i0.wp.com\/volare.volotea.com\/wp-content\/uploads\/2017\/11\/05_Mes-endroits-pr%C3%A9f%C3%A9r%C3%A9s-sur-la-c%C3%B4te-4.jpg?fit=717%2C538&ssl=1","contentUrl":"https:\/\/i0.wp.com\/volare.volotea.com\/wp-content\/uploads\/2017\/11\/05_Mes-endroits-pr%C3%A9f%C3%A9r%C3%A9s-sur-la-c%C3%B4te-4.jpg?fit=717%2C538&ssl=1","width":717,"height":538},{"@type":"BreadcrumbList","@id":"https:\/\/volare.volotea.com\/it\/citta\/nantes\/le-localita-costiere-che-preferisco\/#breadcrumb","itemListElement":[{"@type":"ListItem","position":1,"name":"Portada","item":"https:\/\/volare.volotea.com\/it\/"},{"@type":"ListItem","position":2,"name":"Inspiracion","item":"https:\/\/volare.volotea.com\/it\/citta\/"},{"@type":"ListItem","position":3,"name":"Le localit\u00e0 costiere che preferisco"}]},{"@type":"WebSite","@id":"https:\/\/volare.volotea.com\/fr\/#website","url":"https:\/\/volare.volotea.com\/fr\/","name":"VOLARE MAGAZINE | VOLOTEA","description":"Travel Blog","publisher":{"@id":"https:\/\/volare.volotea.com\/fr\/#organization"},"potentialAction":[{"@type":"SearchAction","target":{"@type":"EntryPoint","urlTemplate":"https:\/\/volare.volotea.com\/fr\/?s={search_term_string}"},"query-input":{"@type":"PropertyValueSpecification","valueRequired":true,"valueName":"search_term_string"}}],"inLanguage":"it-IT"},{"@type":"Organization","@id":"https:\/\/volare.volotea.com\/fr\/#organization","name":"VOLARE MAGAZINE | VOLOTEA","url":"https:\/\/volare.volotea.com\/fr\/","logo":{"@type":"ImageObject","inLanguage":"it-IT","@id":"https:\/\/volare.volotea.com\/fr\/#\/schema\/logo\/image\/","url":"https:\/\/volare.volotea.com\/wp-content\/uploads\/2026\/04\/volotea.png","contentUrl":"https:\/\/volare.volotea.com\/wp-content\/uploads\/2026\/04\/volotea.png","width":960,"height":318,"caption":"VOLARE MAGAZINE | VOLOTEA"},"image":{"@id":"https:\/\/volare.volotea.com\/fr\/#\/schema\/logo\/image\/"},"sameAs":["https:\/\/www.facebook.com\/Volotea\/","https:\/\/x.com\/volotea","https:\/\/es.pinterest.com\/volotea\/"]}]}},"jetpack_sharing_enabled":true,"_links":{"self":[{"href":"https:\/\/volare.volotea.com\/it\/wp-json\/wp\/v2\/inspiracion\/6331","targetHints":{"allow":["GET"]}}],"collection":[{"href":"https:\/\/volare.volotea.com\/it\/wp-json\/wp\/v2\/inspiracion"}],"about":[{"href":"https:\/\/volare.volotea.com\/it\/wp-json\/wp\/v2\/types\/inspiracion"}],"author":[{"embeddable":true,"href":"https:\/\/volare.volotea.com\/it\/wp-json\/wp\/v2\/users\/25"}],"wp:featuredmedia":[{"embeddable":true,"href":"https:\/\/volare.volotea.com\/it\/wp-json\/wp\/v2\/media\/6460"}],"wp:attachment":[{"href":"https:\/\/volare.volotea.com\/it\/wp-json\/wp\/v2\/media?parent=6331"}],"wp:term":[{"taxonomy":"topics","embeddable":true,"href":"https:\/\/volare.volotea.com\/it\/wp-json\/wp\/v2\/topics?post=6331"},{"taxonomy":"destination","embeddable":true,"href":"https:\/\/volare.volotea.com\/it\/wp-json\/wp\/v2\/destination?post=6331"}],"curies":[{"name":"wp","href":"https:\/\/api.w.org\/{rel}","templated":true}]}}