{"id":5227,"date":"2017-05-08T19:28:09","date_gmt":"2017-05-08T17:28:09","guid":{"rendered":"https:\/\/volare.volotea.com\/?post_type=inspiracion&p=5227"},"modified":"2017-05-19T17:54:21","modified_gmt":"2017-05-19T15:54:21","slug":"un-sabato-a-verona","status":"publish","type":"inspiracion","link":"https:\/\/volare.volotea.com\/it\/citta\/verona\/un-sabato-a-verona\/","title":{"rendered":"Un sabato a Verona"},"content":{"rendered":"<p>Uno dei tanti riti cui i veronesi non rinunciano mai \u00e8 <b>riversarsi in centro nel fine settimana<\/b>, in particolare il sabato pomeriggio. Si fanno le \u201cvasche\u201d nella strada\u00a0 principale dello shopping, via Mazzini, dove c\u2019\u00e8 spesso cos\u00ec tanta gente da doversi muoversi a tentoni, come se si stesse annaspando nell\u2019acqua. Si va pi\u00f9 per guardare le vetrine che per comprare, ci si ritrova con gli amici per un aperitivo per poi, magari, finire la serata con una bottiglia di vino e un piatto caldo in un ristorante.<\/p>\n<p>Il mio personale e tipico sabato pomeriggio \u00e8 leggermente diverso, ma non troppo. Tipicamente, la mia passeggiata in centro inizia da <a href=\"https:\/\/www.google.it\/maps\/place\/Dischi+Volanti\/@45.4434202,10.9931409,17z\/data=!3m1!4b1!4m5!3m4!1s0x477f5f4eca387a7f:0xfd2cbd71a78c2c5d!8m2!3d45.4434202!4d10.9953296\">Dischi Volanti<\/a>. Un tempo, quando ero ragazzo, la citt\u00e0 pullulava di negozi di dischi indipendenti, tutti poi spazzati via dalla rivoluzione digitale. <b>Tutti meno uno<\/b>. E c\u2019\u00e8 pi\u00f9 di una ragione se questo bugigattolo stipato di dischi in ogni possibile anfratto \u00e8 sopravvissuto: ha sempre puntato molto sui vinili (oggi tornati prepotentemente di moda) anche all\u2019apice della popolarit\u00e0 dei cd; e ci si trovano rarit\u00e0 che nemmeno su Internet \u00e8 facile scovare.<\/p>\n<p>Uscito di qui con qualcosa di nuovo da ascoltare, \u00e8 gi\u00e0 ora di sorseggiare un caff\u00e8. Fortunatamente, siamo a due passi dal posto migliore della citt\u00e0 per un espresso: Tubino (tutti i veronesi lo conoscono con questo nome, anche se oggi si chiama <a href=\"https:\/\/www.google.it\/maps\/place\/Caff%C3%A8+Borsari\/@45.4430346,10.9935229,17z\/data=!3m1!4b1!4m5!3m4!1s0x477f5f4933c2d86d:0x5552e970fafb29cf!8m2!3d45.4430346!4d10.9957116\">Caff\u00e8 Borsari<\/a>). Anche questo \u00e8 un posto minuscolo, dove il caff\u00e8 si beve in piedi a meno di non essere cos\u00ec fortunati da trovare libera una delle tre sedie a disposizione. Ma questa bottega \u00e8 <b>un vero e proprio tempio laico del caff\u00e8<\/b>. E anche se qui viene offerto in una miriade di variet\u00e0, a me piace prenderlo nero, bollente e senza zucchero, per gustarlo meglio e fino in fondo.<\/p>\n<p>Quando si fa ora di cena, se non ci sono occasioni particolari, mi piace optare per una pizza\u00a0 in compagnia. Verona, come molte citt\u00e0 del nord Italia con una numerosa comunit\u00e0 meridionale, vanta <b>un\u2019ottima offerta di pizzerie napoletane<\/b>. Ce ne sono molte di ottime\u00a0 (<a href=\"https:\/\/www.google.it\/maps\/place\/Leone+da+Ciro+1924\/@45.440434,10.9956563,17z\/data=!3m1!4b1!4m5!3m4!1s0x477f5f48637c74b5:0xfee77e2f1ba5f19c!8m2!3d45.440434!4d10.997845\">Leone<\/a>, <a href=\"https:\/\/www.google.it\/maps\/place\/Bella+Napoli\/@45.437117,10.9855847,17z\/data=!3m1!4b1!4m5!3m4!1s0x477f5f44c995ca11:0x971630ddae699b12!8m2!3d45.437117!4d10.9877734\">Bella Napoli<\/a>) ma la pi\u00f9 famosa e longeva della citt\u00e0 \u00e8 la pizzeria <a href=\"https:\/\/www.google.it\/maps\/place\/Pizzeria+Da+Salvatore\/@45.4428347,11.0002573,17z\/data=!3m1!4b1!4m5!3m4!1s0x477f5f36477fbc27:0x54f36f3d62ab0619!8m2!3d45.4428347!4d11.002446\">Da Salvatore<\/a>. Anche in questo caso, si tratta di un locale piuttosto piccolo dove capita di dover attendere un po\u2019 prima di trovar posto. E\u2019 una reputazione meritata sia per l\u2019ambiente (in particolare i tavolini in resina trasparente, piccole opere d\u2019arte) e per la qualit\u00e0 delle pizze che tuttavia, sul listino, sono \u201cnon modificabili\u201d.<\/p>\n<p>Se ho voglia di ascoltare anche un po\u2019 di musica la scelta obbligata si trova <a href=\"https:\/\/www.google.it\/maps\/place\/Le+Cantine+de+l%27Arena\/@45.439787,10.9910763,17z\/data=!3m1!4b1!4m5!3m4!1s0x477f58b4ccbb4d39:0x16de87563d076eb0!8m2!3d45.439787!4d10.993265\">a due passi dall\u2019Arena. Le Cantine<\/a> \u00e8 una brasserie che <b>ricorda certi jazz club di New York<\/b>. Si scende una ripida scala e si accede al locale con volte in mattoni, dove si nota subito un palcoscenico dove si esibiscono in continuazione alcuni dei migliori musicisti che passano per Verona, nei generi jazz, blues, rock, spesso in torrenziali jam session. Le <a href=\"http:\/\/www.lecantine-arena.com\/live-music\/\">serate di musica live <\/a>sono di solito il marted\u00ec, il venerd\u00ec e la domenica pomeriggio.\u00a0 Specialit\u00e0 della casa \u00e8 la carne grigliata,\u00a0 con un bellissimo barbecue a vista.<\/p>\n<p>Per il classico ultimo bicchiere non conosco un posto migliore a Verona del <a href=\"https:\/\/www.google.it\/maps\/place\/FRZ+LAB\/@45.4369942,10.9854579,17z\/data=!3m1!4b1!4m5!3m4!1s0x477f5f44b67cc4d9:0x6f9c8142c8f598b5!8m2!3d45.4369942!4d10.9876466\">Frizzante Lab<\/a>, un localino apparentemente anonimo vicino al teatro Ristori. Qui il cocktail non \u00e8 un drink da trangugiare tra una patatina e l\u2019altra. E\u2019 <b>una piccola opera d\u2019arte da scoprire e assaporare <\/b>dedicandogli il giusto tempo. Mi piace sedermi al bancone, esplorare il ricco men\u00f9 alla ricerca di quello che meglio interpreta il momento e ammirare i due baristi nella preparazione, come fossero due chef in una cucina a vista.\u00a0\u00a0 Non c\u2019\u00e8 modo migliore di concludere una bella serata a Verona. Bevo l\u2019ultimo sorso e so di poter davvero andarmene a letto soddisfatto.<\/p>\n","protected":false},"excerpt":{"rendered":"<p>I veronesi amano riversarsi in centro nel fine settimana. Tra shopping, cibo, drink e divertimento, ecco una piccola lista per passare un bel sabato sera in citt\u00e0.<\/p>\n","protected":false},"author":2,"featured_media":6088,"template":"","topics":[2542],"destination":[2825],"class_list":["post-5227","inspiracion","type-inspiracion","status-publish","has-post-thumbnail","hentry","topics-gite","destination-verona"],"acf":[],"yoast_head":"<!-- This site is optimized with the Yoast SEO plugin v28.4 - https:\/\/yoast.com\/product\/yoast-seo-wordpress\/ -->\n<title>Un sabato a Verona - VOLARE MAGAZINE | VOLOTEA<\/title>\n<meta name=\"description\" content=\"Piccola guida per passare un bel sabato sera a Verona\" \/>\n<meta name=\"robots\" content=\"index, follow, max-snippet:-1, max-image-preview:large, max-video-preview:-1\" \/>\n<link rel=\"canonical\" href=\"https:\/\/volare.volotea.com\/es\/citta\/verona\/un-sabado-en-verona\/\" \/>\n<meta property=\"og:locale\" content=\"it_IT\" \/>\n<meta property=\"og:type\" content=\"article\" \/>\n<meta property=\"og:title\" content=\"Un sabato a Verona - VOLARE MAGAZINE | VOLOTEA\" \/>\n<meta property=\"og:description\" content=\"Piccola guida per passare un bel sabato sera a Verona\" \/>\n<meta property=\"og:url\" content=\"https:\/\/volare.volotea.com\/es\/citta\/verona\/un-sabado-en-verona\/\" \/>\n<meta property=\"og:site_name\" content=\"VOLARE MAGAZINE | VOLOTEA\" \/>\n<meta property=\"article:publisher\" content=\"https:\/\/www.facebook.com\/Volotea\/\" \/>\n<meta property=\"article:modified_time\" content=\"2017-05-19T15:54:21+00:00\" \/>\n<meta property=\"og:image\" content=\"https:\/\/volare.volotea.com\/wp-content\/uploads\/2017\/05\/IMG_4791-e1559132806715.jpg\" \/>\n\t<meta property=\"og:image:width\" content=\"1000\" \/>\n\t<meta property=\"og:image:height\" content=\"750\" \/>\n\t<meta property=\"og:image:type\" content=\"image\/jpeg\" \/>\n<meta name=\"twitter:card\" content=\"summary_large_image\" \/>\n<meta name=\"twitter:site\" content=\"@volotea\" \/>\n<meta name=\"twitter:label1\" content=\"Tempo di lettura stimato\" \/>\n\t<meta name=\"twitter:data1\" content=\"3 minuti\" \/>\n<script type=\"application\/ld+json\" class=\"yoast-schema-graph\">{\"@context\":\"https:\\\/\\\/schema.org\",\"@graph\":[{\"@type\":\"WebPage\",\"@id\":\"https:\\\/\\\/volare.volotea.com\\\/es\\\/citta\\\/verona\\\/un-sabado-en-verona\\\/\",\"url\":\"https:\\\/\\\/volare.volotea.com\\\/es\\\/citta\\\/verona\\\/un-sabado-en-verona\\\/\",\"name\":\"Un sabato a Verona - VOLARE MAGAZINE | VOLOTEA\",\"isPartOf\":{\"@id\":\"https:\\\/\\\/volare.volotea.com\\\/fr\\\/#website\"},\"primaryImageOfPage\":{\"@id\":\"https:\\\/\\\/volare.volotea.com\\\/es\\\/citta\\\/verona\\\/un-sabado-en-verona\\\/#primaryimage\"},\"image\":{\"@id\":\"https:\\\/\\\/volare.volotea.com\\\/es\\\/citta\\\/verona\\\/un-sabado-en-verona\\\/#primaryimage\"},\"thumbnailUrl\":\"https:\\\/\\\/i0.wp.com\\\/volare.volotea.com\\\/wp-content\\\/uploads\\\/2017\\\/05\\\/IMG_4791-e1559132806715.jpg?fit=1000%2C750&ssl=1\",\"datePublished\":\"2017-05-08T17:28:09+00:00\",\"dateModified\":\"2017-05-19T15:54:21+00:00\",\"description\":\"Piccola guida per passare un bel sabato sera a Verona\",\"breadcrumb\":{\"@id\":\"https:\\\/\\\/volare.volotea.com\\\/es\\\/citta\\\/verona\\\/un-sabado-en-verona\\\/#breadcrumb\"},\"inLanguage\":\"it-IT\",\"potentialAction\":[{\"@type\":\"ReadAction\",\"target\":[\"https:\\\/\\\/volare.volotea.com\\\/es\\\/citta\\\/verona\\\/un-sabado-en-verona\\\/\"]}]},{\"@type\":\"ImageObject\",\"inLanguage\":\"it-IT\",\"@id\":\"https:\\\/\\\/volare.volotea.com\\\/es\\\/citta\\\/verona\\\/un-sabado-en-verona\\\/#primaryimage\",\"url\":\"https:\\\/\\\/i0.wp.com\\\/volare.volotea.com\\\/wp-content\\\/uploads\\\/2017\\\/05\\\/IMG_4791-e1559132806715.jpg?fit=1000%2C750&ssl=1\",\"contentUrl\":\"https:\\\/\\\/i0.wp.com\\\/volare.volotea.com\\\/wp-content\\\/uploads\\\/2017\\\/05\\\/IMG_4791-e1559132806715.jpg?fit=1000%2C750&ssl=1\",\"width\":1000,\"height\":750},{\"@type\":\"BreadcrumbList\",\"@id\":\"https:\\\/\\\/volare.volotea.com\\\/es\\\/citta\\\/verona\\\/un-sabado-en-verona\\\/#breadcrumb\",\"itemListElement\":[{\"@type\":\"ListItem\",\"position\":1,\"name\":\"Portada\",\"item\":\"https:\\\/\\\/volare.volotea.com\\\/it\\\/\"},{\"@type\":\"ListItem\",\"position\":2,\"name\":\"Inspiracion\",\"item\":\"https:\\\/\\\/volare.volotea.com\\\/it\\\/citta\\\/\"},{\"@type\":\"ListItem\",\"position\":3,\"name\":\"Un sabato a Verona\"}]},{\"@type\":\"WebSite\",\"@id\":\"https:\\\/\\\/volare.volotea.com\\\/fr\\\/#website\",\"url\":\"https:\\\/\\\/volare.volotea.com\\\/fr\\\/\",\"name\":\"VOLARE MAGAZINE | VOLOTEA\",\"description\":\"Travel Blog\",\"publisher\":{\"@id\":\"https:\\\/\\\/volare.volotea.com\\\/fr\\\/#organization\"},\"potentialAction\":[{\"@type\":\"SearchAction\",\"target\":{\"@type\":\"EntryPoint\",\"urlTemplate\":\"https:\\\/\\\/volare.volotea.com\\\/fr\\\/?s={search_term_string}\"},\"query-input\":{\"@type\":\"PropertyValueSpecification\",\"valueRequired\":true,\"valueName\":\"search_term_string\"}}],\"inLanguage\":\"it-IT\"},{\"@type\":\"Organization\",\"@id\":\"https:\\\/\\\/volare.volotea.com\\\/fr\\\/#organization\",\"name\":\"VOLARE MAGAZINE | VOLOTEA\",\"url\":\"https:\\\/\\\/volare.volotea.com\\\/fr\\\/\",\"logo\":{\"@type\":\"ImageObject\",\"inLanguage\":\"it-IT\",\"@id\":\"https:\\\/\\\/volare.volotea.com\\\/fr\\\/#\\\/schema\\\/logo\\\/image\\\/\",\"url\":\"https:\\\/\\\/volare.volotea.com\\\/wp-content\\\/uploads\\\/2026\\\/04\\\/volotea.png\",\"contentUrl\":\"https:\\\/\\\/volare.volotea.com\\\/wp-content\\\/uploads\\\/2026\\\/04\\\/volotea.png\",\"width\":960,\"height\":318,\"caption\":\"VOLARE MAGAZINE | VOLOTEA\"},\"image\":{\"@id\":\"https:\\\/\\\/volare.volotea.com\\\/fr\\\/#\\\/schema\\\/logo\\\/image\\\/\"},\"sameAs\":[\"https:\\\/\\\/www.facebook.com\\\/Volotea\\\/\",\"https:\\\/\\\/x.com\\\/volotea\",\"https:\\\/\\\/es.pinterest.com\\\/volotea\\\/\"]}]}<\/script>\n<!-- \/ Yoast SEO plugin. -->","yoast_head_json":{"title":"Un sabato a Verona - VOLARE MAGAZINE | VOLOTEA","description":"Piccola guida per passare un bel sabato sera a Verona","robots":{"index":"index","follow":"follow","max-snippet":"max-snippet:-1","max-image-preview":"max-image-preview:large","max-video-preview":"max-video-preview:-1"},"canonical":"https:\/\/volare.volotea.com\/es\/citta\/verona\/un-sabado-en-verona\/","og_locale":"it_IT","og_type":"article","og_title":"Un sabato a Verona - VOLARE MAGAZINE | VOLOTEA","og_description":"Piccola guida per passare un bel sabato sera a Verona","og_url":"https:\/\/volare.volotea.com\/es\/citta\/verona\/un-sabado-en-verona\/","og_site_name":"VOLARE MAGAZINE | VOLOTEA","article_publisher":"https:\/\/www.facebook.com\/Volotea\/","article_modified_time":"2017-05-19T15:54:21+00:00","og_image":[{"width":1000,"height":750,"url":"https:\/\/volare.volotea.com\/wp-content\/uploads\/2017\/05\/IMG_4791-e1559132806715.jpg","type":"image\/jpeg"}],"twitter_card":"summary_large_image","twitter_site":"@volotea","twitter_misc":{"Tempo di lettura stimato":"3 minuti"},"schema":{"@context":"https:\/\/schema.org","@graph":[{"@type":"WebPage","@id":"https:\/\/volare.volotea.com\/es\/citta\/verona\/un-sabado-en-verona\/","url":"https:\/\/volare.volotea.com\/es\/citta\/verona\/un-sabado-en-verona\/","name":"Un sabato a Verona - VOLARE MAGAZINE | VOLOTEA","isPartOf":{"@id":"https:\/\/volare.volotea.com\/fr\/#website"},"primaryImageOfPage":{"@id":"https:\/\/volare.volotea.com\/es\/citta\/verona\/un-sabado-en-verona\/#primaryimage"},"image":{"@id":"https:\/\/volare.volotea.com\/es\/citta\/verona\/un-sabado-en-verona\/#primaryimage"},"thumbnailUrl":"https:\/\/i0.wp.com\/volare.volotea.com\/wp-content\/uploads\/2017\/05\/IMG_4791-e1559132806715.jpg?fit=1000%2C750&ssl=1","datePublished":"2017-05-08T17:28:09+00:00","dateModified":"2017-05-19T15:54:21+00:00","description":"Piccola guida per passare un bel sabato sera a Verona","breadcrumb":{"@id":"https:\/\/volare.volotea.com\/es\/citta\/verona\/un-sabado-en-verona\/#breadcrumb"},"inLanguage":"it-IT","potentialAction":[{"@type":"ReadAction","target":["https:\/\/volare.volotea.com\/es\/citta\/verona\/un-sabado-en-verona\/"]}]},{"@type":"ImageObject","inLanguage":"it-IT","@id":"https:\/\/volare.volotea.com\/es\/citta\/verona\/un-sabado-en-verona\/#primaryimage","url":"https:\/\/i0.wp.com\/volare.volotea.com\/wp-content\/uploads\/2017\/05\/IMG_4791-e1559132806715.jpg?fit=1000%2C750&ssl=1","contentUrl":"https:\/\/i0.wp.com\/volare.volotea.com\/wp-content\/uploads\/2017\/05\/IMG_4791-e1559132806715.jpg?fit=1000%2C750&ssl=1","width":1000,"height":750},{"@type":"BreadcrumbList","@id":"https:\/\/volare.volotea.com\/es\/citta\/verona\/un-sabado-en-verona\/#breadcrumb","itemListElement":[{"@type":"ListItem","position":1,"name":"Portada","item":"https:\/\/volare.volotea.com\/it\/"},{"@type":"ListItem","position":2,"name":"Inspiracion","item":"https:\/\/volare.volotea.com\/it\/citta\/"},{"@type":"ListItem","position":3,"name":"Un sabato a Verona"}]},{"@type":"WebSite","@id":"https:\/\/volare.volotea.com\/fr\/#website","url":"https:\/\/volare.volotea.com\/fr\/","name":"VOLARE MAGAZINE | VOLOTEA","description":"Travel Blog","publisher":{"@id":"https:\/\/volare.volotea.com\/fr\/#organization"},"potentialAction":[{"@type":"SearchAction","target":{"@type":"EntryPoint","urlTemplate":"https:\/\/volare.volotea.com\/fr\/?s={search_term_string}"},"query-input":{"@type":"PropertyValueSpecification","valueRequired":true,"valueName":"search_term_string"}}],"inLanguage":"it-IT"},{"@type":"Organization","@id":"https:\/\/volare.volotea.com\/fr\/#organization","name":"VOLARE MAGAZINE | VOLOTEA","url":"https:\/\/volare.volotea.com\/fr\/","logo":{"@type":"ImageObject","inLanguage":"it-IT","@id":"https:\/\/volare.volotea.com\/fr\/#\/schema\/logo\/image\/","url":"https:\/\/volare.volotea.com\/wp-content\/uploads\/2026\/04\/volotea.png","contentUrl":"https:\/\/volare.volotea.com\/wp-content\/uploads\/2026\/04\/volotea.png","width":960,"height":318,"caption":"VOLARE MAGAZINE | VOLOTEA"},"image":{"@id":"https:\/\/volare.volotea.com\/fr\/#\/schema\/logo\/image\/"},"sameAs":["https:\/\/www.facebook.com\/Volotea\/","https:\/\/x.com\/volotea","https:\/\/es.pinterest.com\/volotea\/"]}]}},"jetpack_sharing_enabled":true,"_links":{"self":[{"href":"https:\/\/volare.volotea.com\/it\/wp-json\/wp\/v2\/inspiracion\/5227","targetHints":{"allow":["GET"]}}],"collection":[{"href":"https:\/\/volare.volotea.com\/it\/wp-json\/wp\/v2\/inspiracion"}],"about":[{"href":"https:\/\/volare.volotea.com\/it\/wp-json\/wp\/v2\/types\/inspiracion"}],"author":[{"embeddable":true,"href":"https:\/\/volare.volotea.com\/it\/wp-json\/wp\/v2\/users\/2"}],"wp:featuredmedia":[{"embeddable":true,"href":"https:\/\/volare.volotea.com\/it\/wp-json\/wp\/v2\/media\/6088"}],"wp:attachment":[{"href":"https:\/\/volare.volotea.com\/it\/wp-json\/wp\/v2\/media?parent=5227"}],"wp:term":[{"taxonomy":"topics","embeddable":true,"href":"https:\/\/volare.volotea.com\/it\/wp-json\/wp\/v2\/topics?post=5227"},{"taxonomy":"destination","embeddable":true,"href":"https:\/\/volare.volotea.com\/it\/wp-json\/wp\/v2\/destination?post=5227"}],"curies":[{"name":"wp","href":"https:\/\/api.w.org\/{rel}","templated":true}]}}