{"id":36571,"date":"2026-08-26T14:22:05","date_gmt":"2026-08-26T14:22:05","guid":{"rendered":"https:\/\/volare.volotea.com\/?post_type=inspiracion&#038;p=36571"},"modified":"2026-08-26T14:43:51","modified_gmt":"2026-08-26T14:43:51","slug":"bacino-ullibarri-gamboa","status":"publish","type":"inspiracion","link":"https:\/\/volare.volotea.com\/it\/citta\/vitoria-gasteiz\/bacino-ullibarri-gamboa\/","title":{"rendered":"Anche Vitoria ha la sua spiaggia: un\u2019estate a Ull\u00edbarri-Gamboa"},"content":{"rendered":"<h5 class=\"wp-block-heading\">A pochi chilometri da Vitoria-Gasteiz, il bacino di Ull\u00edbarri-Gamboa \u00e8 il \u201cmare interno\u201d degli abitanti di \u00c1lava: spiagge, sport acquatici, itinerari in bicicletta e ampi spazi verdi dove trascorrere una giornata estiva vicino all\u2019acqua.<\/h5>\n<p class=\"wp-block-paragraph\">Quando il caldo si fa sentire a <a href=\"https:\/\/volare.volotea.com\/it\/citta\/vitoria-gasteiz\/\" target=\"_blank\" rel=\"noreferrer noopener\">Vitoria-Gasteiz<\/a>, molti abitanti non si dirigono verso la costa. Basta percorrere pochi chilometri fino al <strong>bacino di Ull\u00edbarri-Gamboa<\/strong>, uno dei luoghi di svago pi\u00f9 amati di \u00c1lava durante i mesi estivi. A circa 20 minuti dalla citt\u00e0, questa grande distesa d\u2019acqua circondata da prati e piccole aree boschive permette di fare il bagno, praticare sport o semplicemente sistemarsi all\u2019ombra per un picnic.<\/p>\n<figure class=\"wp-block-image size-full\"><img data-recalc-dims=\"1\" loading=\"lazy\" decoding=\"async\" width=\"640\" height=\"481\" src=\"https:\/\/i0.wp.com\/volare.volotea.com\/wp-content\/uploads\/2026\/08\/shutterstock_1235680513-1.jpg?resize=640%2C481&#038;ssl=1\" alt=\"puente Garaio reserva Ull\u00edbarri-Gamboa\" class=\"wp-image-36543\" srcset=\"https:\/\/i0.wp.com\/volare.volotea.com\/wp-content\/uploads\/2026\/08\/shutterstock_1235680513-1.jpg?w=1000&amp;ssl=1 1000w, https:\/\/i0.wp.com\/volare.volotea.com\/wp-content\/uploads\/2026\/08\/shutterstock_1235680513-1.jpg?resize=300%2C225&amp;ssl=1 300w, https:\/\/i0.wp.com\/volare.volotea.com\/wp-content\/uploads\/2026\/08\/shutterstock_1235680513-1.jpg?resize=768%2C577&amp;ssl=1 768w, https:\/\/i0.wp.com\/volare.volotea.com\/wp-content\/uploads\/2026\/08\/shutterstock_1235680513-1.jpg?resize=800%2C600&amp;ssl=1 800w, https:\/\/i0.wp.com\/volare.volotea.com\/wp-content\/uploads\/2026\/08\/shutterstock_1235680513-1.jpg?resize=600%2C450&amp;ssl=1 600w, https:\/\/i0.wp.com\/volare.volotea.com\/wp-content\/uploads\/2026\/08\/shutterstock_1235680513-1.jpg?resize=400%2C300&amp;ssl=1 400w, https:\/\/i0.wp.com\/volare.volotea.com\/wp-content\/uploads\/2026\/08\/shutterstock_1235680513-1.jpg?resize=200%2C150&amp;ssl=1 200w\" sizes=\"auto, (max-width: 640px) 100vw, 640px\" \/><\/figure>\n<p class=\"wp-block-paragraph\">Quindi s\u00ec: <strong>anche Vitoria ha la sua spiaggia<\/strong>. Non ci sono onde n\u00e9 un orizzonte marino, ma ci sono tre spiagge interne con Bandiera Blu, acqua in cui rinfrescarsi e un paesaggio che rende facilissimo dimenticare, per qualche ora, di essere lontani dalla costa.<\/p>\n<h2 class=\"wp-block-heading\"><strong>Landa o Garaio: quale spiaggia scegliere?<\/strong><\/h2>\n<p class=\"wp-block-paragraph\">Le due principali zone balneabili del bacino sono <strong>Landa e Garaio<\/strong>, entrambe perfette per organizzare un\u2019intera giornata vicino all\u2019acqua.<\/p>\n<p class=\"wp-block-paragraph\"><strong>Landa<\/strong>, nella parte nord-occidentale del bacino, \u00e8 probabilmente la scelta pi\u00f9 semplice per chi vuole alternare bagni e relax. Dispone di un\u2019ampia area verde, zone picnic e tavoli, oltre a un bar vicino alla spiaggia. \u00c8 molto frequentata da famiglie e gruppi di amici che arrivano al mattino e fanno del bacino la propria base per tutta la giornata.<\/p>\n<p class=\"wp-block-paragraph\">A <strong>Garaio<\/strong>, invece, il paesaggio ha un ruolo ancora pi\u00f9 importante. Il parco occupa una penisola di 116 ettari che si protende nel bacino e ospita le <strong>spiagge di Garaio Nord e Garaio Sud<\/strong>, circondate da prati e aree alberate. Ci sono servizi igienici, docce, parcheggi, sentieri segnalati e punti panoramici, per cui \u00e8 particolarmente facile alternare un bagno a una passeggiata o a una breve escursione.<\/p>\n<p class=\"wp-block-paragraph\">Quale scegliere? Per una giornata soprattutto di spiaggia e picnic, Landa \u00e8 una scelta semplice e sicura. Se invece vuoi abbinare il bagno a passeggiate, bicicletta e un po\u2019 di esplorazione dei dintorni, Garaio offre pi\u00f9 possibilit\u00e0.<\/p>\n<h2 class=\"wp-block-heading\"><strong>Non solo relax al sole<\/strong><\/h2>\n<p class=\"wp-block-paragraph\">Ull\u00edbarri-Gamboa \u00e8 anche uno dei posti migliori vicino a Vitoria per trascorrere <strong>una giornata estiva attiva<\/strong>. Nelle sue acque si praticano attivit\u00e0 come canoa, canottaggio e windsurf, mentre intorno al bacino ci sono sentieri che permettono di scoprire il paesaggio a piedi o in bicicletta.<\/p>\n<p class=\"wp-block-paragraph\">Se hai con te una <strong>bicicletta<\/strong>, puoi trasformare la gita in un itinerario piuttosto impegnativo. Il percorso circolare che costeggia quasi tutto il bacino \u00e8 lungo circa <strong>44 chilometri<\/strong> e pu\u00f2 iniziare sia da Landa sia da Garaio. Esistono anche alternative pi\u00f9 brevi, quindi non \u00e8 necessario completare l\u2019intero giro per godersi il percorso vicino all\u2019acqua. \u00c8 inoltre possibile <strong>arrivare in bicicletta da Vitoria<\/strong>, collegandosi alla V\u00eda Verde del Vasco Navarro. \u00c8 un\u2019ottima soluzione per chi vuole che anche il tragitto faccia parte dell\u2019esperienza e preferisce non spostarsi in auto. Se ti interessa particolarmente scoprire il lato ciclabile e naturale del capoluogo di \u00c1lava, puoi completare la gita con la nostra guida dedicata a <a href=\"https:\/\/volare.volotea.com\/it\/citta\/vitoria-gasteiz\/vitoria-gasteiz-citta-verde\/\" target=\"_blank\" rel=\"noreferrer noopener\">Vitoria-Gasteiz, citt\u00e0 verde<\/a>.<\/p>\n<figure class=\"wp-block-image size-full\"><img data-recalc-dims=\"1\" loading=\"lazy\" decoding=\"async\" width=\"640\" height=\"481\" src=\"https:\/\/i0.wp.com\/volare.volotea.com\/wp-content\/uploads\/2026\/08\/shutterstock_1244401099-1.jpg?resize=640%2C481&#038;ssl=1\" alt=\"familia en bicicleta en Garaio\" class=\"wp-image-36546\" srcset=\"https:\/\/i0.wp.com\/volare.volotea.com\/wp-content\/uploads\/2026\/08\/shutterstock_1244401099-1.jpg?w=1000&amp;ssl=1 1000w, https:\/\/i0.wp.com\/volare.volotea.com\/wp-content\/uploads\/2026\/08\/shutterstock_1244401099-1.jpg?resize=300%2C225&amp;ssl=1 300w, https:\/\/i0.wp.com\/volare.volotea.com\/wp-content\/uploads\/2026\/08\/shutterstock_1244401099-1.jpg?resize=768%2C577&amp;ssl=1 768w, https:\/\/i0.wp.com\/volare.volotea.com\/wp-content\/uploads\/2026\/08\/shutterstock_1244401099-1.jpg?resize=800%2C600&amp;ssl=1 800w, https:\/\/i0.wp.com\/volare.volotea.com\/wp-content\/uploads\/2026\/08\/shutterstock_1244401099-1.jpg?resize=600%2C450&amp;ssl=1 600w, https:\/\/i0.wp.com\/volare.volotea.com\/wp-content\/uploads\/2026\/08\/shutterstock_1244401099-1.jpg?resize=400%2C300&amp;ssl=1 400w, https:\/\/i0.wp.com\/volare.volotea.com\/wp-content\/uploads\/2026\/08\/shutterstock_1244401099-1.jpg?resize=200%2C150&amp;ssl=1 200w\" sizes=\"auto, (max-width: 640px) 100vw, 640px\" \/><\/figure>\n<h2 class=\"wp-block-heading\"><strong>Una deviazione per osservare gli uccelli<\/strong><\/h2>\n<p class=\"wp-block-paragraph\">Se preferisci rallentare il ritmo, nella parte meridionale del bacino si trova un altro dei suoi luoghi pi\u00f9 interessanti: il <a href=\"https:\/\/mendixur.com\/parque-ornitologico\/\">Parco Ornitologico di Mendixur<\/a>. Qui vale la pena sostituire il costume con un binocolo. Due brevi itinerari di circa 3,5 chilometri conducono a punti di osservazione da cui scoprire gli uccelli che utilizzano queste zone umide come rifugio. \u00c8 un\u2019attivit\u00e0 tranquilla e facile da abbinare a Garaio, particolarmente consigliata nelle prime ore della giornata o quando non si ha pi\u00f9 voglia di restare sdraiati vicino all\u2019acqua.<\/p>\n<figure class=\"wp-block-image size-full\"><img data-recalc-dims=\"1\" loading=\"lazy\" decoding=\"async\" width=\"640\" height=\"400\" src=\"https:\/\/i0.wp.com\/volare.volotea.com\/wp-content\/uploads\/2026\/08\/shutterstock_2699120773-1.jpg?resize=640%2C400&#038;ssl=1\" alt=\"pajaro en el Parque Ornitol\u00f3gico de Mendixur\" class=\"wp-image-36549\" srcset=\"https:\/\/i0.wp.com\/volare.volotea.com\/wp-content\/uploads\/2026\/08\/shutterstock_2699120773-1.jpg?w=1000&amp;ssl=1 1000w, https:\/\/i0.wp.com\/volare.volotea.com\/wp-content\/uploads\/2026\/08\/shutterstock_2699120773-1.jpg?resize=300%2C188&amp;ssl=1 300w, https:\/\/i0.wp.com\/volare.volotea.com\/wp-content\/uploads\/2026\/08\/shutterstock_2699120773-1.jpg?resize=768%2C480&amp;ssl=1 768w\" sizes=\"auto, (max-width: 640px) 100vw, 640px\" \/><\/figure>\n<h2 class=\"wp-block-heading\"><strong>Come organizzare una giornata estiva da Vitoria<\/strong><\/h2>\n<p class=\"wp-block-paragraph\">Uno dei vantaggi di Ull\u00edbarri-Gamboa \u00e8 proprio la sua vicinanza, quindi <strong>non \u00e8 necessario scegliere tra visitare Vitoria e godersi la natura<\/strong>.<\/p>\n<p class=\"wp-block-paragraph\">Puoi dedicare la mattinata al bacino, arrivare presto a Landa o Garaio e iniziare con una passeggiata, un giro in bicicletta o un\u2019attivit\u00e0 in acqua prima di fare il bagno. Poi prepara un picnic \u2014le aree ricreative dispongono di tavoli e spazi attrezzati\u2014 e dedica le ore centrali della giornata al relax vicino all\u2019acqua. Nel tardo pomeriggio, la breve distanza permette di tornare facilmente a Vitoria e concludere la giornata in modo decisamente pi\u00f9 urbano: passeggiando nel centro storico e cercando una terrazza o un bancone di pintxos per cena.<\/p>\n<p class=\"wp-block-paragraph\">\u00c8 proprio questo contrasto a rendere il bacino uno dei migliori programmi estivi della zona: <strong>nell\u2019arco della stessa giornata si pu\u00f2 passare dal centro di Vitoria al costume, alla bicicletta e a un pomeriggio vicino all\u2019acqua, per poi tornare in citt\u00e0 in tempo per cena<\/strong>.<\/p>\n<h2 class=\"wp-block-heading\"><strong>Informazioni pratiche per l\u2019estate 2026<\/strong><\/h2>\n<p class=\"wp-block-paragraph\">Durante la stagione balneare 2026, le spiagge di <strong>Landa, Salurriaga e Moskurio \u2014queste ultime due a Garaio\u2014 hanno ottenuto nuovamente la Bandiera Blu<\/strong>. La stagione ufficiale prosegue fino al <strong>30 agosto<\/strong>, mentre i servizi di assistenza, sorveglianza e soccorso sono attivi dalle <strong>12:00 alle 20:00<\/strong>. Se arrivi in auto, sia Landa sia Garaio dispongono di parcheggio. Inoltre, quest\u2019estate a Landa \u00e8 stato inaugurato un nuovo parcheggio da 288 posti, gratuito durante la stagione 2026. Nelle giornate di bel tempo conviene comunque non aspettare mezzogiorno per arrivare: \u00e8 uno dei programmi estivi preferiti dagli abitanti di \u00c1lava e la tranquillit\u00e0 del bacino non significa necessariamente che lo avrai tutto per te.<\/p>\n<p class=\"wp-block-paragraph\">E forse \u00e8 proprio questo il modo migliore per scoprirlo: <strong>non come un\u2019attrazione da visitare partendo da Vitoria, ma come fanno le persone che vivono qui, ritagliandosi qualche ora per andare vicino all\u2019acqua quando arriva l\u2019estate.<\/strong><\/p>\n","protected":false},"excerpt":{"rendered":"<p>A pochi chilometri da Vitoria-Gasteiz, il bacino di Ull\u00edbarri-Gamboa \u00e8 il \u201cmare interno\u201d degli abitanti di \u00c1lava: spiagge, sport acquatici, itinerari in bicicletta e ampi spazi verdi dove trascorrere una giornata estiva vicino all\u2019acqua. Quando il caldo si fa sentire a Vitoria-Gasteiz, molti abitanti non si dirigono verso la costa. Basta percorrere pochi chilometri fino [&hellip;]<\/p>\n","protected":false},"author":1,"featured_media":36570,"template":"","topics":[2539],"destination":[3238],"class_list":["post-36571","inspiracion","type-inspiracion","status-publish","has-post-thumbnail","hentry","topics-spiagge-allaperto","destination-vitoria-gasteiz"],"acf":[],"yoast_head":"<!-- This site is optimized with the Yoast SEO plugin v28.4 - https:\/\/yoast.com\/product\/yoast-seo-wordpress\/ -->\n<title>Anche Vitoria ha la sua spiaggia: un\u2019estate a Ull\u00edbarri-Gamboa - VOLARE MAGAZINE | VOLOTEA<\/title>\n<meta name=\"description\" content=\"A pochi chilometri da Vitoria-Gasteiz, il bacino di Ull\u00edbarri-Gamboa \u00e8 il \u201cmare interno\u201d degli abitanti di \u00c1lava: spiagge, sport acquatici, itinerari in bicicletta e ampi spazi verdi dove trascorrere una giornata estiva vicino all\u2019acqua.\" \/>\n<meta name=\"robots\" content=\"index, follow, max-snippet:-1, max-image-preview:large, max-video-preview:-1\" \/>\n<link rel=\"canonical\" href=\"https:\/\/volare.volotea.com\/it\/citta\/vitoria-gasteiz\/bacino-ullibarri-gamboa\/\" \/>\n<meta property=\"og:locale\" content=\"it_IT\" \/>\n<meta property=\"og:type\" content=\"article\" \/>\n<meta property=\"og:title\" content=\"Anche Vitoria ha la sua spiaggia: un\u2019estate a Ull\u00edbarri-Gamboa - VOLARE MAGAZINE | VOLOTEA\" \/>\n<meta property=\"og:description\" content=\"A pochi chilometri da Vitoria-Gasteiz, il bacino di Ull\u00edbarri-Gamboa \u00e8 il \u201cmare interno\u201d degli abitanti di \u00c1lava: spiagge, sport acquatici, itinerari in bicicletta e ampi spazi verdi dove trascorrere una giornata estiva vicino all\u2019acqua.\" \/>\n<meta property=\"og:url\" content=\"https:\/\/volare.volotea.com\/it\/citta\/vitoria-gasteiz\/bacino-ullibarri-gamboa\/\" \/>\n<meta property=\"og:site_name\" content=\"VOLARE MAGAZINE | VOLOTEA\" \/>\n<meta property=\"article:publisher\" content=\"https:\/\/www.facebook.com\/Volotea\/\" \/>\n<meta property=\"article:modified_time\" content=\"2026-08-26T14:43:51+00:00\" \/>\n<meta property=\"og:image\" content=\"https:\/\/volare.volotea.com\/wp-content\/uploads\/2026\/08\/shutterstock_1188768694-2.jpg\" \/>\n\t<meta property=\"og:image:width\" content=\"1000\" \/>\n\t<meta property=\"og:image:height\" content=\"668\" \/>\n\t<meta property=\"og:image:type\" content=\"image\/jpeg\" \/>\n<meta name=\"twitter:card\" content=\"summary_large_image\" \/>\n<meta name=\"twitter:site\" content=\"@volotea\" \/>\n<meta name=\"twitter:label1\" content=\"Tempo di lettura stimato\" \/>\n\t<meta name=\"twitter:data1\" content=\"6 minuti\" \/>\n<script type=\"application\/ld+json\" class=\"yoast-schema-graph\">{\"@context\":\"https:\\\/\\\/schema.org\",\"@graph\":[{\"@type\":\"WebPage\",\"@id\":\"https:\\\/\\\/volare.volotea.com\\\/it\\\/citta\\\/vitoria-gasteiz\\\/bacino-ullibarri-gamboa\\\/\",\"url\":\"https:\\\/\\\/volare.volotea.com\\\/it\\\/citta\\\/vitoria-gasteiz\\\/bacino-ullibarri-gamboa\\\/\",\"name\":\"Anche Vitoria ha la sua spiaggia: un\u2019estate a Ull\u00edbarri-Gamboa - VOLARE MAGAZINE | VOLOTEA\",\"isPartOf\":{\"@id\":\"https:\\\/\\\/volare.volotea.com\\\/fr\\\/#website\"},\"primaryImageOfPage\":{\"@id\":\"https:\\\/\\\/volare.volotea.com\\\/it\\\/citta\\\/vitoria-gasteiz\\\/bacino-ullibarri-gamboa\\\/#primaryimage\"},\"image\":{\"@id\":\"https:\\\/\\\/volare.volotea.com\\\/it\\\/citta\\\/vitoria-gasteiz\\\/bacino-ullibarri-gamboa\\\/#primaryimage\"},\"thumbnailUrl\":\"https:\\\/\\\/i0.wp.com\\\/volare.volotea.com\\\/wp-content\\\/uploads\\\/2026\\\/08\\\/shutterstock_1188768694-2.jpg?fit=1000%2C668&ssl=1\",\"datePublished\":\"2026-08-26T14:22:05+00:00\",\"dateModified\":\"2026-08-26T14:43:51+00:00\",\"description\":\"A pochi chilometri da Vitoria-Gasteiz, il bacino di Ull\u00edbarri-Gamboa \u00e8 il \u201cmare interno\u201d degli abitanti di \u00c1lava: spiagge, sport acquatici, itinerari in bicicletta e ampi spazi verdi dove trascorrere una giornata estiva vicino all\u2019acqua.\",\"breadcrumb\":{\"@id\":\"https:\\\/\\\/volare.volotea.com\\\/it\\\/citta\\\/vitoria-gasteiz\\\/bacino-ullibarri-gamboa\\\/#breadcrumb\"},\"inLanguage\":\"it-IT\",\"potentialAction\":[{\"@type\":\"ReadAction\",\"target\":[\"https:\\\/\\\/volare.volotea.com\\\/it\\\/citta\\\/vitoria-gasteiz\\\/bacino-ullibarri-gamboa\\\/\"]}]},{\"@type\":\"ImageObject\",\"inLanguage\":\"it-IT\",\"@id\":\"https:\\\/\\\/volare.volotea.com\\\/it\\\/citta\\\/vitoria-gasteiz\\\/bacino-ullibarri-gamboa\\\/#primaryimage\",\"url\":\"https:\\\/\\\/i0.wp.com\\\/volare.volotea.com\\\/wp-content\\\/uploads\\\/2026\\\/08\\\/shutterstock_1188768694-2.jpg?fit=1000%2C668&ssl=1\",\"contentUrl\":\"https:\\\/\\\/i0.wp.com\\\/volare.volotea.com\\\/wp-content\\\/uploads\\\/2026\\\/08\\\/shutterstock_1188768694-2.jpg?fit=1000%2C668&ssl=1\",\"width\":1000,\"height\":668,\"caption\":\"Lago Ullibarri Gamboa en \u00c1lava, Pa\u00eds Vasco, Espa\u00f1a\"},{\"@type\":\"BreadcrumbList\",\"@id\":\"https:\\\/\\\/volare.volotea.com\\\/it\\\/citta\\\/vitoria-gasteiz\\\/bacino-ullibarri-gamboa\\\/#breadcrumb\",\"itemListElement\":[{\"@type\":\"ListItem\",\"position\":1,\"name\":\"Portada\",\"item\":\"https:\\\/\\\/volare.volotea.com\\\/it\\\/\"},{\"@type\":\"ListItem\",\"position\":2,\"name\":\"Inspiracion\",\"item\":\"https:\\\/\\\/volare.volotea.com\\\/it\\\/citta\\\/\"},{\"@type\":\"ListItem\",\"position\":3,\"name\":\"Anche Vitoria ha la sua spiaggia: un\u2019estate a Ull\u00edbarri-Gamboa\"}]},{\"@type\":\"WebSite\",\"@id\":\"https:\\\/\\\/volare.volotea.com\\\/fr\\\/#website\",\"url\":\"https:\\\/\\\/volare.volotea.com\\\/fr\\\/\",\"name\":\"VOLARE MAGAZINE | VOLOTEA\",\"description\":\"Travel Blog\",\"publisher\":{\"@id\":\"https:\\\/\\\/volare.volotea.com\\\/fr\\\/#organization\"},\"potentialAction\":[{\"@type\":\"SearchAction\",\"target\":{\"@type\":\"EntryPoint\",\"urlTemplate\":\"https:\\\/\\\/volare.volotea.com\\\/fr\\\/?s={search_term_string}\"},\"query-input\":{\"@type\":\"PropertyValueSpecification\",\"valueRequired\":true,\"valueName\":\"search_term_string\"}}],\"inLanguage\":\"it-IT\"},{\"@type\":\"Organization\",\"@id\":\"https:\\\/\\\/volare.volotea.com\\\/fr\\\/#organization\",\"name\":\"VOLARE MAGAZINE | VOLOTEA\",\"url\":\"https:\\\/\\\/volare.volotea.com\\\/fr\\\/\",\"logo\":{\"@type\":\"ImageObject\",\"inLanguage\":\"it-IT\",\"@id\":\"https:\\\/\\\/volare.volotea.com\\\/fr\\\/#\\\/schema\\\/logo\\\/image\\\/\",\"url\":\"https:\\\/\\\/volare.volotea.com\\\/wp-content\\\/uploads\\\/2026\\\/04\\\/volotea.png\",\"contentUrl\":\"https:\\\/\\\/volare.volotea.com\\\/wp-content\\\/uploads\\\/2026\\\/04\\\/volotea.png\",\"width\":960,\"height\":318,\"caption\":\"VOLARE MAGAZINE | VOLOTEA\"},\"image\":{\"@id\":\"https:\\\/\\\/volare.volotea.com\\\/fr\\\/#\\\/schema\\\/logo\\\/image\\\/\"},\"sameAs\":[\"https:\\\/\\\/www.facebook.com\\\/Volotea\\\/\",\"https:\\\/\\\/x.com\\\/volotea\",\"https:\\\/\\\/es.pinterest.com\\\/volotea\\\/\"]}]}<\/script>\n<!-- \/ Yoast SEO plugin. -->","yoast_head_json":{"title":"Anche Vitoria ha la sua spiaggia: un\u2019estate a Ull\u00edbarri-Gamboa - VOLARE MAGAZINE | VOLOTEA","description":"A pochi chilometri da Vitoria-Gasteiz, il bacino di Ull\u00edbarri-Gamboa \u00e8 il \u201cmare interno\u201d degli abitanti di \u00c1lava: spiagge, sport acquatici, itinerari in bicicletta e ampi spazi verdi dove trascorrere una giornata estiva vicino all\u2019acqua.","robots":{"index":"index","follow":"follow","max-snippet":"max-snippet:-1","max-image-preview":"max-image-preview:large","max-video-preview":"max-video-preview:-1"},"canonical":"https:\/\/volare.volotea.com\/it\/citta\/vitoria-gasteiz\/bacino-ullibarri-gamboa\/","og_locale":"it_IT","og_type":"article","og_title":"Anche Vitoria ha la sua spiaggia: un\u2019estate a Ull\u00edbarri-Gamboa - VOLARE MAGAZINE | VOLOTEA","og_description":"A pochi chilometri da Vitoria-Gasteiz, il bacino di Ull\u00edbarri-Gamboa \u00e8 il \u201cmare interno\u201d degli abitanti di \u00c1lava: spiagge, sport acquatici, itinerari in bicicletta e ampi spazi verdi dove trascorrere una giornata estiva vicino all\u2019acqua.","og_url":"https:\/\/volare.volotea.com\/it\/citta\/vitoria-gasteiz\/bacino-ullibarri-gamboa\/","og_site_name":"VOLARE MAGAZINE | VOLOTEA","article_publisher":"https:\/\/www.facebook.com\/Volotea\/","article_modified_time":"2026-08-26T14:43:51+00:00","og_image":[{"width":1000,"height":668,"url":"https:\/\/volare.volotea.com\/wp-content\/uploads\/2026\/08\/shutterstock_1188768694-2.jpg","type":"image\/jpeg"}],"twitter_card":"summary_large_image","twitter_site":"@volotea","twitter_misc":{"Tempo di lettura stimato":"6 minuti"},"schema":{"@context":"https:\/\/schema.org","@graph":[{"@type":"WebPage","@id":"https:\/\/volare.volotea.com\/it\/citta\/vitoria-gasteiz\/bacino-ullibarri-gamboa\/","url":"https:\/\/volare.volotea.com\/it\/citta\/vitoria-gasteiz\/bacino-ullibarri-gamboa\/","name":"Anche Vitoria ha la sua spiaggia: un\u2019estate a Ull\u00edbarri-Gamboa - VOLARE MAGAZINE | VOLOTEA","isPartOf":{"@id":"https:\/\/volare.volotea.com\/fr\/#website"},"primaryImageOfPage":{"@id":"https:\/\/volare.volotea.com\/it\/citta\/vitoria-gasteiz\/bacino-ullibarri-gamboa\/#primaryimage"},"image":{"@id":"https:\/\/volare.volotea.com\/it\/citta\/vitoria-gasteiz\/bacino-ullibarri-gamboa\/#primaryimage"},"thumbnailUrl":"https:\/\/i0.wp.com\/volare.volotea.com\/wp-content\/uploads\/2026\/08\/shutterstock_1188768694-2.jpg?fit=1000%2C668&ssl=1","datePublished":"2026-08-26T14:22:05+00:00","dateModified":"2026-08-26T14:43:51+00:00","description":"A pochi chilometri da Vitoria-Gasteiz, il bacino di Ull\u00edbarri-Gamboa \u00e8 il \u201cmare interno\u201d degli abitanti di \u00c1lava: spiagge, sport acquatici, itinerari in bicicletta e ampi spazi verdi dove trascorrere una giornata estiva vicino all\u2019acqua.","breadcrumb":{"@id":"https:\/\/volare.volotea.com\/it\/citta\/vitoria-gasteiz\/bacino-ullibarri-gamboa\/#breadcrumb"},"inLanguage":"it-IT","potentialAction":[{"@type":"ReadAction","target":["https:\/\/volare.volotea.com\/it\/citta\/vitoria-gasteiz\/bacino-ullibarri-gamboa\/"]}]},{"@type":"ImageObject","inLanguage":"it-IT","@id":"https:\/\/volare.volotea.com\/it\/citta\/vitoria-gasteiz\/bacino-ullibarri-gamboa\/#primaryimage","url":"https:\/\/i0.wp.com\/volare.volotea.com\/wp-content\/uploads\/2026\/08\/shutterstock_1188768694-2.jpg?fit=1000%2C668&ssl=1","contentUrl":"https:\/\/i0.wp.com\/volare.volotea.com\/wp-content\/uploads\/2026\/08\/shutterstock_1188768694-2.jpg?fit=1000%2C668&ssl=1","width":1000,"height":668,"caption":"Lago Ullibarri Gamboa en \u00c1lava, Pa\u00eds Vasco, Espa\u00f1a"},{"@type":"BreadcrumbList","@id":"https:\/\/volare.volotea.com\/it\/citta\/vitoria-gasteiz\/bacino-ullibarri-gamboa\/#breadcrumb","itemListElement":[{"@type":"ListItem","position":1,"name":"Portada","item":"https:\/\/volare.volotea.com\/it\/"},{"@type":"ListItem","position":2,"name":"Inspiracion","item":"https:\/\/volare.volotea.com\/it\/citta\/"},{"@type":"ListItem","position":3,"name":"Anche Vitoria ha la sua spiaggia: un\u2019estate a Ull\u00edbarri-Gamboa"}]},{"@type":"WebSite","@id":"https:\/\/volare.volotea.com\/fr\/#website","url":"https:\/\/volare.volotea.com\/fr\/","name":"VOLARE MAGAZINE | VOLOTEA","description":"Travel Blog","publisher":{"@id":"https:\/\/volare.volotea.com\/fr\/#organization"},"potentialAction":[{"@type":"SearchAction","target":{"@type":"EntryPoint","urlTemplate":"https:\/\/volare.volotea.com\/fr\/?s={search_term_string}"},"query-input":{"@type":"PropertyValueSpecification","valueRequired":true,"valueName":"search_term_string"}}],"inLanguage":"it-IT"},{"@type":"Organization","@id":"https:\/\/volare.volotea.com\/fr\/#organization","name":"VOLARE MAGAZINE | VOLOTEA","url":"https:\/\/volare.volotea.com\/fr\/","logo":{"@type":"ImageObject","inLanguage":"it-IT","@id":"https:\/\/volare.volotea.com\/fr\/#\/schema\/logo\/image\/","url":"https:\/\/volare.volotea.com\/wp-content\/uploads\/2026\/04\/volotea.png","contentUrl":"https:\/\/volare.volotea.com\/wp-content\/uploads\/2026\/04\/volotea.png","width":960,"height":318,"caption":"VOLARE MAGAZINE | VOLOTEA"},"image":{"@id":"https:\/\/volare.volotea.com\/fr\/#\/schema\/logo\/image\/"},"sameAs":["https:\/\/www.facebook.com\/Volotea\/","https:\/\/x.com\/volotea","https:\/\/es.pinterest.com\/volotea\/"]}]}},"jetpack_sharing_enabled":true,"_links":{"self":[{"href":"https:\/\/volare.volotea.com\/it\/wp-json\/wp\/v2\/inspiracion\/36571","targetHints":{"allow":["GET"]}}],"collection":[{"href":"https:\/\/volare.volotea.com\/it\/wp-json\/wp\/v2\/inspiracion"}],"about":[{"href":"https:\/\/volare.volotea.com\/it\/wp-json\/wp\/v2\/types\/inspiracion"}],"author":[{"embeddable":true,"href":"https:\/\/volare.volotea.com\/it\/wp-json\/wp\/v2\/users\/1"}],"wp:featuredmedia":[{"embeddable":true,"href":"https:\/\/volare.volotea.com\/it\/wp-json\/wp\/v2\/media\/36570"}],"wp:attachment":[{"href":"https:\/\/volare.volotea.com\/it\/wp-json\/wp\/v2\/media?parent=36571"}],"wp:term":[{"taxonomy":"topics","embeddable":true,"href":"https:\/\/volare.volotea.com\/it\/wp-json\/wp\/v2\/topics?post=36571"},{"taxonomy":"destination","embeddable":true,"href":"https:\/\/volare.volotea.com\/it\/wp-json\/wp\/v2\/destination?post=36571"}],"curies":[{"name":"wp","href":"https:\/\/api.w.org\/{rel}","templated":true}]}}