{"id":15394,"date":"2024-10-16T11:13:03","date_gmt":"2024-10-16T11:13:03","guid":{"rendered":"https:\/\/volare.volotea.com\/?post_type=inspiracion&#038;p=15394"},"modified":"2024-10-16T11:24:29","modified_gmt":"2024-10-16T11:24:29","slug":"festa-luci-lione","status":"publish","type":"inspiracion","link":"https:\/\/volare.volotea.com\/it\/citta\/lione\/festa-luci-lione\/","title":{"rendered":"Il Festival delle Luci di Lione 2024,  un evento da non perdere!"},"content":{"rendered":"<h5 class=\"wp-block-heading\">Ogni anno, nel mese di dicembre, le strade di <a href=\"https:\/\/volare.volotea.com\/fr\/villes\/lyon\/\" target=\"_blank\" rel=\"noreferrer noopener\">Lione<\/a> si affollano di visitatori provenienti da tutta la Francia e da tutto il mondo, in occasione della famosa \u201cFesta delle Luci\u201d. Anno dopo anno, la sua fama \u00e8 cresciuta in modo significativo. Nonostante qualche critica per la sua natura commerciale, in questi giorni potrai assistere a degli spettacoli a dir poco straordinari. <\/h5>\n<figure class=\"wp-block-image\"><img data-recalc-dims=\"1\" loading=\"lazy\" decoding=\"async\" width=\"640\" height=\"852\" src=\"https:\/\/i0.wp.com\/volare.volotea.com\/wp-content\/uploads\/2023\/11\/FDL2022_LYON-1.jpg?resize=640%2C852&#038;ssl=1\" alt=\"lyon lumieres\" class=\"wp-image-24347\" srcset=\"https:\/\/i0.wp.com\/volare.volotea.com\/wp-content\/uploads\/2023\/11\/FDL2022_LYON-1.jpg?w=769&amp;ssl=1 769w, https:\/\/i0.wp.com\/volare.volotea.com\/wp-content\/uploads\/2023\/11\/FDL2022_LYON-1.jpg?resize=225%2C300&amp;ssl=1 225w\" sizes=\"auto, (max-width: 640px) 100vw, 640px\" \/><\/figure>\n<h2 class=\"wp-block-heading\"><strong>Qual \u00e8 l\u2019origine della Festa delle Luci?<\/strong><\/h2>\n<p class=\"wp-block-paragraph\">Il viaggio nel tempo ci riporta al <strong>1852<\/strong>, per la precisione all&#8217;8 settembre, ovvero il giorno fissato per l\u2019inaugurazione della statua della Vergine; le piogge torrenziali, tuttavia, costrinsero le autorit\u00e0 a rimandare l&#8217;evento all&#8217;8 dicembre. Anche quella sera, per\u00f2, il meteo capriccioso mise di nuovo a rischio la cerimonia. Ma i lionesi non si fecero scoraggiare e, con l\u2019intento di condividere un momento di comunione popolare, posizionarono una serie di candele sui davanzali delle finestre, illuminando la citt\u00e0&#8230; Nacque cos\u00ec la tradizione dell&#8217;8 dicembre.<\/p>\n<p class=\"wp-block-paragraph\">Ai giorni nostri, l\u2019entusiasmo di Lione si \u00e8 trasformato in un grande sogno da condividere, che <strong>ogni anno richiama 1,8 milioni di visitatori, di cui 100.000 dall\u2019estero, in 4 serate di festa.<\/strong> Da Lione Vecchia al Parco de la T\u00eate d\u2019Or, la citt\u00e0 regala ai suoi visitatori un&#8217;esperienza unica, carica di poesia. <\/p>\n<figure class=\"wp-block-image\"><img data-recalc-dims=\"1\" loading=\"lazy\" decoding=\"async\" width=\"640\" height=\"426\" src=\"https:\/\/i0.wp.com\/volare.volotea.com\/wp-content\/uploads\/2021\/10\/lyonfetelumieres_01-3.jpg?resize=640%2C426&#038;ssl=1\" alt=\"\" class=\"wp-image-15371\" srcset=\"https:\/\/i0.wp.com\/volare.volotea.com\/wp-content\/uploads\/2021\/10\/lyonfetelumieres_01-3.jpg?resize=1024%2C682&amp;ssl=1 1024w, https:\/\/i0.wp.com\/volare.volotea.com\/wp-content\/uploads\/2021\/10\/lyonfetelumieres_01-3.jpg?resize=300%2C200&amp;ssl=1 300w, https:\/\/i0.wp.com\/volare.volotea.com\/wp-content\/uploads\/2021\/10\/lyonfetelumieres_01-3.jpg?resize=768%2C512&amp;ssl=1 768w, https:\/\/i0.wp.com\/volare.volotea.com\/wp-content\/uploads\/2021\/10\/lyonfetelumieres_01-3.jpg?w=1280&amp;ssl=1 1280w\" sizes=\"auto, (max-width: 640px) 100vw, 640px\" \/><\/figure>\n<h2 class=\"wp-block-heading\"><strong>La Festa delle Luci di Lione 2024: le date<\/strong><\/h2>\n<p class=\"wp-block-paragraph\">Questa manifestazione, gratuita e di natura popolare, non esisterebbe senza gli artisti che fanno della citt\u00e0 un punto di riferimento mondiale in quanto a luminarie. Quest\u2019anno, la <a href=\"https:\/\/www.fetedeslumieres.lyon.fr\/fr\" target=\"_blank\" rel=\"noreferrer noopener\">festa delle luci di Lione<\/a> si svolger\u00e0 dal <strong>5 all&#8217;8 dicembre.<\/strong>\u00a0<\/p>\n<h3 class=\"wp-block-heading\"><strong>Festa delle Luci di Lione 2024: a che ora?<\/strong><\/h3>\n<p class=\"wp-block-paragraph\">Ecco gli orari: da gioved\u00ec 5 a sabato 7 dicembre dalle 19 alle 23, domenica 8 dicembre dalle 18 alle 22.<\/p>\n<h3 class=\"wp-block-heading\"><strong>Festa delle Luci di Lione 2024: programma<\/strong><\/h3>\n<p class=\"wp-block-paragraph\">In occasione del 25\u00b0 anniversario della manifestazione, l&#8217;attenzione sar\u00e0 rivolta alle emozioni, collettive e individuali, dei lionesi. Per i giovani e gli anziani, per i lionesi e per i visitatori, la citt\u00e0 offre una celebrazione generosa, che combina opere d&#8217;arte scintillanti e viaggi onirici, invitando a creare storie intrise di poesia e dolcezza. Ancorata nel cuore della citt\u00e0 e aperta al mondo, la Festa delle Luci si sforza di offrire opere artistiche di alta qualit\u00e0, con il principio guida di essere aperta a tutti i pubblici. Questa ambiziosa edizione si inserisce in una dinamica rinnovata, rispettosa dell&#8217;ambiente, con opere eco-progettate, opere partecipative che invitano il pubblico a diventare protagonista dell&#8217;evento, e l&#8217;incoraggiamento della mobilit\u00e0 dolce e dell&#8217;uso di nuove tecnologie di illuminazione. Sar\u00e0 inoltre caratterizzata dall&#8217;impegno popolare della <a href=\"https:\/\/www.fetedeslumieres.lyon.fr\/fr\/page\/les-lumignons-du-coeur\" target=\"_blank\" rel=\"noreferrer noopener\">Lumignons du C\u0153ur<\/a>, una generosa iniziativa a sostegno di associazioni benefiche, che permetter\u00e0 a tutti di partecipare a questa tradizione lionese.<\/p>\n<p class=\"wp-block-paragraph\">Inclusiva e partecipativa, la Festa delle Luci \u00e8 concepita per essere accessibile a tutti e sar\u00e0 aperta ai diversi quartieri della citt\u00e0 e non solo, con l&#8217;obiettivo di fare di Lione una Capitale della Luce innovativa, sostenibile, festosa e unificante.<\/p>\n<p class=\"wp-block-paragraph\">Come avrai capito, anche quest&#8217;anno, Lione si presenta con tutte le carte in regola per incantarci. Il programma completo, che prevede una trentina di installazioni da scoprire sulla Presqu&#8217;\u00eele e in altri quartieri, sar\u00e0 svelato tra qualche settimana. Tieni d&#8217;occhio questo articolo, lo aggiorneremo non appena sar\u00e0 pubblicato il calendario 2024!<\/p>\n<h3 class=\"wp-block-heading\"><strong>Orari del Festival delle Luci di Lione<\/strong> 2024<\/h3>\n<p class=\"wp-block-paragraph\">La maggior parte delle installazioni pu\u00f2 essere visitata da gioved\u00ec 5 a sabato 7 dicembre dalle 19.00 alle 23.00 e la domenica 8 dicembre dalle 18.00 alle 22.00. Ti consiglio di controllare le informazioni in anticipo sul sito <a href=\"http:\/\/fetedeslumieres.lyon.fr\" target=\"_blank\" rel=\"noreferrer noopener\">fetedeslumieres.lyon.fr<\/a>.\u00a0<\/p>\n<h2 class=\"wp-block-heading\"><strong>Informazioni pratiche sulla Festa delle Luci di Lione<\/strong><\/h2>\n<p class=\"wp-block-paragraph\">Ecco qualche informazione pratica per assaporare ogni momento e lasciarsi conquistare dall\u2019opera dei rinomati artisti che creano una vera e propria impresa tecnica, non solo in termini di luci, ma anche di suono e design.<\/p>\n<h3 class=\"wp-block-heading\">1. <strong>Organizza il tuo soggiorno in anticipo<\/strong><\/h3>\n<p class=\"wp-block-paragraph\">Prenota il <a href=\"https:\/\/www.volotea.com\/it\/offerte-voli\/lione\/\" target=\"_blank\" rel=\"noreferrer noopener\">tuo volo per Lione prima possibile;<\/a> l\u2019ideale \u00e8 con tre mesi di anticipo. A partire dall&#8217;autunno potrebbe essere difficile trovare un alloggio in centro, a meno che non ti possa permettere un hotel di lusso; non aspettare troppo per prenotare un appartamento o una stanza in hotel!<\/p>\n<h3 class=\"wp-block-heading\">2. <strong><strong>Dove alloggiare durante la Festa delle Luci<\/strong><\/strong><\/h3>\n<p class=\"wp-block-paragraph\">Scordati pure l\u2019auto durante il periodo della Festa delle Luci; parcheggiare \u00e8 un\u2019impresa ardua e in ogni caso, il centro di Lione \u00e8 interdetto al traffico automobilistico. In questo modo, eviterai le lunghe code che si formano a partire dal pomeriggio per raggiungere il centro. Ecco perch\u00e9, come gi\u00e0 detto, \u00e8 meglio prenotare con largo anticipo! Ti consiglio l\u2019 <a href=\"https:\/\/atasteofmylife.fr\/2022\/02\/22\/lyon-design-hotel-verdun-1882\/\" target=\"_blank\" rel=\"noreferrer noopener\">hotel de Verdun 1882<\/a>, comodo in quanto vicino alla stazione di Perrache, oppure l\u2019esclusivo <a href=\"https:\/\/atasteofmylife.fr\/2020\/01\/07\/intercontinental-lyon-hotel-dieu\/\" target=\"_blank\" rel=\"noreferrer noopener\">InterContinental H\u00f4tel Dieu<\/a>, ospitato da un edificio storico lungo le rive del Rodano.<\/p>\n<figure class=\"wp-block-image\"><img data-recalc-dims=\"1\" loading=\"lazy\" decoding=\"async\" width=\"640\" height=\"427\" src=\"https:\/\/i0.wp.com\/volare.volotea.com\/wp-content\/uploads\/2023\/11\/baudouin-wisselmann-Ma95MngsP48-unsplash.jpg?resize=640%2C427&#038;ssl=1\" alt=\"\" class=\"wp-image-24353\" srcset=\"https:\/\/i0.wp.com\/volare.volotea.com\/wp-content\/uploads\/2023\/11\/baudouin-wisselmann-Ma95MngsP48-unsplash.jpg?resize=1024%2C683&amp;ssl=1 1024w, https:\/\/i0.wp.com\/volare.volotea.com\/wp-content\/uploads\/2023\/11\/baudouin-wisselmann-Ma95MngsP48-unsplash.jpg?resize=300%2C200&amp;ssl=1 300w, https:\/\/i0.wp.com\/volare.volotea.com\/wp-content\/uploads\/2023\/11\/baudouin-wisselmann-Ma95MngsP48-unsplash.jpg?resize=768%2C512&amp;ssl=1 768w, https:\/\/i0.wp.com\/volare.volotea.com\/wp-content\/uploads\/2023\/11\/baudouin-wisselmann-Ma95MngsP48-unsplash.jpg?resize=1536%2C1024&amp;ssl=1 1536w, https:\/\/i0.wp.com\/volare.volotea.com\/wp-content\/uploads\/2023\/11\/baudouin-wisselmann-Ma95MngsP48-unsplash.jpg?w=1920&amp;ssl=1 1920w, https:\/\/i0.wp.com\/volare.volotea.com\/wp-content\/uploads\/2023\/11\/baudouin-wisselmann-Ma95MngsP48-unsplash.jpg?w=1280&amp;ssl=1 1280w\" sizes=\"auto, (max-width: 640px) 100vw, 640px\" \/><\/figure>\n<h3 class=\"wp-block-heading\">3. <strong>Come muoversi<\/strong><\/h3>\n<p class=\"wp-block-paragraph\">Una volta raggiunta Lione dall\u2019aeroporto, con il taxi o con la navetta <a href=\"https:\/\/www.rhonexpress.fr\" target=\"_blank\" rel=\"noreferrer noopener\">Rh\u00f4nexpress<\/a>, (il cui terminal si trova nel quartiere della Part-Dieu), ha pi\u00f9 senso spostarsi a piedi. I trasporti pubblici (soprattutto la metropolitana) sono attivi, ma sono spesso affollati e non \u00e8 proprio piacevole. Tuttavia, va sottolineato che la sera dell&#8217;8 dicembre, dalle 16:00 fino alla fine del servizio, i mezzi pubblici sono gratuiti. Inoltre, solo per il fine giornata, <a href=\"https:\/\/www.tcl.fr\" target=\"_blank\" rel=\"noreferrer noopener\">TCL<\/a> offre una tariffazione speciale per raggiungere la \u201cFesta delle Luci\u201d, che permette di viaggiare senza limiti con tariffe vantaggiose. <\/p>\n<h3 class=\"wp-block-heading\">4. <strong>Dove parcheggiare durante la Festa delle Luci di Lione<\/strong><\/h3>\n<p class=\"wp-block-paragraph\">In questo periodo, i parcheggi del centro saranno chiusi, ma \u00e8 possibile lasciare l&#8217;auto in un parcheggio \u2018park and ride\u2019 e prendere poi l&#8217;autobus o la metropolitana. Questi parcheggi \u2018park and ride\u2019 si trovano a Gorge de Loup, Gare de Vaise, Mermoz Pinel, Cuire, Oullins, Vaulx-en-Velin, Gerland.<\/p>\n<h3 class=\"wp-block-heading\">5. <strong>Tieni d\u2019occhio i bambini<\/strong><\/h3>\n<p class=\"wp-block-paragraph\">Il centro di Lione, la Presqu&#8217;\u00eele, \u00e8 molto affollato; si sconsiglia quindi di portare con s\u00e9 i bambini in passeggino. In mezzo alla folla, nessuno \u00e8 al sicuro e pu\u00f2 essere pericoloso anche se i bambini sono tenuti per mano.<\/p>\n<p class=\"wp-block-paragraph\">Se sono molto piccoli, puoi usare uno zaino portabeb\u00e9, oppure uscire nel tardo pomeriggio, intorno alle 18, quando c&#8217;\u00e8 meno gente.<\/p>\n<h3 class=\"wp-block-heading\">6. <strong>Organizza l\u2019itinerario<\/strong><\/h3>\n<p class=\"wp-block-paragraph\">Troverai molte installazioni nella citt\u00e0 di Lione, in quartieri diversi. A seconda della durata del tuo soggiorno, ti consiglio di evitare le attrazioni principali il venerd\u00ec 8 e il sabato 9 (ovvero i giorni pi\u00f9 affollati). Ti muoverai pi\u00f9 tranquillamente, con la certezza di visitare quello che hai in programma. Le attese possono essere molto lunghe per accedere agli spettacoli, quindi porta pazienza, non spingere chi ti sta vicino, perch\u00e9 non ti far\u00e0 guadagnare tempo&#8230; Chiss\u00e0, magari ti capita di fare qualche incontro interessante!<\/p>\n<figure class=\"wp-block-image\"><img data-recalc-dims=\"1\" loading=\"lazy\" decoding=\"async\" width=\"640\" height=\"427\" src=\"https:\/\/i0.wp.com\/volare.volotea.com\/wp-content\/uploads\/2023\/11\/shutterstock_1028653747.jpg?resize=640%2C427&#038;ssl=1\" alt=\"\" class=\"wp-image-24358\" srcset=\"https:\/\/i0.wp.com\/volare.volotea.com\/wp-content\/uploads\/2023\/11\/shutterstock_1028653747.jpg?w=1000&amp;ssl=1 1000w, https:\/\/i0.wp.com\/volare.volotea.com\/wp-content\/uploads\/2023\/11\/shutterstock_1028653747.jpg?resize=300%2C200&amp;ssl=1 300w, https:\/\/i0.wp.com\/volare.volotea.com\/wp-content\/uploads\/2023\/11\/shutterstock_1028653747.jpg?resize=768%2C512&amp;ssl=1 768w\" sizes=\"auto, (max-width: 640px) 100vw, 640px\" \/><\/figure>\n<h3 class=\"wp-block-heading\">7. <strong>Approfittane per visitare i siti che di solito sono chiusi<\/strong><\/h3>\n<p class=\"wp-block-paragraph\">Altro consiglio: durante la Festa delle Luci di Lione potresti avere l&#8217;opportunit\u00e0 di visitare delle chiese che spesso sono chiuse in questi orari e che, invece, aprono per l\u2019occasione. Alcune sono protagoniste di installazioni di luci, con animazioni speciali. Questo, per esempio, \u00e8 il caso della Cattedrale di San Giovanni Battista, della Basilica di San Bonaventura o della chiesa di Saint-Georges.<\/p>\n<h3 class=\"wp-block-heading\">8. <strong>Indossa qualcosa di caldo<\/strong><\/h3>\n<p class=\"wp-block-paragraph\">A Lione pu\u00f2 fare davvero freddo in inverno. Se decidi di esplorare la capitale dei Galli per tre\/quattro ore, assicurati di indossare abbigliamento pesante, piumino, berretto, sciarpa e guanti. In questi casi, conta di pi\u00f9 essere comodi che eleganti! Ti sconsiglio la borsa a mano, che potrebbe essere una tentazione per i borseggiatori; meglio il marsupio, per esempio.<\/p>\n<h3 class=\"wp-block-heading\">9. <strong>Un boccone&#8230; Al volo!<\/strong><\/h3>\n<p class=\"wp-block-paragraph\">Non solo gli hotel, anche i ristoranti sono superaffollati in questo periodo dell&#8217;anno e i prezzi sono pi\u00f9 alti del normale, a fronte una qualit\u00e0 che, purtroppo, non \u00e8 sempre all&#8217;altezza. Preparati un sandwich fai-da-te, magari con uno dei tipici insaccati lionesi: rosette (tipo soppressa), salsiccia secca, pat\u00e9 di testa di maiale, etc. Il mio consiglio \u00e8 di fare la spesa da <a href=\"https:\/\/www.charcuterie-sibilia.com\/\" target=\"_blank\" rel=\"noreferrer noopener\">Sibilia<\/a>, una delle salumerie pi\u00f9 rinomate di Lione (zona Croix-Rousse, Saxe, Monplaisir oppure presso Halles Paul Bocuse).<\/p>\n<figure class=\"wp-block-image\"><img data-recalc-dims=\"1\" loading=\"lazy\" decoding=\"async\" width=\"640\" height=\"426\" src=\"https:\/\/i0.wp.com\/volare.volotea.com\/wp-content\/uploads\/2023\/11\/shutterstock_2631949.jpg?resize=640%2C426&#038;ssl=1\" alt=\"\" class=\"wp-image-24362\" srcset=\"https:\/\/i0.wp.com\/volare.volotea.com\/wp-content\/uploads\/2023\/11\/shutterstock_2631949.jpg?w=1000&amp;ssl=1 1000w, https:\/\/i0.wp.com\/volare.volotea.com\/wp-content\/uploads\/2023\/11\/shutterstock_2631949.jpg?resize=300%2C200&amp;ssl=1 300w, https:\/\/i0.wp.com\/volare.volotea.com\/wp-content\/uploads\/2023\/11\/shutterstock_2631949.jpg?resize=768%2C511&amp;ssl=1 768w\" sizes=\"auto, (max-width: 640px) 100vw, 640px\" \/><\/figure>\n<p class=\"wp-block-paragraph\">Ogni anno, il Festival delle Luci accoglie visitatori da tutto il mondo per ammirare opere d&#8217;arte monumentali e pi\u00f9 introspettive&#8230; Sarai dei nostri per condividere questa emozione collettiva e celebrare il nostro patrimonio artistico?<\/p>\n<p class=\"wp-block-paragraph\">In alternativa, puoi fare una <a href=\"https:\/\/atasteofmylife.fr\/2013\/02\/22\/lyon-quais-de-saone\/\" target=\"_blank\" rel=\"noreferrer noopener\">passeggiata lungo le rive della Saona<\/a> oppure <a href=\"https:\/\/volare.volotea.com\/it\/citta\/lione\/dove-ammirare-le-piu-belle-opere-di-street-art-a-lione\/\" target=\"_blank\" rel=\"noreferrer noopener\">esplorare la <em>street art<\/em> di Lione<\/a> durante il tuo soggiorno nella capitale dei Galli.<\/p>\n<h3 class=\"wp-block-heading\">La Festa delle Luci 2024<\/h3>\n<ul class=\"wp-block-list\">\n<li>Dal 5 all&#8217;8 dicembre 2024<\/li>\n<li>Leggi il programma completo sul sito <a href=\"https:\/\/www.fetedeslumieres.lyon.fr\/fr\" target=\"_blank\" rel=\"noreferrer noopener\">https:\/\/www.fetedeslumieres.lyon.fr\/fr<\/a> e tutte le informazioni utili sul sito <a href=\"https:\/\/www.visiterlyon.com\/\" target=\"_blank\" rel=\"noreferrer noopener\">VisiterLyon<\/a>.<\/li>\n<\/ul>\n<h3 class=\"wp-block-heading\">Le location principali della Festa delle Luci:<\/h3>\n<p class=\"wp-block-paragraph\"><strong>Presqu\u2019\u00eele :<\/strong><\/p>\n<ul class=\"wp-block-list\">\n<li>H\u00f4tel de Ville<\/li>\n<li>Place des Terreaux<\/li>\n<li>Th\u00e9\u00e2tre des C\u00e9lestins<\/li>\n<li>Place Bellecour<\/li>\n<li>Place des Jacobins<\/li>\n<li>Rue de la R\u00e9publique<\/li>\n<li>Berges de la Sa\u00f4ne : vue sur le Palais de Justice et la basilique de Fourvi\u00e8re<\/li>\n<\/ul>\n<p class=\"wp-block-paragraph\"><strong>Vieux Lyon :<\/strong><\/p>\n<ul class=\"wp-block-list\">\n<li>Cath\u00e9drale Saint-Jean<\/li>\n<\/ul>\n<p class=\"wp-block-paragraph\"><strong>Parc de la T\u00eate d\u2019Or<\/strong><\/p>\n<p class=\"wp-block-paragraph\"><strong>Berges du Rh\u00f4ne<\/strong><\/p>\n<p class=\"wp-block-paragraph\">Et voil\u00e0, ti abbiamo detto tutto quello che c&#8217;\u00e8 da sapere sulla Festa delle Luci e su come sfruttare al meglio questi giorni magici a Lione. Ora tocca a te!<\/p>\n","protected":false},"excerpt":{"rendered":"<p>Ogni anno, nel mese di dicembre, le strade di Lione si affollano di visitatori provenienti da tutta la Francia e da tutto il mondo, in occasione della famosa \u201cFesta delle Luci\u201d. Anno dopo anno, la sua fama \u00e8 cresciuta in modo significativo. Nonostante qualche critica per la sua natura commerciale, in questi giorni potrai assistere [&hellip;]<\/p>\n","protected":false},"author":41,"featured_media":15512,"template":"","topics":[2536],"destination":[2937],"class_list":["post-15394","inspiracion","type-inspiracion","status-publish","has-post-thumbnail","hentry","topics-stile-di-vita-cultura","destination-lione"],"acf":[],"yoast_head":"<!-- This site is optimized with the Yoast SEO plugin v28.4 - https:\/\/yoast.com\/product\/yoast-seo-wordpress\/ -->\n<title>Il Festival delle Luci di Lione 2024, un evento da non perdere! - VOLARE MAGAZINE | VOLOTEA<\/title>\n<meta name=\"description\" content=\"Ogni anno, a dicembre, Lione diventa meta di visitatori da tutta la Francia e anche dal mondo per un evento molto rinomato: la Festa delle Luci (F\u00eate des Lumi\u00e8res). Scopri come goderti al meglio questo evento con i nostri consigli!\" \/>\n<meta name=\"robots\" content=\"index, follow, max-snippet:-1, max-image-preview:large, max-video-preview:-1\" \/>\n<link rel=\"canonical\" href=\"https:\/\/volare.volotea.com\/it\/citta\/lione\/festa-luci-lione\/\" \/>\n<meta property=\"og:locale\" content=\"it_IT\" \/>\n<meta property=\"og:type\" content=\"article\" \/>\n<meta property=\"og:title\" content=\"Il Festival delle Luci di Lione 2024, un evento da non perdere! - VOLARE MAGAZINE | VOLOTEA\" \/>\n<meta property=\"og:description\" content=\"Ogni anno, a dicembre, Lione diventa meta di visitatori da tutta la Francia e anche dal mondo per un evento molto rinomato: la Festa delle Luci (F\u00eate des Lumi\u00e8res). Scopri come goderti al meglio questo evento con i nostri consigli!\" \/>\n<meta property=\"og:url\" content=\"https:\/\/volare.volotea.com\/it\/citta\/lione\/festa-luci-lione\/\" \/>\n<meta property=\"og:site_name\" content=\"VOLARE MAGAZINE | VOLOTEA\" \/>\n<meta property=\"article:publisher\" content=\"https:\/\/www.facebook.com\/Volotea\/\" \/>\n<meta property=\"article:modified_time\" content=\"2024-10-16T11:24:29+00:00\" \/>\n<meta property=\"og:image\" content=\"https:\/\/volare.volotea.com\/wp-content\/uploads\/2021\/10\/dedale-WezMp-DRzsk-unsplash.jpg\" \/>\n\t<meta property=\"og:image:width\" content=\"1920\" \/>\n\t<meta property=\"og:image:height\" content=\"1280\" \/>\n\t<meta property=\"og:image:type\" content=\"image\/jpeg\" \/>\n<meta name=\"twitter:card\" content=\"summary_large_image\" \/>\n<meta name=\"twitter:site\" content=\"@volotea\" \/>\n<meta name=\"twitter:label1\" content=\"Tempo di lettura stimato\" \/>\n\t<meta name=\"twitter:data1\" content=\"9 minuti\" \/>\n<script type=\"application\/ld+json\" class=\"yoast-schema-graph\">{\"@context\":\"https:\\\/\\\/schema.org\",\"@graph\":[{\"@type\":\"WebPage\",\"@id\":\"https:\\\/\\\/volare.volotea.com\\\/it\\\/citta\\\/lione\\\/festa-luci-lione\\\/\",\"url\":\"https:\\\/\\\/volare.volotea.com\\\/it\\\/citta\\\/lione\\\/festa-luci-lione\\\/\",\"name\":\"Il Festival delle Luci di Lione 2024, un evento da non perdere! - VOLARE MAGAZINE | VOLOTEA\",\"isPartOf\":{\"@id\":\"https:\\\/\\\/volare.volotea.com\\\/fr\\\/#website\"},\"primaryImageOfPage\":{\"@id\":\"https:\\\/\\\/volare.volotea.com\\\/it\\\/citta\\\/lione\\\/festa-luci-lione\\\/#primaryimage\"},\"image\":{\"@id\":\"https:\\\/\\\/volare.volotea.com\\\/it\\\/citta\\\/lione\\\/festa-luci-lione\\\/#primaryimage\"},\"thumbnailUrl\":\"https:\\\/\\\/i0.wp.com\\\/volare.volotea.com\\\/wp-content\\\/uploads\\\/2021\\\/10\\\/dedale-WezMp-DRzsk-unsplash.jpg?fit=1920%2C1280&ssl=1\",\"datePublished\":\"2024-10-16T11:13:03+00:00\",\"dateModified\":\"2024-10-16T11:24:29+00:00\",\"description\":\"Ogni anno, a dicembre, Lione diventa meta di visitatori da tutta la Francia e anche dal mondo per un evento molto rinomato: la Festa delle Luci (F\u00eate des Lumi\u00e8res). Scopri come goderti al meglio questo evento con i nostri consigli!\",\"breadcrumb\":{\"@id\":\"https:\\\/\\\/volare.volotea.com\\\/it\\\/citta\\\/lione\\\/festa-luci-lione\\\/#breadcrumb\"},\"inLanguage\":\"it-IT\",\"potentialAction\":[{\"@type\":\"ReadAction\",\"target\":[\"https:\\\/\\\/volare.volotea.com\\\/it\\\/citta\\\/lione\\\/festa-luci-lione\\\/\"]}]},{\"@type\":\"ImageObject\",\"inLanguage\":\"it-IT\",\"@id\":\"https:\\\/\\\/volare.volotea.com\\\/it\\\/citta\\\/lione\\\/festa-luci-lione\\\/#primaryimage\",\"url\":\"https:\\\/\\\/i0.wp.com\\\/volare.volotea.com\\\/wp-content\\\/uploads\\\/2021\\\/10\\\/dedale-WezMp-DRzsk-unsplash.jpg?fit=1920%2C1280&ssl=1\",\"contentUrl\":\"https:\\\/\\\/i0.wp.com\\\/volare.volotea.com\\\/wp-content\\\/uploads\\\/2021\\\/10\\\/dedale-WezMp-DRzsk-unsplash.jpg?fit=1920%2C1280&ssl=1\",\"width\":1920,\"height\":1280},{\"@type\":\"BreadcrumbList\",\"@id\":\"https:\\\/\\\/volare.volotea.com\\\/it\\\/citta\\\/lione\\\/festa-luci-lione\\\/#breadcrumb\",\"itemListElement\":[{\"@type\":\"ListItem\",\"position\":1,\"name\":\"Portada\",\"item\":\"https:\\\/\\\/volare.volotea.com\\\/it\\\/\"},{\"@type\":\"ListItem\",\"position\":2,\"name\":\"Inspiracion\",\"item\":\"https:\\\/\\\/volare.volotea.com\\\/it\\\/citta\\\/\"},{\"@type\":\"ListItem\",\"position\":3,\"name\":\"Il Festival delle Luci di Lione 2024, un evento da non perdere!\"}]},{\"@type\":\"WebSite\",\"@id\":\"https:\\\/\\\/volare.volotea.com\\\/fr\\\/#website\",\"url\":\"https:\\\/\\\/volare.volotea.com\\\/fr\\\/\",\"name\":\"VOLARE MAGAZINE | VOLOTEA\",\"description\":\"Travel Blog\",\"publisher\":{\"@id\":\"https:\\\/\\\/volare.volotea.com\\\/fr\\\/#organization\"},\"potentialAction\":[{\"@type\":\"SearchAction\",\"target\":{\"@type\":\"EntryPoint\",\"urlTemplate\":\"https:\\\/\\\/volare.volotea.com\\\/fr\\\/?s={search_term_string}\"},\"query-input\":{\"@type\":\"PropertyValueSpecification\",\"valueRequired\":true,\"valueName\":\"search_term_string\"}}],\"inLanguage\":\"it-IT\"},{\"@type\":\"Organization\",\"@id\":\"https:\\\/\\\/volare.volotea.com\\\/fr\\\/#organization\",\"name\":\"VOLARE MAGAZINE | VOLOTEA\",\"url\":\"https:\\\/\\\/volare.volotea.com\\\/fr\\\/\",\"logo\":{\"@type\":\"ImageObject\",\"inLanguage\":\"it-IT\",\"@id\":\"https:\\\/\\\/volare.volotea.com\\\/fr\\\/#\\\/schema\\\/logo\\\/image\\\/\",\"url\":\"https:\\\/\\\/volare.volotea.com\\\/wp-content\\\/uploads\\\/2026\\\/04\\\/volotea.png\",\"contentUrl\":\"https:\\\/\\\/volare.volotea.com\\\/wp-content\\\/uploads\\\/2026\\\/04\\\/volotea.png\",\"width\":960,\"height\":318,\"caption\":\"VOLARE MAGAZINE | VOLOTEA\"},\"image\":{\"@id\":\"https:\\\/\\\/volare.volotea.com\\\/fr\\\/#\\\/schema\\\/logo\\\/image\\\/\"},\"sameAs\":[\"https:\\\/\\\/www.facebook.com\\\/Volotea\\\/\",\"https:\\\/\\\/x.com\\\/volotea\",\"https:\\\/\\\/es.pinterest.com\\\/volotea\\\/\"]}]}<\/script>\n<!-- \/ Yoast SEO plugin. -->","yoast_head_json":{"title":"Il Festival delle Luci di Lione 2024, un evento da non perdere! - VOLARE MAGAZINE | VOLOTEA","description":"Ogni anno, a dicembre, Lione diventa meta di visitatori da tutta la Francia e anche dal mondo per un evento molto rinomato: la Festa delle Luci (F\u00eate des Lumi\u00e8res). Scopri come goderti al meglio questo evento con i nostri consigli!","robots":{"index":"index","follow":"follow","max-snippet":"max-snippet:-1","max-image-preview":"max-image-preview:large","max-video-preview":"max-video-preview:-1"},"canonical":"https:\/\/volare.volotea.com\/it\/citta\/lione\/festa-luci-lione\/","og_locale":"it_IT","og_type":"article","og_title":"Il Festival delle Luci di Lione 2024, un evento da non perdere! - VOLARE MAGAZINE | VOLOTEA","og_description":"Ogni anno, a dicembre, Lione diventa meta di visitatori da tutta la Francia e anche dal mondo per un evento molto rinomato: la Festa delle Luci (F\u00eate des Lumi\u00e8res). Scopri come goderti al meglio questo evento con i nostri consigli!","og_url":"https:\/\/volare.volotea.com\/it\/citta\/lione\/festa-luci-lione\/","og_site_name":"VOLARE MAGAZINE | VOLOTEA","article_publisher":"https:\/\/www.facebook.com\/Volotea\/","article_modified_time":"2024-10-16T11:24:29+00:00","og_image":[{"width":1920,"height":1280,"url":"https:\/\/volare.volotea.com\/wp-content\/uploads\/2021\/10\/dedale-WezMp-DRzsk-unsplash.jpg","type":"image\/jpeg"}],"twitter_card":"summary_large_image","twitter_site":"@volotea","twitter_misc":{"Tempo di lettura stimato":"9 minuti"},"schema":{"@context":"https:\/\/schema.org","@graph":[{"@type":"WebPage","@id":"https:\/\/volare.volotea.com\/it\/citta\/lione\/festa-luci-lione\/","url":"https:\/\/volare.volotea.com\/it\/citta\/lione\/festa-luci-lione\/","name":"Il Festival delle Luci di Lione 2024, un evento da non perdere! - VOLARE MAGAZINE | VOLOTEA","isPartOf":{"@id":"https:\/\/volare.volotea.com\/fr\/#website"},"primaryImageOfPage":{"@id":"https:\/\/volare.volotea.com\/it\/citta\/lione\/festa-luci-lione\/#primaryimage"},"image":{"@id":"https:\/\/volare.volotea.com\/it\/citta\/lione\/festa-luci-lione\/#primaryimage"},"thumbnailUrl":"https:\/\/i0.wp.com\/volare.volotea.com\/wp-content\/uploads\/2021\/10\/dedale-WezMp-DRzsk-unsplash.jpg?fit=1920%2C1280&ssl=1","datePublished":"2024-10-16T11:13:03+00:00","dateModified":"2024-10-16T11:24:29+00:00","description":"Ogni anno, a dicembre, Lione diventa meta di visitatori da tutta la Francia e anche dal mondo per un evento molto rinomato: la Festa delle Luci (F\u00eate des Lumi\u00e8res). Scopri come goderti al meglio questo evento con i nostri consigli!","breadcrumb":{"@id":"https:\/\/volare.volotea.com\/it\/citta\/lione\/festa-luci-lione\/#breadcrumb"},"inLanguage":"it-IT","potentialAction":[{"@type":"ReadAction","target":["https:\/\/volare.volotea.com\/it\/citta\/lione\/festa-luci-lione\/"]}]},{"@type":"ImageObject","inLanguage":"it-IT","@id":"https:\/\/volare.volotea.com\/it\/citta\/lione\/festa-luci-lione\/#primaryimage","url":"https:\/\/i0.wp.com\/volare.volotea.com\/wp-content\/uploads\/2021\/10\/dedale-WezMp-DRzsk-unsplash.jpg?fit=1920%2C1280&ssl=1","contentUrl":"https:\/\/i0.wp.com\/volare.volotea.com\/wp-content\/uploads\/2021\/10\/dedale-WezMp-DRzsk-unsplash.jpg?fit=1920%2C1280&ssl=1","width":1920,"height":1280},{"@type":"BreadcrumbList","@id":"https:\/\/volare.volotea.com\/it\/citta\/lione\/festa-luci-lione\/#breadcrumb","itemListElement":[{"@type":"ListItem","position":1,"name":"Portada","item":"https:\/\/volare.volotea.com\/it\/"},{"@type":"ListItem","position":2,"name":"Inspiracion","item":"https:\/\/volare.volotea.com\/it\/citta\/"},{"@type":"ListItem","position":3,"name":"Il Festival delle Luci di Lione 2024, un evento da non perdere!"}]},{"@type":"WebSite","@id":"https:\/\/volare.volotea.com\/fr\/#website","url":"https:\/\/volare.volotea.com\/fr\/","name":"VOLARE MAGAZINE | VOLOTEA","description":"Travel Blog","publisher":{"@id":"https:\/\/volare.volotea.com\/fr\/#organization"},"potentialAction":[{"@type":"SearchAction","target":{"@type":"EntryPoint","urlTemplate":"https:\/\/volare.volotea.com\/fr\/?s={search_term_string}"},"query-input":{"@type":"PropertyValueSpecification","valueRequired":true,"valueName":"search_term_string"}}],"inLanguage":"it-IT"},{"@type":"Organization","@id":"https:\/\/volare.volotea.com\/fr\/#organization","name":"VOLARE MAGAZINE | VOLOTEA","url":"https:\/\/volare.volotea.com\/fr\/","logo":{"@type":"ImageObject","inLanguage":"it-IT","@id":"https:\/\/volare.volotea.com\/fr\/#\/schema\/logo\/image\/","url":"https:\/\/volare.volotea.com\/wp-content\/uploads\/2026\/04\/volotea.png","contentUrl":"https:\/\/volare.volotea.com\/wp-content\/uploads\/2026\/04\/volotea.png","width":960,"height":318,"caption":"VOLARE MAGAZINE | VOLOTEA"},"image":{"@id":"https:\/\/volare.volotea.com\/fr\/#\/schema\/logo\/image\/"},"sameAs":["https:\/\/www.facebook.com\/Volotea\/","https:\/\/x.com\/volotea","https:\/\/es.pinterest.com\/volotea\/"]}]}},"jetpack_sharing_enabled":true,"_links":{"self":[{"href":"https:\/\/volare.volotea.com\/it\/wp-json\/wp\/v2\/inspiracion\/15394","targetHints":{"allow":["GET"]}}],"collection":[{"href":"https:\/\/volare.volotea.com\/it\/wp-json\/wp\/v2\/inspiracion"}],"about":[{"href":"https:\/\/volare.volotea.com\/it\/wp-json\/wp\/v2\/types\/inspiracion"}],"author":[{"embeddable":true,"href":"https:\/\/volare.volotea.com\/it\/wp-json\/wp\/v2\/users\/41"}],"wp:featuredmedia":[{"embeddable":true,"href":"https:\/\/volare.volotea.com\/it\/wp-json\/wp\/v2\/media\/15512"}],"wp:attachment":[{"href":"https:\/\/volare.volotea.com\/it\/wp-json\/wp\/v2\/media?parent=15394"}],"wp:term":[{"taxonomy":"topics","embeddable":true,"href":"https:\/\/volare.volotea.com\/it\/wp-json\/wp\/v2\/topics?post=15394"},{"taxonomy":"destination","embeddable":true,"href":"https:\/\/volare.volotea.com\/it\/wp-json\/wp\/v2\/destination?post=15394"}],"curies":[{"name":"wp","href":"https:\/\/api.w.org\/{rel}","templated":true}]}}