{"id":12751,"date":"2021-05-17T12:27:09","date_gmt":"2021-05-17T10:27:09","guid":{"rendered":"https:\/\/volare.volotea.com\/?post_type=inspiracion&p=12751"},"modified":"2021-06-15T13:21:16","modified_gmt":"2021-06-15T11:21:16","slug":"serra-tramuntana-maiorca","status":"publish","type":"inspiracion","link":"https:\/\/volare.volotea.com\/it\/citta\/palma-di-maiorca\/serra-tramuntana-maiorca\/","title":{"rendered":"Serra de Tramuntana. Scoprila con tutti e 5 i sensi"},"content":{"rendered":"<h5 class=\"wp-block-heading\">La Serra de Tramuntana \u00e8 una catena montuosa lunga 90 km, che si estende da Andratx, nel sud-est, fino a Pollensa, nel nord dell&#8217;isola. Nel 2011 \u00e8 stata riconosciuta Patrimonio dell&#8217;umanit\u00e0 dall&#8217;UNESCO per la sua importanza storica, culturale e ambientale &#8211; elementi che convivono da secoli in perfetta armonia.<\/h5>\n<p class=\"wp-block-paragraph\">Trovo da sempre affascinante che, nonostante il passare del tempo, la Serra de Tramuntana mantiene il suo fascino, che fa s\u00ec che i viaggiatori possano goderne con tutti e cinque i sensi:<\/p>\n<ul class=\"wp-block-list\">\n<li>VEDERE i paesaggi da sogno e i paesi da cartolina.<\/li>\n<li>ASCOLTARE i suoni.<\/li>\n<li>ODORARE i profumi.<\/li>\n<li>GUSTARE la gastronomia.<\/li>\n<li>SENTIRE come vieni trasportato in un&#8217;altra epoca. Ci sono momenti in cui sembra che il tempo si sia fermato.<\/li>\n<\/ul>\n<p class=\"wp-block-paragraph\">Vorresti scoprirla? Allaccia la cintura, inizia la prima parte del viaggio.<\/p>\n<h2 class=\"wp-block-heading\"><strong><strong><strong><strong>Scopri i borghi pi\u00f9 belli della Sierra de Tramuntana<\/strong><\/strong><\/strong><\/strong><\/h2>\n<h3 class=\"wp-block-heading\">VALLDEMOSSA: IL PAESE PI\u00d9 FAMOSO DELLA SERRA DE TRAMUNTANA<\/h3>\n<p class=\"wp-block-paragraph\">La Serra de Tramuntana \u00e8 un percorso lungo, quindi \u00e8 meglio partire presto al mattino. Palma \u00e8 tranquilla e potrai prendere la strada per la prima destinazione senza problemi. Se esci da casa o dall&#8217;hotel senza aver fatto colazione&#8230; non \u00e8 un problema! Se hai fame ti consiglio una prima fermata per recuperare le forze al panificio\/pasticceria <a href=\"http:\/\/www.canmolinas.com\" target=\"_blank\" rel=\"noreferrer noopener nofollow\">Ca\u2019n Molinas<\/a> (calle Blanquerna, 15). <\/p>\n<p class=\"wp-block-paragraph\">Qui potrai assaggiare la <em>coca de patata<\/em>, una brioche tipica della pasticceria di Maiorca che \u00e8 un vero emblema di questo paesino. In estate puoi accompagnarla alla tipica granita di mandorle o al Laccao, una bevanda al cioccolato prodotta a Maiorca.<\/p>\n<figure class=\"wp-block-image size-large\"><img data-recalc-dims=\"1\" loading=\"lazy\" decoding=\"async\" width=\"640\" height=\"425\" src=\"https:\/\/i0.wp.com\/volare.volotea.com\/wp-content\/uploads\/2021\/05\/centro-valldemossa3-1024x680-1.jpg?resize=640%2C425&#038;ssl=1\" alt=\"valldemossa calle\" class=\"wp-image-12396\" srcset=\"https:\/\/i0.wp.com\/volare.volotea.com\/wp-content\/uploads\/2021\/05\/centro-valldemossa3-1024x680-1.jpg?w=1024&amp;ssl=1 1024w, https:\/\/i0.wp.com\/volare.volotea.com\/wp-content\/uploads\/2021\/05\/centro-valldemossa3-1024x680-1.jpg?resize=300%2C199&amp;ssl=1 300w, https:\/\/i0.wp.com\/volare.volotea.com\/wp-content\/uploads\/2021\/05\/centro-valldemossa3-1024x680-1.jpg?resize=768%2C510&amp;ssl=1 768w\" sizes=\"auto, (max-width: 640px) 100vw, 640px\" \/><\/figure>\n<p class=\"wp-block-paragraph\">Dopo aver riempito lo stomaco, \u00e8 il momento di esplorare le stradine di pietra e visitare i <strong>giardini del re Juan Carlos I<\/strong>, che si trovano accanto a uno dei luoghi da non perdere: il Palazzo del re Sancho, figlio di Giacomo II, comunemente conosciuto come la Cartuja de Valldemossa, dove vissero l&#8217;illustre compositore Frederick Chopin e la scrittrice francese George Sand.<\/p>\n<p class=\"wp-block-paragraph\">Se ami la fotografia, la Serra de Tramuntana offre tantissimi spunti per assistere a stupendi tramonti e, dato che sei a Valldemossa, non posso non mostrarti il mio posto preferito, <strong>Es mirador des Puig de Sa Moneda<\/strong>, nella zona residenziale George Sand. Niente male, vero?<\/p>\n<figure class=\"wp-block-image size-large\"><img data-recalc-dims=\"1\" loading=\"lazy\" decoding=\"async\" width=\"640\" height=\"360\" src=\"https:\/\/i0.wp.com\/volare.volotea.com\/wp-content\/uploads\/2021\/05\/mirador-des-Puig-de-Sa-Moneda-valldemossa3-1024x576-1.jpg?resize=640%2C360&#038;ssl=1\" alt=\"puig de sa moneda\" class=\"wp-image-12400\" srcset=\"https:\/\/i0.wp.com\/volare.volotea.com\/wp-content\/uploads\/2021\/05\/mirador-des-Puig-de-Sa-Moneda-valldemossa3-1024x576-1.jpg?w=1024&amp;ssl=1 1024w, https:\/\/i0.wp.com\/volare.volotea.com\/wp-content\/uploads\/2021\/05\/mirador-des-Puig-de-Sa-Moneda-valldemossa3-1024x576-1.jpg?resize=300%2C169&amp;ssl=1 300w, https:\/\/i0.wp.com\/volare.volotea.com\/wp-content\/uploads\/2021\/05\/mirador-des-Puig-de-Sa-Moneda-valldemossa3-1024x576-1.jpg?resize=768%2C432&amp;ssl=1 768w\" sizes=\"auto, (max-width: 640px) 100vw, 640px\" \/><\/figure>\n<p class=\"wp-block-paragraph\"><strong>Apro una piccola parentesi sull&#8217;itinerario. Se ti piacciono i tramonti come nei film, non posso non consigliarti un altro luogo davvero unico nel paesino di Banyalbufar, molto vicino a Valldemossa: la Torre des Verger o de las Almas.<\/strong><\/p>\n<p class=\"wp-block-paragraph\">Proseguendo il viaggio, arriviamo a <a href=\"http:\/\/www.sonmarroig.com\" target=\"_blank\" rel=\"noreferrer noopener nofollow\">Son Marroig<\/a> che \u00e8 sicuramente uno dei luoghi per cui la Serra de Tramuntana \u00e8 stata nominata patrimonio dell&#8217;umanit\u00e0. \u00c8 un possedimento sulla strada per il grazioso villaggio di Dei\u00e0, la cui origine risale al XVI secolo; l&#8217;arciduca Luigi Salvatore d&#8217;Austria fu uno dei suoi illustri proprietari.<\/p>\n<p class=\"wp-block-paragraph\">Da Son Marroig \u00e8 possibile notare come la combinazione natura-patrimonio raggiunga la sua massima espressione con il <strong>monumento naturale di sa Foradada<\/strong>, bagnato dall&#8217;immenso Mar Mediterraneo. \u00c8 il secondo posto che ti consiglio se vuoi goderti un tramonto che ti far\u00e0 innamorare per sempre.<\/p>\n<figure class=\"wp-block-image size-large\"><img data-recalc-dims=\"1\" loading=\"lazy\" decoding=\"async\" width=\"640\" height=\"480\" src=\"https:\/\/i0.wp.com\/volare.volotea.com\/wp-content\/uploads\/2021\/05\/Son-Marroig-sierra-tramuntana3-1024x768-1.jpg?resize=640%2C480&#038;ssl=1\" alt=\"son marroig mirador\" class=\"wp-image-12404\" srcset=\"https:\/\/i0.wp.com\/volare.volotea.com\/wp-content\/uploads\/2021\/05\/Son-Marroig-sierra-tramuntana3-1024x768-1.jpg?w=1024&amp;ssl=1 1024w, https:\/\/i0.wp.com\/volare.volotea.com\/wp-content\/uploads\/2021\/05\/Son-Marroig-sierra-tramuntana3-1024x768-1.jpg?resize=300%2C225&amp;ssl=1 300w, https:\/\/i0.wp.com\/volare.volotea.com\/wp-content\/uploads\/2021\/05\/Son-Marroig-sierra-tramuntana3-1024x768-1.jpg?resize=768%2C576&amp;ssl=1 768w\" sizes=\"auto, (max-width: 640px) 100vw, 640px\" \/><\/figure>\n<h3 class=\"wp-block-heading\"><strong><strong><strong><strong>DEI\u00c0, PAESINO PITTORESCO TRA MARE E MONTAGNA<\/strong><\/strong><\/strong><\/strong><\/h3>\n<p class=\"wp-block-paragraph\">Un paese <strong>la cui bellezza ha meravigliato molte generazioni di artisti<\/strong>; alcuni, in effetti, resteranno l\u00ec per sempre, come ad esempio lo scrittore Robert Graves. Non a caso c&#8217;\u00e8 un sentiero che si chiama il cammino dei pittori. <\/p>\n<p class=\"wp-block-paragraph\">Ogni volta che visito questo paesino che sembra uscito da una cartolina, mi piace lasciare l&#8217;auto lontano dal centro. C&#8217;\u00e8 una passerella di legno che \u00e8 un modo ideale per godersi le sue case di pietra, le sue stradine strette, la sua irregolarit\u00e0, il suono dell&#8217;acqua del torrente des Rac\u00f3 e il verde della natura circostante. <\/p>\n<p class=\"wp-block-paragraph\">Quando mi godo i paesi della Serra ho sempre la stessa sensazione che tutto vada pi\u00f9 lentamente. \u00c8 facile restare intrappolati in questa calma da cui non vorrai pi\u00f9 uscire. Noi abitanti di Maiorca siamo gi\u00e0 molto tranquilli, immaginati quindi vivendo in luoghi come Dei\u00e0.<\/p>\n<figure class=\"wp-block-image size-large\"><img data-recalc-dims=\"1\" loading=\"lazy\" decoding=\"async\" width=\"640\" height=\"479\" src=\"https:\/\/i0.wp.com\/volare.volotea.com\/wp-content\/uploads\/2021\/05\/architecture-3375284_1280-min.jpg?resize=640%2C479&#038;ssl=1\" alt=\"Dei\u00e0 sierra tramuntana\" class=\"wp-image-12432\" srcset=\"https:\/\/i0.wp.com\/volare.volotea.com\/wp-content\/uploads\/2021\/05\/architecture-3375284_1280-min.jpg?resize=1024%2C767&amp;ssl=1 1024w, https:\/\/i0.wp.com\/volare.volotea.com\/wp-content\/uploads\/2021\/05\/architecture-3375284_1280-min.jpg?resize=300%2C225&amp;ssl=1 300w, https:\/\/i0.wp.com\/volare.volotea.com\/wp-content\/uploads\/2021\/05\/architecture-3375284_1280-min.jpg?resize=768%2C575&amp;ssl=1 768w, https:\/\/i0.wp.com\/volare.volotea.com\/wp-content\/uploads\/2021\/05\/architecture-3375284_1280-min.jpg?w=1280&amp;ssl=1 1280w\" sizes=\"auto, (max-width: 640px) 100vw, 640px\" \/><\/figure>\n<p class=\"wp-block-paragraph\">Adesso dobbiamo far lavorare un po&#8217; le gambe e salire alla parte alta del paese. Sulla cima troverai il belvedere dei canyon da dove \u00e8 possibile vedere come, dopo i giorni con molta pioggia, l&#8217;acqua cade da diverse parti della montagna, come se fosse una cascata.<\/p>\n<p class=\"wp-block-paragraph\">Bisogna anche visitare la parrocchia di San Giovanni Battista, il cui campanile \u00e8 una vecchia torre di difesa. Nel cimitero \u00e8 sepolto lo <strong>scrittore Robert Graves.<\/strong> La sua casa \u00e8 stata trasformata in un museo, anch&#8217;esso tappa obbligatoria.<\/p>\n<figure class=\"wp-block-image size-large\"><img data-recalc-dims=\"1\" loading=\"lazy\" decoding=\"async\" width=\"640\" height=\"294\" src=\"https:\/\/i0.wp.com\/volare.volotea.com\/wp-content\/uploads\/2021\/05\/casa-Robert-Graves-Deia3-1024x471-1.jpg?resize=640%2C294&#038;ssl=1\" alt=\"\" class=\"wp-image-12412\" srcset=\"https:\/\/i0.wp.com\/volare.volotea.com\/wp-content\/uploads\/2021\/05\/casa-Robert-Graves-Deia3-1024x471-1.jpg?w=1024&amp;ssl=1 1024w, https:\/\/i0.wp.com\/volare.volotea.com\/wp-content\/uploads\/2021\/05\/casa-Robert-Graves-Deia3-1024x471-1.jpg?resize=300%2C138&amp;ssl=1 300w, https:\/\/i0.wp.com\/volare.volotea.com\/wp-content\/uploads\/2021\/05\/casa-Robert-Graves-Deia3-1024x471-1.jpg?resize=768%2C353&amp;ssl=1 768w\" sizes=\"auto, (max-width: 640px) 100vw, 640px\" \/><\/figure>\n<p class=\"wp-block-paragraph\">Un&#8217;altra gita imperdibile \u00e8 quella a <strong>Cala Dei\u00e0<\/strong>, una caletta lunga circa 70 metri composta da ciottoli e scogli. Se inizi ad avere fame, potrai prendere due piccioni con una fava, dato che ci sono ristoranti eccellenti, specialmente se ti piace il pesce. <\/p>\n<h3 class=\"wp-block-heading\"><strong><strong><strong><strong>S\u00d3LLER, IL PAESE DEI SETTE TORRENTI<\/strong><\/strong><\/strong><\/strong><\/h3>\n<p class=\"wp-block-paragraph\">\u00c8 situato in una valle dove gli aranceti sono stati, sono e saranno sempre una caratteristica distintiva. L&#8217;abbondanza di acqua, il terreno fertile e l&#8217;umidit\u00e0 lo rendono il luogo ideale per il tipo di arance che viene coltivato, introdotto dagli arabi nel X secolo.<\/p>\n<p class=\"wp-block-paragraph\">Sapevi che in tempi antichi vivere a S\u00f3ller significava essere isolati dal resto dell&#8217;isola? Per rendere l&#8217;idea, immaginati che vi erano molti pi\u00f9 commerci con alcune citt\u00e0 della costa francese che con altre zone di Maiorca. Il <strong>treno di S\u00f3ller<\/strong> ha agevolato la rottura di questo isolamento e un miglioramento delle comunicazioni, in particolare con Palma.<\/p>\n<figure class=\"wp-block-image size-large is-resized\"><img data-recalc-dims=\"1\" loading=\"lazy\" decoding=\"async\" src=\"https:\/\/i0.wp.com\/volare.volotea.com\/wp-content\/uploads\/2021\/05\/tren-soller3-1024x768-1.jpg?resize=640%2C479&#038;ssl=1\" alt=\"tren soller mallorca\" class=\"wp-image-12416\" width=\"640\" height=\"479\" srcset=\"https:\/\/i0.wp.com\/volare.volotea.com\/wp-content\/uploads\/2021\/05\/tren-soller3-1024x768-1.jpg?w=1024&amp;ssl=1 1024w, https:\/\/i0.wp.com\/volare.volotea.com\/wp-content\/uploads\/2021\/05\/tren-soller3-1024x768-1.jpg?resize=300%2C225&amp;ssl=1 300w, https:\/\/i0.wp.com\/volare.volotea.com\/wp-content\/uploads\/2021\/05\/tren-soller3-1024x768-1.jpg?resize=768%2C576&amp;ssl=1 768w\" sizes=\"auto, (max-width: 640px) 100vw, 640px\" \/><\/figure>\n<p class=\"wp-block-paragraph\"><strong>Plaza de la Constituci\u00f3n<\/strong> \u00e8 il suo centro nevralgico. A un centinaio di metri, in direzione di Plaza de Espa\u00f1a, si trova la stazione del treno di S\u00f3ller. Se ami l&#8217;architettura, ti piacer\u00e0 vedere come qui convivono in perfetta armonia lo stile modernista della banca di S\u00f3ller e lo stile gotico della chiesa di Sant Bartomeu, risalente al 1236.<\/p>\n<p class=\"wp-block-paragraph\">Se preferisci fare shopping, visita <strong>carrer de sa Lluna<\/strong>. Consiglio: alza lo sguardo, passeggia lentamente e, soprattutto, nota la quantit\u00e0 di curiosit\u00e0 che scoprirai. Se mi permetti, guarda la foto.<\/p>\n<p class=\"wp-block-paragraph\">Se, come me, anche tu preferisci la carne al pesce, lasciati consigliare il ristorante <a href=\"http:\/\/www.facebook.com\/restaurantecascarreter\" target=\"_blank\" rel=\"noreferrer noopener nofollow\">Cas Carreter<\/a> (Carrer de Cetre, 4); per il dessert per\u00f2 ti suggerisco un altro programma &#8211; prendi l&#8217;auto e recati al porto. Potrai goderti <a href=\"http:\/\/www.fetasoller.com\" target=\"_blank\" rel=\"noreferrer noopener nofollow\">un gustoso gelato prodotto a S\u00f3ller, <\/a>ovviamente all&#8217;arancia. Assaporalo mentre passeggi con un tramonto da film. Come ti dicevo all&#8217;inizio del viaggio, lascia fluire i tuoi sensi. <\/p>\n<figure class=\"wp-block-image size-large\"><img data-recalc-dims=\"1\" loading=\"lazy\" decoding=\"async\" width=\"640\" height=\"346\" src=\"https:\/\/i0.wp.com\/volare.volotea.com\/wp-content\/uploads\/2021\/05\/helado-soller3-1024x553-1.jpg?resize=640%2C346&#038;ssl=1\" alt=\"helado soller mallorca\" class=\"wp-image-12420\" srcset=\"https:\/\/i0.wp.com\/volare.volotea.com\/wp-content\/uploads\/2021\/05\/helado-soller3-1024x553-1.jpg?w=1024&amp;ssl=1 1024w, https:\/\/i0.wp.com\/volare.volotea.com\/wp-content\/uploads\/2021\/05\/helado-soller3-1024x553-1.jpg?resize=300%2C162&amp;ssl=1 300w, https:\/\/i0.wp.com\/volare.volotea.com\/wp-content\/uploads\/2021\/05\/helado-soller3-1024x553-1.jpg?resize=768%2C415&amp;ssl=1 768w\" sizes=\"auto, (max-width: 640px) 100vw, 640px\" \/><\/figure>\n<p class=\"wp-block-paragraph\">Come va il viaggio? Non pensare che sia finita, la grande avventura in questi paesaggi da cartolina continuer\u00e0. Sono un viaggiatore nella mia isola e ho ancora tanto da mostrarti della Serra de Tramuntana. Lascia volare la fantasia o, meglio, <a href=\"https:\/\/www.volotea.com\/it\/voli-economici\/palma-di-maiorca\/\" target=\"_blank\" rel=\"noreferrer noopener\">trasformala in realt\u00e0 con Volotea<\/a>.<\/p>\n","protected":false},"excerpt":{"rendered":"<p>La Serra de Tramuntana \u00e8 una catena montuosa lunga 90 km, che si estende da Andratx, nel sud-est, fino a Pollensa, nel nord dell&#8217;isola. Nel 2011 \u00e8 stata riconosciuta Patrimonio dell&#8217;umanit\u00e0 dall&#8217;UNESCO per la sua importanza storica, culturale e ambientale &#8211; elementi che convivono da secoli in perfetta armonia. Trovo da sempre affascinante che, nonostante [&hellip;]<\/p>\n","protected":false},"author":48,"featured_media":12682,"template":"","topics":[2542,2539],"destination":[2845],"class_list":["post-12751","inspiracion","type-inspiracion","status-publish","has-post-thumbnail","hentry","topics-gite","topics-spiagge-allaperto","destination-palma-di-maiorca"],"acf":[],"yoast_head":"<!-- This site is optimized with the Yoast SEO plugin v28.4 - https:\/\/yoast.com\/product\/yoast-seo-wordpress\/ -->\n<title>Serra de Tramuntana. Scoprila con tutti e 5 i sensi - VOLARE MAGAZINE | VOLOTEA<\/title>\n<meta name=\"description\" content=\"Scopri i borghi pi\u00f9 belli della Sierra de Tramuntana, una catena montuosa lunga 90 km sull&#039;isola di Maiorca, dichiarata Patrimonio dell&#039;umanit\u00e0 dall&#039;UNESCO.\" \/>\n<meta name=\"robots\" content=\"index, follow, max-snippet:-1, max-image-preview:large, max-video-preview:-1\" \/>\n<link rel=\"canonical\" href=\"https:\/\/volare.volotea.com\/it\/citta\/palma-di-maiorca\/serra-tramuntana-maiorca\/\" \/>\n<meta property=\"og:locale\" content=\"it_IT\" \/>\n<meta property=\"og:type\" content=\"article\" \/>\n<meta property=\"og:title\" content=\"Serra de Tramuntana. Scoprila con tutti e 5 i sensi - VOLARE MAGAZINE | VOLOTEA\" \/>\n<meta property=\"og:description\" content=\"Scopri i borghi pi\u00f9 belli della Sierra de Tramuntana, una catena montuosa lunga 90 km sull&#039;isola di Maiorca, dichiarata Patrimonio dell&#039;umanit\u00e0 dall&#039;UNESCO.\" \/>\n<meta property=\"og:url\" content=\"https:\/\/volare.volotea.com\/it\/citta\/palma-di-maiorca\/serra-tramuntana-maiorca\/\" \/>\n<meta property=\"og:site_name\" content=\"VOLARE MAGAZINE | VOLOTEA\" \/>\n<meta property=\"article:publisher\" content=\"https:\/\/www.facebook.com\/Volotea\/\" \/>\n<meta property=\"article:modified_time\" content=\"2021-06-15T11:21:16+00:00\" \/>\n<meta property=\"og:image\" content=\"https:\/\/volare.volotea.com\/wp-content\/uploads\/2021\/05\/Sierra-de-Tramuntana-e1621007319734.jpg\" \/>\n\t<meta property=\"og:image:width\" content=\"1920\" \/>\n\t<meta property=\"og:image:height\" content=\"1280\" \/>\n\t<meta property=\"og:image:type\" content=\"image\/jpeg\" \/>\n<meta name=\"twitter:card\" content=\"summary_large_image\" \/>\n<meta name=\"twitter:site\" content=\"@volotea\" \/>\n<meta name=\"twitter:label1\" content=\"Tempo di lettura stimato\" \/>\n\t<meta name=\"twitter:data1\" content=\"7 minuti\" \/>\n<script type=\"application\/ld+json\" class=\"yoast-schema-graph\">{\"@context\":\"https:\\\/\\\/schema.org\",\"@graph\":[{\"@type\":\"WebPage\",\"@id\":\"https:\\\/\\\/volare.volotea.com\\\/it\\\/citta\\\/palma-di-maiorca\\\/serra-tramuntana-maiorca\\\/\",\"url\":\"https:\\\/\\\/volare.volotea.com\\\/it\\\/citta\\\/palma-di-maiorca\\\/serra-tramuntana-maiorca\\\/\",\"name\":\"Serra de Tramuntana. Scoprila con tutti e 5 i sensi - VOLARE MAGAZINE | VOLOTEA\",\"isPartOf\":{\"@id\":\"https:\\\/\\\/volare.volotea.com\\\/fr\\\/#website\"},\"primaryImageOfPage\":{\"@id\":\"https:\\\/\\\/volare.volotea.com\\\/it\\\/citta\\\/palma-di-maiorca\\\/serra-tramuntana-maiorca\\\/#primaryimage\"},\"image\":{\"@id\":\"https:\\\/\\\/volare.volotea.com\\\/it\\\/citta\\\/palma-di-maiorca\\\/serra-tramuntana-maiorca\\\/#primaryimage\"},\"thumbnailUrl\":\"https:\\\/\\\/i0.wp.com\\\/volare.volotea.com\\\/wp-content\\\/uploads\\\/2021\\\/05\\\/Sierra-de-Tramuntana-e1621007319734.jpg?fit=1920%2C1280&ssl=1\",\"datePublished\":\"2021-05-17T10:27:09+00:00\",\"dateModified\":\"2021-06-15T11:21:16+00:00\",\"description\":\"Scopri i borghi pi\u00f9 belli della Sierra de Tramuntana, una catena montuosa lunga 90 km sull'isola di Maiorca, dichiarata Patrimonio dell'umanit\u00e0 dall'UNESCO.\",\"breadcrumb\":{\"@id\":\"https:\\\/\\\/volare.volotea.com\\\/it\\\/citta\\\/palma-di-maiorca\\\/serra-tramuntana-maiorca\\\/#breadcrumb\"},\"inLanguage\":\"it-IT\",\"potentialAction\":[{\"@type\":\"ReadAction\",\"target\":[\"https:\\\/\\\/volare.volotea.com\\\/it\\\/citta\\\/palma-di-maiorca\\\/serra-tramuntana-maiorca\\\/\"]}]},{\"@type\":\"ImageObject\",\"inLanguage\":\"it-IT\",\"@id\":\"https:\\\/\\\/volare.volotea.com\\\/it\\\/citta\\\/palma-di-maiorca\\\/serra-tramuntana-maiorca\\\/#primaryimage\",\"url\":\"https:\\\/\\\/i0.wp.com\\\/volare.volotea.com\\\/wp-content\\\/uploads\\\/2021\\\/05\\\/Sierra-de-Tramuntana-e1621007319734.jpg?fit=1920%2C1280&ssl=1\",\"contentUrl\":\"https:\\\/\\\/i0.wp.com\\\/volare.volotea.com\\\/wp-content\\\/uploads\\\/2021\\\/05\\\/Sierra-de-Tramuntana-e1621007319734.jpg?fit=1920%2C1280&ssl=1\",\"width\":1920,\"height\":1280},{\"@type\":\"BreadcrumbList\",\"@id\":\"https:\\\/\\\/volare.volotea.com\\\/it\\\/citta\\\/palma-di-maiorca\\\/serra-tramuntana-maiorca\\\/#breadcrumb\",\"itemListElement\":[{\"@type\":\"ListItem\",\"position\":1,\"name\":\"Portada\",\"item\":\"https:\\\/\\\/volare.volotea.com\\\/it\\\/\"},{\"@type\":\"ListItem\",\"position\":2,\"name\":\"Inspiracion\",\"item\":\"https:\\\/\\\/volare.volotea.com\\\/it\\\/citta\\\/\"},{\"@type\":\"ListItem\",\"position\":3,\"name\":\"Serra de Tramuntana. Scoprila con tutti e 5 i sensi\"}]},{\"@type\":\"WebSite\",\"@id\":\"https:\\\/\\\/volare.volotea.com\\\/fr\\\/#website\",\"url\":\"https:\\\/\\\/volare.volotea.com\\\/fr\\\/\",\"name\":\"VOLARE MAGAZINE | VOLOTEA\",\"description\":\"Travel Blog\",\"publisher\":{\"@id\":\"https:\\\/\\\/volare.volotea.com\\\/fr\\\/#organization\"},\"potentialAction\":[{\"@type\":\"SearchAction\",\"target\":{\"@type\":\"EntryPoint\",\"urlTemplate\":\"https:\\\/\\\/volare.volotea.com\\\/fr\\\/?s={search_term_string}\"},\"query-input\":{\"@type\":\"PropertyValueSpecification\",\"valueRequired\":true,\"valueName\":\"search_term_string\"}}],\"inLanguage\":\"it-IT\"},{\"@type\":\"Organization\",\"@id\":\"https:\\\/\\\/volare.volotea.com\\\/fr\\\/#organization\",\"name\":\"VOLARE MAGAZINE | VOLOTEA\",\"url\":\"https:\\\/\\\/volare.volotea.com\\\/fr\\\/\",\"logo\":{\"@type\":\"ImageObject\",\"inLanguage\":\"it-IT\",\"@id\":\"https:\\\/\\\/volare.volotea.com\\\/fr\\\/#\\\/schema\\\/logo\\\/image\\\/\",\"url\":\"https:\\\/\\\/volare.volotea.com\\\/wp-content\\\/uploads\\\/2026\\\/04\\\/volotea.png\",\"contentUrl\":\"https:\\\/\\\/volare.volotea.com\\\/wp-content\\\/uploads\\\/2026\\\/04\\\/volotea.png\",\"width\":960,\"height\":318,\"caption\":\"VOLARE MAGAZINE | VOLOTEA\"},\"image\":{\"@id\":\"https:\\\/\\\/volare.volotea.com\\\/fr\\\/#\\\/schema\\\/logo\\\/image\\\/\"},\"sameAs\":[\"https:\\\/\\\/www.facebook.com\\\/Volotea\\\/\",\"https:\\\/\\\/x.com\\\/volotea\",\"https:\\\/\\\/es.pinterest.com\\\/volotea\\\/\"]}]}<\/script>\n<!-- \/ Yoast SEO plugin. -->","yoast_head_json":{"title":"Serra de Tramuntana. Scoprila con tutti e 5 i sensi - VOLARE MAGAZINE | VOLOTEA","description":"Scopri i borghi pi\u00f9 belli della Sierra de Tramuntana, una catena montuosa lunga 90 km sull'isola di Maiorca, dichiarata Patrimonio dell'umanit\u00e0 dall'UNESCO.","robots":{"index":"index","follow":"follow","max-snippet":"max-snippet:-1","max-image-preview":"max-image-preview:large","max-video-preview":"max-video-preview:-1"},"canonical":"https:\/\/volare.volotea.com\/it\/citta\/palma-di-maiorca\/serra-tramuntana-maiorca\/","og_locale":"it_IT","og_type":"article","og_title":"Serra de Tramuntana. Scoprila con tutti e 5 i sensi - VOLARE MAGAZINE | VOLOTEA","og_description":"Scopri i borghi pi\u00f9 belli della Sierra de Tramuntana, una catena montuosa lunga 90 km sull'isola di Maiorca, dichiarata Patrimonio dell'umanit\u00e0 dall'UNESCO.","og_url":"https:\/\/volare.volotea.com\/it\/citta\/palma-di-maiorca\/serra-tramuntana-maiorca\/","og_site_name":"VOLARE MAGAZINE | VOLOTEA","article_publisher":"https:\/\/www.facebook.com\/Volotea\/","article_modified_time":"2021-06-15T11:21:16+00:00","og_image":[{"width":1920,"height":1280,"url":"https:\/\/volare.volotea.com\/wp-content\/uploads\/2021\/05\/Sierra-de-Tramuntana-e1621007319734.jpg","type":"image\/jpeg"}],"twitter_card":"summary_large_image","twitter_site":"@volotea","twitter_misc":{"Tempo di lettura stimato":"7 minuti"},"schema":{"@context":"https:\/\/schema.org","@graph":[{"@type":"WebPage","@id":"https:\/\/volare.volotea.com\/it\/citta\/palma-di-maiorca\/serra-tramuntana-maiorca\/","url":"https:\/\/volare.volotea.com\/it\/citta\/palma-di-maiorca\/serra-tramuntana-maiorca\/","name":"Serra de Tramuntana. Scoprila con tutti e 5 i sensi - VOLARE MAGAZINE | VOLOTEA","isPartOf":{"@id":"https:\/\/volare.volotea.com\/fr\/#website"},"primaryImageOfPage":{"@id":"https:\/\/volare.volotea.com\/it\/citta\/palma-di-maiorca\/serra-tramuntana-maiorca\/#primaryimage"},"image":{"@id":"https:\/\/volare.volotea.com\/it\/citta\/palma-di-maiorca\/serra-tramuntana-maiorca\/#primaryimage"},"thumbnailUrl":"https:\/\/i0.wp.com\/volare.volotea.com\/wp-content\/uploads\/2021\/05\/Sierra-de-Tramuntana-e1621007319734.jpg?fit=1920%2C1280&ssl=1","datePublished":"2021-05-17T10:27:09+00:00","dateModified":"2021-06-15T11:21:16+00:00","description":"Scopri i borghi pi\u00f9 belli della Sierra de Tramuntana, una catena montuosa lunga 90 km sull'isola di Maiorca, dichiarata Patrimonio dell'umanit\u00e0 dall'UNESCO.","breadcrumb":{"@id":"https:\/\/volare.volotea.com\/it\/citta\/palma-di-maiorca\/serra-tramuntana-maiorca\/#breadcrumb"},"inLanguage":"it-IT","potentialAction":[{"@type":"ReadAction","target":["https:\/\/volare.volotea.com\/it\/citta\/palma-di-maiorca\/serra-tramuntana-maiorca\/"]}]},{"@type":"ImageObject","inLanguage":"it-IT","@id":"https:\/\/volare.volotea.com\/it\/citta\/palma-di-maiorca\/serra-tramuntana-maiorca\/#primaryimage","url":"https:\/\/i0.wp.com\/volare.volotea.com\/wp-content\/uploads\/2021\/05\/Sierra-de-Tramuntana-e1621007319734.jpg?fit=1920%2C1280&ssl=1","contentUrl":"https:\/\/i0.wp.com\/volare.volotea.com\/wp-content\/uploads\/2021\/05\/Sierra-de-Tramuntana-e1621007319734.jpg?fit=1920%2C1280&ssl=1","width":1920,"height":1280},{"@type":"BreadcrumbList","@id":"https:\/\/volare.volotea.com\/it\/citta\/palma-di-maiorca\/serra-tramuntana-maiorca\/#breadcrumb","itemListElement":[{"@type":"ListItem","position":1,"name":"Portada","item":"https:\/\/volare.volotea.com\/it\/"},{"@type":"ListItem","position":2,"name":"Inspiracion","item":"https:\/\/volare.volotea.com\/it\/citta\/"},{"@type":"ListItem","position":3,"name":"Serra de Tramuntana. Scoprila con tutti e 5 i sensi"}]},{"@type":"WebSite","@id":"https:\/\/volare.volotea.com\/fr\/#website","url":"https:\/\/volare.volotea.com\/fr\/","name":"VOLARE MAGAZINE | VOLOTEA","description":"Travel Blog","publisher":{"@id":"https:\/\/volare.volotea.com\/fr\/#organization"},"potentialAction":[{"@type":"SearchAction","target":{"@type":"EntryPoint","urlTemplate":"https:\/\/volare.volotea.com\/fr\/?s={search_term_string}"},"query-input":{"@type":"PropertyValueSpecification","valueRequired":true,"valueName":"search_term_string"}}],"inLanguage":"it-IT"},{"@type":"Organization","@id":"https:\/\/volare.volotea.com\/fr\/#organization","name":"VOLARE MAGAZINE | VOLOTEA","url":"https:\/\/volare.volotea.com\/fr\/","logo":{"@type":"ImageObject","inLanguage":"it-IT","@id":"https:\/\/volare.volotea.com\/fr\/#\/schema\/logo\/image\/","url":"https:\/\/volare.volotea.com\/wp-content\/uploads\/2026\/04\/volotea.png","contentUrl":"https:\/\/volare.volotea.com\/wp-content\/uploads\/2026\/04\/volotea.png","width":960,"height":318,"caption":"VOLARE MAGAZINE | VOLOTEA"},"image":{"@id":"https:\/\/volare.volotea.com\/fr\/#\/schema\/logo\/image\/"},"sameAs":["https:\/\/www.facebook.com\/Volotea\/","https:\/\/x.com\/volotea","https:\/\/es.pinterest.com\/volotea\/"]}]}},"jetpack_sharing_enabled":true,"_links":{"self":[{"href":"https:\/\/volare.volotea.com\/it\/wp-json\/wp\/v2\/inspiracion\/12751","targetHints":{"allow":["GET"]}}],"collection":[{"href":"https:\/\/volare.volotea.com\/it\/wp-json\/wp\/v2\/inspiracion"}],"about":[{"href":"https:\/\/volare.volotea.com\/it\/wp-json\/wp\/v2\/types\/inspiracion"}],"author":[{"embeddable":true,"href":"https:\/\/volare.volotea.com\/it\/wp-json\/wp\/v2\/users\/48"}],"wp:featuredmedia":[{"embeddable":true,"href":"https:\/\/volare.volotea.com\/it\/wp-json\/wp\/v2\/media\/12682"}],"wp:attachment":[{"href":"https:\/\/volare.volotea.com\/it\/wp-json\/wp\/v2\/media?parent=12751"}],"wp:term":[{"taxonomy":"topics","embeddable":true,"href":"https:\/\/volare.volotea.com\/it\/wp-json\/wp\/v2\/topics?post=12751"},{"taxonomy":"destination","embeddable":true,"href":"https:\/\/volare.volotea.com\/it\/wp-json\/wp\/v2\/destination?post=12751"}],"curies":[{"name":"wp","href":"https:\/\/api.w.org\/{rel}","templated":true}]}}