{"id":31705,"date":"2025-08-20T19:37:37","date_gmt":"2025-08-20T19:37:37","guid":{"rendered":"https:\/\/volare.volotea.com\/?post_type=inspiracion&#038;p=31705"},"modified":"2025-08-20T19:52:30","modified_gmt":"2025-08-20T19:52:30","slug":"talayots-navetas-minorque","status":"publish","type":"inspiracion","link":"https:\/\/volare.volotea.com\/fr\/villes\/minorque\/talayots-navetas-minorque\/","title":{"rendered":"Talayots et Navetas\u00a0: La Pr\u00e9histoire Vivante de Minorque"},"content":{"rendered":"<h5 class=\"wp-block-heading\">D\u00e9couvrez les tours m\u00e9galithiques et les tombes collectives qui \u00e9mergent du paysage de Minorque, t\u00e9moins mill\u00e9naires d\u2019une culture unique qui ne se limite pas \u00e0 ses plages cristallines.<\/h5>\n<p class=\"wp-block-paragraph\">Minorque ne se limite pas uniquement \u00e0 des <a href=\"https:\/\/volare.volotea.com\/fr\/villes\/minorque\/meilleures-plages-minorque\/\" target=\"_blank\" rel=\"noreferrer noopener\">plages de sable fin<\/a> et \u00e0 des eaux turquoise : son littoral, qui s\u2019\u00e9tend sur 216 km, varie entre falaises escarp\u00e9es et criques dor\u00e9es, offrant des activit\u00e9s qui attirent tous les types de voyageurs. D\u00e9clar\u00e9e r\u00e9serve de la biosph\u00e8re le 8\u00a0octobre\u00a01993, l\u2019\u00eele allie <a href=\"https:\/\/volare.volotea.com\/fr\/villes\/minorque\/tourisme-respectueux-minorque\/\" target=\"_blank\" rel=\"noreferrer noopener\">d\u00e9veloppement durable<\/a> et pr\u00e9servation d\u2019un riche patrimoine naturel et culturel. Au-del\u00e0 de l\u2019\u00e9t\u00e9, Minorque est une <a href=\"https:\/\/volare.volotea.com\/fr\/villes\/minorque\/evenements-minorque-toute-annee\/\" target=\"_blank\" rel=\"noreferrer noopener\">destination touristique toute l\u2019ann\u00e9e<\/a> : randonn\u00e9e sur l\u2019historique <a href=\"https:\/\/volare.volotea.com\/fr\/villes\/minorque\/cami-cavalls-minorque\/\" target=\"_blank\" rel=\"noreferrer noopener\">Cam\u00ed de Cavalls<\/a>, itin\u00e9raires \u00e0 v\u00e9lo, et une <a href=\"https:\/\/volare.volotea.com\/fr\/villes\/minorque\/plats-typiques-minorque\/\" target=\"_blank\" rel=\"noreferrer noopener\">gastronomie<\/a> de kilom\u00e8tre 0 o\u00f9 la caldereta de langosta et le fromage Mah\u00f3n jouent un r\u00f4le de premier plan. Parmi les \u00e9l\u00e9ments les plus surprenants de cette charmante \u00eele, il convient de mentionner ses plus de 1 600 monuments pr\u00e9historiques qui pars\u00e8ment le territoire, formant la <strong>Minorque talayotique<\/strong>, d\u00e9clar\u00e9e patrimoine mondial de l\u2019UNESCO en 2023 en raison de sa valeur exceptionnelle.<\/p>\n<h2 class=\"wp-block-heading\"><strong><strong>Talayots\u00a0: les tours de guet cyclop\u00e9ennes<\/strong><\/strong><\/h2>\n<p class=\"wp-block-paragraph\">Les <strong>talayots<\/strong> sont des tours m\u00e9galithiques de forme circulaire ou carr\u00e9e, construites sans mortier avec de grands blocs de pierre calcaire, qui atteignent jusqu\u2019\u00e0 cinq m\u00e8tres de haut et ont des diam\u00e8tres de 25 \u00e0 30 m. \u00c9rig\u00e9s entre le IXe si\u00e8cle et le Ve si\u00e8cle avant J.-C, ils servirent de points d\u2019observation, de centres communautaires et d\u2019\u00e9ventuels espaces c\u00e9r\u00e9moniels.<\/p>\n<h3 class=\"wp-block-heading\"><strong><strong><strong>Principaux talayots et villages<\/strong><\/strong><\/strong><\/h3>\n<ul class=\"wp-block-list\">\n<li><strong>Village talayotique de Trepuc\u00f3<\/strong> (Mah\u00f3n) : avec environ 49\u00a0240 m\u00b2, il est l\u2019un des plus \u00e9tendus de Minorque ; de nos jours, il ne reste que deux talayots (1000-700 avant J.-C), des ruines de remparts avec deux tours carr\u00e9es, l\u2019enceinte de la taula et des vestiges d\u2019habitations de la p\u00e9riode post-talayotique (650-123 avant J.-C). Son imposante taula, excav\u00e9e en 1930 par l\u2019arch\u00e9ologue Margaret Murray et restaur\u00e9e par la suite tard avec des renforts aujourd\u2019hui contest\u00e9s, conserve sa forme en fer \u00e0 cheval et les grands blocs de pierre qui en font l\u2019un des sites monumentaux les plus exceptionnels de l\u2019\u00eele. Les fouilles r\u00e9cemment r\u00e9alis\u00e9es dans la zone ouest ont r\u00e9v\u00e9l\u00e9 des maisons polylobulaires dot\u00e9es d\u2019une cour centrale et de pi\u00e8ces p\u00e9riph\u00e9riques, dont l\u2019abandon soudain a conserv\u00e9 intacts les ustensiles m\u00e9nagers qui sont expos\u00e9s de nos jours au Mus\u00e9e de Minorque. En outre, le talayot majeur et la taula sont encadr\u00e9s par une fortification \u00e9toil\u00e9e en ma\u00e7onnerie s\u00e8che datant du XVIIIe si\u00e8cle, \u00e9rig\u00e9e lors du si\u00e8ge du ch\u00e2teau de Saint-Philippe.<\/li>\n<li><strong>Torre d\u2019en Galm\u00e9s<\/strong> (Alaior) : le village talayotique le plus vaste de la M\u00e9diterran\u00e9e, abritant trois talayots, une salle hypostyle, un syst\u00e8me de collecte d\u2019eau et un centre d\u2019interpr\u00e9tation. Le village fut habit\u00e9 depuis la p\u00e9riode naviforme (1 700-1 400 avant J.-C) jusqu\u2019\u00e0 l\u2019Antiquit\u00e9 tardive et abrite m\u00eame des vestiges islamiques datant du XIIe si\u00e8cle apr\u00e8s J.-C.<\/li>\n<\/ul>\n<figure class=\"wp-block-image size-full\"><img data-recalc-dims=\"1\" loading=\"lazy\" decoding=\"async\" width=\"640\" height=\"433\" src=\"https:\/\/i0.wp.com\/volare.volotea.com\/wp-content\/uploads\/2025\/08\/shutterstock_2157518205.jpg?resize=640%2C433&#038;ssl=1\" alt=\"Torre d\u2019en Galm\u00e9s (Alaior)\" class=\"wp-image-31681\" srcset=\"https:\/\/i0.wp.com\/volare.volotea.com\/wp-content\/uploads\/2025\/08\/shutterstock_2157518205.jpg?w=1000&amp;ssl=1 1000w, https:\/\/i0.wp.com\/volare.volotea.com\/wp-content\/uploads\/2025\/08\/shutterstock_2157518205.jpg?resize=300%2C203&amp;ssl=1 300w, https:\/\/i0.wp.com\/volare.volotea.com\/wp-content\/uploads\/2025\/08\/shutterstock_2157518205.jpg?resize=768%2C520&amp;ssl=1 768w\" sizes=\"auto, (max-width: 640px) 100vw, 640px\" \/><\/figure>\n<ul class=\"wp-block-list\">\n<li><strong>Torralba d\u2019en Salort<\/strong> (Alaior) : se distingue en raison de sa taula de 4,3 m de haut, deux talayots et des silos agricoles, habit\u00e9 depuis l\u2019\u00c2ge du Bronze jusqu\u2019\u00e0 l\u2019\u00e9poque romaine.<\/li>\n<li><strong>Talat\u00ed de Dalt<\/strong> (Mah\u00f3n) : situ\u00e9 \u00e0 4 km du centre, il conserve des colonnes int\u00e9rieures et des grottes fun\u00e9raires connexes.<\/li>\n<li><strong>Village de Son Forn\u00e9s<\/strong> (Es Mercadal) : abrite un talayot, une n\u00e9cropole et des ateliers de c\u00e9ramique, t\u00e9moignages de la vie quotidienne talayotique.<\/li>\n<\/ul>\n<h3 class=\"wp-block-heading\"><strong><strong><strong>Informations pratiques<\/strong><\/strong><\/strong><\/h3>\n<ul class=\"wp-block-list\">\n<li><strong>Acc\u00e8s <\/strong>: tous ces villages sont situ\u00e9s \u00e0 proximit\u00e9 de la route Me-1 ou de routes r\u00e9gionales, et disposent de signalisation et de parking.<\/li>\n<li><strong>Visites <\/strong>: l\u2018acc\u00e8s \u00e0 la plupart des zones ext\u00e9rieures est gratuit; Torre d\u2019en Galm\u00e9s et Trepuc\u00f3 proposent des billets au tarif de 3 \u20ac \u00e0 6 \u20ac avec audio-guide optionnel.<\/li>\n<li><strong>Recommandation <\/strong>: munissez-vous de chaussures confortables, d\u2019eau et d\u2019une protection solaire ; les levers et couchers de soleil mettent en valeur les silhouettes m\u00e9galithiques.<\/li>\n<\/ul>\n<h2 class=\"wp-block-heading\"><strong><strong>Navetas : tombes en forme de bateau<\/strong><\/strong><\/h2>\n<p class=\"wp-block-paragraph\">Il n\u2019y a qu\u2019\u00e0 Minorque que se dressent les <strong>navetas<\/strong>, tombeaux collectifs \u00e0 la forme absidale invers\u00e9e construits entre 1 050 et 850 avant J.-C. Leur nom fait r\u00e9f\u00e9rence \u00e0 leur forme de \u00ab bateau renvers\u00e9 \u00bb, avec une petite entr\u00e9e \u00e0 l\u2019avant qui m\u00e8ne \u00e0 une chambre fun\u00e9raire.<\/p>\n<p class=\"wp-block-paragraph\">De nombreuses navetas demeurent \u00e0 l\u2019ext\u00e9rieur, signalis\u00e9es et b\u00e9n\u00e9ficiant d\u2019un acc\u00e8s gratuit, m\u00eame si la Naveta des Tudons impose une entr\u00e9e payante (2 \u20ac) et des horaires de visite \u00e9tablis. Le pillage et les premi\u00e8res fouilles ont r\u00e9duit les informations disponibles, de sorte que les recherches actuelles se concentrent sur des \u00e9tudes de contexte et des prospections non invasives.<\/p>\n<h3 class=\"wp-block-heading\"><strong><strong><strong>Visites incontournables<\/strong><\/strong><\/strong><\/h3>\n<ul class=\"wp-block-list\">\n<li><a href=\"https:\/\/menorcatalayotica.info\/es\/Naveta_des_Tudons\/10664\" target=\"_blank\" rel=\"noreferrer noopener\"><strong>Naveta des Tudons<\/strong><\/a> (Ciutadella) : le monument pr\u00e9historique int\u00e9gralement conserv\u00e9 le plus ancien d\u2019Europe, avec des restes d\u2019ossements et des vestiges de mobilier expos\u00e9s ; entr\u00e9e 2 \u20ac, horaires 10:00-18:00.<\/li>\n<\/ul>\n<figure class=\"wp-block-image size-full\"><img data-recalc-dims=\"1\" loading=\"lazy\" decoding=\"async\" width=\"640\" height=\"427\" src=\"https:\/\/i0.wp.com\/volare.volotea.com\/wp-content\/uploads\/2025\/08\/shutterstock_400620895.jpg?resize=640%2C427&#038;ssl=1\" alt=\"Naveta des Tudons\" class=\"wp-image-31687\" srcset=\"https:\/\/i0.wp.com\/volare.volotea.com\/wp-content\/uploads\/2025\/08\/shutterstock_400620895.jpg?w=1000&amp;ssl=1 1000w, https:\/\/i0.wp.com\/volare.volotea.com\/wp-content\/uploads\/2025\/08\/shutterstock_400620895.jpg?resize=300%2C200&amp;ssl=1 300w, https:\/\/i0.wp.com\/volare.volotea.com\/wp-content\/uploads\/2025\/08\/shutterstock_400620895.jpg?resize=768%2C512&amp;ssl=1 768w\" sizes=\"auto, (max-width: 640px) 100vw, 640px\" \/><\/figure>\n<ul class=\"wp-block-list\">\n<li><strong>Navetas de Rafal Rub\u00ed<\/strong> (entre Mah\u00f3n et Alaior) : deux navetas facilement accessibles \u00e0 proximit\u00e9 de la Me-1, entr\u00e9e libre.<\/li>\n<li><strong>Son Mercer de Baix<\/strong> (Ferreries) : est le site de Naviformes le plus embl\u00e9matique de Minorque. Occup\u00e9 depuis l&rsquo;\u00c2ge du Bronze initial (aux alentours de 1 400 avant J.-C.) jusqu\u2019\u00e0 la p\u00e9riode talayotique (aux alentours de 1 000 avant J.-C), il est compos\u00e9 de plusieurs habitations en forme de naveta. Il se dresse au sommet du ravin de Son Fideu, \u00e0 Ferreries, un site d\u2019une grande beaut\u00e9 naturelle.<\/li>\n<li><strong>Biniparratxet Petit<\/strong> (Jardins de l\u2019a\u00e9roport de Mah\u00f3n) : premier arr\u00eat m\u00e9galithique pour le visiteur qui atterrit \u00e0 Minorque, avec salle hypostyle et cour centrale.<\/li>\n<\/ul>\n<h2 class=\"wp-block-heading\"><strong><strong><strong>Autres monuments m\u00e9galithiques<\/strong><\/strong><\/strong><\/h2>\n<p class=\"wp-block-paragraph\">Avant les talayots, est survenue la p\u00e9riode <strong>dolm\u00e9nique<\/strong> (2 100-1 600 avant J.-C), avec des dolmens \u00e0 couloir comme Ses Roques Llises. Par la suite, les <strong>taulas<\/strong> (600-300 avant J.-C), des masses de pierre en \u00ab\u00a0T\u00a0\u00bb, ont fait leur apparition dans des sites rituels\u00a0: celles de Trepuc\u00f3, Torralba et Torretrencada sont les mieux conserv\u00e9es. Enfin, les <strong>hypog\u00e9es<\/strong> et les grottes fun\u00e9raires (500-123 avant J.-C) \u00e0 Cala Morell et Calescoves compl\u00e8tent un paysage fun\u00e9raire exceptionnel.<\/p>\n<figure class=\"wp-block-image size-full\"><img data-recalc-dims=\"1\" loading=\"lazy\" decoding=\"async\" width=\"640\" height=\"360\" src=\"https:\/\/i0.wp.com\/volare.volotea.com\/wp-content\/uploads\/2025\/08\/shutterstock_2065413479.jpg?resize=640%2C360&#038;ssl=1\" alt=\"Trepuc\u00f3\" class=\"wp-image-31692\" srcset=\"https:\/\/i0.wp.com\/volare.volotea.com\/wp-content\/uploads\/2025\/08\/shutterstock_2065413479.jpg?w=1000&amp;ssl=1 1000w, https:\/\/i0.wp.com\/volare.volotea.com\/wp-content\/uploads\/2025\/08\/shutterstock_2065413479.jpg?resize=300%2C169&amp;ssl=1 300w, https:\/\/i0.wp.com\/volare.volotea.com\/wp-content\/uploads\/2025\/08\/shutterstock_2065413479.jpg?resize=768%2C432&amp;ssl=1 768w\" sizes=\"auto, (max-width: 640px) 100vw, 640px\" \/><figcaption class=\"wp-element-caption\">Trepuc\u00f3<\/figcaption><\/figure>\n<h2 class=\"wp-block-heading\"><strong><strong><strong>Itin\u00e9raire arch\u00e9ologique d\u2019est en ouest<\/strong><\/strong><\/strong><\/h2>\n<ol class=\"wp-block-list\">\n<li><strong>Biniai Nou<\/strong> (tombe n\u00e9olithique, \u00e0 5 km de Mah\u00f3n)<\/li>\n<li><strong>Talayot de Trepuc\u00f3<\/strong> et taula homonyme (Mah\u00f3n)<\/li>\n<li><strong>Torre d\u2019en Galm\u00e9s<\/strong> (Alaior)<\/li>\n<li><strong>Naveta des Tudons<\/strong> (Ciutadella)<\/li>\n<li><strong>Torralba d\u2019en Salort<\/strong> (Alaior)<\/li>\n<li><strong>Calescoves<\/strong> et <strong>Cala Morell<\/strong> (n\u00e9cropole c\u00f4ti\u00e8re)<\/li>\n<li><strong>Torretrencada<\/strong> (Ciutadella)<\/li>\n<\/ol>\n<p class=\"wp-block-paragraph\">\u00c9talez ce circuit sur 2-3 jours pour profiter de pauses dans des criques sauvages et des mus\u00e9es locaux.<\/p>\n<h2 class=\"wp-block-heading\"><strong><strong><strong>Mus\u00e9es et exp\u00e9riences vivantes<\/strong><\/strong><\/strong><\/h2>\n<p class=\"wp-block-paragraph\">Les <strong>Mus\u00e9es de Minorque<\/strong> (Mah\u00f3n et Ciutadella) conservent pr\u00e9cieusement des c\u00e9ramiques talayotiques, des bijoux en bronze et des ustensiles m\u00e9nagers qui compl\u00e8tent le site en ext\u00e9rieur. En outre, des ateliers d\u2019arch\u00e9ologie exp\u00e9rimentale permettent de sculpter la pierre ou de reproduire des c\u00e9r\u00e9monies anciennes, une activit\u00e9 id\u00e9ale pour les familles et les groupes.<\/p>\n<p class=\"wp-block-paragraph\">Minorque est la porte d\u2019entr\u00e9e \u00e0 un mus\u00e9e en plein air unique dans le bassin m\u00e9diterran\u00e9en. <a href=\"https:\/\/www.volotea.com\/fr\/vols-directs\/minorque\/\" target=\"_blank\" rel=\"noreferrer noopener\">R\u00e9servez votre vol<\/a> et partez \u00e0 la d\u00e9couverte de la pr\u00e9histoire vivante de l\u2019\u00eele\u00a0: apr\u00e8s chaque talayot et naveta, vous d\u00e9couvrirez l\u2019ing\u00e9niosit\u00e9 et la spiritualit\u00e9 des communaut\u00e9s qui ont forg\u00e9 ce paysage il y a plus de 3 000 ans. Votre aventure talayotique vous attend !<\/p>\n","protected":false},"excerpt":{"rendered":"<p>D\u00e9couvrez les tours m\u00e9galithiques et les tombes collectives qui \u00e9mergent du paysage de Minorque, t\u00e9moins mill\u00e9naires d\u2019une culture unique qui ne se limite pas \u00e0 ses plages cristallines. Minorque ne se limite pas uniquement \u00e0 des plages de sable fin et \u00e0 des eaux turquoise : son littoral, qui s\u2019\u00e9tend sur 216 km, varie entre [&hellip;]<\/p>\n","protected":false},"author":1,"featured_media":31701,"template":"","topics":[2535],"destination":[2986],"class_list":["post-31705","inspiracion","type-inspiracion","status-publish","has-post-thumbnail","hentry","topics-lifestyle-et-culture","destination-minorque"],"acf":[],"yoast_head":"<!-- This site is optimized with the Yoast SEO plugin v28.3 - https:\/\/yoast.com\/product\/yoast-seo-wordpress\/ -->\n<title>Talayots et Navetas\u00a0: La Pr\u00e9histoire Vivante de Minorque - VOLARE MAGAZINE | VOLOTEA<\/title>\n<meta name=\"description\" content=\"D\u00e9couvrez les tours m\u00e9galithiques et les tombes collectives qui \u00e9mergent du paysage de Minorque, t\u00e9moins mill\u00e9naires d\u2019une culture unique qui ne se limite pas \u00e0 ses plages cristallines.\" \/>\n<meta name=\"robots\" content=\"index, follow, max-snippet:-1, max-image-preview:large, max-video-preview:-1\" \/>\n<link rel=\"canonical\" href=\"https:\/\/volare.volotea.com\/fr\/villes\/minorque\/talayots-navetas-minorque\/\" \/>\n<meta property=\"og:locale\" content=\"fr_FR\" \/>\n<meta property=\"og:type\" content=\"article\" \/>\n<meta property=\"og:title\" content=\"Talayots et Navetas\u00a0: La Pr\u00e9histoire Vivante de Minorque - VOLARE MAGAZINE | VOLOTEA\" \/>\n<meta property=\"og:description\" content=\"D\u00e9couvrez les tours m\u00e9galithiques et les tombes collectives qui \u00e9mergent du paysage de Minorque, t\u00e9moins mill\u00e9naires d\u2019une culture unique qui ne se limite pas \u00e0 ses plages cristallines.\" \/>\n<meta property=\"og:url\" content=\"https:\/\/volare.volotea.com\/fr\/villes\/minorque\/talayots-navetas-minorque\/\" \/>\n<meta property=\"og:site_name\" content=\"VOLARE MAGAZINE | VOLOTEA\" \/>\n<meta property=\"article:publisher\" content=\"https:\/\/www.facebook.com\/Volotea\/\" \/>\n<meta property=\"article:modified_time\" content=\"2025-08-20T19:52:30+00:00\" \/>\n<meta property=\"og:image\" content=\"https:\/\/volare.volotea.com\/wp-content\/uploads\/2025\/08\/shutterstock_2258249951.jpg\" \/>\n\t<meta property=\"og:image:width\" content=\"1000\" \/>\n\t<meta property=\"og:image:height\" content=\"464\" \/>\n\t<meta property=\"og:image:type\" content=\"image\/jpeg\" \/>\n<meta name=\"twitter:card\" content=\"summary_large_image\" \/>\n<meta name=\"twitter:site\" content=\"@volotea\" \/>\n<meta name=\"twitter:label1\" content=\"Dur\u00e9e de lecture estim\u00e9e\" \/>\n\t<meta name=\"twitter:data1\" content=\"7 minutes\" \/>\n<script type=\"application\/ld+json\" class=\"yoast-schema-graph\">{\"@context\":\"https:\\\/\\\/schema.org\",\"@graph\":[{\"@type\":\"WebPage\",\"@id\":\"https:\\\/\\\/volare.volotea.com\\\/fr\\\/villes\\\/minorque\\\/talayots-navetas-minorque\\\/\",\"url\":\"https:\\\/\\\/volare.volotea.com\\\/fr\\\/villes\\\/minorque\\\/talayots-navetas-minorque\\\/\",\"name\":\"Talayots et Navetas\u00a0: La Pr\u00e9histoire Vivante de Minorque - VOLARE MAGAZINE | VOLOTEA\",\"isPartOf\":{\"@id\":\"https:\\\/\\\/volare.volotea.com\\\/fr\\\/#website\"},\"primaryImageOfPage\":{\"@id\":\"https:\\\/\\\/volare.volotea.com\\\/fr\\\/villes\\\/minorque\\\/talayots-navetas-minorque\\\/#primaryimage\"},\"image\":{\"@id\":\"https:\\\/\\\/volare.volotea.com\\\/fr\\\/villes\\\/minorque\\\/talayots-navetas-minorque\\\/#primaryimage\"},\"thumbnailUrl\":\"https:\\\/\\\/i0.wp.com\\\/volare.volotea.com\\\/wp-content\\\/uploads\\\/2025\\\/08\\\/shutterstock_2258249951.jpg?fit=1000%2C464&ssl=1\",\"datePublished\":\"2025-08-20T19:37:37+00:00\",\"dateModified\":\"2025-08-20T19:52:30+00:00\",\"description\":\"D\u00e9couvrez les tours m\u00e9galithiques et les tombes collectives qui \u00e9mergent du paysage de Minorque, t\u00e9moins mill\u00e9naires d\u2019une culture unique qui ne se limite pas \u00e0 ses plages cristallines.\",\"breadcrumb\":{\"@id\":\"https:\\\/\\\/volare.volotea.com\\\/fr\\\/villes\\\/minorque\\\/talayots-navetas-minorque\\\/#breadcrumb\"},\"inLanguage\":\"fr-FR\",\"potentialAction\":[{\"@type\":\"ReadAction\",\"target\":[\"https:\\\/\\\/volare.volotea.com\\\/fr\\\/villes\\\/minorque\\\/talayots-navetas-minorque\\\/\"]}]},{\"@type\":\"ImageObject\",\"inLanguage\":\"fr-FR\",\"@id\":\"https:\\\/\\\/volare.volotea.com\\\/fr\\\/villes\\\/minorque\\\/talayots-navetas-minorque\\\/#primaryimage\",\"url\":\"https:\\\/\\\/i0.wp.com\\\/volare.volotea.com\\\/wp-content\\\/uploads\\\/2025\\\/08\\\/shutterstock_2258249951.jpg?fit=1000%2C464&ssl=1\",\"contentUrl\":\"https:\\\/\\\/i0.wp.com\\\/volare.volotea.com\\\/wp-content\\\/uploads\\\/2025\\\/08\\\/shutterstock_2258249951.jpg?fit=1000%2C464&ssl=1\",\"width\":1000,\"height\":464,\"caption\":\"menorca prehistorica\"},{\"@type\":\"BreadcrumbList\",\"@id\":\"https:\\\/\\\/volare.volotea.com\\\/fr\\\/villes\\\/minorque\\\/talayots-navetas-minorque\\\/#breadcrumb\",\"itemListElement\":[{\"@type\":\"ListItem\",\"position\":1,\"name\":\"Portada\",\"item\":\"https:\\\/\\\/volare.volotea.com\\\/fr\\\/\"},{\"@type\":\"ListItem\",\"position\":2,\"name\":\"Inspiracion\",\"item\":\"https:\\\/\\\/volare.volotea.com\\\/it\\\/citta\\\/\"},{\"@type\":\"ListItem\",\"position\":3,\"name\":\"Talayots et Navetas\u00a0: La Pr\u00e9histoire Vivante de Minorque\"}]},{\"@type\":\"WebSite\",\"@id\":\"https:\\\/\\\/volare.volotea.com\\\/fr\\\/#website\",\"url\":\"https:\\\/\\\/volare.volotea.com\\\/fr\\\/\",\"name\":\"VOLARE MAGAZINE | VOLOTEA\",\"description\":\"Travel Blog\",\"publisher\":{\"@id\":\"https:\\\/\\\/volare.volotea.com\\\/fr\\\/#organization\"},\"potentialAction\":[{\"@type\":\"SearchAction\",\"target\":{\"@type\":\"EntryPoint\",\"urlTemplate\":\"https:\\\/\\\/volare.volotea.com\\\/fr\\\/?s={search_term_string}\"},\"query-input\":{\"@type\":\"PropertyValueSpecification\",\"valueRequired\":true,\"valueName\":\"search_term_string\"}}],\"inLanguage\":\"fr-FR\"},{\"@type\":\"Organization\",\"@id\":\"https:\\\/\\\/volare.volotea.com\\\/fr\\\/#organization\",\"name\":\"VOLARE MAGAZINE | VOLOTEA\",\"url\":\"https:\\\/\\\/volare.volotea.com\\\/fr\\\/\",\"logo\":{\"@type\":\"ImageObject\",\"inLanguage\":\"fr-FR\",\"@id\":\"https:\\\/\\\/volare.volotea.com\\\/fr\\\/#\\\/schema\\\/logo\\\/image\\\/\",\"url\":\"https:\\\/\\\/volare.volotea.com\\\/wp-content\\\/uploads\\\/2026\\\/04\\\/volotea.png\",\"contentUrl\":\"https:\\\/\\\/volare.volotea.com\\\/wp-content\\\/uploads\\\/2026\\\/04\\\/volotea.png\",\"width\":960,\"height\":318,\"caption\":\"VOLARE MAGAZINE | VOLOTEA\"},\"image\":{\"@id\":\"https:\\\/\\\/volare.volotea.com\\\/fr\\\/#\\\/schema\\\/logo\\\/image\\\/\"},\"sameAs\":[\"https:\\\/\\\/www.facebook.com\\\/Volotea\\\/\",\"https:\\\/\\\/x.com\\\/volotea\",\"https:\\\/\\\/es.pinterest.com\\\/volotea\\\/\"]}]}<\/script>\n<!-- \/ Yoast SEO plugin. -->","yoast_head_json":{"title":"Talayots et Navetas\u00a0: La Pr\u00e9histoire Vivante de Minorque - VOLARE MAGAZINE | VOLOTEA","description":"D\u00e9couvrez les tours m\u00e9galithiques et les tombes collectives qui \u00e9mergent du paysage de Minorque, t\u00e9moins mill\u00e9naires d\u2019une culture unique qui ne se limite pas \u00e0 ses plages cristallines.","robots":{"index":"index","follow":"follow","max-snippet":"max-snippet:-1","max-image-preview":"max-image-preview:large","max-video-preview":"max-video-preview:-1"},"canonical":"https:\/\/volare.volotea.com\/fr\/villes\/minorque\/talayots-navetas-minorque\/","og_locale":"fr_FR","og_type":"article","og_title":"Talayots et Navetas\u00a0: La Pr\u00e9histoire Vivante de Minorque - VOLARE MAGAZINE | VOLOTEA","og_description":"D\u00e9couvrez les tours m\u00e9galithiques et les tombes collectives qui \u00e9mergent du paysage de Minorque, t\u00e9moins mill\u00e9naires d\u2019une culture unique qui ne se limite pas \u00e0 ses plages cristallines.","og_url":"https:\/\/volare.volotea.com\/fr\/villes\/minorque\/talayots-navetas-minorque\/","og_site_name":"VOLARE MAGAZINE | VOLOTEA","article_publisher":"https:\/\/www.facebook.com\/Volotea\/","article_modified_time":"2025-08-20T19:52:30+00:00","og_image":[{"width":1000,"height":464,"url":"https:\/\/volare.volotea.com\/wp-content\/uploads\/2025\/08\/shutterstock_2258249951.jpg","type":"image\/jpeg"}],"twitter_card":"summary_large_image","twitter_site":"@volotea","twitter_misc":{"Dur\u00e9e de lecture estim\u00e9e":"7 minutes"},"schema":{"@context":"https:\/\/schema.org","@graph":[{"@type":"WebPage","@id":"https:\/\/volare.volotea.com\/fr\/villes\/minorque\/talayots-navetas-minorque\/","url":"https:\/\/volare.volotea.com\/fr\/villes\/minorque\/talayots-navetas-minorque\/","name":"Talayots et Navetas\u00a0: La Pr\u00e9histoire Vivante de Minorque - VOLARE MAGAZINE | VOLOTEA","isPartOf":{"@id":"https:\/\/volare.volotea.com\/fr\/#website"},"primaryImageOfPage":{"@id":"https:\/\/volare.volotea.com\/fr\/villes\/minorque\/talayots-navetas-minorque\/#primaryimage"},"image":{"@id":"https:\/\/volare.volotea.com\/fr\/villes\/minorque\/talayots-navetas-minorque\/#primaryimage"},"thumbnailUrl":"https:\/\/i0.wp.com\/volare.volotea.com\/wp-content\/uploads\/2025\/08\/shutterstock_2258249951.jpg?fit=1000%2C464&ssl=1","datePublished":"2025-08-20T19:37:37+00:00","dateModified":"2025-08-20T19:52:30+00:00","description":"D\u00e9couvrez les tours m\u00e9galithiques et les tombes collectives qui \u00e9mergent du paysage de Minorque, t\u00e9moins mill\u00e9naires d\u2019une culture unique qui ne se limite pas \u00e0 ses plages cristallines.","breadcrumb":{"@id":"https:\/\/volare.volotea.com\/fr\/villes\/minorque\/talayots-navetas-minorque\/#breadcrumb"},"inLanguage":"fr-FR","potentialAction":[{"@type":"ReadAction","target":["https:\/\/volare.volotea.com\/fr\/villes\/minorque\/talayots-navetas-minorque\/"]}]},{"@type":"ImageObject","inLanguage":"fr-FR","@id":"https:\/\/volare.volotea.com\/fr\/villes\/minorque\/talayots-navetas-minorque\/#primaryimage","url":"https:\/\/i0.wp.com\/volare.volotea.com\/wp-content\/uploads\/2025\/08\/shutterstock_2258249951.jpg?fit=1000%2C464&ssl=1","contentUrl":"https:\/\/i0.wp.com\/volare.volotea.com\/wp-content\/uploads\/2025\/08\/shutterstock_2258249951.jpg?fit=1000%2C464&ssl=1","width":1000,"height":464,"caption":"menorca prehistorica"},{"@type":"BreadcrumbList","@id":"https:\/\/volare.volotea.com\/fr\/villes\/minorque\/talayots-navetas-minorque\/#breadcrumb","itemListElement":[{"@type":"ListItem","position":1,"name":"Portada","item":"https:\/\/volare.volotea.com\/fr\/"},{"@type":"ListItem","position":2,"name":"Inspiracion","item":"https:\/\/volare.volotea.com\/it\/citta\/"},{"@type":"ListItem","position":3,"name":"Talayots et Navetas\u00a0: La Pr\u00e9histoire Vivante de Minorque"}]},{"@type":"WebSite","@id":"https:\/\/volare.volotea.com\/fr\/#website","url":"https:\/\/volare.volotea.com\/fr\/","name":"VOLARE MAGAZINE | VOLOTEA","description":"Travel Blog","publisher":{"@id":"https:\/\/volare.volotea.com\/fr\/#organization"},"potentialAction":[{"@type":"SearchAction","target":{"@type":"EntryPoint","urlTemplate":"https:\/\/volare.volotea.com\/fr\/?s={search_term_string}"},"query-input":{"@type":"PropertyValueSpecification","valueRequired":true,"valueName":"search_term_string"}}],"inLanguage":"fr-FR"},{"@type":"Organization","@id":"https:\/\/volare.volotea.com\/fr\/#organization","name":"VOLARE MAGAZINE | VOLOTEA","url":"https:\/\/volare.volotea.com\/fr\/","logo":{"@type":"ImageObject","inLanguage":"fr-FR","@id":"https:\/\/volare.volotea.com\/fr\/#\/schema\/logo\/image\/","url":"https:\/\/volare.volotea.com\/wp-content\/uploads\/2026\/04\/volotea.png","contentUrl":"https:\/\/volare.volotea.com\/wp-content\/uploads\/2026\/04\/volotea.png","width":960,"height":318,"caption":"VOLARE MAGAZINE | VOLOTEA"},"image":{"@id":"https:\/\/volare.volotea.com\/fr\/#\/schema\/logo\/image\/"},"sameAs":["https:\/\/www.facebook.com\/Volotea\/","https:\/\/x.com\/volotea","https:\/\/es.pinterest.com\/volotea\/"]}]}},"jetpack_sharing_enabled":true,"_links":{"self":[{"href":"https:\/\/volare.volotea.com\/fr\/wp-json\/wp\/v2\/inspiracion\/31705","targetHints":{"allow":["GET"]}}],"collection":[{"href":"https:\/\/volare.volotea.com\/fr\/wp-json\/wp\/v2\/inspiracion"}],"about":[{"href":"https:\/\/volare.volotea.com\/fr\/wp-json\/wp\/v2\/types\/inspiracion"}],"author":[{"embeddable":true,"href":"https:\/\/volare.volotea.com\/fr\/wp-json\/wp\/v2\/users\/1"}],"wp:featuredmedia":[{"embeddable":true,"href":"https:\/\/volare.volotea.com\/fr\/wp-json\/wp\/v2\/media\/31701"}],"wp:attachment":[{"href":"https:\/\/volare.volotea.com\/fr\/wp-json\/wp\/v2\/media?parent=31705"}],"wp:term":[{"taxonomy":"topics","embeddable":true,"href":"https:\/\/volare.volotea.com\/fr\/wp-json\/wp\/v2\/topics?post=31705"},{"taxonomy":"destination","embeddable":true,"href":"https:\/\/volare.volotea.com\/fr\/wp-json\/wp\/v2\/destination?post=31705"}],"curies":[{"name":"wp","href":"https:\/\/api.w.org\/{rel}","templated":true}]}}