{"id":31244,"date":"2025-07-03T15:56:48","date_gmt":"2025-07-03T15:56:48","guid":{"rendered":"https:\/\/volare.volotea.com\/?post_type=inspiracion&#038;p=31244"},"modified":"2025-07-03T16:11:03","modified_gmt":"2025-07-03T16:11:03","slug":"desert-de-les-palmes","status":"publish","type":"inspiracion","link":"https:\/\/volare.volotea.com\/fr\/villes\/castellon\/desert-de-les-palmes\/","title":{"rendered":"Le D\u00e9sert de les Palmes : randonn\u00e9e avec une \u00e2me sur la c\u00f4te de Castell\u00f3n"},"content":{"rendered":"<h5 class=\"wp-block-heading\">Dans un recoin inattendu de la M\u00e9diterran\u00e9e, o\u00f9 le bleu de la mer se devine entre cr\u00eates rouge\u00e2tres et pin\u00e8des ondulantes, se trouve un paradis qui n\u2019est pas d\u00e9sert, m\u00eame si cela en a l\u2019air.\u00a0\u00a0\u00a0<\/h5>\n<p class=\"wp-block-paragraph\">Le <a href=\"https:\/\/www.castellonturismo.com\/fr\/parajes-naturales\/desert-de-las-palmas\/\" target=\"_blank\" rel=\"noreferrer noopener\"><strong>Parc naturel du D\u00e9sert de les Palmes<\/strong><\/a>, situ\u00e9 \u00e0 proximit\u00e9 de Castell\u00f3n et Benic\u00e0ssim, est bien plus qu\u2019un ensemble de sentiers\u00a0: c\u2019est un refuge pour l\u2019\u00e2me, un sanctuaire de nature, d\u2019histoire et de spiritualit\u00e9 qui invite \u00e0 se d\u00e9connecter&#8230; ou \u00e0 se reconnecter, selon la perspective.<\/p>\n<p class=\"wp-block-paragraph\">Ce parc de pr\u00e8s de 3200 hectares est l\u2019un de ces endroits qui semblent \u00eatre dot\u00e9 d\u2019une \u00e9nergie particuli\u00e8re. Ici, les chemins ne vous m\u00e8nent pas seulement d\u2019un point \u00e0 l\u2019autre, mais \u00e9galement vers l\u2019int\u00e9rieur. Nous allons le parcourir ensemble, \u00e9tape par \u00e9tape, pierre par pierre, pour d\u00e9couvrir la raison pour laquelle ce lieu magique devrait figurer sur la liste de votre prochaine escapade.<\/p>\n<figure class=\"wp-block-image size-full\"><img data-recalc-dims=\"1\" loading=\"lazy\" decoding=\"async\" width=\"640\" height=\"427\" src=\"https:\/\/i0.wp.com\/volare.volotea.com\/wp-content\/uploads\/2025\/07\/shutterstock_2575186807.jpg?resize=640%2C427&#038;ssl=1\" alt=\"Desert de les Palmes Castellon\" class=\"wp-image-31214\" srcset=\"https:\/\/i0.wp.com\/volare.volotea.com\/wp-content\/uploads\/2025\/07\/shutterstock_2575186807.jpg?w=1000&amp;ssl=1 1000w, https:\/\/i0.wp.com\/volare.volotea.com\/wp-content\/uploads\/2025\/07\/shutterstock_2575186807.jpg?resize=300%2C200&amp;ssl=1 300w, https:\/\/i0.wp.com\/volare.volotea.com\/wp-content\/uploads\/2025\/07\/shutterstock_2575186807.jpg?resize=768%2C512&amp;ssl=1 768w\" sizes=\"auto, (max-width: 640px) 100vw, 640px\" \/><\/figure>\n<h2 class=\"wp-block-heading\"><strong><strong><strong>Un \u00ab\u00a0d\u00e9sert \u00bb qui n\u2019est pas aride, mais sacr\u00e9<\/strong><\/strong><\/strong><\/h2>\n<p class=\"wp-block-paragraph\">La premi\u00e8re chose qui \u00e9tonne du D\u00e9sert de les Palmes, c\u2019est son nom : <strong>il ne s\u2019agit pas d\u2019un d\u00e9sert<\/strong>, du moins pas au sens climatique. Le terme \u00ab d\u00e9sert \u00bb fait r\u00e9f\u00e9rence \u00e0 la <strong>retraite spirituelle<\/strong> que les moines carm\u00e9lites initi\u00e8rent ici au XVIIe si\u00e8cle. Ils \u00e9taient venus chercher la solitude, le silence et l\u2019\u00e9l\u00e9vation spirituelle&#8230; et l\u2019avaient trouv\u00e9e dans ces montagnes paisibles, couvertes de palmiers (les \u00ab palmes \u00bb) et d\u2019une v\u00e9g\u00e9tation qui d\u00e9fie tous les clich\u00e9s concernant l\u2019aridit\u00e9 m\u00e9diterran\u00e9enne.<\/p>\n<p class=\"wp-block-paragraph\">Aujourd\u2019hui encore, les <strong>ruines de l\u2019ancien couvent carm\u00e9lite<\/strong>, d\u00e9vast\u00e9 par un tremblement de terre en 1783, et le nouveau monast\u00e8re, toujours habit\u00e9 par l\u2019ordre, entretiennent cet esprit. Il n\u2019est pas rare de croiser des visiteurs silencieux, marchant avec respect, comme si l\u2019histoire se murmurait entre les murs de pierre et les cypr\u00e8s.<\/p>\n<h2 class=\"wp-block-heading\"><strong><strong><strong>Des sentiers de randonn\u00e9e pour le corps et l\u2019esprit<\/strong><\/strong><\/strong><\/h2>\n<p class=\"wp-block-paragraph\">S\u2019il y a quelque chose qui d\u00e9finit le D\u00e9sert de les Palmes, c\u2019est son r\u00e9seau de sentiers. Il y en a pour tous les niveaux, mais ils ont tous un \u00e9l\u00e9ment en commun\u00a0: <strong>une vue \u00e0 couper le souffle<\/strong> et une ambiance qui invite \u00e0 la tranquillit\u00e9.<\/p>\n<ul class=\"wp-block-list\">\n<li><strong>Le sentier qui m\u00e8ne au Bartolo (729 m)<\/strong> est incontestablement la plus embl\u00e9matique. Le <strong>Pico Bartolo<\/strong>, surmont\u00e9 d\u2019une \u00e9norme antenne et d\u2019un petit ermitage, est le point culminant du parc. De l\u00e0, par temps clair, on aper\u00e7oit la <strong>mer<\/strong>, <strong>les <\/strong><a href=\"https:\/\/volare.volotea.com\/fr\/villes\/castellon\/iles-columbretes\/\" target=\"_blank\" rel=\"noreferrer noopener\"><strong>\u00eeles Columbretes<\/strong><\/a><strong>, <\/strong>le <strong>cabo de Oropesa<\/strong> et, \u00e0 l\u2019int\u00e9rieur des terres, la sierra de Espad\u00e1n. L\u2019ascension n\u2019est pas difficile, mais elle requiert une bonne forme physique. On peut la d\u00e9marrer depuis le <strong>collado de La Mola<\/strong>, \u00e0 Benic\u00e0ssim, ou depuis le <strong>Desierto Viejo<\/strong>. La r\u00e9compense se trouve sur le chemin\u00a0: papillons, pistachiers lentisques, foug\u00e8res, et au printemps, une symphonie de fleurs sauvages.<\/li>\n<\/ul>\n<figure class=\"wp-block-image size-full\"><img data-recalc-dims=\"1\" loading=\"lazy\" decoding=\"async\" width=\"640\" height=\"428\" src=\"https:\/\/i0.wp.com\/volare.volotea.com\/wp-content\/uploads\/2025\/07\/shutterstock_206245534.jpg?resize=640%2C428&#038;ssl=1\" alt=\"pico Bartolo \" class=\"wp-image-31222\" srcset=\"https:\/\/i0.wp.com\/volare.volotea.com\/wp-content\/uploads\/2025\/07\/shutterstock_206245534.jpg?w=1000&amp;ssl=1 1000w, https:\/\/i0.wp.com\/volare.volotea.com\/wp-content\/uploads\/2025\/07\/shutterstock_206245534.jpg?resize=300%2C201&amp;ssl=1 300w, https:\/\/i0.wp.com\/volare.volotea.com\/wp-content\/uploads\/2025\/07\/shutterstock_206245534.jpg?resize=768%2C514&amp;ssl=1 768w\" sizes=\"auto, (max-width: 640px) 100vw, 640px\" \/><\/figure>\n<ul class=\"wp-block-list\">\n<li><strong>Le parcours de les Santes<\/strong> relie le parc \u00e0 la mer, en traversant des ravins et des pin\u00e8des jusqu\u2019\u00e0 <strong>l\u2019ermitage de Les Santes<\/strong>, un joyau cach\u00e9 entre les ch\u00eanes-li\u00e8ges. Cet itin\u00e9raire est id\u00e9al si vous recherchez la tranquillit\u00e9, loin des parcours les plus fr\u00e9quent\u00e9s, et parfait pour un pique-nique dans un environnement presque mystique.<\/li>\n<li>Pour quiconque pr\u00e9f\u00e8re les balades plus tranquilles, le <strong>chemin du Castell de Montorn\u00e9s<\/strong> permet de d\u00e9couvrir les ruines d\u2019une fortification m\u00e9di\u00e9vale entre les ar\u00f4mes de thym et de romarin. Un plan id\u00e9al au coucher du soleil.<\/li>\n<\/ul>\n<h2 class=\"wp-block-heading\"><strong><strong><strong>Spiritualit\u00e9 entre les pierres et le ciel<\/strong><\/strong><\/strong><\/h2>\n<p class=\"wp-block-paragraph\">Il n\u2019est pas n\u00e9cessaire d\u2019\u00eatre croyant pour percevoir la charge spirituelle du D\u00e9sert de les Palmes. Il y a quelque chose dans le silence, dans la fa\u00e7on dont la lumi\u00e8re se refl\u00e8te entre les pins, dans le bruit du vent contre les feuilles, qui invite \u00e0 s\u2019arr\u00eater, regarder, respirer. De nombreux randonneurs affirment se sentir \u00ab revigor\u00e9s \u00bb apr\u00e8s une randonn\u00e9e ici. C\u2019est peut-\u00eatre d\u00fb \u00e0 l\u2019air pur, au paysage&#8230; ou \u00e0 autre chose.<\/p>\n<p class=\"wp-block-paragraph\">Les moines carm\u00e9lites ont choisi cette enclave parce qu\u2019ils pensaient que la nature \u00e9tait le meilleur environnement pour se rapprocher de la transcendance. Aujourd\u2019hui, cette philosophie est toujours vivante dans chaque recoin du parc. Certains visiteurs le parcourent comme s\u2019il s\u2019agissait d\u2019un petit <strong>Chemin de Saint-Jacques<\/strong>, avec des pas lents et un objectif clair : <strong>se d\u00e9connecter du monde num\u00e9rique et se reconnecter \u00e0 un monde plus naturel et profond<\/strong>.<\/p>\n<figure class=\"wp-block-image size-full\"><img data-recalc-dims=\"1\" loading=\"lazy\" decoding=\"async\" width=\"640\" height=\"426\" src=\"https:\/\/i0.wp.com\/volare.volotea.com\/wp-content\/uploads\/2025\/07\/shutterstock_2286353237.jpg?resize=640%2C426&#038;ssl=1\" alt=\"Ermita La Magdalena\" class=\"wp-image-31227\" srcset=\"https:\/\/i0.wp.com\/volare.volotea.com\/wp-content\/uploads\/2025\/07\/shutterstock_2286353237.jpg?w=1000&amp;ssl=1 1000w, https:\/\/i0.wp.com\/volare.volotea.com\/wp-content\/uploads\/2025\/07\/shutterstock_2286353237.jpg?resize=300%2C200&amp;ssl=1 300w, https:\/\/i0.wp.com\/volare.volotea.com\/wp-content\/uploads\/2025\/07\/shutterstock_2286353237.jpg?resize=768%2C511&amp;ssl=1 768w\" sizes=\"auto, (max-width: 640px) 100vw, 640px\" \/><figcaption class=\"wp-element-caption\">Ermitage La Magdalena<\/figcaption><\/figure>\n<h2 class=\"wp-block-heading\"><strong><strong><strong>Un balcon g\u00e9ologique face \u00e0 la M\u00e9diterran\u00e9e<\/strong><\/strong><\/strong><\/h2>\n<p class=\"wp-block-paragraph\">Le D\u00e9sert de les Palmes n\u2019est pas seulement vert. Il est \u00e9galement rouge, ocre, violet. Ses terres sont constitu\u00e9es de <strong>mat\u00e9riaux tr\u00e8s anciens<\/strong>, datant de plus de 200 millions d\u2019ann\u00e9es, et cela se voit. Les paysages changent de tonalit\u00e9 \u00e0 chaque pas, comme s\u2019il s\u2019agissait des coups de pinceau d\u2019un artiste nerveux.<\/p>\n<p class=\"wp-block-paragraph\">Cette richesse g\u00e9ologique en fait \u00e9galement une salle de classe en plein air : des <strong>strates de gr\u00e8s rouge<\/strong> aux formations volcaniques et calcaires, tous les \u00e9l\u00e9ments \u00e0 l\u2019int\u00e9rieur du parc \u00e9voquent le passage du temps et l\u2019histoire complexe de la terre. Pour les amateurs de g\u00e9ologie ou tout simplement des paysages surprenants, c\u2019est un v\u00e9ritable plaisir pour les yeux.<\/p>\n<h3 class=\"wp-block-heading\"><strong><strong><strong>Comment s\u2019y rendre, quand y aller et ce qu\u2019il faut emporter<\/strong><\/strong><\/strong><\/h3>\n<p class=\"wp-block-paragraph\">L\u2019un des grands avantages du D\u00e9sert de les Palmes est son accessibilit\u00e9. Il est situ\u00e9 <strong>\u00e0 seulement 20 minutes en voiture de <\/strong><a href=\"https:\/\/volare.volotea.com\/fr\/villes\/castellon\/\" target=\"_blank\" rel=\"noreferrer noopener\"><strong>Castell\u00f3n<\/strong><\/a>, et peut \u00e9galement \u00eatre facilement rejoint depuis Benic\u00e0ssim. Il y a des parkings \u00e0 diff\u00e9rents endroits du parc et plusieurs acc\u00e8s balis\u00e9s.<\/p>\n<ul class=\"wp-block-list\">\n<li><strong>Meilleure p\u00e9riode pour s\u2019y rendre <\/strong>: Le printemps et l\u2019automne sont id\u00e9aux, avec des temp\u00e9ratures douces et une floraison plus importante. En \u00e9t\u00e9, il convient d\u2019\u00e9viter les heures centrales de la journ\u00e9e.<\/li>\n<li><strong>Ce qu\u2019il faut emporter <\/strong>: des chaussures de montagne confortables, beaucoup d\u2019eau (il n\u2019y a pas de fontaines sur les sentiers), quelque chose \u00e0 manger si vous pr\u00e9voyez d\u2019y passer la journ\u00e9e, une casquette, de la cr\u00e8me solaire&#8230; et une grande envie de vous laisser surprendre.<\/li>\n<li><strong>Recommandation suppl\u00e9mentaire <\/strong>: consultez les itin\u00e9raires sur le site des <a href=\"https:\/\/parquesnaturales.gva.es\/va\/\" target=\"_blank\" rel=\"noreferrer noopener\">parcs naturels de la Generalitat Valenciana<\/a> ou dans les <a href=\"https:\/\/www.castellonturismo.com\/fr\/\" target=\"_blank\" rel=\"noreferrer noopener\">offices du tourisme de Castell\u00f3n<\/a> et Benic\u00e0ssim. Des visites guid\u00e9es, des activit\u00e9s pour les familles et des programmes sp\u00e9ciaux sont organis\u00e9s \u00e0 certaines dates.<\/li>\n<\/ul>\n<figure class=\"wp-block-image size-full\"><img data-recalc-dims=\"1\" loading=\"lazy\" decoding=\"async\" width=\"640\" height=\"427\" src=\"https:\/\/i0.wp.com\/volare.volotea.com\/wp-content\/uploads\/2025\/07\/shutterstock_2575682375-1.jpg?resize=640%2C427&#038;ssl=1\" alt=\"\" class=\"wp-image-31238\" srcset=\"https:\/\/i0.wp.com\/volare.volotea.com\/wp-content\/uploads\/2025\/07\/shutterstock_2575682375-1.jpg?w=1000&amp;ssl=1 1000w, https:\/\/i0.wp.com\/volare.volotea.com\/wp-content\/uploads\/2025\/07\/shutterstock_2575682375-1.jpg?resize=300%2C200&amp;ssl=1 300w, https:\/\/i0.wp.com\/volare.volotea.com\/wp-content\/uploads\/2025\/07\/shutterstock_2575682375-1.jpg?resize=768%2C512&amp;ssl=1 768w\" sizes=\"auto, (max-width: 640px) 100vw, 640px\" \/><\/figure>\n<h2 class=\"wp-block-heading\"><strong><strong><strong>Une escapade qui transforme<\/strong><\/strong><\/strong><\/h2>\n<p class=\"wp-block-paragraph\">Vous ne le remarquerez peut-\u00eatre pas au d\u00e9but. Peut-\u00eatre arriverez-vous au D\u00e9sert de les Palmes dans l\u2019espoir d\u2019une belle balade parmi les pins. Mais \u00e0 la fin de la journ\u00e9e, lorsque vous regarderez en arri\u00e8re depuis un belv\u00e9d\u00e8re quelconque, ou tandis que vous reprendrez votre souffle sous un ch\u00eane isol\u00e9, vous comprendrez que ce parc offre beaucoup plus qu\u2019une randonn\u00e9e.<\/p>\n<p class=\"wp-block-paragraph\">Il offre le silence dans un monde bruyant. Un horizon dans un monde press\u00e9. Une beaut\u00e9 sans filtres ni likes. La spiritualit\u00e9, oui, m\u00eame pour ceux qui ne la recherchent pas.<\/p>\n<p class=\"wp-block-paragraph\">Le D\u00e9sert de les Palmes ne se conquiert pas : on y marche, on y respire&#8230; et on l\u2019appr\u00e9cie.<\/p>\n","protected":false},"excerpt":{"rendered":"<p>Dans un recoin inattendu de la M\u00e9diterran\u00e9e, o\u00f9 le bleu de la mer se devine entre cr\u00eates rouge\u00e2tres et pin\u00e8des ondulantes, se trouve un paradis qui n\u2019est pas d\u00e9sert, m\u00eame si cela en a l\u2019air.\u00a0\u00a0\u00a0 Le Parc naturel du D\u00e9sert de les Palmes, situ\u00e9 \u00e0 proximit\u00e9 de Castell\u00f3n et Benic\u00e0ssim, est bien plus qu\u2019un ensemble [&hellip;]<\/p>\n","protected":false},"author":1,"featured_media":31240,"template":"","topics":[2538],"destination":[2656],"class_list":["post-31244","inspiracion","type-inspiracion","status-publish","has-post-thumbnail","hentry","topics-plages-et-plein-air","destination-castellon"],"acf":[],"yoast_head":"<!-- This site is optimized with the Yoast SEO plugin v28.4 - https:\/\/yoast.com\/product\/yoast-seo-wordpress\/ -->\n<title>Le D\u00e9sert de les Palmes : randonn\u00e9e avec une \u00e2me sur la c\u00f4te de Castell\u00f3n - VOLARE MAGAZINE | VOLOTEA<\/title>\n<meta name=\"description\" content=\"Le Parc naturel du D\u00e9sert de les Palmes, situ\u00e9 \u00e0 proximit\u00e9 de Castell\u00f3n et Benic\u00e0ssim, est bien plus qu\u2019un ensemble de sentiers : c\u2019est un refuge pour l\u2019\u00e2me, un sanctuaire de nature, d\u2019histoire et de spiritualit\u00e9\" \/>\n<meta name=\"robots\" content=\"index, follow, max-snippet:-1, max-image-preview:large, max-video-preview:-1\" \/>\n<link rel=\"canonical\" href=\"https:\/\/volare.volotea.com\/fr\/villes\/castellon\/desert-de-les-palmes\/\" \/>\n<meta property=\"og:locale\" content=\"fr_FR\" \/>\n<meta property=\"og:type\" content=\"article\" \/>\n<meta property=\"og:title\" content=\"Le D\u00e9sert de les Palmes : randonn\u00e9e avec une \u00e2me sur la c\u00f4te de Castell\u00f3n - VOLARE MAGAZINE | VOLOTEA\" \/>\n<meta property=\"og:description\" content=\"Le Parc naturel du D\u00e9sert de les Palmes, situ\u00e9 \u00e0 proximit\u00e9 de Castell\u00f3n et Benic\u00e0ssim, est bien plus qu\u2019un ensemble de sentiers : c\u2019est un refuge pour l\u2019\u00e2me, un sanctuaire de nature, d\u2019histoire et de spiritualit\u00e9\" \/>\n<meta property=\"og:url\" content=\"https:\/\/volare.volotea.com\/fr\/villes\/castellon\/desert-de-les-palmes\/\" \/>\n<meta property=\"og:site_name\" content=\"VOLARE MAGAZINE | VOLOTEA\" \/>\n<meta property=\"article:publisher\" content=\"https:\/\/www.facebook.com\/Volotea\/\" \/>\n<meta property=\"article:modified_time\" content=\"2025-07-03T16:11:03+00:00\" \/>\n<meta property=\"og:image\" content=\"https:\/\/volare.volotea.com\/wp-content\/uploads\/2025\/07\/shutterstock_2575682375-1.jpg\" \/>\n\t<meta property=\"og:image:width\" content=\"1000\" \/>\n\t<meta property=\"og:image:height\" content=\"667\" \/>\n\t<meta property=\"og:image:type\" content=\"image\/jpeg\" \/>\n<meta name=\"twitter:card\" content=\"summary_large_image\" \/>\n<meta name=\"twitter:site\" content=\"@volotea\" \/>\n<meta name=\"twitter:label1\" content=\"Dur\u00e9e de lecture estim\u00e9e\" \/>\n\t<meta name=\"twitter:data1\" content=\"7 minutes\" \/>\n<script type=\"application\/ld+json\" class=\"yoast-schema-graph\">{\"@context\":\"https:\\\/\\\/schema.org\",\"@graph\":[{\"@type\":\"WebPage\",\"@id\":\"https:\\\/\\\/volare.volotea.com\\\/fr\\\/villes\\\/castellon\\\/desert-de-les-palmes\\\/\",\"url\":\"https:\\\/\\\/volare.volotea.com\\\/fr\\\/villes\\\/castellon\\\/desert-de-les-palmes\\\/\",\"name\":\"Le D\u00e9sert de les Palmes : randonn\u00e9e avec une \u00e2me sur la c\u00f4te de Castell\u00f3n - VOLARE MAGAZINE | VOLOTEA\",\"isPartOf\":{\"@id\":\"https:\\\/\\\/volare.volotea.com\\\/fr\\\/#website\"},\"primaryImageOfPage\":{\"@id\":\"https:\\\/\\\/volare.volotea.com\\\/fr\\\/villes\\\/castellon\\\/desert-de-les-palmes\\\/#primaryimage\"},\"image\":{\"@id\":\"https:\\\/\\\/volare.volotea.com\\\/fr\\\/villes\\\/castellon\\\/desert-de-les-palmes\\\/#primaryimage\"},\"thumbnailUrl\":\"https:\\\/\\\/i0.wp.com\\\/volare.volotea.com\\\/wp-content\\\/uploads\\\/2025\\\/07\\\/shutterstock_2575682375-1.jpg?fit=1000%2C667&ssl=1\",\"datePublished\":\"2025-07-03T15:56:48+00:00\",\"dateModified\":\"2025-07-03T16:11:03+00:00\",\"description\":\"Le Parc naturel du D\u00e9sert de les Palmes, situ\u00e9 \u00e0 proximit\u00e9 de Castell\u00f3n et Benic\u00e0ssim, est bien plus qu\u2019un ensemble de sentiers : c\u2019est un refuge pour l\u2019\u00e2me, un sanctuaire de nature, d\u2019histoire et de spiritualit\u00e9\",\"breadcrumb\":{\"@id\":\"https:\\\/\\\/volare.volotea.com\\\/fr\\\/villes\\\/castellon\\\/desert-de-les-palmes\\\/#breadcrumb\"},\"inLanguage\":\"fr-FR\",\"potentialAction\":[{\"@type\":\"ReadAction\",\"target\":[\"https:\\\/\\\/volare.volotea.com\\\/fr\\\/villes\\\/castellon\\\/desert-de-les-palmes\\\/\"]}]},{\"@type\":\"ImageObject\",\"inLanguage\":\"fr-FR\",\"@id\":\"https:\\\/\\\/volare.volotea.com\\\/fr\\\/villes\\\/castellon\\\/desert-de-les-palmes\\\/#primaryimage\",\"url\":\"https:\\\/\\\/i0.wp.com\\\/volare.volotea.com\\\/wp-content\\\/uploads\\\/2025\\\/07\\\/shutterstock_2575682375-1.jpg?fit=1000%2C667&ssl=1\",\"contentUrl\":\"https:\\\/\\\/i0.wp.com\\\/volare.volotea.com\\\/wp-content\\\/uploads\\\/2025\\\/07\\\/shutterstock_2575682375-1.jpg?fit=1000%2C667&ssl=1\",\"width\":1000,\"height\":667},{\"@type\":\"BreadcrumbList\",\"@id\":\"https:\\\/\\\/volare.volotea.com\\\/fr\\\/villes\\\/castellon\\\/desert-de-les-palmes\\\/#breadcrumb\",\"itemListElement\":[{\"@type\":\"ListItem\",\"position\":1,\"name\":\"Portada\",\"item\":\"https:\\\/\\\/volare.volotea.com\\\/fr\\\/\"},{\"@type\":\"ListItem\",\"position\":2,\"name\":\"Inspiracion\",\"item\":\"https:\\\/\\\/volare.volotea.com\\\/it\\\/citta\\\/\"},{\"@type\":\"ListItem\",\"position\":3,\"name\":\"Le D\u00e9sert de les Palmes : randonn\u00e9e avec une \u00e2me sur la c\u00f4te de Castell\u00f3n\"}]},{\"@type\":\"WebSite\",\"@id\":\"https:\\\/\\\/volare.volotea.com\\\/fr\\\/#website\",\"url\":\"https:\\\/\\\/volare.volotea.com\\\/fr\\\/\",\"name\":\"VOLARE MAGAZINE | VOLOTEA\",\"description\":\"Travel Blog\",\"publisher\":{\"@id\":\"https:\\\/\\\/volare.volotea.com\\\/fr\\\/#organization\"},\"potentialAction\":[{\"@type\":\"SearchAction\",\"target\":{\"@type\":\"EntryPoint\",\"urlTemplate\":\"https:\\\/\\\/volare.volotea.com\\\/fr\\\/?s={search_term_string}\"},\"query-input\":{\"@type\":\"PropertyValueSpecification\",\"valueRequired\":true,\"valueName\":\"search_term_string\"}}],\"inLanguage\":\"fr-FR\"},{\"@type\":\"Organization\",\"@id\":\"https:\\\/\\\/volare.volotea.com\\\/fr\\\/#organization\",\"name\":\"VOLARE MAGAZINE | VOLOTEA\",\"url\":\"https:\\\/\\\/volare.volotea.com\\\/fr\\\/\",\"logo\":{\"@type\":\"ImageObject\",\"inLanguage\":\"fr-FR\",\"@id\":\"https:\\\/\\\/volare.volotea.com\\\/fr\\\/#\\\/schema\\\/logo\\\/image\\\/\",\"url\":\"https:\\\/\\\/volare.volotea.com\\\/wp-content\\\/uploads\\\/2026\\\/04\\\/volotea.png\",\"contentUrl\":\"https:\\\/\\\/volare.volotea.com\\\/wp-content\\\/uploads\\\/2026\\\/04\\\/volotea.png\",\"width\":960,\"height\":318,\"caption\":\"VOLARE MAGAZINE | VOLOTEA\"},\"image\":{\"@id\":\"https:\\\/\\\/volare.volotea.com\\\/fr\\\/#\\\/schema\\\/logo\\\/image\\\/\"},\"sameAs\":[\"https:\\\/\\\/www.facebook.com\\\/Volotea\\\/\",\"https:\\\/\\\/x.com\\\/volotea\",\"https:\\\/\\\/es.pinterest.com\\\/volotea\\\/\"]}]}<\/script>\n<!-- \/ Yoast SEO plugin. -->","yoast_head_json":{"title":"Le D\u00e9sert de les Palmes : randonn\u00e9e avec une \u00e2me sur la c\u00f4te de Castell\u00f3n - VOLARE MAGAZINE | VOLOTEA","description":"Le Parc naturel du D\u00e9sert de les Palmes, situ\u00e9 \u00e0 proximit\u00e9 de Castell\u00f3n et Benic\u00e0ssim, est bien plus qu\u2019un ensemble de sentiers : c\u2019est un refuge pour l\u2019\u00e2me, un sanctuaire de nature, d\u2019histoire et de spiritualit\u00e9","robots":{"index":"index","follow":"follow","max-snippet":"max-snippet:-1","max-image-preview":"max-image-preview:large","max-video-preview":"max-video-preview:-1"},"canonical":"https:\/\/volare.volotea.com\/fr\/villes\/castellon\/desert-de-les-palmes\/","og_locale":"fr_FR","og_type":"article","og_title":"Le D\u00e9sert de les Palmes : randonn\u00e9e avec une \u00e2me sur la c\u00f4te de Castell\u00f3n - VOLARE MAGAZINE | VOLOTEA","og_description":"Le Parc naturel du D\u00e9sert de les Palmes, situ\u00e9 \u00e0 proximit\u00e9 de Castell\u00f3n et Benic\u00e0ssim, est bien plus qu\u2019un ensemble de sentiers : c\u2019est un refuge pour l\u2019\u00e2me, un sanctuaire de nature, d\u2019histoire et de spiritualit\u00e9","og_url":"https:\/\/volare.volotea.com\/fr\/villes\/castellon\/desert-de-les-palmes\/","og_site_name":"VOLARE MAGAZINE | VOLOTEA","article_publisher":"https:\/\/www.facebook.com\/Volotea\/","article_modified_time":"2025-07-03T16:11:03+00:00","og_image":[{"width":1000,"height":667,"url":"https:\/\/volare.volotea.com\/wp-content\/uploads\/2025\/07\/shutterstock_2575682375-1.jpg","type":"image\/jpeg"}],"twitter_card":"summary_large_image","twitter_site":"@volotea","twitter_misc":{"Dur\u00e9e de lecture estim\u00e9e":"7 minutes"},"schema":{"@context":"https:\/\/schema.org","@graph":[{"@type":"WebPage","@id":"https:\/\/volare.volotea.com\/fr\/villes\/castellon\/desert-de-les-palmes\/","url":"https:\/\/volare.volotea.com\/fr\/villes\/castellon\/desert-de-les-palmes\/","name":"Le D\u00e9sert de les Palmes : randonn\u00e9e avec une \u00e2me sur la c\u00f4te de Castell\u00f3n - VOLARE MAGAZINE | VOLOTEA","isPartOf":{"@id":"https:\/\/volare.volotea.com\/fr\/#website"},"primaryImageOfPage":{"@id":"https:\/\/volare.volotea.com\/fr\/villes\/castellon\/desert-de-les-palmes\/#primaryimage"},"image":{"@id":"https:\/\/volare.volotea.com\/fr\/villes\/castellon\/desert-de-les-palmes\/#primaryimage"},"thumbnailUrl":"https:\/\/i0.wp.com\/volare.volotea.com\/wp-content\/uploads\/2025\/07\/shutterstock_2575682375-1.jpg?fit=1000%2C667&ssl=1","datePublished":"2025-07-03T15:56:48+00:00","dateModified":"2025-07-03T16:11:03+00:00","description":"Le Parc naturel du D\u00e9sert de les Palmes, situ\u00e9 \u00e0 proximit\u00e9 de Castell\u00f3n et Benic\u00e0ssim, est bien plus qu\u2019un ensemble de sentiers : c\u2019est un refuge pour l\u2019\u00e2me, un sanctuaire de nature, d\u2019histoire et de spiritualit\u00e9","breadcrumb":{"@id":"https:\/\/volare.volotea.com\/fr\/villes\/castellon\/desert-de-les-palmes\/#breadcrumb"},"inLanguage":"fr-FR","potentialAction":[{"@type":"ReadAction","target":["https:\/\/volare.volotea.com\/fr\/villes\/castellon\/desert-de-les-palmes\/"]}]},{"@type":"ImageObject","inLanguage":"fr-FR","@id":"https:\/\/volare.volotea.com\/fr\/villes\/castellon\/desert-de-les-palmes\/#primaryimage","url":"https:\/\/i0.wp.com\/volare.volotea.com\/wp-content\/uploads\/2025\/07\/shutterstock_2575682375-1.jpg?fit=1000%2C667&ssl=1","contentUrl":"https:\/\/i0.wp.com\/volare.volotea.com\/wp-content\/uploads\/2025\/07\/shutterstock_2575682375-1.jpg?fit=1000%2C667&ssl=1","width":1000,"height":667},{"@type":"BreadcrumbList","@id":"https:\/\/volare.volotea.com\/fr\/villes\/castellon\/desert-de-les-palmes\/#breadcrumb","itemListElement":[{"@type":"ListItem","position":1,"name":"Portada","item":"https:\/\/volare.volotea.com\/fr\/"},{"@type":"ListItem","position":2,"name":"Inspiracion","item":"https:\/\/volare.volotea.com\/it\/citta\/"},{"@type":"ListItem","position":3,"name":"Le D\u00e9sert de les Palmes : randonn\u00e9e avec une \u00e2me sur la c\u00f4te de Castell\u00f3n"}]},{"@type":"WebSite","@id":"https:\/\/volare.volotea.com\/fr\/#website","url":"https:\/\/volare.volotea.com\/fr\/","name":"VOLARE MAGAZINE | VOLOTEA","description":"Travel Blog","publisher":{"@id":"https:\/\/volare.volotea.com\/fr\/#organization"},"potentialAction":[{"@type":"SearchAction","target":{"@type":"EntryPoint","urlTemplate":"https:\/\/volare.volotea.com\/fr\/?s={search_term_string}"},"query-input":{"@type":"PropertyValueSpecification","valueRequired":true,"valueName":"search_term_string"}}],"inLanguage":"fr-FR"},{"@type":"Organization","@id":"https:\/\/volare.volotea.com\/fr\/#organization","name":"VOLARE MAGAZINE | VOLOTEA","url":"https:\/\/volare.volotea.com\/fr\/","logo":{"@type":"ImageObject","inLanguage":"fr-FR","@id":"https:\/\/volare.volotea.com\/fr\/#\/schema\/logo\/image\/","url":"https:\/\/volare.volotea.com\/wp-content\/uploads\/2026\/04\/volotea.png","contentUrl":"https:\/\/volare.volotea.com\/wp-content\/uploads\/2026\/04\/volotea.png","width":960,"height":318,"caption":"VOLARE MAGAZINE | VOLOTEA"},"image":{"@id":"https:\/\/volare.volotea.com\/fr\/#\/schema\/logo\/image\/"},"sameAs":["https:\/\/www.facebook.com\/Volotea\/","https:\/\/x.com\/volotea","https:\/\/es.pinterest.com\/volotea\/"]}]}},"jetpack_sharing_enabled":true,"_links":{"self":[{"href":"https:\/\/volare.volotea.com\/fr\/wp-json\/wp\/v2\/inspiracion\/31244","targetHints":{"allow":["GET"]}}],"collection":[{"href":"https:\/\/volare.volotea.com\/fr\/wp-json\/wp\/v2\/inspiracion"}],"about":[{"href":"https:\/\/volare.volotea.com\/fr\/wp-json\/wp\/v2\/types\/inspiracion"}],"author":[{"embeddable":true,"href":"https:\/\/volare.volotea.com\/fr\/wp-json\/wp\/v2\/users\/1"}],"wp:featuredmedia":[{"embeddable":true,"href":"https:\/\/volare.volotea.com\/fr\/wp-json\/wp\/v2\/media\/31240"}],"wp:attachment":[{"href":"https:\/\/volare.volotea.com\/fr\/wp-json\/wp\/v2\/media?parent=31244"}],"wp:term":[{"taxonomy":"topics","embeddable":true,"href":"https:\/\/volare.volotea.com\/fr\/wp-json\/wp\/v2\/topics?post=31244"},{"taxonomy":"destination","embeddable":true,"href":"https:\/\/volare.volotea.com\/fr\/wp-json\/wp\/v2\/destination?post=31244"}],"curies":[{"name":"wp","href":"https:\/\/api.w.org\/{rel}","templated":true}]}}