{"id":20739,"date":"2023-01-30T16:03:44","date_gmt":"2023-01-30T15:03:44","guid":{"rendered":"https:\/\/volare.volotea.com\/?post_type=inspiracion&#038;p=20739"},"modified":"2023-01-30T17:49:20","modified_gmt":"2023-01-30T16:49:20","slug":"eataly-art-house-verone","status":"publish","type":"inspiracion","link":"https:\/\/volare.volotea.com\/fr\/villes\/verona\/eataly-art-house-verone\/","title":{"rendered":"Eataly Art House : la nouvelle galerie d\u2019art innovante \u00e0 V\u00e9rone"},"content":{"rendered":"<h5 class=\"wp-block-heading\">\u00c0 <a href=\"https:\/\/volare.volotea.com\/fr\/villes\/verone\/\" target=\"_blank\" rel=\"noreferrer noopener\">V\u00e9rone<\/a>, un nouvel espace polyvalent d\u00e9di\u00e9 \u00e0 l\u2019art a vu le jour : il se nomme E.ART.H., acronyme de <a href=\"https:\/\/eatalyarthouse.it\/\" target=\"_blank\" rel=\"noreferrer noopener\">Eataly Art House<\/a>, et promet de devenir un point de r\u00e9f\u00e9rence central de la vie artistique et culturelle de la ville.<\/h5>\n<figure class=\"wp-block-image size-large\"><img data-recalc-dims=\"1\" loading=\"lazy\" decoding=\"async\" width=\"640\" height=\"426\" src=\"https:\/\/i0.wp.com\/volare.volotea.com\/wp-content\/uploads\/2023\/01\/H0A3903-.jpg?resize=640%2C426&#038;ssl=1\" alt=\"sala E.ART.H. Verona\" class=\"wp-image-20714\" srcset=\"https:\/\/i0.wp.com\/volare.volotea.com\/wp-content\/uploads\/2023\/01\/H0A3903-.jpg?resize=1024%2C682&amp;ssl=1 1024w, https:\/\/i0.wp.com\/volare.volotea.com\/wp-content\/uploads\/2023\/01\/H0A3903-.jpg?resize=300%2C200&amp;ssl=1 300w, https:\/\/i0.wp.com\/volare.volotea.com\/wp-content\/uploads\/2023\/01\/H0A3903-.jpg?resize=768%2C512&amp;ssl=1 768w, https:\/\/i0.wp.com\/volare.volotea.com\/wp-content\/uploads\/2023\/01\/H0A3903-.jpg?w=1280&amp;ssl=1 1280w\" sizes=\"auto, (max-width: 640px) 100vw, 640px\" \/><\/figure>\n<h2 class=\"wp-block-heading\"><strong>Le projet Eataly Art House<\/strong><\/h2>\n<p class=\"wp-block-paragraph\"><strong>E.ART.H.<\/strong> est un projet qui na\u00eet avec l\u2019id\u00e9e <strong>d\u2019interpr\u00e9ter l\u2019art<\/strong> en tant qu\u2019outil indispensable \u00e0 la compr\u00e9hension de la r\u00e9alit\u00e9 qui nous entoure, et de le rendre <strong>accessible au plus grand nombre de personnes possible.<\/strong> <\/p>\n<p class=\"wp-block-paragraph\">Pour atteindre cet objectif, Eataly Art House propose une exp\u00e9rience culturelle innovante et compl\u00e8te : en plus d\u2019accueillir des <strong>expositions d\u2019art contemporain et de photographie<\/strong> de haute qualit\u00e9, des artistes et des conservateurs de premier plan sur la sc\u00e8ne nationale et internationale, il vise \u00e0 faciliter le contact avec les \u0153uvres d\u2019art elles-m\u00eames. Les visiteurs peuvent en effet approfondir (avec l\u2019aide de m\u00e9diateurs et de supports num\u00e9riques sur mesure) le contexte des \u0153uvres et, s\u2019ils sont int\u00e9ress\u00e9s, les acheter dans l\u2019espace d\u00e9di\u00e9 <strong>Art Market<\/strong>. <\/p>\n<figure class=\"wp-block-image size-large\"><img data-recalc-dims=\"1\" loading=\"lazy\" decoding=\"async\" width=\"640\" height=\"426\" src=\"https:\/\/i0.wp.com\/volare.volotea.com\/wp-content\/uploads\/2023\/01\/H0A3886-.jpg?resize=640%2C426&#038;ssl=1\" alt=\"sala E.ART.H. verona\" class=\"wp-image-20718\" srcset=\"https:\/\/i0.wp.com\/volare.volotea.com\/wp-content\/uploads\/2023\/01\/H0A3886-.jpg?resize=1024%2C682&amp;ssl=1 1024w, https:\/\/i0.wp.com\/volare.volotea.com\/wp-content\/uploads\/2023\/01\/H0A3886-.jpg?resize=300%2C200&amp;ssl=1 300w, https:\/\/i0.wp.com\/volare.volotea.com\/wp-content\/uploads\/2023\/01\/H0A3886-.jpg?resize=768%2C512&amp;ssl=1 768w, https:\/\/i0.wp.com\/volare.volotea.com\/wp-content\/uploads\/2023\/01\/H0A3886-.jpg?w=1280&amp;ssl=1 1280w\" sizes=\"auto, (max-width: 640px) 100vw, 640px\" \/><\/figure>\n<p class=\"wp-block-paragraph\"><strong>Les activit\u00e9s \u00e9ducatives<\/strong> compl\u00e8tent l\u2019offre d\u2019E.ART.H. : gr\u00e2ce \u00e0 des ateliers, des conf\u00e9rences, des s\u00e9minaires et de nombreuses autres propositions, vous pouvez \u00e9tudier les th\u00e8mes sociaux et culturels abord\u00e9s dans les expositions, alliant avec succ\u00e8s l\u2019apprentissage et le divertissement. Une fa\u00e7on de montrer que l\u2019art n\u2019est pas r\u00e9serv\u00e9 \u00e0 quelques \u00e9rudits, mais qu\u2019il s\u2019agit plut\u00f4t d\u2019une ressource accessible et utile \u00e0 tous, \u00e0 commencer par les communaut\u00e9s locales.<\/p>\n<p class=\"wp-block-paragraph\">En effet, l\u2019une des valeurs qui est \u00e0 la base du projet est l\u2019inclusion, ainsi que la beaut\u00e9, la durabilit\u00e9 et la volont\u00e9 de provoquer, avec les propositions artistiques, une r\u00e9action chez le visiteur, que l\u2019on incite \u00e0 s\u2019interroger sur le pr\u00e9sent.<\/p>\n<figure class=\"wp-block-image size-large\"><img data-recalc-dims=\"1\" loading=\"lazy\" decoding=\"async\" width=\"640\" height=\"544\" src=\"https:\/\/i0.wp.com\/volare.volotea.com\/wp-content\/uploads\/2023\/01\/Q1A1371-Pano.jpg?resize=640%2C544&#038;ssl=1\" alt=\"installazione E.ART.H. verona\" class=\"wp-image-20722\" srcset=\"https:\/\/i0.wp.com\/volare.volotea.com\/wp-content\/uploads\/2023\/01\/Q1A1371-Pano.jpg?resize=1024%2C870&amp;ssl=1 1024w, https:\/\/i0.wp.com\/volare.volotea.com\/wp-content\/uploads\/2023\/01\/Q1A1371-Pano.jpg?resize=300%2C255&amp;ssl=1 300w, https:\/\/i0.wp.com\/volare.volotea.com\/wp-content\/uploads\/2023\/01\/Q1A1371-Pano.jpg?resize=768%2C653&amp;ssl=1 768w, https:\/\/i0.wp.com\/volare.volotea.com\/wp-content\/uploads\/2023\/01\/Q1A1371-Pano.jpg?w=1280&amp;ssl=1 1280w\" sizes=\"auto, (max-width: 640px) 100vw, 640px\" \/><\/figure>\n<h2 class=\"wp-block-heading\"><strong>L\u2019art, dans toutes ses d\u00e9clinaisons, dans un nouvel espace \u00e0 la mode<\/strong><\/h2>\n<p class=\"wp-block-paragraph\">Les magnifiques espaces de la via Santa Teresa 12 \u00e0 V\u00e9rone, o\u00f9 la vision du grand architecte Mario Botta a permis d\u2019adapter et de reconvertir la structure de ce que fut dans les ann\u00e9es trente du si\u00e8cle dernier le plus grand entrep\u00f4t frigorifique d\u2019Europe, abritent non seulement E.ART.H., mais \u00e9galement le march\u00e9 d\u2019<strong>Eataly<\/strong>, le temple de l\u2019\u0153nogastronomie italienne de haute qualit\u00e9. <\/p>\n<p class=\"wp-block-paragraph\">Ainsi, dans ce qui \u00e9tait autrefois des <strong>chambres froides contenues sous un d\u00f4me en b\u00e9ton arm\u00e9 de 24 m\u00e8tres de diam\u00e8tre<\/strong>, vous pourrez profiter d\u2019un lieu unique de l\u2019art sous toutes ses formes, en associant \u00e0 une d\u00e9gustation d\u2019excellents produits typiques locaux une promenade parmi les \u0153uvres qui racontent l\u2019histoire de notre pays, ou la visite d\u2019expositions d\u2019artistes contemporains internationaux renomm\u00e9s tels Ibrahim Mahama ou Anton Corbijn. <\/p>\n<figure class=\"wp-block-image size-large\"><img data-recalc-dims=\"1\" loading=\"lazy\" decoding=\"async\" width=\"640\" height=\"426\" src=\"https:\/\/i0.wp.com\/volare.volotea.com\/wp-content\/uploads\/2023\/01\/H0A4081-.jpg?resize=640%2C426&#038;ssl=1\" alt=\"esposizione fotografia E.ART.H. verona\" class=\"wp-image-20726\" srcset=\"https:\/\/i0.wp.com\/volare.volotea.com\/wp-content\/uploads\/2023\/01\/H0A4081-.jpg?resize=1024%2C682&amp;ssl=1 1024w, https:\/\/i0.wp.com\/volare.volotea.com\/wp-content\/uploads\/2023\/01\/H0A4081-.jpg?resize=300%2C200&amp;ssl=1 300w, https:\/\/i0.wp.com\/volare.volotea.com\/wp-content\/uploads\/2023\/01\/H0A4081-.jpg?resize=768%2C512&amp;ssl=1 768w, https:\/\/i0.wp.com\/volare.volotea.com\/wp-content\/uploads\/2023\/01\/H0A4081-.jpg?w=1280&amp;ssl=1 1280w\" sizes=\"auto, (max-width: 640px) 100vw, 640px\" \/><\/figure>\n<p class=\"wp-block-paragraph\">Une exp\u00e9rience culturelle \u00e0 360 degr\u00e9s : outre l\u2019art contemporain, <strong>avec des \u0153uvres provenant de certaines des galeries nationales et internationales les plus renomm\u00e9es<\/strong>, des couloirs sont \u00e9galement d\u00e9di\u00e9s \u00e0 la photographie, o\u00f9 des images iconiques alternent avec celles vues par le regard de jeunes interpr\u00e8tes, ainsi qu\u2019une s\u00e9lection d\u2019\u0153uvres d\u2019artistes de moins de 40 ans.<\/p>\n<figure class=\"wp-block-image size-large\"><img data-recalc-dims=\"1\" loading=\"lazy\" decoding=\"async\" width=\"640\" height=\"426\" src=\"https:\/\/i0.wp.com\/volare.volotea.com\/wp-content\/uploads\/2023\/01\/H0A4088-.jpg?resize=640%2C426&#038;ssl=1\" alt=\"esposizione fotografia E.ART.H. verona\" class=\"wp-image-20730\" srcset=\"https:\/\/i0.wp.com\/volare.volotea.com\/wp-content\/uploads\/2023\/01\/H0A4088-.jpg?resize=1024%2C682&amp;ssl=1 1024w, https:\/\/i0.wp.com\/volare.volotea.com\/wp-content\/uploads\/2023\/01\/H0A4088-.jpg?resize=300%2C200&amp;ssl=1 300w, https:\/\/i0.wp.com\/volare.volotea.com\/wp-content\/uploads\/2023\/01\/H0A4088-.jpg?resize=768%2C512&amp;ssl=1 768w, https:\/\/i0.wp.com\/volare.volotea.com\/wp-content\/uploads\/2023\/01\/H0A4088-.jpg?w=1280&amp;ssl=1 1280w\" sizes=\"auto, (max-width: 640px) 100vw, 640px\" \/><\/figure>\n<p class=\"wp-block-paragraph\">\n","protected":false},"excerpt":{"rendered":"<p>\u00c0 V\u00e9rone, un nouvel espace polyvalent d\u00e9di\u00e9 \u00e0 l\u2019art a vu le jour : il se nomme E.ART.H., acronyme de Eataly Art House, et promet de devenir un point de r\u00e9f\u00e9rence central de la vie artistique et culturelle de la ville.<\/p>\n","protected":false},"author":1,"featured_media":20736,"template":"","topics":[2535],"destination":[2822],"class_list":["post-20739","inspiracion","type-inspiracion","status-publish","has-post-thumbnail","hentry","topics-lifestyle-et-culture","destination-verona"],"acf":[],"yoast_head":"<!-- This site is optimized with the Yoast SEO plugin v28.4 - https:\/\/yoast.com\/product\/yoast-seo-wordpress\/ -->\n<title>Eataly Art House : la nouvelle galerie d\u2019art innovante \u00e0 V\u00e9rone - VOLARE MAGAZINE | VOLOTEA<\/title>\n<meta name=\"description\" content=\"\u00c0 V\u00e9rone, un nouvel espace polyvalent d\u00e9di\u00e9 \u00e0 l\u2019art a vu le jour : il se nomme E.ART.H., acronyme de Eataly Art House, et promet de devenir un point de r\u00e9f\u00e9rence central de la vie artistique et culturelle de la ville.\" \/>\n<meta name=\"robots\" content=\"index, follow, max-snippet:-1, max-image-preview:large, max-video-preview:-1\" \/>\n<link rel=\"canonical\" href=\"https:\/\/volare.volotea.com\/fr\/villes\/verone\/eataly-art-house-verone\/\" \/>\n<meta property=\"og:locale\" content=\"fr_FR\" \/>\n<meta property=\"og:type\" content=\"article\" \/>\n<meta property=\"og:title\" content=\"Eataly Art House : la nouvelle galerie d\u2019art innovante \u00e0 V\u00e9rone - VOLARE MAGAZINE | VOLOTEA\" \/>\n<meta property=\"og:description\" content=\"\u00c0 V\u00e9rone, un nouvel espace polyvalent d\u00e9di\u00e9 \u00e0 l\u2019art a vu le jour : il se nomme E.ART.H., acronyme de Eataly Art House, et promet de devenir un point de r\u00e9f\u00e9rence central de la vie artistique et culturelle de la ville.\" \/>\n<meta property=\"og:url\" content=\"https:\/\/volare.volotea.com\/fr\/villes\/verone\/eataly-art-house-verone\/\" \/>\n<meta property=\"og:site_name\" content=\"VOLARE MAGAZINE | VOLOTEA\" \/>\n<meta property=\"article:publisher\" content=\"https:\/\/www.facebook.com\/Volotea\/\" \/>\n<meta property=\"article:modified_time\" content=\"2023-01-30T16:49:20+00:00\" \/>\n<meta property=\"og:image\" content=\"https:\/\/volare.volotea.com\/wp-content\/uploads\/2023\/01\/H0A4056-.jpg\" \/>\n\t<meta property=\"og:image:width\" content=\"1280\" \/>\n\t<meta property=\"og:image:height\" content=\"853\" \/>\n\t<meta property=\"og:image:type\" content=\"image\/jpeg\" \/>\n<meta name=\"twitter:card\" content=\"summary_large_image\" \/>\n<meta name=\"twitter:site\" content=\"@volotea\" \/>\n<meta name=\"twitter:label1\" content=\"Dur\u00e9e de lecture estim\u00e9e\" \/>\n\t<meta name=\"twitter:data1\" content=\"3 minutes\" \/>\n<script type=\"application\/ld+json\" class=\"yoast-schema-graph\">{\"@context\":\"https:\\\/\\\/schema.org\",\"@graph\":[{\"@type\":\"WebPage\",\"@id\":\"https:\\\/\\\/volare.volotea.com\\\/fr\\\/villes\\\/verone\\\/eataly-art-house-verone\\\/\",\"url\":\"https:\\\/\\\/volare.volotea.com\\\/fr\\\/villes\\\/verone\\\/eataly-art-house-verone\\\/\",\"name\":\"Eataly Art House : la nouvelle galerie d\u2019art innovante \u00e0 V\u00e9rone - VOLARE MAGAZINE | VOLOTEA\",\"isPartOf\":{\"@id\":\"https:\\\/\\\/volare.volotea.com\\\/fr\\\/#website\"},\"primaryImageOfPage\":{\"@id\":\"https:\\\/\\\/volare.volotea.com\\\/fr\\\/villes\\\/verone\\\/eataly-art-house-verone\\\/#primaryimage\"},\"image\":{\"@id\":\"https:\\\/\\\/volare.volotea.com\\\/fr\\\/villes\\\/verone\\\/eataly-art-house-verone\\\/#primaryimage\"},\"thumbnailUrl\":\"https:\\\/\\\/i0.wp.com\\\/volare.volotea.com\\\/wp-content\\\/uploads\\\/2023\\\/01\\\/H0A4056-.jpg?fit=1280%2C853&ssl=1\",\"datePublished\":\"2023-01-30T15:03:44+00:00\",\"dateModified\":\"2023-01-30T16:49:20+00:00\",\"description\":\"\u00c0 V\u00e9rone, un nouvel espace polyvalent d\u00e9di\u00e9 \u00e0 l\u2019art a vu le jour : il se nomme E.ART.H., acronyme de Eataly Art House, et promet de devenir un point de r\u00e9f\u00e9rence central de la vie artistique et culturelle de la ville.\",\"breadcrumb\":{\"@id\":\"https:\\\/\\\/volare.volotea.com\\\/fr\\\/villes\\\/verone\\\/eataly-art-house-verone\\\/#breadcrumb\"},\"inLanguage\":\"fr-FR\",\"potentialAction\":[{\"@type\":\"ReadAction\",\"target\":[\"https:\\\/\\\/volare.volotea.com\\\/fr\\\/villes\\\/verone\\\/eataly-art-house-verone\\\/\"]}]},{\"@type\":\"ImageObject\",\"inLanguage\":\"fr-FR\",\"@id\":\"https:\\\/\\\/volare.volotea.com\\\/fr\\\/villes\\\/verone\\\/eataly-art-house-verone\\\/#primaryimage\",\"url\":\"https:\\\/\\\/i0.wp.com\\\/volare.volotea.com\\\/wp-content\\\/uploads\\\/2023\\\/01\\\/H0A4056-.jpg?fit=1280%2C853&ssl=1\",\"contentUrl\":\"https:\\\/\\\/i0.wp.com\\\/volare.volotea.com\\\/wp-content\\\/uploads\\\/2023\\\/01\\\/H0A4056-.jpg?fit=1280%2C853&ssl=1\",\"width\":1280,\"height\":853,\"caption\":\"eataly art house verona\"},{\"@type\":\"BreadcrumbList\",\"@id\":\"https:\\\/\\\/volare.volotea.com\\\/fr\\\/villes\\\/verone\\\/eataly-art-house-verone\\\/#breadcrumb\",\"itemListElement\":[{\"@type\":\"ListItem\",\"position\":1,\"name\":\"Portada\",\"item\":\"https:\\\/\\\/volare.volotea.com\\\/fr\\\/\"},{\"@type\":\"ListItem\",\"position\":2,\"name\":\"Inspiracion\",\"item\":\"https:\\\/\\\/volare.volotea.com\\\/it\\\/citta\\\/\"},{\"@type\":\"ListItem\",\"position\":3,\"name\":\"Eataly Art House : la nouvelle galerie d\u2019art innovante \u00e0 V\u00e9rone\"}]},{\"@type\":\"WebSite\",\"@id\":\"https:\\\/\\\/volare.volotea.com\\\/fr\\\/#website\",\"url\":\"https:\\\/\\\/volare.volotea.com\\\/fr\\\/\",\"name\":\"VOLARE MAGAZINE | VOLOTEA\",\"description\":\"Travel Blog\",\"publisher\":{\"@id\":\"https:\\\/\\\/volare.volotea.com\\\/fr\\\/#organization\"},\"potentialAction\":[{\"@type\":\"SearchAction\",\"target\":{\"@type\":\"EntryPoint\",\"urlTemplate\":\"https:\\\/\\\/volare.volotea.com\\\/fr\\\/?s={search_term_string}\"},\"query-input\":{\"@type\":\"PropertyValueSpecification\",\"valueRequired\":true,\"valueName\":\"search_term_string\"}}],\"inLanguage\":\"fr-FR\"},{\"@type\":\"Organization\",\"@id\":\"https:\\\/\\\/volare.volotea.com\\\/fr\\\/#organization\",\"name\":\"VOLARE MAGAZINE | VOLOTEA\",\"url\":\"https:\\\/\\\/volare.volotea.com\\\/fr\\\/\",\"logo\":{\"@type\":\"ImageObject\",\"inLanguage\":\"fr-FR\",\"@id\":\"https:\\\/\\\/volare.volotea.com\\\/fr\\\/#\\\/schema\\\/logo\\\/image\\\/\",\"url\":\"https:\\\/\\\/volare.volotea.com\\\/wp-content\\\/uploads\\\/2026\\\/04\\\/volotea.png\",\"contentUrl\":\"https:\\\/\\\/volare.volotea.com\\\/wp-content\\\/uploads\\\/2026\\\/04\\\/volotea.png\",\"width\":960,\"height\":318,\"caption\":\"VOLARE MAGAZINE | VOLOTEA\"},\"image\":{\"@id\":\"https:\\\/\\\/volare.volotea.com\\\/fr\\\/#\\\/schema\\\/logo\\\/image\\\/\"},\"sameAs\":[\"https:\\\/\\\/www.facebook.com\\\/Volotea\\\/\",\"https:\\\/\\\/x.com\\\/volotea\",\"https:\\\/\\\/es.pinterest.com\\\/volotea\\\/\"]}]}<\/script>\n<!-- \/ Yoast SEO plugin. -->","yoast_head_json":{"title":"Eataly Art House : la nouvelle galerie d\u2019art innovante \u00e0 V\u00e9rone - VOLARE MAGAZINE | VOLOTEA","description":"\u00c0 V\u00e9rone, un nouvel espace polyvalent d\u00e9di\u00e9 \u00e0 l\u2019art a vu le jour : il se nomme E.ART.H., acronyme de Eataly Art House, et promet de devenir un point de r\u00e9f\u00e9rence central de la vie artistique et culturelle de la ville.","robots":{"index":"index","follow":"follow","max-snippet":"max-snippet:-1","max-image-preview":"max-image-preview:large","max-video-preview":"max-video-preview:-1"},"canonical":"https:\/\/volare.volotea.com\/fr\/villes\/verone\/eataly-art-house-verone\/","og_locale":"fr_FR","og_type":"article","og_title":"Eataly Art House : la nouvelle galerie d\u2019art innovante \u00e0 V\u00e9rone - VOLARE MAGAZINE | VOLOTEA","og_description":"\u00c0 V\u00e9rone, un nouvel espace polyvalent d\u00e9di\u00e9 \u00e0 l\u2019art a vu le jour : il se nomme E.ART.H., acronyme de Eataly Art House, et promet de devenir un point de r\u00e9f\u00e9rence central de la vie artistique et culturelle de la ville.","og_url":"https:\/\/volare.volotea.com\/fr\/villes\/verone\/eataly-art-house-verone\/","og_site_name":"VOLARE MAGAZINE | VOLOTEA","article_publisher":"https:\/\/www.facebook.com\/Volotea\/","article_modified_time":"2023-01-30T16:49:20+00:00","og_image":[{"width":1280,"height":853,"url":"https:\/\/volare.volotea.com\/wp-content\/uploads\/2023\/01\/H0A4056-.jpg","type":"image\/jpeg"}],"twitter_card":"summary_large_image","twitter_site":"@volotea","twitter_misc":{"Dur\u00e9e de lecture estim\u00e9e":"3 minutes"},"schema":{"@context":"https:\/\/schema.org","@graph":[{"@type":"WebPage","@id":"https:\/\/volare.volotea.com\/fr\/villes\/verone\/eataly-art-house-verone\/","url":"https:\/\/volare.volotea.com\/fr\/villes\/verone\/eataly-art-house-verone\/","name":"Eataly Art House : la nouvelle galerie d\u2019art innovante \u00e0 V\u00e9rone - VOLARE MAGAZINE | VOLOTEA","isPartOf":{"@id":"https:\/\/volare.volotea.com\/fr\/#website"},"primaryImageOfPage":{"@id":"https:\/\/volare.volotea.com\/fr\/villes\/verone\/eataly-art-house-verone\/#primaryimage"},"image":{"@id":"https:\/\/volare.volotea.com\/fr\/villes\/verone\/eataly-art-house-verone\/#primaryimage"},"thumbnailUrl":"https:\/\/i0.wp.com\/volare.volotea.com\/wp-content\/uploads\/2023\/01\/H0A4056-.jpg?fit=1280%2C853&ssl=1","datePublished":"2023-01-30T15:03:44+00:00","dateModified":"2023-01-30T16:49:20+00:00","description":"\u00c0 V\u00e9rone, un nouvel espace polyvalent d\u00e9di\u00e9 \u00e0 l\u2019art a vu le jour : il se nomme E.ART.H., acronyme de Eataly Art House, et promet de devenir un point de r\u00e9f\u00e9rence central de la vie artistique et culturelle de la ville.","breadcrumb":{"@id":"https:\/\/volare.volotea.com\/fr\/villes\/verone\/eataly-art-house-verone\/#breadcrumb"},"inLanguage":"fr-FR","potentialAction":[{"@type":"ReadAction","target":["https:\/\/volare.volotea.com\/fr\/villes\/verone\/eataly-art-house-verone\/"]}]},{"@type":"ImageObject","inLanguage":"fr-FR","@id":"https:\/\/volare.volotea.com\/fr\/villes\/verone\/eataly-art-house-verone\/#primaryimage","url":"https:\/\/i0.wp.com\/volare.volotea.com\/wp-content\/uploads\/2023\/01\/H0A4056-.jpg?fit=1280%2C853&ssl=1","contentUrl":"https:\/\/i0.wp.com\/volare.volotea.com\/wp-content\/uploads\/2023\/01\/H0A4056-.jpg?fit=1280%2C853&ssl=1","width":1280,"height":853,"caption":"eataly art house verona"},{"@type":"BreadcrumbList","@id":"https:\/\/volare.volotea.com\/fr\/villes\/verone\/eataly-art-house-verone\/#breadcrumb","itemListElement":[{"@type":"ListItem","position":1,"name":"Portada","item":"https:\/\/volare.volotea.com\/fr\/"},{"@type":"ListItem","position":2,"name":"Inspiracion","item":"https:\/\/volare.volotea.com\/it\/citta\/"},{"@type":"ListItem","position":3,"name":"Eataly Art House : la nouvelle galerie d\u2019art innovante \u00e0 V\u00e9rone"}]},{"@type":"WebSite","@id":"https:\/\/volare.volotea.com\/fr\/#website","url":"https:\/\/volare.volotea.com\/fr\/","name":"VOLARE MAGAZINE | VOLOTEA","description":"Travel Blog","publisher":{"@id":"https:\/\/volare.volotea.com\/fr\/#organization"},"potentialAction":[{"@type":"SearchAction","target":{"@type":"EntryPoint","urlTemplate":"https:\/\/volare.volotea.com\/fr\/?s={search_term_string}"},"query-input":{"@type":"PropertyValueSpecification","valueRequired":true,"valueName":"search_term_string"}}],"inLanguage":"fr-FR"},{"@type":"Organization","@id":"https:\/\/volare.volotea.com\/fr\/#organization","name":"VOLARE MAGAZINE | VOLOTEA","url":"https:\/\/volare.volotea.com\/fr\/","logo":{"@type":"ImageObject","inLanguage":"fr-FR","@id":"https:\/\/volare.volotea.com\/fr\/#\/schema\/logo\/image\/","url":"https:\/\/volare.volotea.com\/wp-content\/uploads\/2026\/04\/volotea.png","contentUrl":"https:\/\/volare.volotea.com\/wp-content\/uploads\/2026\/04\/volotea.png","width":960,"height":318,"caption":"VOLARE MAGAZINE | VOLOTEA"},"image":{"@id":"https:\/\/volare.volotea.com\/fr\/#\/schema\/logo\/image\/"},"sameAs":["https:\/\/www.facebook.com\/Volotea\/","https:\/\/x.com\/volotea","https:\/\/es.pinterest.com\/volotea\/"]}]}},"jetpack_sharing_enabled":true,"_links":{"self":[{"href":"https:\/\/volare.volotea.com\/fr\/wp-json\/wp\/v2\/inspiracion\/20739","targetHints":{"allow":["GET"]}}],"collection":[{"href":"https:\/\/volare.volotea.com\/fr\/wp-json\/wp\/v2\/inspiracion"}],"about":[{"href":"https:\/\/volare.volotea.com\/fr\/wp-json\/wp\/v2\/types\/inspiracion"}],"author":[{"embeddable":true,"href":"https:\/\/volare.volotea.com\/fr\/wp-json\/wp\/v2\/users\/1"}],"wp:featuredmedia":[{"embeddable":true,"href":"https:\/\/volare.volotea.com\/fr\/wp-json\/wp\/v2\/media\/20736"}],"wp:attachment":[{"href":"https:\/\/volare.volotea.com\/fr\/wp-json\/wp\/v2\/media?parent=20739"}],"wp:term":[{"taxonomy":"topics","embeddable":true,"href":"https:\/\/volare.volotea.com\/fr\/wp-json\/wp\/v2\/topics?post=20739"},{"taxonomy":"destination","embeddable":true,"href":"https:\/\/volare.volotea.com\/fr\/wp-json\/wp\/v2\/destination?post=20739"}],"curies":[{"name":"wp","href":"https:\/\/api.w.org\/{rel}","templated":true}]}}