{"id":8235,"date":"2019-01-08T14:00:59","date_gmt":"2019-01-08T13:00:59","guid":{"rendered":"https:\/\/volare.volotea.com\/?post_type=inspiracion&p=8235"},"modified":"2019-01-09T07:35:39","modified_gmt":"2019-01-09T06:35:39","slug":"el-gran-teatro-una-joya-arquitectonica-de-burdeos","status":"publish","type":"inspiracion","link":"https:\/\/volare.volotea.com\/es\/ciudades\/burdeos\/el-gran-teatro-una-joya-arquitectonica-de-burdeos\/","title":{"rendered":"El Gran Teatro, una joya arquitect\u00f3nica de Burdeos"},"content":{"rendered":"<p><strong>Imposible visitar Burdeos y no reparar en el Gran Teatro. A poca distancia de la ribera del r\u00edo Garona, es el lugar donde convergen las grandes arterias de la ciudad. Su tama\u00f1o y su majestuosidad resultan imponentes.<\/strong> <strong>Su programaci\u00f3n de calidad, muy din\u00e1mica e imaginativa, lo convierten en un gran actor cultural del siglo XXI.<\/strong><\/p>\n<p>Si bien el <a href=\"https:\/\/www.opera-bordeaux.com\/visite-grand-theatre?gclid=Cj0KCQiA_s7fBRDrARIsAGEvF8TwE5RGy0HwzqMlo7n5Cb-n9AwuG4bCLi1fyOhjVa807gDPyzxB7nIaAnKvEALw_wcB\" target=\"_blank\"><strong>Gran Teatro<\/strong><\/a>, conocido tambi\u00e9n como la <a href=\"https:\/\/www.opera-bordeaux.com\/\" target=\"_blank\"><strong>\u00d3pera Nacional de Burdeos<\/strong><\/a> (ONB), es toda una instituci\u00f3n donde el edificio y su funci\u00f3n est\u00e1n \u00edntimamente ligados, este emplazamiento cultural representa tambi\u00e9n un lugar de entretenimiento abierto a todo tipo de p\u00fablicos. As\u00ed, por ejemplo, ha acogido el festival <em>Tango \u00e0 l&#8217;Op\u00e9ra<\/em>, con un programa compuesto por demostraciones, cursos y conferencias de tango. Queda lejos aquel universo de las \u00abma\u00f1anas cl\u00e1sicas\u00bb a las que asist\u00eda cuando era una joven colegiala que deb\u00eda familiarizarse con el repertorio de tragedias y comedias del programa del curso escolar.<br \/>\n<a href=\"https:\/\/i0.wp.com\/volare.volotea.com\/wp-content\/uploads\/2019\/01\/Picture12-1024x757.jpg?ssl=1\" target=\"_blank\"><br \/>\n<img data-recalc-dims=\"1\" loading=\"lazy\" decoding=\"async\" class=\"alignnone size-large wp-image-8253\" src=\"https:\/\/i0.wp.com\/volare.volotea.com\/wp-content\/uploads\/2019\/01\/Picture12.jpg?resize=640%2C473&#038;ssl=1\" alt=\"\" width=\"640\" height=\"473\" \/><\/a><\/p>\n<p><a href=\"https:\/\/i0.wp.com\/volare.volotea.com\/wp-content\/uploads\/2019\/01\/Picture22-1024x768.jpg?ssl=1\" target=\"_blank\"><br \/>\n<img data-recalc-dims=\"1\" loading=\"lazy\" decoding=\"async\" class=\"alignnone size-large wp-image-8254\" src=\"https:\/\/i0.wp.com\/volare.volotea.com\/wp-content\/uploads\/2019\/01\/Picture22.jpg?resize=640%2C480&#038;ssl=1\" alt=\"\" width=\"640\" height=\"480\" srcset=\"https:\/\/i0.wp.com\/volare.volotea.com\/wp-content\/uploads\/2019\/01\/Picture22.jpg?resize=1024%2C768&amp;ssl=1 1024w, https:\/\/i0.wp.com\/volare.volotea.com\/wp-content\/uploads\/2019\/01\/Picture22.jpg?resize=300%2C225&amp;ssl=1 300w, https:\/\/i0.wp.com\/volare.volotea.com\/wp-content\/uploads\/2019\/01\/Picture22.jpg?resize=768%2C576&amp;ssl=1 768w, https:\/\/i0.wp.com\/volare.volotea.com\/wp-content\/uploads\/2019\/01\/Picture22.jpg?w=1500&amp;ssl=1 1500w, https:\/\/i0.wp.com\/volare.volotea.com\/wp-content\/uploads\/2019\/01\/Picture22.jpg?w=1280&amp;ssl=1 1280w\" sizes=\"auto, (max-width: 640px) 100vw, 640px\" \/><\/a><\/p>\n<p>El Gran Teatro ha sabido evolucionar con los tiempos, aunque sin perder ni un \u00e1pice de su encanto y manteni\u00e9ndose siempre del lado de la excelencia. Resulta fascinante su arquitectura, con sus doce columnas corintias delante de la fachada en forma de p\u00f3rtico. Dichas columnas est\u00e1n coronadas por doce estatuas, en su mayor\u00eda, musas y diosas de las artes. Si bien las estatuas son obra de <a href=\"https:\/\/es.wikipedia.org\/wiki\/Pierre_Fran%C3%A7ois_Berruer\" target=\"_blank\"><strong>Pierre Berruer<\/strong><\/a>, el conjunto del edificio es de la autor\u00eda de <a href=\"https:\/\/es.wikipedia.org\/wiki\/Victor_Louis\" target=\"_blank\"><strong>Victor Louis<\/strong><\/a>, quien ide\u00f3 un proyecto a la altura de las ambiciones del gobernador de <a href=\"https:\/\/es.wikipedia.org\/wiki\/Guyena\" target=\"_blank\"><strong>Guyena<\/strong><\/a> y de los<a href=\"https:\/\/fr.wikipedia.org\/wiki\/Jurade_de_Bordeaux\" target=\"_blank\"><strong> magistrados (<em>jurats<\/em>) bordeleses<\/strong><\/a>. Desde 1780, a\u00f1o de su inauguraci\u00f3n, el Gran Teatro ha visto desfilar a infinidad de mel\u00f3manos y de aficionados al ballet, a los que siempre ha deslumbrado con su elegante vest\u00edbulo y su gran escalinata iluminada por un roset\u00f3n. El Gran Teatro encabeza y forma parte de la <a href=\"https:\/\/www.facebook.com\/rthFrance\/\" target=\"_blank\"><strong>Ruta de los Teatros Hist\u00f3ricos de Francia<\/strong><\/a>.<\/p>\n<p>Con el paso del tiempo, el edificio ha sido restaurado y adaptado. Un ejemplo: el gran sal\u00f3n, que ha recuperado sus colores originales en azul, blanco y dorado (los colores de la monarqu\u00eda) en detrimento del rojo, solo tiene capacidad para 1114 asientos (en lugar de los 1700 de anta\u00f1o) para garantizar la comodidad. Por su parte, la \u00abpeque\u00f1a\u00bb sala de conciertos con 700\u00a0asientos destinada a la m\u00fasica de c\u00e1mara ha sido transformada en \u00abGrand Foyer\u00bb. Restaurada recientemente, ha recuperado el brillo de sus dorados. Principal instituci\u00f3n de empleo del sector del espect\u00e1culo despu\u00e9s de Par\u00eds, la ONB cuenta con 400\u00a0empleados, de los que 200 son artistas. El teatro ha conservado su personal de vestuario, costura y escenograf\u00eda. Su programaci\u00f3n es variada e incluye desde la m\u00fasica l\u00edrica, pasando por la sinf\u00f3nica, la barroca y los recitales de piano, hasta el ballet y el jazz. Tambi\u00e9n utiliza el <a href=\"http:\/\/www.bordeaux.fr\/l28034\/auditorium\" target=\"_blank\"><strong>Auditorio<\/strong><\/a>, un edificio contempor\u00e1neo situado en sus inmediaciones y que posee el mayor foso de orquesta de Europa.<br \/>\n<a href=\"https:\/\/i0.wp.com\/volare.volotea.com\/wp-content\/uploads\/2019\/01\/Picture32-1024x652.jpg?ssl=1\" target=\"_blank\"><br \/>\n<img data-recalc-dims=\"1\" loading=\"lazy\" decoding=\"async\" class=\"alignnone size-large wp-image-8255\" src=\"https:\/\/i0.wp.com\/volare.volotea.com\/wp-content\/uploads\/2019\/01\/Picture32.jpg?resize=640%2C408&#038;ssl=1\" alt=\"\" width=\"640\" height=\"408\" \/><\/a><\/p>\n<p><a href=\"https:\/\/i0.wp.com\/volare.volotea.com\/wp-content\/uploads\/2019\/01\/Picture42-1024x683.jpg?ssl=1\" target=\"_blank\"><br \/>\n<img data-recalc-dims=\"1\" loading=\"lazy\" decoding=\"async\" class=\"alignnone size-large wp-image-8256\" src=\"https:\/\/i0.wp.com\/volare.volotea.com\/wp-content\/uploads\/2019\/01\/Picture42.jpg?resize=640%2C427&#038;ssl=1\" alt=\"\" width=\"640\" height=\"427\" \/><\/a><\/p>\n<p><a href=\"https:\/\/i0.wp.com\/volare.volotea.com\/wp-content\/uploads\/2019\/01\/Picture52-768x1024.jpg?ssl=1\" target=\"_blank\"><br \/>\n<img data-recalc-dims=\"1\" loading=\"lazy\" decoding=\"async\" class=\"alignnone size-large wp-image-8257\" src=\"https:\/\/i0.wp.com\/volare.volotea.com\/wp-content\/uploads\/2019\/01\/Picture52.jpg?resize=640%2C853&#038;ssl=1\" alt=\"\" width=\"640\" height=\"853\" srcset=\"https:\/\/i0.wp.com\/volare.volotea.com\/wp-content\/uploads\/2019\/01\/Picture52.jpg?resize=768%2C1024&amp;ssl=1 768w, https:\/\/i0.wp.com\/volare.volotea.com\/wp-content\/uploads\/2019\/01\/Picture52.jpg?resize=225%2C300&amp;ssl=1 225w, https:\/\/i0.wp.com\/volare.volotea.com\/wp-content\/uploads\/2019\/01\/Picture52.jpg?w=844&amp;ssl=1 844w\" sizes=\"auto, (max-width: 640px) 100vw, 640px\" \/><\/a><\/p>\n<p>La ONB se interesa por el p\u00fablico joven y, prueba de ello, es que le dedica 15 espect\u00e1culos espec\u00edficos al a\u00f1o. Tambi\u00e9n ha ideado la iniciativa <a href=\"https:\/\/www.opera-bordeaux.com\/danse-soiree-crous-la-fille-mal-gardee-10889\" target=\"_blank\"><strong>L&#8217;Op\u00e9ra en baskets<\/strong><\/a> para que los menores de 28\u00a0a\u00f1os puedan asistir a determinadas representaciones y conocer a los artistas en el transcurso de un c\u00f3ctel. En los pr\u00f3ximos meses, la ONB acoger\u00e1 a <a href=\"https:\/\/es.wikipedia.org\/wiki\/Renaud_Capu%C3%A7on\" target=\"_blank\"><strong>Renaud Capu\u00e7on<\/strong><\/a> y a <a href=\"http:\/\/davidfraymusic.com\/\" target=\"_blank\"><strong>David Fray<\/strong><\/a>, quienes interpretar\u00e1n sonatas de <a href=\"https:\/\/es.wikipedia.org\/wiki\/Johann_Sebastian_Bach\" target=\"_blank\"><strong>Bach<\/strong><\/a> y de <a href=\"https:\/\/es.wikipedia.org\/wiki\/Ludwig_van_Beethoven\" target=\"_blank\"><strong>Beethoven<\/strong><\/a>, a <a href=\"https:\/\/es.wikipedia.org\/wiki\/Daniel_Barenboim\" target=\"_blank\"><strong>Daniel Barenboim<\/strong><\/a> o a <a href=\"https:\/\/www.nataliedessay.fr\/\" target=\"_blank\"><strong>Nathalie Dessay<\/strong><\/a>, entre otros. Para visitar el Gran Teatro de Burdeos, es necesario realizar una <a href=\"http:\/\/www.forumsirius.fr\/orion\/opbx.phtml?spec=2070\" target=\"_blank\"><strong>reserva<\/strong><\/a> previa.<\/p>\n<p>Ubicaci\u00f3n: Ver el mapa <a href=\"https:\/\/www.google.fr\/maps\/place\/Bordeaux\/@44.8637065,-0.6561808,12z\/data=!3m1!4b1!4m5!3m4!1s0xd5527e8f751ca81:0x796386037b397a89!8m2!3d44.837789!4d-0.57918\" target=\"_blank\"><strong>aqu\u00ed<\/strong><\/a><\/p>\n","protected":false},"excerpt":{"rendered":"<p>Imposible visitar Burdeos y no reparar en el Gran Teatro. A poca distancia de la ribera del r\u00edo Garona, es el lugar donde convergen las grandes arterias de la ciudad. Su tama\u00f1o y su majestuosidad resultan imponentes. Su programaci\u00f3n de calidad, muy din\u00e1mica e imaginativa, lo convierten en un gran actor cultural del siglo XXI.<\/p>\n","protected":false},"author":7,"featured_media":8245,"template":"","topics":[2527],"destination":[2834],"class_list":["post-8235","inspiracion","type-inspiracion","status-publish","has-post-thumbnail","hentry","topics-estilo-de-vida-cultura","destination-burdeos"],"acf":[],"yoast_head":"<!-- This site is optimized with the Yoast SEO plugin v28.4 - https:\/\/yoast.com\/product\/yoast-seo-wordpress\/ -->\n<title>El Gran Teatro, una joya arquitect\u00f3nica de Burdeos - VOLARE MAGAZINE | VOLOTEA<\/title>\n<meta name=\"description\" content=\"Imposible visitar Burdeos y no reparar en el Gran Teatro. A poca distancia de la ribera del r\u00edo Garona, es el lugar donde convergen las grandes arterias\" \/>\n<meta name=\"robots\" content=\"index, follow, max-snippet:-1, max-image-preview:large, max-video-preview:-1\" \/>\n<link rel=\"canonical\" href=\"https:\/\/volare.volotea.com\/es\/ciudades\/burdeos\/el-gran-teatro-una-joya-arquitectonica-de-burdeos\/\" \/>\n<meta property=\"og:locale\" content=\"es_ES\" \/>\n<meta property=\"og:type\" content=\"article\" \/>\n<meta property=\"og:title\" content=\"El Gran Teatro, una joya arquitect\u00f3nica de Burdeos - VOLARE MAGAZINE | VOLOTEA\" \/>\n<meta property=\"og:description\" content=\"Imposible visitar Burdeos y no reparar en el Gran Teatro. A poca distancia de la ribera del r\u00edo Garona, es el lugar donde convergen las grandes arterias\" \/>\n<meta property=\"og:url\" content=\"https:\/\/volare.volotea.com\/es\/ciudades\/burdeos\/el-gran-teatro-una-joya-arquitectonica-de-burdeos\/\" \/>\n<meta property=\"og:site_name\" content=\"VOLARE MAGAZINE | VOLOTEA\" \/>\n<meta property=\"article:publisher\" content=\"https:\/\/www.facebook.com\/Volotea\/\" \/>\n<meta property=\"article:modified_time\" content=\"2019-01-09T06:35:39+00:00\" \/>\n<meta property=\"og:image\" content=\"https:\/\/volare.volotea.com\/wp-content\/uploads\/2019\/01\/main-picture21-e1546953244402-scaled.jpg\" \/>\n\t<meta property=\"og:image:width\" content=\"2560\" \/>\n\t<meta property=\"og:image:height\" content=\"1633\" \/>\n\t<meta property=\"og:image:type\" content=\"image\/jpeg\" \/>\n<meta name=\"twitter:card\" content=\"summary_large_image\" \/>\n<meta name=\"twitter:site\" content=\"@volotea\" \/>\n<meta name=\"twitter:label1\" content=\"Tiempo de lectura\" \/>\n\t<meta name=\"twitter:data1\" content=\"3 minutos\" \/>\n<script type=\"application\/ld+json\" class=\"yoast-schema-graph\">{\"@context\":\"https:\\\/\\\/schema.org\",\"@graph\":[{\"@type\":\"WebPage\",\"@id\":\"https:\\\/\\\/volare.volotea.com\\\/es\\\/ciudades\\\/burdeos\\\/el-gran-teatro-una-joya-arquitectonica-de-burdeos\\\/\",\"url\":\"https:\\\/\\\/volare.volotea.com\\\/es\\\/ciudades\\\/burdeos\\\/el-gran-teatro-una-joya-arquitectonica-de-burdeos\\\/\",\"name\":\"El Gran Teatro, una joya arquitect\u00f3nica de Burdeos - VOLARE MAGAZINE | VOLOTEA\",\"isPartOf\":{\"@id\":\"https:\\\/\\\/volare.volotea.com\\\/fr\\\/#website\"},\"primaryImageOfPage\":{\"@id\":\"https:\\\/\\\/volare.volotea.com\\\/es\\\/ciudades\\\/burdeos\\\/el-gran-teatro-una-joya-arquitectonica-de-burdeos\\\/#primaryimage\"},\"image\":{\"@id\":\"https:\\\/\\\/volare.volotea.com\\\/es\\\/ciudades\\\/burdeos\\\/el-gran-teatro-una-joya-arquitectonica-de-burdeos\\\/#primaryimage\"},\"thumbnailUrl\":\"https:\\\/\\\/i0.wp.com\\\/volare.volotea.com\\\/wp-content\\\/uploads\\\/2019\\\/01\\\/main-picture21-e1546953244402-scaled.jpg?fit=2560%2C1633&ssl=1\",\"datePublished\":\"2019-01-08T13:00:59+00:00\",\"dateModified\":\"2019-01-09T06:35:39+00:00\",\"description\":\"Imposible visitar Burdeos y no reparar en el Gran Teatro. A poca distancia de la ribera del r\u00edo Garona, es el lugar donde convergen las grandes arterias\",\"breadcrumb\":{\"@id\":\"https:\\\/\\\/volare.volotea.com\\\/es\\\/ciudades\\\/burdeos\\\/el-gran-teatro-una-joya-arquitectonica-de-burdeos\\\/#breadcrumb\"},\"inLanguage\":\"es\",\"potentialAction\":[{\"@type\":\"ReadAction\",\"target\":[\"https:\\\/\\\/volare.volotea.com\\\/es\\\/ciudades\\\/burdeos\\\/el-gran-teatro-una-joya-arquitectonica-de-burdeos\\\/\"]}]},{\"@type\":\"ImageObject\",\"inLanguage\":\"es\",\"@id\":\"https:\\\/\\\/volare.volotea.com\\\/es\\\/ciudades\\\/burdeos\\\/el-gran-teatro-una-joya-arquitectonica-de-burdeos\\\/#primaryimage\",\"url\":\"https:\\\/\\\/i0.wp.com\\\/volare.volotea.com\\\/wp-content\\\/uploads\\\/2019\\\/01\\\/main-picture21-e1546953244402-scaled.jpg?fit=2560%2C1633&ssl=1\",\"contentUrl\":\"https:\\\/\\\/i0.wp.com\\\/volare.volotea.com\\\/wp-content\\\/uploads\\\/2019\\\/01\\\/main-picture21-e1546953244402-scaled.jpg?fit=2560%2C1633&ssl=1\",\"width\":2560,\"height\":1633},{\"@type\":\"BreadcrumbList\",\"@id\":\"https:\\\/\\\/volare.volotea.com\\\/es\\\/ciudades\\\/burdeos\\\/el-gran-teatro-una-joya-arquitectonica-de-burdeos\\\/#breadcrumb\",\"itemListElement\":[{\"@type\":\"ListItem\",\"position\":1,\"name\":\"Portada\",\"item\":\"https:\\\/\\\/volare.volotea.com\\\/es\\\/\"},{\"@type\":\"ListItem\",\"position\":2,\"name\":\"Inspiracion\",\"item\":\"https:\\\/\\\/volare.volotea.com\\\/it\\\/citta\\\/\"},{\"@type\":\"ListItem\",\"position\":3,\"name\":\"El Gran Teatro, una joya arquitect\u00f3nica de Burdeos\"}]},{\"@type\":\"WebSite\",\"@id\":\"https:\\\/\\\/volare.volotea.com\\\/fr\\\/#website\",\"url\":\"https:\\\/\\\/volare.volotea.com\\\/fr\\\/\",\"name\":\"VOLARE MAGAZINE | VOLOTEA\",\"description\":\"Travel Blog\",\"publisher\":{\"@id\":\"https:\\\/\\\/volare.volotea.com\\\/fr\\\/#organization\"},\"potentialAction\":[{\"@type\":\"SearchAction\",\"target\":{\"@type\":\"EntryPoint\",\"urlTemplate\":\"https:\\\/\\\/volare.volotea.com\\\/fr\\\/?s={search_term_string}\"},\"query-input\":{\"@type\":\"PropertyValueSpecification\",\"valueRequired\":true,\"valueName\":\"search_term_string\"}}],\"inLanguage\":\"es\"},{\"@type\":\"Organization\",\"@id\":\"https:\\\/\\\/volare.volotea.com\\\/fr\\\/#organization\",\"name\":\"VOLARE MAGAZINE | VOLOTEA\",\"url\":\"https:\\\/\\\/volare.volotea.com\\\/fr\\\/\",\"logo\":{\"@type\":\"ImageObject\",\"inLanguage\":\"es\",\"@id\":\"https:\\\/\\\/volare.volotea.com\\\/fr\\\/#\\\/schema\\\/logo\\\/image\\\/\",\"url\":\"https:\\\/\\\/volare.volotea.com\\\/wp-content\\\/uploads\\\/2026\\\/04\\\/volotea.png\",\"contentUrl\":\"https:\\\/\\\/volare.volotea.com\\\/wp-content\\\/uploads\\\/2026\\\/04\\\/volotea.png\",\"width\":960,\"height\":318,\"caption\":\"VOLARE MAGAZINE | VOLOTEA\"},\"image\":{\"@id\":\"https:\\\/\\\/volare.volotea.com\\\/fr\\\/#\\\/schema\\\/logo\\\/image\\\/\"},\"sameAs\":[\"https:\\\/\\\/www.facebook.com\\\/Volotea\\\/\",\"https:\\\/\\\/x.com\\\/volotea\",\"https:\\\/\\\/es.pinterest.com\\\/volotea\\\/\"]}]}<\/script>\n<!-- \/ Yoast SEO plugin. -->","yoast_head_json":{"title":"El Gran Teatro, una joya arquitect\u00f3nica de Burdeos - VOLARE MAGAZINE | VOLOTEA","description":"Imposible visitar Burdeos y no reparar en el Gran Teatro. A poca distancia de la ribera del r\u00edo Garona, es el lugar donde convergen las grandes arterias","robots":{"index":"index","follow":"follow","max-snippet":"max-snippet:-1","max-image-preview":"max-image-preview:large","max-video-preview":"max-video-preview:-1"},"canonical":"https:\/\/volare.volotea.com\/es\/ciudades\/burdeos\/el-gran-teatro-una-joya-arquitectonica-de-burdeos\/","og_locale":"es_ES","og_type":"article","og_title":"El Gran Teatro, una joya arquitect\u00f3nica de Burdeos - VOLARE MAGAZINE | VOLOTEA","og_description":"Imposible visitar Burdeos y no reparar en el Gran Teatro. A poca distancia de la ribera del r\u00edo Garona, es el lugar donde convergen las grandes arterias","og_url":"https:\/\/volare.volotea.com\/es\/ciudades\/burdeos\/el-gran-teatro-una-joya-arquitectonica-de-burdeos\/","og_site_name":"VOLARE MAGAZINE | VOLOTEA","article_publisher":"https:\/\/www.facebook.com\/Volotea\/","article_modified_time":"2019-01-09T06:35:39+00:00","og_image":[{"width":2560,"height":1633,"url":"https:\/\/volare.volotea.com\/wp-content\/uploads\/2019\/01\/main-picture21-e1546953244402-scaled.jpg","type":"image\/jpeg"}],"twitter_card":"summary_large_image","twitter_site":"@volotea","twitter_misc":{"Tiempo de lectura":"3 minutos"},"schema":{"@context":"https:\/\/schema.org","@graph":[{"@type":"WebPage","@id":"https:\/\/volare.volotea.com\/es\/ciudades\/burdeos\/el-gran-teatro-una-joya-arquitectonica-de-burdeos\/","url":"https:\/\/volare.volotea.com\/es\/ciudades\/burdeos\/el-gran-teatro-una-joya-arquitectonica-de-burdeos\/","name":"El Gran Teatro, una joya arquitect\u00f3nica de Burdeos - VOLARE MAGAZINE | VOLOTEA","isPartOf":{"@id":"https:\/\/volare.volotea.com\/fr\/#website"},"primaryImageOfPage":{"@id":"https:\/\/volare.volotea.com\/es\/ciudades\/burdeos\/el-gran-teatro-una-joya-arquitectonica-de-burdeos\/#primaryimage"},"image":{"@id":"https:\/\/volare.volotea.com\/es\/ciudades\/burdeos\/el-gran-teatro-una-joya-arquitectonica-de-burdeos\/#primaryimage"},"thumbnailUrl":"https:\/\/i0.wp.com\/volare.volotea.com\/wp-content\/uploads\/2019\/01\/main-picture21-e1546953244402-scaled.jpg?fit=2560%2C1633&ssl=1","datePublished":"2019-01-08T13:00:59+00:00","dateModified":"2019-01-09T06:35:39+00:00","description":"Imposible visitar Burdeos y no reparar en el Gran Teatro. A poca distancia de la ribera del r\u00edo Garona, es el lugar donde convergen las grandes arterias","breadcrumb":{"@id":"https:\/\/volare.volotea.com\/es\/ciudades\/burdeos\/el-gran-teatro-una-joya-arquitectonica-de-burdeos\/#breadcrumb"},"inLanguage":"es","potentialAction":[{"@type":"ReadAction","target":["https:\/\/volare.volotea.com\/es\/ciudades\/burdeos\/el-gran-teatro-una-joya-arquitectonica-de-burdeos\/"]}]},{"@type":"ImageObject","inLanguage":"es","@id":"https:\/\/volare.volotea.com\/es\/ciudades\/burdeos\/el-gran-teatro-una-joya-arquitectonica-de-burdeos\/#primaryimage","url":"https:\/\/i0.wp.com\/volare.volotea.com\/wp-content\/uploads\/2019\/01\/main-picture21-e1546953244402-scaled.jpg?fit=2560%2C1633&ssl=1","contentUrl":"https:\/\/i0.wp.com\/volare.volotea.com\/wp-content\/uploads\/2019\/01\/main-picture21-e1546953244402-scaled.jpg?fit=2560%2C1633&ssl=1","width":2560,"height":1633},{"@type":"BreadcrumbList","@id":"https:\/\/volare.volotea.com\/es\/ciudades\/burdeos\/el-gran-teatro-una-joya-arquitectonica-de-burdeos\/#breadcrumb","itemListElement":[{"@type":"ListItem","position":1,"name":"Portada","item":"https:\/\/volare.volotea.com\/es\/"},{"@type":"ListItem","position":2,"name":"Inspiracion","item":"https:\/\/volare.volotea.com\/it\/citta\/"},{"@type":"ListItem","position":3,"name":"El Gran Teatro, una joya arquitect\u00f3nica de Burdeos"}]},{"@type":"WebSite","@id":"https:\/\/volare.volotea.com\/fr\/#website","url":"https:\/\/volare.volotea.com\/fr\/","name":"VOLARE MAGAZINE | VOLOTEA","description":"Travel Blog","publisher":{"@id":"https:\/\/volare.volotea.com\/fr\/#organization"},"potentialAction":[{"@type":"SearchAction","target":{"@type":"EntryPoint","urlTemplate":"https:\/\/volare.volotea.com\/fr\/?s={search_term_string}"},"query-input":{"@type":"PropertyValueSpecification","valueRequired":true,"valueName":"search_term_string"}}],"inLanguage":"es"},{"@type":"Organization","@id":"https:\/\/volare.volotea.com\/fr\/#organization","name":"VOLARE MAGAZINE | VOLOTEA","url":"https:\/\/volare.volotea.com\/fr\/","logo":{"@type":"ImageObject","inLanguage":"es","@id":"https:\/\/volare.volotea.com\/fr\/#\/schema\/logo\/image\/","url":"https:\/\/volare.volotea.com\/wp-content\/uploads\/2026\/04\/volotea.png","contentUrl":"https:\/\/volare.volotea.com\/wp-content\/uploads\/2026\/04\/volotea.png","width":960,"height":318,"caption":"VOLARE MAGAZINE | VOLOTEA"},"image":{"@id":"https:\/\/volare.volotea.com\/fr\/#\/schema\/logo\/image\/"},"sameAs":["https:\/\/www.facebook.com\/Volotea\/","https:\/\/x.com\/volotea","https:\/\/es.pinterest.com\/volotea\/"]}]}},"jetpack_sharing_enabled":true,"_links":{"self":[{"href":"https:\/\/volare.volotea.com\/es\/wp-json\/wp\/v2\/inspiracion\/8235","targetHints":{"allow":["GET"]}}],"collection":[{"href":"https:\/\/volare.volotea.com\/es\/wp-json\/wp\/v2\/inspiracion"}],"about":[{"href":"https:\/\/volare.volotea.com\/es\/wp-json\/wp\/v2\/types\/inspiracion"}],"author":[{"embeddable":true,"href":"https:\/\/volare.volotea.com\/es\/wp-json\/wp\/v2\/users\/7"}],"wp:featuredmedia":[{"embeddable":true,"href":"https:\/\/volare.volotea.com\/es\/wp-json\/wp\/v2\/media\/8245"}],"wp:attachment":[{"href":"https:\/\/volare.volotea.com\/es\/wp-json\/wp\/v2\/media?parent=8235"}],"wp:term":[{"taxonomy":"topics","embeddable":true,"href":"https:\/\/volare.volotea.com\/es\/wp-json\/wp\/v2\/topics?post=8235"},{"taxonomy":"destination","embeddable":true,"href":"https:\/\/volare.volotea.com\/es\/wp-json\/wp\/v2\/destination?post=8235"}],"curies":[{"name":"wp","href":"https:\/\/api.w.org\/{rel}","templated":true}]}}