{"id":8117,"date":"2018-12-05T11:16:28","date_gmt":"2018-12-05T10:16:28","guid":{"rendered":"https:\/\/volare.volotea.com\/?post_type=inspiracion&p=8117"},"modified":"2018-12-05T11:28:02","modified_gmt":"2018-12-05T10:28:02","slug":"fiesta-de-santagata-patrona-de-catania","status":"publish","type":"inspiracion","link":"https:\/\/volare.volotea.com\/es\/ciudades\/catania\/fiesta-de-santagata-patrona-de-catania\/","title":{"rendered":"Fiesta de Sant&#8217;Agata, patrona de Catania"},"content":{"rendered":"<p><strong>La Fiesta de Sant&#8217;Agata es la celebraci\u00f3n religiosa m\u00e1s importante que acoge la ciudad de Catania. Sant&#8217;Agata, conocida como santa \u00c1gueda en Espa\u00f1a, es la patrona de la ciudad y se la recuerda en diversos momentos del a\u00f1o.<\/strong><\/p>\n<p>La <strong>Fiesta de Sant\u2019Agata<\/strong> tiene lugar entre el 3 y 5 de febrero, el 12 de febrero y de nuevo el 17 de agosto. En realidad, cada fecha est\u00e1 vinculada a un hecho distinto: en febrero se rememora el martirio de la santa, mientras que en agosto se festeja el regreso de sus restos a Catania desde Constantinopla.<\/p>\n<p>Entre el 3 y el 5 de febrero acuden a Catania m\u00e1s de un mill\u00f3n de fieles y turistas. Muchos cataneses que trabajan y viven en otras partes de Italia regresan a su ciudad durante estos d\u00edas para rendir homenaje a su <a href=\"https:\/\/it.wikipedia.org\/wiki\/Festa_di_sant%27Agata\" target=\"_blank\">Santa Patrona<\/a>.<\/p>\n<p>Los or\u00edgenes del culto a santa \u00c1gueda se remontan muy atr\u00e1s en el tiempo, pero no por ello deja de estar muy activo en la actualidad. El martirio de la santa catanesa tuvo lugar en el a\u00f1o 252 y ya a partir de ese momento comenzamos a ver testimonios de una fuerte devoci\u00f3n popular por esta virgen que prefiri\u00f3 el martirio a perder el honor y renunciar a su fe.<br \/>\n<a href=\"https:\/\/i0.wp.com\/volare.volotea.com\/wp-content\/uploads\/2018\/12\/Agata1-1024x672.jpg?ssl=1\" target=\"_blank\"><br \/>\n<img data-recalc-dims=\"1\" loading=\"lazy\" decoding=\"async\" class=\"alignnone size-large wp-image-8125\" src=\"https:\/\/i0.wp.com\/volare.volotea.com\/wp-content\/uploads\/2018\/12\/Agata1.jpg?resize=640%2C420&#038;ssl=1\" alt=\"\" width=\"640\" height=\"420\" \/><\/a><br \/>\n<a href=\"https:\/\/i0.wp.com\/volare.volotea.com\/wp-content\/uploads\/2018\/12\/image-11.jpg?ssl=1\" target=\"_blank\"><br \/>\n<img data-recalc-dims=\"1\" loading=\"lazy\" decoding=\"async\" class=\"alignnone size-full wp-image-8126\" src=\"https:\/\/i0.wp.com\/volare.volotea.com\/wp-content\/uploads\/2018\/12\/image-11.jpg?resize=640%2C360&#038;ssl=1\" alt=\"\" width=\"640\" height=\"360\" srcset=\"https:\/\/i0.wp.com\/volare.volotea.com\/wp-content\/uploads\/2018\/12\/image-11.jpg?w=960&amp;ssl=1 960w, https:\/\/i0.wp.com\/volare.volotea.com\/wp-content\/uploads\/2018\/12\/image-11.jpg?resize=300%2C169&amp;ssl=1 300w, https:\/\/i0.wp.com\/volare.volotea.com\/wp-content\/uploads\/2018\/12\/image-11.jpg?resize=768%2C432&amp;ssl=1 768w\" sizes=\"auto, (max-width: 640px) 100vw, 640px\" \/><\/a><\/p>\n<p>Los cataneses se sienten muy orgullosos de esta joven, que se revel\u00f3 contra los deseos del proc\u00f3nsul romano y acab\u00f3 perdiendo la vida.<\/p>\n<p>Como ocurre a menudo con las fiestas populares, esta tambi\u00e9n va mucho m\u00e1s all\u00e1 de lo religioso. Parece que ya en la Antig\u00fcedad, antes del nacimiento de la santa, a primeros de febrero se celebraba una fiesta pagana, posiblemente dedicada a la diosa Isis.<\/p>\n<p>Las primeras noticias que tenemos de una fiesta dedicada a su figura se remontan al 17 de agosto de 1126, cuando los restos de la santa, que permanecieron en Constantinopla durante 80 a\u00f1os tras ser sustra\u00eddos en 1040, volvieron a su patria de la mano de dos soldados, Gilberto y Goselino.<\/p>\n<p>En esa ocasi\u00f3n, Maurizio, el obispo de Catania, se acerc\u00f3 a Aci Castello para recibir los restos. La noticia corri\u00f3 pronto de boca en boca y los ciudadanos no tardaron en echarse a las calles de la ciudad, en una fiesta espont\u00e1nea e improvisada.<\/p>\n<p>En la actualidad, como hemos dicho, Catania dedica varios d\u00edas a recordar a la santa. Pero el m\u00e1s emocionante es sin duda el 4 de febrero, cuando se realiza la tradicional procesi\u00f3n por las calles del centro de la ciudad y se saca \u00ab<a href=\"https:\/\/it.wikipedia.org\/wiki\/Fercolo\" target=\"_blank\">Il fercolo<\/a>\u00bb, una obra de plater\u00eda que contiene las reliquias de la santa.<\/p>\n<p>Muy importante resulta tambi\u00e9n el desfile de las \u00abcandelore\u00bb, grandes velas votivas con decoraciones artesanales, flores, \u00e1ngeles de madera dorada, santos y escenas del martirio.<\/p>\n<p><a href=\"https:\/\/i0.wp.com\/volare.volotea.com\/wp-content\/uploads\/2018\/12\/image-21-1024x680.jpg?ssl=1\" target=\"_blank\"><img data-recalc-dims=\"1\" loading=\"lazy\" decoding=\"async\" class=\"alignnone size-large wp-image-8127\" src=\"https:\/\/i0.wp.com\/volare.volotea.com\/wp-content\/uploads\/2018\/12\/image-21.jpg?resize=640%2C425&#038;ssl=1\" alt=\"\" width=\"640\" height=\"425\" \/><\/a><br \/>\n<a href=\"https:\/\/i0.wp.com\/volare.volotea.com\/wp-content\/uploads\/2018\/12\/image-31-1024x680.jpg?ssl=1\" target=\"_blank\"><br \/>\n<img data-recalc-dims=\"1\" loading=\"lazy\" decoding=\"async\" class=\"alignnone size-large wp-image-8128\" src=\"https:\/\/i0.wp.com\/volare.volotea.com\/wp-content\/uploads\/2018\/12\/image-31.jpg?resize=640%2C425&#038;ssl=1\" alt=\"\" width=\"640\" height=\"425\" srcset=\"https:\/\/i0.wp.com\/volare.volotea.com\/wp-content\/uploads\/2018\/12\/image-31.jpg?resize=1024%2C680&amp;ssl=1 1024w, https:\/\/i0.wp.com\/volare.volotea.com\/wp-content\/uploads\/2018\/12\/image-31.jpg?resize=300%2C199&amp;ssl=1 300w, https:\/\/i0.wp.com\/volare.volotea.com\/wp-content\/uploads\/2018\/12\/image-31.jpg?resize=768%2C510&amp;ssl=1 768w, https:\/\/i0.wp.com\/volare.volotea.com\/wp-content\/uploads\/2018\/12\/image-31.jpg?w=1500&amp;ssl=1 1500w, https:\/\/i0.wp.com\/volare.volotea.com\/wp-content\/uploads\/2018\/12\/image-31.jpg?w=1280&amp;ssl=1 1280w\" sizes=\"auto, (max-width: 640px) 100vw, 640px\" \/><\/a><\/p>\n","protected":false},"excerpt":{"rendered":"<p>La Fiesta de Sant&#8217;Agata es la celebraci\u00f3n religiosa m\u00e1s importante que acoge la ciudad de Catania. Sant&#8217;Agata, conocida como santa \u00c1gueda en Espa\u00f1a, es la patrona de la ciudad y se la recuerda en diversos momentos del a\u00f1o.<\/p>\n","protected":false},"author":30,"featured_media":8123,"template":"","topics":[2527],"destination":[2754],"class_list":["post-8117","inspiracion","type-inspiracion","status-publish","has-post-thumbnail","hentry","topics-estilo-de-vida-cultura","destination-catania"],"acf":[],"yoast_head":"<!-- This site is optimized with the Yoast SEO plugin v28.3 - https:\/\/yoast.com\/product\/yoast-seo-wordpress\/ -->\n<title>Fiesta de Sant&#039;Agata, patrona de Catania - VOLARE MAGAZINE | VOLOTEA<\/title>\n<meta name=\"description\" content=\"La Fiesta de Sant&#039;Agata es la celebraci\u00f3n religiosa m\u00e1s importante que acoge la ciudad de Catania.\" \/>\n<meta name=\"robots\" content=\"index, follow, max-snippet:-1, max-image-preview:large, max-video-preview:-1\" \/>\n<link rel=\"canonical\" href=\"https:\/\/volare.volotea.com\/es\/ciudades\/catania\/fiesta-de-santagata-patrona-de-catania\/\" \/>\n<meta property=\"og:locale\" content=\"es_ES\" \/>\n<meta property=\"og:type\" content=\"article\" \/>\n<meta property=\"og:title\" content=\"Fiesta de Sant&#039;Agata, patrona de Catania - VOLARE MAGAZINE | VOLOTEA\" \/>\n<meta property=\"og:description\" content=\"La Fiesta de Sant&#039;Agata es la celebraci\u00f3n religiosa m\u00e1s importante que acoge la ciudad de Catania.\" \/>\n<meta property=\"og:url\" content=\"https:\/\/volare.volotea.com\/es\/ciudades\/catania\/fiesta-de-santagata-patrona-de-catania\/\" \/>\n<meta property=\"og:site_name\" content=\"VOLARE MAGAZINE | VOLOTEA\" \/>\n<meta property=\"article:publisher\" content=\"https:\/\/www.facebook.com\/Volotea\/\" \/>\n<meta property=\"article:modified_time\" content=\"2018-12-05T10:28:02+00:00\" \/>\n<meta property=\"og:image\" content=\"https:\/\/volare.volotea.com\/wp-content\/uploads\/2018\/12\/main-picture.jpg\" \/>\n\t<meta property=\"og:image:width\" content=\"2121\" \/>\n\t<meta property=\"og:image:height\" content=\"1414\" \/>\n\t<meta property=\"og:image:type\" content=\"image\/jpeg\" \/>\n<meta name=\"twitter:card\" content=\"summary_large_image\" \/>\n<meta name=\"twitter:site\" content=\"@volotea\" \/>\n<meta name=\"twitter:label1\" content=\"Tiempo de lectura\" \/>\n\t<meta name=\"twitter:data1\" content=\"2 minutos\" \/>\n<script type=\"application\/ld+json\" class=\"yoast-schema-graph\">{\"@context\":\"https:\\\/\\\/schema.org\",\"@graph\":[{\"@type\":\"WebPage\",\"@id\":\"https:\\\/\\\/volare.volotea.com\\\/es\\\/ciudades\\\/catania\\\/fiesta-de-santagata-patrona-de-catania\\\/\",\"url\":\"https:\\\/\\\/volare.volotea.com\\\/es\\\/ciudades\\\/catania\\\/fiesta-de-santagata-patrona-de-catania\\\/\",\"name\":\"Fiesta de Sant'Agata, patrona de Catania - VOLARE MAGAZINE | VOLOTEA\",\"isPartOf\":{\"@id\":\"https:\\\/\\\/volare.volotea.com\\\/fr\\\/#website\"},\"primaryImageOfPage\":{\"@id\":\"https:\\\/\\\/volare.volotea.com\\\/es\\\/ciudades\\\/catania\\\/fiesta-de-santagata-patrona-de-catania\\\/#primaryimage\"},\"image\":{\"@id\":\"https:\\\/\\\/volare.volotea.com\\\/es\\\/ciudades\\\/catania\\\/fiesta-de-santagata-patrona-de-catania\\\/#primaryimage\"},\"thumbnailUrl\":\"https:\\\/\\\/i0.wp.com\\\/volare.volotea.com\\\/wp-content\\\/uploads\\\/2018\\\/12\\\/main-picture.jpg?fit=2121%2C1414&ssl=1\",\"datePublished\":\"2018-12-05T10:16:28+00:00\",\"dateModified\":\"2018-12-05T10:28:02+00:00\",\"description\":\"La Fiesta de Sant'Agata es la celebraci\u00f3n religiosa m\u00e1s importante que acoge la ciudad de Catania.\",\"breadcrumb\":{\"@id\":\"https:\\\/\\\/volare.volotea.com\\\/es\\\/ciudades\\\/catania\\\/fiesta-de-santagata-patrona-de-catania\\\/#breadcrumb\"},\"inLanguage\":\"es\",\"potentialAction\":[{\"@type\":\"ReadAction\",\"target\":[\"https:\\\/\\\/volare.volotea.com\\\/es\\\/ciudades\\\/catania\\\/fiesta-de-santagata-patrona-de-catania\\\/\"]}]},{\"@type\":\"ImageObject\",\"inLanguage\":\"es\",\"@id\":\"https:\\\/\\\/volare.volotea.com\\\/es\\\/ciudades\\\/catania\\\/fiesta-de-santagata-patrona-de-catania\\\/#primaryimage\",\"url\":\"https:\\\/\\\/i0.wp.com\\\/volare.volotea.com\\\/wp-content\\\/uploads\\\/2018\\\/12\\\/main-picture.jpg?fit=2121%2C1414&ssl=1\",\"contentUrl\":\"https:\\\/\\\/i0.wp.com\\\/volare.volotea.com\\\/wp-content\\\/uploads\\\/2018\\\/12\\\/main-picture.jpg?fit=2121%2C1414&ssl=1\",\"width\":2121,\"height\":1414},{\"@type\":\"BreadcrumbList\",\"@id\":\"https:\\\/\\\/volare.volotea.com\\\/es\\\/ciudades\\\/catania\\\/fiesta-de-santagata-patrona-de-catania\\\/#breadcrumb\",\"itemListElement\":[{\"@type\":\"ListItem\",\"position\":1,\"name\":\"Portada\",\"item\":\"https:\\\/\\\/volare.volotea.com\\\/es\\\/\"},{\"@type\":\"ListItem\",\"position\":2,\"name\":\"Inspiracion\",\"item\":\"https:\\\/\\\/volare.volotea.com\\\/it\\\/citta\\\/\"},{\"@type\":\"ListItem\",\"position\":3,\"name\":\"Fiesta de Sant&#8217;Agata, patrona de Catania\"}]},{\"@type\":\"WebSite\",\"@id\":\"https:\\\/\\\/volare.volotea.com\\\/fr\\\/#website\",\"url\":\"https:\\\/\\\/volare.volotea.com\\\/fr\\\/\",\"name\":\"VOLARE MAGAZINE | VOLOTEA\",\"description\":\"Travel Blog\",\"publisher\":{\"@id\":\"https:\\\/\\\/volare.volotea.com\\\/fr\\\/#organization\"},\"potentialAction\":[{\"@type\":\"SearchAction\",\"target\":{\"@type\":\"EntryPoint\",\"urlTemplate\":\"https:\\\/\\\/volare.volotea.com\\\/fr\\\/?s={search_term_string}\"},\"query-input\":{\"@type\":\"PropertyValueSpecification\",\"valueRequired\":true,\"valueName\":\"search_term_string\"}}],\"inLanguage\":\"es\"},{\"@type\":\"Organization\",\"@id\":\"https:\\\/\\\/volare.volotea.com\\\/fr\\\/#organization\",\"name\":\"VOLARE MAGAZINE | VOLOTEA\",\"url\":\"https:\\\/\\\/volare.volotea.com\\\/fr\\\/\",\"logo\":{\"@type\":\"ImageObject\",\"inLanguage\":\"es\",\"@id\":\"https:\\\/\\\/volare.volotea.com\\\/fr\\\/#\\\/schema\\\/logo\\\/image\\\/\",\"url\":\"https:\\\/\\\/volare.volotea.com\\\/wp-content\\\/uploads\\\/2026\\\/04\\\/volotea.png\",\"contentUrl\":\"https:\\\/\\\/volare.volotea.com\\\/wp-content\\\/uploads\\\/2026\\\/04\\\/volotea.png\",\"width\":960,\"height\":318,\"caption\":\"VOLARE MAGAZINE | VOLOTEA\"},\"image\":{\"@id\":\"https:\\\/\\\/volare.volotea.com\\\/fr\\\/#\\\/schema\\\/logo\\\/image\\\/\"},\"sameAs\":[\"https:\\\/\\\/www.facebook.com\\\/Volotea\\\/\",\"https:\\\/\\\/x.com\\\/volotea\",\"https:\\\/\\\/es.pinterest.com\\\/volotea\\\/\"]}]}<\/script>\n<!-- \/ Yoast SEO plugin. -->","yoast_head_json":{"title":"Fiesta de Sant'Agata, patrona de Catania - VOLARE MAGAZINE | VOLOTEA","description":"La Fiesta de Sant'Agata es la celebraci\u00f3n religiosa m\u00e1s importante que acoge la ciudad de Catania.","robots":{"index":"index","follow":"follow","max-snippet":"max-snippet:-1","max-image-preview":"max-image-preview:large","max-video-preview":"max-video-preview:-1"},"canonical":"https:\/\/volare.volotea.com\/es\/ciudades\/catania\/fiesta-de-santagata-patrona-de-catania\/","og_locale":"es_ES","og_type":"article","og_title":"Fiesta de Sant'Agata, patrona de Catania - VOLARE MAGAZINE | VOLOTEA","og_description":"La Fiesta de Sant'Agata es la celebraci\u00f3n religiosa m\u00e1s importante que acoge la ciudad de Catania.","og_url":"https:\/\/volare.volotea.com\/es\/ciudades\/catania\/fiesta-de-santagata-patrona-de-catania\/","og_site_name":"VOLARE MAGAZINE | VOLOTEA","article_publisher":"https:\/\/www.facebook.com\/Volotea\/","article_modified_time":"2018-12-05T10:28:02+00:00","og_image":[{"width":2121,"height":1414,"url":"https:\/\/volare.volotea.com\/wp-content\/uploads\/2018\/12\/main-picture.jpg","type":"image\/jpeg"}],"twitter_card":"summary_large_image","twitter_site":"@volotea","twitter_misc":{"Tiempo de lectura":"2 minutos"},"schema":{"@context":"https:\/\/schema.org","@graph":[{"@type":"WebPage","@id":"https:\/\/volare.volotea.com\/es\/ciudades\/catania\/fiesta-de-santagata-patrona-de-catania\/","url":"https:\/\/volare.volotea.com\/es\/ciudades\/catania\/fiesta-de-santagata-patrona-de-catania\/","name":"Fiesta de Sant'Agata, patrona de Catania - VOLARE MAGAZINE | VOLOTEA","isPartOf":{"@id":"https:\/\/volare.volotea.com\/fr\/#website"},"primaryImageOfPage":{"@id":"https:\/\/volare.volotea.com\/es\/ciudades\/catania\/fiesta-de-santagata-patrona-de-catania\/#primaryimage"},"image":{"@id":"https:\/\/volare.volotea.com\/es\/ciudades\/catania\/fiesta-de-santagata-patrona-de-catania\/#primaryimage"},"thumbnailUrl":"https:\/\/i0.wp.com\/volare.volotea.com\/wp-content\/uploads\/2018\/12\/main-picture.jpg?fit=2121%2C1414&ssl=1","datePublished":"2018-12-05T10:16:28+00:00","dateModified":"2018-12-05T10:28:02+00:00","description":"La Fiesta de Sant'Agata es la celebraci\u00f3n religiosa m\u00e1s importante que acoge la ciudad de Catania.","breadcrumb":{"@id":"https:\/\/volare.volotea.com\/es\/ciudades\/catania\/fiesta-de-santagata-patrona-de-catania\/#breadcrumb"},"inLanguage":"es","potentialAction":[{"@type":"ReadAction","target":["https:\/\/volare.volotea.com\/es\/ciudades\/catania\/fiesta-de-santagata-patrona-de-catania\/"]}]},{"@type":"ImageObject","inLanguage":"es","@id":"https:\/\/volare.volotea.com\/es\/ciudades\/catania\/fiesta-de-santagata-patrona-de-catania\/#primaryimage","url":"https:\/\/i0.wp.com\/volare.volotea.com\/wp-content\/uploads\/2018\/12\/main-picture.jpg?fit=2121%2C1414&ssl=1","contentUrl":"https:\/\/i0.wp.com\/volare.volotea.com\/wp-content\/uploads\/2018\/12\/main-picture.jpg?fit=2121%2C1414&ssl=1","width":2121,"height":1414},{"@type":"BreadcrumbList","@id":"https:\/\/volare.volotea.com\/es\/ciudades\/catania\/fiesta-de-santagata-patrona-de-catania\/#breadcrumb","itemListElement":[{"@type":"ListItem","position":1,"name":"Portada","item":"https:\/\/volare.volotea.com\/es\/"},{"@type":"ListItem","position":2,"name":"Inspiracion","item":"https:\/\/volare.volotea.com\/it\/citta\/"},{"@type":"ListItem","position":3,"name":"Fiesta de Sant&#8217;Agata, patrona de Catania"}]},{"@type":"WebSite","@id":"https:\/\/volare.volotea.com\/fr\/#website","url":"https:\/\/volare.volotea.com\/fr\/","name":"VOLARE MAGAZINE | VOLOTEA","description":"Travel Blog","publisher":{"@id":"https:\/\/volare.volotea.com\/fr\/#organization"},"potentialAction":[{"@type":"SearchAction","target":{"@type":"EntryPoint","urlTemplate":"https:\/\/volare.volotea.com\/fr\/?s={search_term_string}"},"query-input":{"@type":"PropertyValueSpecification","valueRequired":true,"valueName":"search_term_string"}}],"inLanguage":"es"},{"@type":"Organization","@id":"https:\/\/volare.volotea.com\/fr\/#organization","name":"VOLARE MAGAZINE | VOLOTEA","url":"https:\/\/volare.volotea.com\/fr\/","logo":{"@type":"ImageObject","inLanguage":"es","@id":"https:\/\/volare.volotea.com\/fr\/#\/schema\/logo\/image\/","url":"https:\/\/volare.volotea.com\/wp-content\/uploads\/2026\/04\/volotea.png","contentUrl":"https:\/\/volare.volotea.com\/wp-content\/uploads\/2026\/04\/volotea.png","width":960,"height":318,"caption":"VOLARE MAGAZINE | VOLOTEA"},"image":{"@id":"https:\/\/volare.volotea.com\/fr\/#\/schema\/logo\/image\/"},"sameAs":["https:\/\/www.facebook.com\/Volotea\/","https:\/\/x.com\/volotea","https:\/\/es.pinterest.com\/volotea\/"]}]}},"jetpack_sharing_enabled":true,"_links":{"self":[{"href":"https:\/\/volare.volotea.com\/es\/wp-json\/wp\/v2\/inspiracion\/8117","targetHints":{"allow":["GET"]}}],"collection":[{"href":"https:\/\/volare.volotea.com\/es\/wp-json\/wp\/v2\/inspiracion"}],"about":[{"href":"https:\/\/volare.volotea.com\/es\/wp-json\/wp\/v2\/types\/inspiracion"}],"author":[{"embeddable":true,"href":"https:\/\/volare.volotea.com\/es\/wp-json\/wp\/v2\/users\/30"}],"wp:featuredmedia":[{"embeddable":true,"href":"https:\/\/volare.volotea.com\/es\/wp-json\/wp\/v2\/media\/8123"}],"wp:attachment":[{"href":"https:\/\/volare.volotea.com\/es\/wp-json\/wp\/v2\/media?parent=8117"}],"wp:term":[{"taxonomy":"topics","embeddable":true,"href":"https:\/\/volare.volotea.com\/es\/wp-json\/wp\/v2\/topics?post=8117"},{"taxonomy":"destination","embeddable":true,"href":"https:\/\/volare.volotea.com\/es\/wp-json\/wp\/v2\/destination?post=8117"}],"curies":[{"name":"wp","href":"https:\/\/api.w.org\/{rel}","templated":true}]}}