{"id":30444,"date":"2025-05-13T09:51:25","date_gmt":"2025-05-13T09:51:25","guid":{"rendered":"https:\/\/volare.volotea.com\/?post_type=inspiracion&#038;p=30444"},"modified":"2025-05-13T09:52:51","modified_gmt":"2025-05-13T09:52:51","slug":"eventos-menorca-todo-el-ano","status":"publish","type":"inspiracion","link":"https:\/\/volare.volotea.com\/es\/ciudades\/menorca\/eventos-menorca-todo-el-ano\/","title":{"rendered":"Menorca todo el a\u00f1o: eventos y cultura que dan vida a la isla"},"content":{"rendered":"<h5 class=\"wp-block-heading\"><a href=\"https:\/\/volare.volotea.com\/es\/ciudades\/menorca\/\" target=\"_blank\" rel=\"noreferrer noopener\">Menorca<\/a>, esa joya del Mediterr\u00e1neo conocida por sus playas de ensue\u00f1o y aguas cristalinas, es mucho m\u00e1s que un destino veraniego. La isla alberga una rica vida cultural y tradiciones locales aut\u00e9nticas que enriquecen la experiencia de cualquier viajero.\u00a0<\/h5>\n<p class=\"wp-block-paragraph\">A continuaci\u00f3n, te invitamos a recorrer el calendario de festivales y eventos culturales que <a href=\"https:\/\/volare.volotea.com\/es\/ciudades\/menorca\/menorca-en-temporada-baja\/\" target=\"_blank\" rel=\"noreferrer noopener\">Menorca ofrece a lo largo del a\u00f1o<\/a>, especialmente en primavera, oto\u00f1o e invierno, para que descubras su alma festiva y tradiciones m\u00e1s arraigadas.<\/p>\n<h2 class=\"wp-block-heading\"><strong>Festivales y eventos deportivos y culturales en Menorca a lo largo del a\u00f1o<\/strong><\/h2>\n<h3 class=\"wp-block-heading\"><strong>Todo el a\u00f1o: Deporte y bienestar en la naturaleza<\/strong><\/h3>\n<p class=\"wp-block-paragraph\">Adem\u00e1s de su agenda cultural, Menorca ha reforzado en los \u00faltimos a\u00f1os s perfil como destino ideal para quienes buscan experiencias en la naturaleza vinculadas al deporte y al bienestar. Su red de caminos hist\u00f3ricos, calas escondidas y paisajes v\u00edrgenes hacen de la isla el escenario perfecto para conectar con el entorno y con uno mismo.<\/p>\n<h3 class=\"wp-block-heading\"><strong>Trail Menorca Cam\u00ed de Cavalls (mayo)<\/strong><\/h3>\n<p class=\"wp-block-paragraph\">Uno de los grandes retos deportivos del calendario menorqu\u00edn es el <a href=\"https:\/\/www.menorca.es\/es\/Trail_Menorca_Cami_de_Cavalls\/17200\" target=\"_blank\" rel=\"noreferrer noopener\">Trail Menorca Cam\u00ed de Cavalls<\/a>. Esta exigente carrera de ultra-trail recorre el hist\u00f3rico sendero que rodea toda la isla (el GR-223), sumando m\u00e1s de 185 km entre acantilados, bosques y playas. Es una prueba de resistencia y belleza natural que atrae a corredores de todo el mundo.<\/p>\n<h3 class=\"wp-block-heading\"><strong>Volta Menorca BTT (octubre)<\/strong><\/h3>\n<p class=\"wp-block-paragraph\">En oto\u00f1o, los aficionados a la bicicleta de monta\u00f1a tienen una cita ineludible con la <a href=\"https:\/\/www.menorca.es\/es\/Volta_Menorca_BTT\/17335\" target=\"_blank\" rel=\"noreferrer noopener\">Volta Menorca BTT<\/a>. Este evento no competitivo propone rutas espectaculares en bicicleta por caminos rurales y senderos costeros, combinando deporte, turismo activo y convivencia entre participantes de todas las edades.<\/p>\n<h3 class=\"wp-block-heading\"><strong>Yoga Gallery festival : bienestar con vistas (junio)<\/strong><\/h3>\n<p class=\"wp-block-paragraph\">Para quienes buscan experiencias m\u00e1s tranquilas, la isla ofrece tambi\u00e9n propuestas de bienestar como <a href=\"https:\/\/www.menorca.es\/es\/Yoga_gallery\/17325\" target=\"_blank\" rel=\"noreferrer noopener\"><em>Yoga Gallery<\/em><\/a>, un festival que combina sesiones de yoga en espacios naturales y patrimoniales con m\u00fasica, arte y gastronom\u00eda saludable. Una actividad perfecta para conectar cuerpo y mente con el paisaje menorqu\u00edn.<\/p>\n<p class=\"wp-block-paragraph\">Encuentra otras propuestas para apasionados de deporte y naturaleza en la p\u00e1gina dedicada de la <a href=\"https:\/\/www.menorca.es\/es\/Seccio_FFTM\/13201\" target=\"_blank\" rel=\"noreferrer noopener\">Fundaci\u00f3 Foment del Turisme de Menorca.<\/a><\/p>\n<h2 class=\"wp-block-heading\"><strong>Primavera: el despertar cultural<\/strong><\/h2>\n<h3 class=\"wp-block-heading\"><strong>Marzo a mayo: Menorca Jazz Festival<\/strong>\u00a0<\/h3>\n<p class=\"wp-block-paragraph\">Desde marzo hasta mayo, el <a href=\"https:\/\/www.menorcajazzfestival.com\/es\" target=\"_blank\" rel=\"noreferrer noopener\">Menorca Jazz Festival<\/a> ofrece una amplia gama de experiencias musicales. Los conciertos se llevan a cabo en escenarios emblem\u00e1ticos como el Teatre Principal de Ma\u00f3 y el Teatre des Born de Ciutadella, as\u00ed como en espacios al aire libre como el Palmeral de Calan Blanes. Adem\u00e1s de las actuaciones principales, el festival incluye actividades de calle como la Menorca Lindy Exchange, proyecciones de cine, talleres y el Festival Amalgama Kids, dirigido a los m\u00e1s j\u00f3venes. En la edici\u00f3n de 2025, el festival comienza el 6 de marzo con la actuaci\u00f3n de C\u00e9cile McLorin Salvant, una destacada artista del jazz. \u200b<\/p>\n<figure class=\"wp-block-image size-large\"><img data-recalc-dims=\"1\" loading=\"lazy\" decoding=\"async\" width=\"640\" height=\"427\" src=\"https:\/\/i0.wp.com\/volare.volotea.com\/wp-content\/uploads\/2025\/05\/jazz-240504_melx24_pasacalles_0091.jpg?resize=640%2C427&#038;ssl=1\" alt=\"MENORCA JAZZ FESTIVAL\" class=\"wp-image-30448\" srcset=\"https:\/\/i0.wp.com\/volare.volotea.com\/wp-content\/uploads\/2025\/05\/jazz-240504_melx24_pasacalles_0091.jpg?resize=1024%2C683&amp;ssl=1 1024w, https:\/\/i0.wp.com\/volare.volotea.com\/wp-content\/uploads\/2025\/05\/jazz-240504_melx24_pasacalles_0091.jpg?resize=300%2C200&amp;ssl=1 300w, https:\/\/i0.wp.com\/volare.volotea.com\/wp-content\/uploads\/2025\/05\/jazz-240504_melx24_pasacalles_0091.jpg?resize=768%2C512&amp;ssl=1 768w, https:\/\/i0.wp.com\/volare.volotea.com\/wp-content\/uploads\/2025\/05\/jazz-240504_melx24_pasacalles_0091.jpg?resize=1200%2C800&amp;ssl=1 1200w, https:\/\/i0.wp.com\/volare.volotea.com\/wp-content\/uploads\/2025\/05\/jazz-240504_melx24_pasacalles_0091.jpg?w=1500&amp;ssl=1 1500w, https:\/\/i0.wp.com\/volare.volotea.com\/wp-content\/uploads\/2025\/05\/jazz-240504_melx24_pasacalles_0091.jpg?w=1280&amp;ssl=1 1280w\" sizes=\"auto, (max-width: 640px) 100vw, 640px\" \/><\/figure>\n<h3 class=\"wp-block-heading\"><strong>Abril: Jornadas Gastron\u00f3micas del Peix<\/strong><\/h3>\n<p class=\"wp-block-paragraph\">Con la llegada de la primavera, Menorca celebra su riqueza culinaria con las <a href=\"https:\/\/www.menorca.info\/menorca\/vivir-menorca\/2025\/03\/31\/2357101\/jornades-gastronomiques-peix-adelantan-mes-estos-son-restaurantes-participantes.html\" target=\"_blank\" rel=\"noreferrer noopener\">Jornadas Gastron\u00f3micas del Peix<\/a>. Durante este evento, diversos restaurantes de la isla ofrecen men\u00fas especiales centrados en el pescado local, permitiendo a residentes y visitantes degustar lo mejor de la cocina marinera menorquina. \u200b<\/p>\n<h3 class=\"wp-block-heading\"><strong>Mayo: temporada de \u00d3pera en Ma\u00f3<\/strong><\/h3>\n<p class=\"wp-block-paragraph\">El Teatre Principal de Ma\u00f3, el teatro de \u00f3pera m\u00e1s antiguo de Espa\u00f1a, acoge la <a href=\"https:\/\/www.operamenorca.com\/\" target=\"_blank\" rel=\"noreferrer noopener\">Temporada de \u00d3pera<\/a> organizada por Amics de s\u2019\u00d2pera de Ma\u00f3. En 2025, la obra destacada ser\u00e1 \u00abAida\u00bb de Giuseppe Verdi, con funciones programadas para el 30 de mayo y el 1 de junio. \u200b<\/p>\n<h2 class=\"wp-block-heading\"><strong>Oto\u00f1o: tradici\u00f3n y cine documental<\/strong><\/h2>\n<h3 class=\"wp-block-heading\"><strong>Copa del Rey de Barcos de \u00c9poca<\/strong><\/h3>\n<p class=\"wp-block-paragraph\">El puerto de Ma\u00f3 se convierte a finales de agosto en el escenario de la prestigiosa <a href=\"https:\/\/www.spain.info\/es\/agenda\/vela-copa-rey-barcos-epoca-vela-clasica-menorca\/\" target=\"_blank\" rel=\"noreferrer noopener\">Copa del Rey de Barcos de \u00c9poca<\/a>, una regata internacional que re\u00fane embarcaciones cl\u00e1sicas y de \u00e9poca. Es una oportunidad \u00fanica para admirar la elegancia de estos veleros hist\u00f3ricos y sumergirse en el ambiente n\u00e1utico de la isla. \u200b<\/p>\n<figure class=\"wp-block-image size-large\"><img data-recalc-dims=\"1\" loading=\"lazy\" decoding=\"async\" width=\"640\" height=\"432\" src=\"https:\/\/i0.wp.com\/volare.volotea.com\/wp-content\/uploads\/2025\/05\/210829-vela-clasica-menorca-3967-copia.jpg?resize=640%2C432&#038;ssl=1\" alt=\"COPA DEL REY VELA MENORCA\" class=\"wp-image-30454\" srcset=\"https:\/\/i0.wp.com\/volare.volotea.com\/wp-content\/uploads\/2025\/05\/210829-vela-clasica-menorca-3967-copia.jpg?resize=1024%2C691&amp;ssl=1 1024w, https:\/\/i0.wp.com\/volare.volotea.com\/wp-content\/uploads\/2025\/05\/210829-vela-clasica-menorca-3967-copia.jpg?resize=300%2C203&amp;ssl=1 300w, https:\/\/i0.wp.com\/volare.volotea.com\/wp-content\/uploads\/2025\/05\/210829-vela-clasica-menorca-3967-copia.jpg?resize=768%2C518&amp;ssl=1 768w, https:\/\/i0.wp.com\/volare.volotea.com\/wp-content\/uploads\/2025\/05\/210829-vela-clasica-menorca-3967-copia.jpg?resize=1536%2C1037&amp;ssl=1 1536w, https:\/\/i0.wp.com\/volare.volotea.com\/wp-content\/uploads\/2025\/05\/210829-vela-clasica-menorca-3967-copia.jpg?resize=2048%2C1383&amp;ssl=1 2048w, https:\/\/i0.wp.com\/volare.volotea.com\/wp-content\/uploads\/2025\/05\/210829-vela-clasica-menorca-3967-copia.jpg?resize=1200%2C810&amp;ssl=1 1200w, https:\/\/i0.wp.com\/volare.volotea.com\/wp-content\/uploads\/2025\/05\/210829-vela-clasica-menorca-3967-copia.jpg?w=1280&amp;ssl=1 1280w, https:\/\/i0.wp.com\/volare.volotea.com\/wp-content\/uploads\/2025\/05\/210829-vela-clasica-menorca-3967-copia.jpg?w=1920&amp;ssl=1 1920w\" sizes=\"auto, (max-width: 640px) 100vw, 640px\" \/><\/figure>\n<h3 class=\"wp-block-heading\"><strong>Septiembre: Cranc Festival en Ma\u00f3<\/strong><\/h3>\n<p class=\"wp-block-paragraph\">Para los amantes de la m\u00fasica indie y alternativa, el <a href=\"https:\/\/crancfestival.com\/menorca\/\" target=\"_blank\" rel=\"noreferrer noopener\">Cranc Festival<\/a> se ha consolidado como una cita ineludible. Celebrado en Ma\u00f3, este festival presenta una cuidada selecci\u00f3n de bandas emergentes y consolidadas, creando un ambiente vibrante y juvenil al final del verano menorqu\u00edn. \u200b<\/p>\n<figure class=\"wp-block-image size-large\"><img data-recalc-dims=\"1\" loading=\"lazy\" decoding=\"async\" width=\"640\" height=\"426\" src=\"https:\/\/i0.wp.com\/volare.volotea.com\/wp-content\/uploads\/2025\/05\/cranc_22-jueves-kevin-kaarl--javier-rosa010.jpg?resize=640%2C426&#038;ssl=1\" alt=\"CRANC FESTIVAL MENORCA\" class=\"wp-image-30459\" srcset=\"https:\/\/i0.wp.com\/volare.volotea.com\/wp-content\/uploads\/2025\/05\/cranc_22-jueves-kevin-kaarl--javier-rosa010.jpg?resize=1024%2C681&amp;ssl=1 1024w, https:\/\/i0.wp.com\/volare.volotea.com\/wp-content\/uploads\/2025\/05\/cranc_22-jueves-kevin-kaarl--javier-rosa010.jpg?resize=300%2C200&amp;ssl=1 300w, https:\/\/i0.wp.com\/volare.volotea.com\/wp-content\/uploads\/2025\/05\/cranc_22-jueves-kevin-kaarl--javier-rosa010.jpg?resize=768%2C511&amp;ssl=1 768w, https:\/\/i0.wp.com\/volare.volotea.com\/wp-content\/uploads\/2025\/05\/cranc_22-jueves-kevin-kaarl--javier-rosa010.jpg?resize=1536%2C1022&amp;ssl=1 1536w, https:\/\/i0.wp.com\/volare.volotea.com\/wp-content\/uploads\/2025\/05\/cranc_22-jueves-kevin-kaarl--javier-rosa010.jpg?resize=1200%2C799&amp;ssl=1 1200w, https:\/\/i0.wp.com\/volare.volotea.com\/wp-content\/uploads\/2025\/05\/cranc_22-jueves-kevin-kaarl--javier-rosa010.jpg?w=2000&amp;ssl=1 2000w, https:\/\/i0.wp.com\/volare.volotea.com\/wp-content\/uploads\/2025\/05\/cranc_22-jueves-kevin-kaarl--javier-rosa010.jpg?w=1280&amp;ssl=1 1280w, https:\/\/i0.wp.com\/volare.volotea.com\/wp-content\/uploads\/2025\/05\/cranc_22-jueves-kevin-kaarl--javier-rosa010.jpg?w=1920&amp;ssl=1 1920w\" sizes=\"auto, (max-width: 640px) 100vw, 640px\" \/><figcaption class=\"wp-element-caption\">Credits: Javier Rosa<\/figcaption><\/figure>\n<h3 class=\"wp-block-heading\"><strong>Octubre: Menorca Doc Fest<\/strong><\/h3>\n<p class=\"wp-block-paragraph\">El oto\u00f1o trae consigo el <a href=\"https:\/\/www.menorcadocfest.com\/\" target=\"_blank\" rel=\"noreferrer noopener\">Menorca Doc Fest,<\/a> un festival dedicado al cine documental y la fotograf\u00eda. A trav\u00e9s de proyecciones, exposiciones y talleres, este evento promueve la reflexi\u00f3n y el debate sobre diversas tem\u00e1ticas sociales y culturales, consolid\u00e1ndose como un espacio de encuentro para creadores y p\u00fablico. \u200b<\/p>\n<figure class=\"wp-block-image size-large\"><img data-recalc-dims=\"1\" loading=\"lazy\" decoding=\"async\" width=\"640\" height=\"428\" src=\"https:\/\/i0.wp.com\/volare.volotea.com\/wp-content\/uploads\/2025\/05\/diaporama-mdf-23-_foto_david_arquimbau_sintes_-15.jpg?resize=640%2C428&#038;ssl=1\" alt=\"menorca doc fest\" class=\"wp-image-30464\" srcset=\"https:\/\/i0.wp.com\/volare.volotea.com\/wp-content\/uploads\/2025\/05\/diaporama-mdf-23-_foto_david_arquimbau_sintes_-15.jpg?resize=1024%2C684&amp;ssl=1 1024w, https:\/\/i0.wp.com\/volare.volotea.com\/wp-content\/uploads\/2025\/05\/diaporama-mdf-23-_foto_david_arquimbau_sintes_-15.jpg?resize=300%2C200&amp;ssl=1 300w, https:\/\/i0.wp.com\/volare.volotea.com\/wp-content\/uploads\/2025\/05\/diaporama-mdf-23-_foto_david_arquimbau_sintes_-15.jpg?resize=768%2C513&amp;ssl=1 768w, https:\/\/i0.wp.com\/volare.volotea.com\/wp-content\/uploads\/2025\/05\/diaporama-mdf-23-_foto_david_arquimbau_sintes_-15.jpg?resize=1536%2C1025&amp;ssl=1 1536w, https:\/\/i0.wp.com\/volare.volotea.com\/wp-content\/uploads\/2025\/05\/diaporama-mdf-23-_foto_david_arquimbau_sintes_-15.jpg?resize=2048%2C1367&amp;ssl=1 2048w, https:\/\/i0.wp.com\/volare.volotea.com\/wp-content\/uploads\/2025\/05\/diaporama-mdf-23-_foto_david_arquimbau_sintes_-15.jpg?resize=1200%2C801&amp;ssl=1 1200w, https:\/\/i0.wp.com\/volare.volotea.com\/wp-content\/uploads\/2025\/05\/diaporama-mdf-23-_foto_david_arquimbau_sintes_-15.jpg?w=1280&amp;ssl=1 1280w, https:\/\/i0.wp.com\/volare.volotea.com\/wp-content\/uploads\/2025\/05\/diaporama-mdf-23-_foto_david_arquimbau_sintes_-15.jpg?w=1920&amp;ssl=1 1920w\" sizes=\"auto, (max-width: 640px) 100vw, 640px\" \/><\/figure>\n<h2 class=\"wp-block-heading\"><strong>Invierno: solidaridad y tradiciones navide\u00f1as<\/strong><\/h2>\n<h3 class=\"wp-block-heading\"><strong>Diciembre: Gala \u00abPor la sonrisa de un ni\u00f1o\u00bb<\/strong><\/h3>\n<p class=\"wp-block-paragraph\">Durante el mes de diciembre, la plaza Esplanada de Ma\u00f3 acoge esta gala ben\u00e9fica organizada por R\u00e0dio Menorca SER y la Creu Roja. El evento tiene como objetivo recoger juguetes y donativos para que ning\u00fan ni\u00f1o de la isla se quede sin regalo en el D\u00eda de Reyes. La jornada est\u00e1 llena de actuaciones musicales, talleres y actividades para toda la familia, reflejando el esp\u00edritu solidario de los menorquines. \u200b<\/p>\n<h3 class=\"wp-block-heading\"><strong>Mercados de Navidad en los pueblos de Menorca<\/strong><\/h3>\n<p class=\"wp-block-paragraph\">Durante el mes de diciembre, los pueblos de Menorca se visten de gala para celebrar la Navidad con sus tradicionales mercados. Calles y plazas se llenan de luces, decoraciones y puestos que ofrecen una amplia variedad de productos artesanales, gastron\u00f3micos y navide\u00f1os. Estos mercadillos no solo son ideales para encontrar regalos \u00fanicos, sino que tambi\u00e9n ofrecen actividades culturales y de ocio para toda la familia, creando una atm\u00f3sfera c\u00e1lida y festiva que refleja el esp\u00edritu comunitario de la isla.<\/p>\n<p class=\"wp-block-paragraph\">Menorca es una isla que vibra todo el a\u00f1o, ofreciendo a sus visitantes una combinaci\u00f3n perfecta de playas paradis\u00edacas, pueblos con encanto, naturaleza exuberante, gente acogedora, gastronom\u00eda deliciosa y tradiciones que perduran en el tiempo. Te invitamos a sumergirte en su cultura y a descubrir cada rinc\u00f3n de esta maravillosa isla, donde cada estaci\u00f3n trae consigo nuevas experiencias y celebraciones.<em> \u00a1Vine i gaudeix de Menorca en tots els seus vessants!<\/em><\/p>\n<p class=\"wp-block-paragraph\"><\/p>\n","protected":false},"excerpt":{"rendered":"<p>Menorca, esa joya del Mediterr\u00e1neo conocida por sus playas de ensue\u00f1o y aguas cristalinas, es mucho m\u00e1s que un destino veraniego. La isla alberga una rica vida cultural y tradiciones locales aut\u00e9nticas que enriquecen la experiencia de cualquier viajero.\u00a0 A continuaci\u00f3n, te invitamos a recorrer el calendario de festivales y eventos culturales que Menorca ofrece [&hellip;]<\/p>\n","protected":false},"author":1,"featured_media":30470,"template":"","topics":[2527],"destination":[2983],"class_list":["post-30444","inspiracion","type-inspiracion","status-publish","has-post-thumbnail","hentry","topics-estilo-de-vida-cultura","destination-menorca"],"acf":[],"yoast_head":"<!-- This site is optimized with the Yoast SEO plugin v28.3 - https:\/\/yoast.com\/product\/yoast-seo-wordpress\/ -->\n<title>Menorca todo el a\u00f1o: eventos y cultura que dan vida a la isla - VOLARE MAGAZINE | VOLOTEA<\/title>\n<meta name=\"description\" content=\"A continuaci\u00f3n, te invitamos a recorrer el calendario de festivales y eventos culturales que Menorca ofrece a lo largo del a\u00f1o.\" \/>\n<meta name=\"robots\" content=\"index, follow, max-snippet:-1, max-image-preview:large, max-video-preview:-1\" \/>\n<link rel=\"canonical\" href=\"https:\/\/volare.volotea.com\/es\/ciudades\/menorca\/eventos-menorca-todo-el-ano\/\" \/>\n<meta property=\"og:locale\" content=\"es_ES\" \/>\n<meta property=\"og:type\" content=\"article\" \/>\n<meta property=\"og:title\" content=\"Menorca todo el a\u00f1o: eventos y cultura que dan vida a la isla - VOLARE MAGAZINE | VOLOTEA\" \/>\n<meta property=\"og:description\" content=\"A continuaci\u00f3n, te invitamos a recorrer el calendario de festivales y eventos culturales que Menorca ofrece a lo largo del a\u00f1o.\" \/>\n<meta property=\"og:url\" content=\"https:\/\/volare.volotea.com\/es\/ciudades\/menorca\/eventos-menorca-todo-el-ano\/\" \/>\n<meta property=\"og:site_name\" content=\"VOLARE MAGAZINE | VOLOTEA\" \/>\n<meta property=\"article:publisher\" content=\"https:\/\/www.facebook.com\/Volotea\/\" \/>\n<meta property=\"article:modified_time\" content=\"2025-05-13T09:52:51+00:00\" \/>\n<meta property=\"og:image\" content=\"https:\/\/volare.volotea.com\/wp-content\/uploads\/2025\/05\/210829-vela-clasica-menorca-3943-copia-1024x645.jpg\" \/>\n\t<meta property=\"og:image:width\" content=\"1024\" \/>\n\t<meta property=\"og:image:height\" content=\"645\" \/>\n\t<meta property=\"og:image:type\" content=\"image\/jpeg\" \/>\n<meta name=\"twitter:card\" content=\"summary_large_image\" \/>\n<meta name=\"twitter:site\" content=\"@volotea\" \/>\n<meta name=\"twitter:label1\" content=\"Tiempo de lectura\" \/>\n\t<meta name=\"twitter:data1\" content=\"7 minutos\" \/>\n<script type=\"application\/ld+json\" class=\"yoast-schema-graph\">{\"@context\":\"https:\\\/\\\/schema.org\",\"@graph\":[{\"@type\":\"WebPage\",\"@id\":\"https:\\\/\\\/volare.volotea.com\\\/es\\\/ciudades\\\/menorca\\\/eventos-menorca-todo-el-ano\\\/\",\"url\":\"https:\\\/\\\/volare.volotea.com\\\/es\\\/ciudades\\\/menorca\\\/eventos-menorca-todo-el-ano\\\/\",\"name\":\"Menorca todo el a\u00f1o: eventos y cultura que dan vida a la isla - VOLARE MAGAZINE | VOLOTEA\",\"isPartOf\":{\"@id\":\"https:\\\/\\\/volare.volotea.com\\\/fr\\\/#website\"},\"primaryImageOfPage\":{\"@id\":\"https:\\\/\\\/volare.volotea.com\\\/es\\\/ciudades\\\/menorca\\\/eventos-menorca-todo-el-ano\\\/#primaryimage\"},\"image\":{\"@id\":\"https:\\\/\\\/volare.volotea.com\\\/es\\\/ciudades\\\/menorca\\\/eventos-menorca-todo-el-ano\\\/#primaryimage\"},\"thumbnailUrl\":\"https:\\\/\\\/i0.wp.com\\\/volare.volotea.com\\\/wp-content\\\/uploads\\\/2025\\\/05\\\/210829-vela-clasica-menorca-3943-copia.jpg?fit=5512%2C3470&ssl=1\",\"datePublished\":\"2025-05-13T09:51:25+00:00\",\"dateModified\":\"2025-05-13T09:52:51+00:00\",\"description\":\"A continuaci\u00f3n, te invitamos a recorrer el calendario de festivales y eventos culturales que Menorca ofrece a lo largo del a\u00f1o.\",\"breadcrumb\":{\"@id\":\"https:\\\/\\\/volare.volotea.com\\\/es\\\/ciudades\\\/menorca\\\/eventos-menorca-todo-el-ano\\\/#breadcrumb\"},\"inLanguage\":\"es\",\"potentialAction\":[{\"@type\":\"ReadAction\",\"target\":[\"https:\\\/\\\/volare.volotea.com\\\/es\\\/ciudades\\\/menorca\\\/eventos-menorca-todo-el-ano\\\/\"]}]},{\"@type\":\"ImageObject\",\"inLanguage\":\"es\",\"@id\":\"https:\\\/\\\/volare.volotea.com\\\/es\\\/ciudades\\\/menorca\\\/eventos-menorca-todo-el-ano\\\/#primaryimage\",\"url\":\"https:\\\/\\\/i0.wp.com\\\/volare.volotea.com\\\/wp-content\\\/uploads\\\/2025\\\/05\\\/210829-vela-clasica-menorca-3943-copia.jpg?fit=5512%2C3470&ssl=1\",\"contentUrl\":\"https:\\\/\\\/i0.wp.com\\\/volare.volotea.com\\\/wp-content\\\/uploads\\\/2025\\\/05\\\/210829-vela-clasica-menorca-3943-copia.jpg?fit=5512%2C3470&ssl=1\",\"width\":5512,\"height\":3470,\"caption\":\"vela menorca\"},{\"@type\":\"BreadcrumbList\",\"@id\":\"https:\\\/\\\/volare.volotea.com\\\/es\\\/ciudades\\\/menorca\\\/eventos-menorca-todo-el-ano\\\/#breadcrumb\",\"itemListElement\":[{\"@type\":\"ListItem\",\"position\":1,\"name\":\"Portada\",\"item\":\"https:\\\/\\\/volare.volotea.com\\\/es\\\/\"},{\"@type\":\"ListItem\",\"position\":2,\"name\":\"Inspiracion\",\"item\":\"https:\\\/\\\/volare.volotea.com\\\/it\\\/citta\\\/\"},{\"@type\":\"ListItem\",\"position\":3,\"name\":\"Menorca todo el a\u00f1o: eventos y cultura que dan vida a la isla\"}]},{\"@type\":\"WebSite\",\"@id\":\"https:\\\/\\\/volare.volotea.com\\\/fr\\\/#website\",\"url\":\"https:\\\/\\\/volare.volotea.com\\\/fr\\\/\",\"name\":\"VOLARE MAGAZINE | VOLOTEA\",\"description\":\"Travel Blog\",\"publisher\":{\"@id\":\"https:\\\/\\\/volare.volotea.com\\\/fr\\\/#organization\"},\"potentialAction\":[{\"@type\":\"SearchAction\",\"target\":{\"@type\":\"EntryPoint\",\"urlTemplate\":\"https:\\\/\\\/volare.volotea.com\\\/fr\\\/?s={search_term_string}\"},\"query-input\":{\"@type\":\"PropertyValueSpecification\",\"valueRequired\":true,\"valueName\":\"search_term_string\"}}],\"inLanguage\":\"es\"},{\"@type\":\"Organization\",\"@id\":\"https:\\\/\\\/volare.volotea.com\\\/fr\\\/#organization\",\"name\":\"VOLARE MAGAZINE | VOLOTEA\",\"url\":\"https:\\\/\\\/volare.volotea.com\\\/fr\\\/\",\"logo\":{\"@type\":\"ImageObject\",\"inLanguage\":\"es\",\"@id\":\"https:\\\/\\\/volare.volotea.com\\\/fr\\\/#\\\/schema\\\/logo\\\/image\\\/\",\"url\":\"https:\\\/\\\/volare.volotea.com\\\/wp-content\\\/uploads\\\/2026\\\/04\\\/volotea.png\",\"contentUrl\":\"https:\\\/\\\/volare.volotea.com\\\/wp-content\\\/uploads\\\/2026\\\/04\\\/volotea.png\",\"width\":960,\"height\":318,\"caption\":\"VOLARE MAGAZINE | VOLOTEA\"},\"image\":{\"@id\":\"https:\\\/\\\/volare.volotea.com\\\/fr\\\/#\\\/schema\\\/logo\\\/image\\\/\"},\"sameAs\":[\"https:\\\/\\\/www.facebook.com\\\/Volotea\\\/\",\"https:\\\/\\\/x.com\\\/volotea\",\"https:\\\/\\\/es.pinterest.com\\\/volotea\\\/\"]}]}<\/script>\n<!-- \/ Yoast SEO plugin. -->","yoast_head_json":{"title":"Menorca todo el a\u00f1o: eventos y cultura que dan vida a la isla - VOLARE MAGAZINE | VOLOTEA","description":"A continuaci\u00f3n, te invitamos a recorrer el calendario de festivales y eventos culturales que Menorca ofrece a lo largo del a\u00f1o.","robots":{"index":"index","follow":"follow","max-snippet":"max-snippet:-1","max-image-preview":"max-image-preview:large","max-video-preview":"max-video-preview:-1"},"canonical":"https:\/\/volare.volotea.com\/es\/ciudades\/menorca\/eventos-menorca-todo-el-ano\/","og_locale":"es_ES","og_type":"article","og_title":"Menorca todo el a\u00f1o: eventos y cultura que dan vida a la isla - VOLARE MAGAZINE | VOLOTEA","og_description":"A continuaci\u00f3n, te invitamos a recorrer el calendario de festivales y eventos culturales que Menorca ofrece a lo largo del a\u00f1o.","og_url":"https:\/\/volare.volotea.com\/es\/ciudades\/menorca\/eventos-menorca-todo-el-ano\/","og_site_name":"VOLARE MAGAZINE | VOLOTEA","article_publisher":"https:\/\/www.facebook.com\/Volotea\/","article_modified_time":"2025-05-13T09:52:51+00:00","og_image":[{"width":1024,"height":645,"url":"https:\/\/volare.volotea.com\/wp-content\/uploads\/2025\/05\/210829-vela-clasica-menorca-3943-copia-1024x645.jpg","type":"image\/jpeg"}],"twitter_card":"summary_large_image","twitter_site":"@volotea","twitter_misc":{"Tiempo de lectura":"7 minutos"},"schema":{"@context":"https:\/\/schema.org","@graph":[{"@type":"WebPage","@id":"https:\/\/volare.volotea.com\/es\/ciudades\/menorca\/eventos-menorca-todo-el-ano\/","url":"https:\/\/volare.volotea.com\/es\/ciudades\/menorca\/eventos-menorca-todo-el-ano\/","name":"Menorca todo el a\u00f1o: eventos y cultura que dan vida a la isla - VOLARE MAGAZINE | VOLOTEA","isPartOf":{"@id":"https:\/\/volare.volotea.com\/fr\/#website"},"primaryImageOfPage":{"@id":"https:\/\/volare.volotea.com\/es\/ciudades\/menorca\/eventos-menorca-todo-el-ano\/#primaryimage"},"image":{"@id":"https:\/\/volare.volotea.com\/es\/ciudades\/menorca\/eventos-menorca-todo-el-ano\/#primaryimage"},"thumbnailUrl":"https:\/\/i0.wp.com\/volare.volotea.com\/wp-content\/uploads\/2025\/05\/210829-vela-clasica-menorca-3943-copia.jpg?fit=5512%2C3470&ssl=1","datePublished":"2025-05-13T09:51:25+00:00","dateModified":"2025-05-13T09:52:51+00:00","description":"A continuaci\u00f3n, te invitamos a recorrer el calendario de festivales y eventos culturales que Menorca ofrece a lo largo del a\u00f1o.","breadcrumb":{"@id":"https:\/\/volare.volotea.com\/es\/ciudades\/menorca\/eventos-menorca-todo-el-ano\/#breadcrumb"},"inLanguage":"es","potentialAction":[{"@type":"ReadAction","target":["https:\/\/volare.volotea.com\/es\/ciudades\/menorca\/eventos-menorca-todo-el-ano\/"]}]},{"@type":"ImageObject","inLanguage":"es","@id":"https:\/\/volare.volotea.com\/es\/ciudades\/menorca\/eventos-menorca-todo-el-ano\/#primaryimage","url":"https:\/\/i0.wp.com\/volare.volotea.com\/wp-content\/uploads\/2025\/05\/210829-vela-clasica-menorca-3943-copia.jpg?fit=5512%2C3470&ssl=1","contentUrl":"https:\/\/i0.wp.com\/volare.volotea.com\/wp-content\/uploads\/2025\/05\/210829-vela-clasica-menorca-3943-copia.jpg?fit=5512%2C3470&ssl=1","width":5512,"height":3470,"caption":"vela menorca"},{"@type":"BreadcrumbList","@id":"https:\/\/volare.volotea.com\/es\/ciudades\/menorca\/eventos-menorca-todo-el-ano\/#breadcrumb","itemListElement":[{"@type":"ListItem","position":1,"name":"Portada","item":"https:\/\/volare.volotea.com\/es\/"},{"@type":"ListItem","position":2,"name":"Inspiracion","item":"https:\/\/volare.volotea.com\/it\/citta\/"},{"@type":"ListItem","position":3,"name":"Menorca todo el a\u00f1o: eventos y cultura que dan vida a la isla"}]},{"@type":"WebSite","@id":"https:\/\/volare.volotea.com\/fr\/#website","url":"https:\/\/volare.volotea.com\/fr\/","name":"VOLARE MAGAZINE | VOLOTEA","description":"Travel Blog","publisher":{"@id":"https:\/\/volare.volotea.com\/fr\/#organization"},"potentialAction":[{"@type":"SearchAction","target":{"@type":"EntryPoint","urlTemplate":"https:\/\/volare.volotea.com\/fr\/?s={search_term_string}"},"query-input":{"@type":"PropertyValueSpecification","valueRequired":true,"valueName":"search_term_string"}}],"inLanguage":"es"},{"@type":"Organization","@id":"https:\/\/volare.volotea.com\/fr\/#organization","name":"VOLARE MAGAZINE | VOLOTEA","url":"https:\/\/volare.volotea.com\/fr\/","logo":{"@type":"ImageObject","inLanguage":"es","@id":"https:\/\/volare.volotea.com\/fr\/#\/schema\/logo\/image\/","url":"https:\/\/volare.volotea.com\/wp-content\/uploads\/2026\/04\/volotea.png","contentUrl":"https:\/\/volare.volotea.com\/wp-content\/uploads\/2026\/04\/volotea.png","width":960,"height":318,"caption":"VOLARE MAGAZINE | VOLOTEA"},"image":{"@id":"https:\/\/volare.volotea.com\/fr\/#\/schema\/logo\/image\/"},"sameAs":["https:\/\/www.facebook.com\/Volotea\/","https:\/\/x.com\/volotea","https:\/\/es.pinterest.com\/volotea\/"]}]}},"jetpack_sharing_enabled":true,"_links":{"self":[{"href":"https:\/\/volare.volotea.com\/es\/wp-json\/wp\/v2\/inspiracion\/30444","targetHints":{"allow":["GET"]}}],"collection":[{"href":"https:\/\/volare.volotea.com\/es\/wp-json\/wp\/v2\/inspiracion"}],"about":[{"href":"https:\/\/volare.volotea.com\/es\/wp-json\/wp\/v2\/types\/inspiracion"}],"author":[{"embeddable":true,"href":"https:\/\/volare.volotea.com\/es\/wp-json\/wp\/v2\/users\/1"}],"wp:featuredmedia":[{"embeddable":true,"href":"https:\/\/volare.volotea.com\/es\/wp-json\/wp\/v2\/media\/30470"}],"wp:attachment":[{"href":"https:\/\/volare.volotea.com\/es\/wp-json\/wp\/v2\/media?parent=30444"}],"wp:term":[{"taxonomy":"topics","embeddable":true,"href":"https:\/\/volare.volotea.com\/es\/wp-json\/wp\/v2\/topics?post=30444"},{"taxonomy":"destination","embeddable":true,"href":"https:\/\/volare.volotea.com\/es\/wp-json\/wp\/v2\/destination?post=30444"}],"curies":[{"name":"wp","href":"https:\/\/api.w.org\/{rel}","templated":true}]}}