{"id":22195,"date":"2023-05-11T12:30:16","date_gmt":"2023-05-11T10:30:16","guid":{"rendered":"https:\/\/volare.volotea.com\/?post_type=inspiracion&#038;p=22195"},"modified":"2023-05-11T14:24:29","modified_gmt":"2023-05-11T12:24:29","slug":"que-ver-mallorca-imprescindibles","status":"publish","type":"inspiracion","link":"https:\/\/volare.volotea.com\/es\/ciudades\/mallorca\/que-ver-mallorca-imprescindibles\/","title":{"rendered":"Qu\u00e9 ver en Mallorca: los imprescindibles"},"content":{"rendered":"<h5 class=\"wp-block-heading\">Es incre\u00edble todo lo que <a href=\"https:\/\/volare.volotea.com\/es\/ciudades\/mallorca\/\" target=\"_blank\" rel=\"noreferrer noopener\">Mallorca<\/a> te puede ofrecer. Seguro que mientras preparas tus merecidas vacaciones ya te has dado cuenta de ello. Para ayudarte a decidir qu\u00e9 ver en Mallorca, hemos preparado para ti este art\u00edculo con los imprescindibles de la isla.<\/h5>\n<h2 class=\"wp-block-heading\"><strong>QU\u00c9 VER EN PALMA DE MALLORCA<\/strong><\/h2>\n<p class=\"wp-block-paragraph\">Quieres visitar Palma de Mallorca, pero no sabes por d\u00f3nde empezar. No te preocupes, tengo la soluci\u00f3n. En este art\u00edculo encontrar\u00e1s una primera buena <a href=\"https:\/\/volare.volotea.com\/es\/ciudades\/mallorca\/lugares-sabores-palma-mallorca\/\" target=\"_blank\" rel=\"noreferrer noopener\">gu\u00eda de esenciales<\/a>.<\/p>\n<p class=\"wp-block-paragraph\">A unos tres kil\u00f3metros de la ciudad de Palma se encuentra uno de los lugares que es de obligada parada: el <strong>castillo de Bellver<\/strong>, el \u00fanico castillo circular en Espa\u00f1a de \u00e9poca g\u00f3tica. Sus vistas desde la colina donde se asienta, su arquitectura y su historia hacen de este monumento un lugar \u00a1\u00fanico!\u00a0<\/p>\n<figure class=\"wp-block-image size-full\"><img data-recalc-dims=\"1\" loading=\"lazy\" decoding=\"async\" width=\"640\" height=\"450\" src=\"https:\/\/i0.wp.com\/volare.volotea.com\/wp-content\/uploads\/2023\/05\/shutterstock_171235223-1.jpg?resize=640%2C450&#038;ssl=1\" alt=\"castillo de bellver palma\" class=\"wp-image-22196\" srcset=\"https:\/\/i0.wp.com\/volare.volotea.com\/wp-content\/uploads\/2023\/05\/shutterstock_171235223-1.jpg?w=750&amp;ssl=1 750w, https:\/\/i0.wp.com\/volare.volotea.com\/wp-content\/uploads\/2023\/05\/shutterstock_171235223-1.jpg?resize=300%2C211&amp;ssl=1 300w\" sizes=\"auto, (max-width: 640px) 100vw, 640px\" \/><figcaption class=\"wp-element-caption\">Castillo de Bellver<\/figcaption><\/figure>\n<p class=\"wp-block-paragraph\">Si, en cambio, te gusta descubrir edificios singulares, no dudes en parar durante unos minutos delante de <strong>Can Forteza Rey y El \u00c1guila<\/strong>, dos joyas de la arquitectura modernista en Palma. Cuando las veas vendr\u00e1 a tu mente el maestro Antoni Gaud\u00ed, aunque estos dos espectaculares edificios no son obra suya.<\/p>\n<figure class=\"wp-block-image size-full\"><img data-recalc-dims=\"1\" loading=\"lazy\" decoding=\"async\" width=\"640\" height=\"846\" src=\"https:\/\/i0.wp.com\/volare.volotea.com\/wp-content\/uploads\/2023\/05\/Foto-2-Forteza-Rey-y-edificio-Aguila.jpg?resize=640%2C846&#038;ssl=1\" alt=\"forteza rey palma\" class=\"wp-image-22200\" srcset=\"https:\/\/i0.wp.com\/volare.volotea.com\/wp-content\/uploads\/2023\/05\/Foto-2-Forteza-Rey-y-edificio-Aguila.jpg?w=750&amp;ssl=1 750w, https:\/\/i0.wp.com\/volare.volotea.com\/wp-content\/uploads\/2023\/05\/Foto-2-Forteza-Rey-y-edificio-Aguila.jpg?resize=227%2C300&amp;ssl=1 227w\" sizes=\"auto, (max-width: 640px) 100vw, 640px\" \/><figcaption class=\"wp-element-caption\">Can Forteza Rey y El \u00c1guila<\/figcaption><\/figure>\n<h2 class=\"wp-block-heading\"><strong>QU\u00c9 VER EN MALLORCA EN 3 D\u00cdAS<\/strong><\/h2>\n<p class=\"wp-block-paragraph\">\u00bfUna escapada de 3 d\u00edas para descubrir la isla y no sabes qu\u00e9 ver? No hay problema. D\u00e9jame recomendarte los esenciales que no debes perderte. Si tu alojamiento est\u00e1 en <strong>Palma de Mallorca<\/strong>, desde luego tienes que empezar por los lugares emblem\u00e1ticos de la ciudad, como <a href=\"https:\/\/volare.volotea.com\/es\/ciudades\/mallorca\/catedral-mallorca\/\" target=\"_blank\" rel=\"noreferrer noopener\"><strong>la catedral<\/strong><\/a>, los tesoros de su casco antiguo y su barrio mar\u00edtimo, donde se encuentra el que es mi edificio favorito: la <strong>antigua Lonja de Palma<\/strong> o sede del colegio de mercaderes.<\/p>\n<p class=\"wp-block-paragraph\">De cara a tu segundo d\u00eda te propongo un lugar para disfrutar con los 5 sentidos. La <a href=\"https:\/\/volare.volotea.com\/es\/ciudades\/mallorca\/sierra-tramuntana\/\" target=\"_blank\" rel=\"noreferrer noopener\"><strong>Sierra de Tramuntana<\/strong><\/a>, declarada patrimonio de la humanidad en el a\u00f1o 2011, es la combinaci\u00f3n perfecta entre naturaleza, influencia del ser humano, arquitectura e historia.\u00a0<\/p>\n<p class=\"wp-block-paragraph\">Situada en el noroeste de la isla, esta sierra ofrece paisajes impresionantes y much\u00edsimas opciones de excursiones. Si no tienes mucho tiempo para recorrerla, te recomiendo visitar directamente el pueblo de <strong>Valldemossa<\/strong>, donde no te puedes perder las vistas desde el mirador de Sa Miranda dels Lledoners, los jardines del rey Juan Carlos I y por supuesto, la Cartuja de Valldemossa. Adem\u00e1s, si te encanta la reposter\u00eda como a m\u00ed, no te vayas sin probar la coca de patata y en concreto la de <a href=\"https:\/\/www.canmolinas.com\/\" target=\"_blank\" rel=\"noreferrer noopener\">Can Molinas<\/a>.<\/p>\n<figure class=\"wp-block-image size-full\"><img data-recalc-dims=\"1\" loading=\"lazy\" decoding=\"async\" width=\"640\" height=\"288\" src=\"https:\/\/i0.wp.com\/volare.volotea.com\/wp-content\/uploads\/2023\/05\/Foto-4.-Valldemossa.jpg?resize=640%2C288&#038;ssl=1\" alt=\"valldemossa palma\" class=\"wp-image-22208\" srcset=\"https:\/\/i0.wp.com\/volare.volotea.com\/wp-content\/uploads\/2023\/05\/Foto-4.-Valldemossa.jpg?w=750&amp;ssl=1 750w, https:\/\/i0.wp.com\/volare.volotea.com\/wp-content\/uploads\/2023\/05\/Foto-4.-Valldemossa.jpg?resize=300%2C135&amp;ssl=1 300w\" sizes=\"auto, (max-width: 640px) 100vw, 640px\" \/><figcaption class=\"wp-element-caption\">Valldemossa<\/figcaption><\/figure>\n<p class=\"wp-block-paragraph\">Toca seguir nuestro camino hacia el pueblo que ha inspirado a muchos artistas, no es otro que <strong>Dei\u00e0<\/strong>. El escritor Robert Graves y el arque\u00f3logo William Waldren, entre otros muchos, quedaron conquistados por su belleza. Ves con cuidado que no te conquiste a ti tambi\u00e9n. Y despu\u00e9s de visitar Dei\u00e0, haz una parada en <strong>S\u00f3ller<\/strong>, un pueblo pr\u00e1cticamente aislado durante siglos del resto de Mallorca. \u00bfSabes c\u00f3mo se rompi\u00f3 este aislamiento? Su famoso tren de principios de Siglo XX fue el \u201cculpable\u201d. <\/p>\n<p class=\"wp-block-paragraph\">Si eres fan de la arquitectura, su combinaci\u00f3n de edificios modernistas con otros realmente antiguos te conquistar\u00e1. F\u00edjate en la plaza de la constituci\u00f3n, la iglesia de San Bartomeu y, justo a su lado, el antiguo banco de S\u00f3ller. Y sin lugar a duda, un paseo por su puerto tambi\u00e9n es algo que no puedes dejar escapar.<\/p>\n<p class=\"wp-block-paragraph\">Lo bueno toca a su fin, pero espera que te quedan horas por delante y directamente te recomiendo dirigirte hacia el este de Mallorca y ver tres lugares que me apasionan. Primero te recomiendo una parada en las <a href=\"https:\/\/www.cuevasdearta.com\/es\/\" target=\"_blank\" rel=\"noreferrer noopener\">cuevas de Art\u00e1<\/a>; de ah\u00ed ves al santuario de <strong>San Salvador<\/strong>, s\u00f3lo a 5 minutos del pueblo de Art\u00e1. Desde lo alto contemplar\u00e1s unas vistas espectaculares.<\/p>\n<figure class=\"wp-block-image size-full\"><img data-recalc-dims=\"1\" loading=\"lazy\" decoding=\"async\" width=\"640\" height=\"288\" src=\"https:\/\/i0.wp.com\/volare.volotea.com\/wp-content\/uploads\/2023\/05\/Foto-6-San-Salvador-Arta.jpg?resize=640%2C288&#038;ssl=1\" alt=\"san salvador art\u00e1 mallorca\" class=\"wp-image-22216\" srcset=\"https:\/\/i0.wp.com\/volare.volotea.com\/wp-content\/uploads\/2023\/05\/Foto-6-San-Salvador-Arta.jpg?w=750&amp;ssl=1 750w, https:\/\/i0.wp.com\/volare.volotea.com\/wp-content\/uploads\/2023\/05\/Foto-6-San-Salvador-Arta.jpg?resize=300%2C135&amp;ssl=1 300w\" sizes=\"auto, (max-width: 640px) 100vw, 640px\" \/><figcaption class=\"wp-element-caption\">Vistas desde el santuario de San Salvador<\/figcaption><\/figure>\n<p class=\"wp-block-paragraph\">Toca seguir con nuestro camino hacia el pueblo de <strong>Capdepera<\/strong>, y m\u00e1s concretamente a su castillo de origen medieval. Desde el cual, seg\u00fan cuenta la historia, el rey Jaume I prepar\u00f3 la conquista de Menorca. Por supuesto, no dejar\u00e9 que te quedes con las ganas de conocer nuestras playas. No muy lejos de este pueblo est\u00e1 <strong>cala Mesquida<\/strong>, que tiene el sistema dunar m\u00e1s grande de las Islas Baleares\u00a0<\/p>\n<figure class=\"wp-block-image size-full\"><img data-recalc-dims=\"1\" loading=\"lazy\" decoding=\"async\" width=\"640\" height=\"360\" src=\"https:\/\/i0.wp.com\/volare.volotea.com\/wp-content\/uploads\/2023\/05\/Foto-7.-Cala-Mesquida.jpg?resize=640%2C360&#038;ssl=1\" alt=\"cala mesquida mallorca\" class=\"wp-image-22220\" srcset=\"https:\/\/i0.wp.com\/volare.volotea.com\/wp-content\/uploads\/2023\/05\/Foto-7.-Cala-Mesquida.jpg?w=750&amp;ssl=1 750w, https:\/\/i0.wp.com\/volare.volotea.com\/wp-content\/uploads\/2023\/05\/Foto-7.-Cala-Mesquida.jpg?resize=300%2C169&amp;ssl=1 300w\" sizes=\"auto, (max-width: 640px) 100vw, 640px\" \/><figcaption class=\"wp-element-caption\">Cala Mesquida<\/figcaption><\/figure>\n<h2 class=\"wp-block-heading\"><strong>QUE VER EN MALLORCA EN UNA SEMANA<\/strong><\/h2>\n<p class=\"wp-block-paragraph\">Si ya dispones de una semana en Mallorca, puedes disfrutar de la capital de una forma m\u00e1s tranquila y saborear todo lo que te ofrece.<\/p>\n<p class=\"wp-block-paragraph\">Tambi\u00e9n, puedes dedicarle m\u00e1s tiempo a la Sierra de Tramuntana, no te arrepentir\u00e1s!<\/p>\n<p class=\"wp-block-paragraph\">En la zona noroeste de la isla se encuentra tambi\u00e9n el pueblo de <strong>Alcudia<\/strong> y las murallas que lo han protegido durante siglos. Un paseo por su camino de ronda es casi una obligaci\u00f3n si visitas el pueblo, sobre todo por las vistas que te ofrece esta perspectiva. Y sin lugar a duda, si eres un apasionado de la historia y especialmente de la \u00e9poca romana, all\u00ed tambi\u00e9n se encuentra la <a href=\"https:\/\/www.alcudia.net\/Pollentia\/es\/la-ciutat-romana\/\" target=\"_blank\" rel=\"noreferrer noopener\">ciudad romana de Pollentia<\/a>. \u00bfSab\u00edas que fue fundada antes que Palma de Mallorca?<\/p>\n<figure class=\"wp-block-image size-full\"><img data-recalc-dims=\"1\" loading=\"lazy\" decoding=\"async\" width=\"640\" height=\"613\" src=\"https:\/\/i0.wp.com\/volare.volotea.com\/wp-content\/uploads\/2023\/05\/Foto-8.-murallas-de-Alcudia.jpeg?resize=640%2C613&#038;ssl=1\" alt=\"murallas de alcudia\" class=\"wp-image-22224\" srcset=\"https:\/\/i0.wp.com\/volare.volotea.com\/wp-content\/uploads\/2023\/05\/Foto-8.-murallas-de-Alcudia.jpeg?w=845&amp;ssl=1 845w, https:\/\/i0.wp.com\/volare.volotea.com\/wp-content\/uploads\/2023\/05\/Foto-8.-murallas-de-Alcudia.jpeg?resize=300%2C288&amp;ssl=1 300w, https:\/\/i0.wp.com\/volare.volotea.com\/wp-content\/uploads\/2023\/05\/Foto-8.-murallas-de-Alcudia.jpeg?resize=768%2C736&amp;ssl=1 768w\" sizes=\"auto, (max-width: 640px) 100vw, 640px\" \/><figcaption class=\"wp-element-caption\">Murallas de Alcudia<\/figcaption><\/figure>\n<p class=\"wp-block-paragraph\">\u00bfTe apetece tal vez descubrir nuestras calas y playas? La isla tiene m\u00e1s de 250! Para disfrutar de joyas escondidas, \u00e9chale un vistazo a esta selecci\u00f3n de las <a href=\"https:\/\/volare.volotea.com\/es\/ciudades\/mallorca\/calas-para-aventureros-mallorca\/\" target=\"_blank\" rel=\"noreferrer noopener\">mejores calas para aventureros<\/a>.<\/p>\n<h2 class=\"wp-block-heading\"><strong>QUE VER EN MALLORCA CON NI\u00d1OS<\/strong><\/h2>\n<p class=\"wp-block-paragraph\">Por supuesto, hay mucho que ver en Mallorca con los m\u00e1s peque\u00f1os de la casa. <\/p>\n<p class=\"wp-block-paragraph\">Como padre de dos ni\u00f1os, he comprobado que ir en el <a href=\"https:\/\/trendesoller.com\/index\" target=\"_blank\" rel=\"noreferrer noopener\">tren de S\u00f3ller<\/a> es una experiencia que les encanta!<\/p>\n<p class=\"wp-block-paragraph\">Si prefieres descubrir el mundo del mar, el <a href=\"http:\/\/www.palmaaquarium.com\" target=\"_blank\" rel=\"noreferrer noopener\">acuario de Palma<\/a> es un acierto seguro. Un plan perfecto para disfrutar, aprender y concienciarse del respeto a los mares, oc\u00e9anos y a todos los seres que habitan en ellos.<\/p>\n<p class=\"wp-block-paragraph\">Otra actividad donde descubrir\u00e1s el mundo de los dinosaurios y en la que tanto peques como mayores disfrutar\u00e1n es <a href=\"http:\/\/www.dinosaurland.com\" target=\"_blank\" rel=\"noreferrer noopener\">Dinosaur Land<\/a>. Y si le a\u00f1ades la experiencia de visitar las <a href=\"https:\/\/cuevasdelshams.com\/\" target=\"_blank\" rel=\"noreferrer noopener\">cuevas del Hams<\/a>, la diversi\u00f3n en familia est\u00e1 asegurada.<\/p>\n<p class=\"wp-block-paragraph\">Por supuesto, un <a href=\"https:\/\/volare.volotea.com\/es\/ciudades\/mallorca\/mejores-playas-familias-mallorca\/\" target=\"_blank\" rel=\"noreferrer noopener\">d\u00eda de playa<\/a> siempre es una apuesta segura para pasarlo genial durante tus vacaciones.<\/p>\n<figure class=\"wp-block-image size-large\"><img data-recalc-dims=\"1\" loading=\"lazy\" decoding=\"async\" width=\"640\" height=\"754\" src=\"https:\/\/i0.wp.com\/volare.volotea.com\/wp-content\/uploads\/2023\/05\/Foto-11.-playa-de-Muro.jpg?resize=640%2C754&#038;ssl=1\" alt=\"playa de muro mallorca\" class=\"wp-image-22228\" srcset=\"https:\/\/i0.wp.com\/volare.volotea.com\/wp-content\/uploads\/2023\/05\/Foto-11.-playa-de-Muro.jpg?resize=869%2C1024&amp;ssl=1 869w, https:\/\/i0.wp.com\/volare.volotea.com\/wp-content\/uploads\/2023\/05\/Foto-11.-playa-de-Muro.jpg?resize=255%2C300&amp;ssl=1 255w, https:\/\/i0.wp.com\/volare.volotea.com\/wp-content\/uploads\/2023\/05\/Foto-11.-playa-de-Muro.jpg?resize=768%2C905&amp;ssl=1 768w, https:\/\/i0.wp.com\/volare.volotea.com\/wp-content\/uploads\/2023\/05\/Foto-11.-playa-de-Muro.jpg?resize=1304%2C1536&amp;ssl=1 1304w, https:\/\/i0.wp.com\/volare.volotea.com\/wp-content\/uploads\/2023\/05\/Foto-11.-playa-de-Muro.jpg?w=1502&amp;ssl=1 1502w\" sizes=\"auto, (max-width: 640px) 100vw, 640px\" \/><figcaption class=\"wp-element-caption\">Playa de Muro<\/figcaption><\/figure>\n<p class=\"wp-block-paragraph\">Sea 1 d\u00eda, 3 d\u00edas o una semana, vengas s\u00f3lo, en pareja o en familia, como acabas de leer hay much\u00edsimo que ver en Mallorca. Estoy seguro de que este destino te encantar\u00e1 y te quedar\u00e1s con las ganas de volver una y otra vez!<\/p>\n","protected":false},"excerpt":{"rendered":"<p>Es incre\u00edble todo lo que Mallorca te puede ofrecer. Seguro que mientras preparas tus merecidas vacaciones ya te has dado cuenta de ello. Para ayudarte a decidir qu\u00e9 ver en Mallorca, hemos preparado para ti este art\u00edculo con los imprescindibles de la isla. QU\u00c9 VER EN PALMA DE MALLORCA Quieres visitar Palma de Mallorca, pero [&hellip;]<\/p>\n","protected":false},"author":48,"featured_media":22232,"template":"","topics":[2523],"destination":[2842],"class_list":["post-22195","inspiracion","type-inspiracion","status-publish","has-post-thumbnail","hentry","topics-escapada","destination-mallorca"],"acf":[],"yoast_head":"<!-- This site is optimized with the Yoast SEO plugin v28.4 - https:\/\/yoast.com\/product\/yoast-seo-wordpress\/ -->\n<title>Qu\u00e9 ver en Mallorca: los imprescindibles - VOLARE MAGAZINE | VOLOTEA<\/title>\n<meta name=\"description\" content=\"Es incre\u00edble todo lo que Mallorca te puede ofrecer. Seguro que mientras preparas tus merecidas vacaciones ya te has dado cuenta de ello. Para ayudarte a decidir qu\u00e9 ver en Mallorca, hemos preparado para ti este art\u00edculo con los imprescindibles de la isla.\" \/>\n<meta name=\"robots\" content=\"index, follow, max-snippet:-1, max-image-preview:large, max-video-preview:-1\" \/>\n<link rel=\"canonical\" href=\"https:\/\/volare.volotea.com\/es\/ciudades\/mallorca\/que-ver-mallorca-imprescindibles\/\" \/>\n<meta property=\"og:locale\" content=\"es_ES\" \/>\n<meta property=\"og:type\" content=\"article\" \/>\n<meta property=\"og:title\" content=\"Qu\u00e9 ver en Mallorca: los imprescindibles - VOLARE MAGAZINE | VOLOTEA\" \/>\n<meta property=\"og:description\" content=\"Es incre\u00edble todo lo que Mallorca te puede ofrecer. Seguro que mientras preparas tus merecidas vacaciones ya te has dado cuenta de ello. Para ayudarte a decidir qu\u00e9 ver en Mallorca, hemos preparado para ti este art\u00edculo con los imprescindibles de la isla.\" \/>\n<meta property=\"og:url\" content=\"https:\/\/volare.volotea.com\/es\/ciudades\/mallorca\/que-ver-mallorca-imprescindibles\/\" \/>\n<meta property=\"og:site_name\" content=\"VOLARE MAGAZINE | VOLOTEA\" \/>\n<meta property=\"article:publisher\" content=\"https:\/\/www.facebook.com\/Volotea\/\" \/>\n<meta property=\"article:modified_time\" content=\"2023-05-11T12:24:29+00:00\" \/>\n<meta property=\"og:image\" content=\"https:\/\/volare.volotea.com\/wp-content\/uploads\/2023\/05\/Foto-6-San-Salvador-Arta-1.jpg\" \/>\n\t<meta property=\"og:image:width\" content=\"1350\" \/>\n\t<meta property=\"og:image:height\" content=\"608\" \/>\n\t<meta property=\"og:image:type\" content=\"image\/jpeg\" \/>\n<meta name=\"twitter:card\" content=\"summary_large_image\" \/>\n<meta name=\"twitter:site\" content=\"@volotea\" \/>\n<meta name=\"twitter:label1\" content=\"Tiempo de lectura\" \/>\n\t<meta name=\"twitter:data1\" content=\"5 minutos\" \/>\n<script type=\"application\/ld+json\" class=\"yoast-schema-graph\">{\"@context\":\"https:\\\/\\\/schema.org\",\"@graph\":[{\"@type\":\"WebPage\",\"@id\":\"https:\\\/\\\/volare.volotea.com\\\/es\\\/ciudades\\\/mallorca\\\/que-ver-mallorca-imprescindibles\\\/\",\"url\":\"https:\\\/\\\/volare.volotea.com\\\/es\\\/ciudades\\\/mallorca\\\/que-ver-mallorca-imprescindibles\\\/\",\"name\":\"Qu\u00e9 ver en Mallorca: los imprescindibles - VOLARE MAGAZINE | VOLOTEA\",\"isPartOf\":{\"@id\":\"https:\\\/\\\/volare.volotea.com\\\/fr\\\/#website\"},\"primaryImageOfPage\":{\"@id\":\"https:\\\/\\\/volare.volotea.com\\\/es\\\/ciudades\\\/mallorca\\\/que-ver-mallorca-imprescindibles\\\/#primaryimage\"},\"image\":{\"@id\":\"https:\\\/\\\/volare.volotea.com\\\/es\\\/ciudades\\\/mallorca\\\/que-ver-mallorca-imprescindibles\\\/#primaryimage\"},\"thumbnailUrl\":\"https:\\\/\\\/i0.wp.com\\\/volare.volotea.com\\\/wp-content\\\/uploads\\\/2023\\\/05\\\/Foto-6-San-Salvador-Arta-1.jpg?fit=1350%2C608&ssl=1\",\"datePublished\":\"2023-05-11T10:30:16+00:00\",\"dateModified\":\"2023-05-11T12:24:29+00:00\",\"description\":\"Es incre\u00edble todo lo que Mallorca te puede ofrecer. Seguro que mientras preparas tus merecidas vacaciones ya te has dado cuenta de ello. Para ayudarte a decidir qu\u00e9 ver en Mallorca, hemos preparado para ti este art\u00edculo con los imprescindibles de la isla.\",\"breadcrumb\":{\"@id\":\"https:\\\/\\\/volare.volotea.com\\\/es\\\/ciudades\\\/mallorca\\\/que-ver-mallorca-imprescindibles\\\/#breadcrumb\"},\"inLanguage\":\"es\",\"potentialAction\":[{\"@type\":\"ReadAction\",\"target\":[\"https:\\\/\\\/volare.volotea.com\\\/es\\\/ciudades\\\/mallorca\\\/que-ver-mallorca-imprescindibles\\\/\"]}]},{\"@type\":\"ImageObject\",\"inLanguage\":\"es\",\"@id\":\"https:\\\/\\\/volare.volotea.com\\\/es\\\/ciudades\\\/mallorca\\\/que-ver-mallorca-imprescindibles\\\/#primaryimage\",\"url\":\"https:\\\/\\\/i0.wp.com\\\/volare.volotea.com\\\/wp-content\\\/uploads\\\/2023\\\/05\\\/Foto-6-San-Salvador-Arta-1.jpg?fit=1350%2C608&ssl=1\",\"contentUrl\":\"https:\\\/\\\/i0.wp.com\\\/volare.volotea.com\\\/wp-content\\\/uploads\\\/2023\\\/05\\\/Foto-6-San-Salvador-Arta-1.jpg?fit=1350%2C608&ssl=1\",\"width\":1350,\"height\":608,\"caption\":\"san salvador art\u00e0\"},{\"@type\":\"BreadcrumbList\",\"@id\":\"https:\\\/\\\/volare.volotea.com\\\/es\\\/ciudades\\\/mallorca\\\/que-ver-mallorca-imprescindibles\\\/#breadcrumb\",\"itemListElement\":[{\"@type\":\"ListItem\",\"position\":1,\"name\":\"Portada\",\"item\":\"https:\\\/\\\/volare.volotea.com\\\/es\\\/\"},{\"@type\":\"ListItem\",\"position\":2,\"name\":\"Inspiracion\",\"item\":\"https:\\\/\\\/volare.volotea.com\\\/it\\\/citta\\\/\"},{\"@type\":\"ListItem\",\"position\":3,\"name\":\"Qu\u00e9 ver en Mallorca: los imprescindibles\"}]},{\"@type\":\"WebSite\",\"@id\":\"https:\\\/\\\/volare.volotea.com\\\/fr\\\/#website\",\"url\":\"https:\\\/\\\/volare.volotea.com\\\/fr\\\/\",\"name\":\"VOLARE MAGAZINE | VOLOTEA\",\"description\":\"Travel Blog\",\"publisher\":{\"@id\":\"https:\\\/\\\/volare.volotea.com\\\/fr\\\/#organization\"},\"potentialAction\":[{\"@type\":\"SearchAction\",\"target\":{\"@type\":\"EntryPoint\",\"urlTemplate\":\"https:\\\/\\\/volare.volotea.com\\\/fr\\\/?s={search_term_string}\"},\"query-input\":{\"@type\":\"PropertyValueSpecification\",\"valueRequired\":true,\"valueName\":\"search_term_string\"}}],\"inLanguage\":\"es\"},{\"@type\":\"Organization\",\"@id\":\"https:\\\/\\\/volare.volotea.com\\\/fr\\\/#organization\",\"name\":\"VOLARE MAGAZINE | VOLOTEA\",\"url\":\"https:\\\/\\\/volare.volotea.com\\\/fr\\\/\",\"logo\":{\"@type\":\"ImageObject\",\"inLanguage\":\"es\",\"@id\":\"https:\\\/\\\/volare.volotea.com\\\/fr\\\/#\\\/schema\\\/logo\\\/image\\\/\",\"url\":\"https:\\\/\\\/volare.volotea.com\\\/wp-content\\\/uploads\\\/2026\\\/04\\\/volotea.png\",\"contentUrl\":\"https:\\\/\\\/volare.volotea.com\\\/wp-content\\\/uploads\\\/2026\\\/04\\\/volotea.png\",\"width\":960,\"height\":318,\"caption\":\"VOLARE MAGAZINE | VOLOTEA\"},\"image\":{\"@id\":\"https:\\\/\\\/volare.volotea.com\\\/fr\\\/#\\\/schema\\\/logo\\\/image\\\/\"},\"sameAs\":[\"https:\\\/\\\/www.facebook.com\\\/Volotea\\\/\",\"https:\\\/\\\/x.com\\\/volotea\",\"https:\\\/\\\/es.pinterest.com\\\/volotea\\\/\"]}]}<\/script>\n<!-- \/ Yoast SEO plugin. -->","yoast_head_json":{"title":"Qu\u00e9 ver en Mallorca: los imprescindibles - VOLARE MAGAZINE | VOLOTEA","description":"Es incre\u00edble todo lo que Mallorca te puede ofrecer. Seguro que mientras preparas tus merecidas vacaciones ya te has dado cuenta de ello. Para ayudarte a decidir qu\u00e9 ver en Mallorca, hemos preparado para ti este art\u00edculo con los imprescindibles de la isla.","robots":{"index":"index","follow":"follow","max-snippet":"max-snippet:-1","max-image-preview":"max-image-preview:large","max-video-preview":"max-video-preview:-1"},"canonical":"https:\/\/volare.volotea.com\/es\/ciudades\/mallorca\/que-ver-mallorca-imprescindibles\/","og_locale":"es_ES","og_type":"article","og_title":"Qu\u00e9 ver en Mallorca: los imprescindibles - VOLARE MAGAZINE | VOLOTEA","og_description":"Es incre\u00edble todo lo que Mallorca te puede ofrecer. Seguro que mientras preparas tus merecidas vacaciones ya te has dado cuenta de ello. Para ayudarte a decidir qu\u00e9 ver en Mallorca, hemos preparado para ti este art\u00edculo con los imprescindibles de la isla.","og_url":"https:\/\/volare.volotea.com\/es\/ciudades\/mallorca\/que-ver-mallorca-imprescindibles\/","og_site_name":"VOLARE MAGAZINE | VOLOTEA","article_publisher":"https:\/\/www.facebook.com\/Volotea\/","article_modified_time":"2023-05-11T12:24:29+00:00","og_image":[{"width":1350,"height":608,"url":"https:\/\/volare.volotea.com\/wp-content\/uploads\/2023\/05\/Foto-6-San-Salvador-Arta-1.jpg","type":"image\/jpeg"}],"twitter_card":"summary_large_image","twitter_site":"@volotea","twitter_misc":{"Tiempo de lectura":"5 minutos"},"schema":{"@context":"https:\/\/schema.org","@graph":[{"@type":"WebPage","@id":"https:\/\/volare.volotea.com\/es\/ciudades\/mallorca\/que-ver-mallorca-imprescindibles\/","url":"https:\/\/volare.volotea.com\/es\/ciudades\/mallorca\/que-ver-mallorca-imprescindibles\/","name":"Qu\u00e9 ver en Mallorca: los imprescindibles - VOLARE MAGAZINE | VOLOTEA","isPartOf":{"@id":"https:\/\/volare.volotea.com\/fr\/#website"},"primaryImageOfPage":{"@id":"https:\/\/volare.volotea.com\/es\/ciudades\/mallorca\/que-ver-mallorca-imprescindibles\/#primaryimage"},"image":{"@id":"https:\/\/volare.volotea.com\/es\/ciudades\/mallorca\/que-ver-mallorca-imprescindibles\/#primaryimage"},"thumbnailUrl":"https:\/\/i0.wp.com\/volare.volotea.com\/wp-content\/uploads\/2023\/05\/Foto-6-San-Salvador-Arta-1.jpg?fit=1350%2C608&ssl=1","datePublished":"2023-05-11T10:30:16+00:00","dateModified":"2023-05-11T12:24:29+00:00","description":"Es incre\u00edble todo lo que Mallorca te puede ofrecer. Seguro que mientras preparas tus merecidas vacaciones ya te has dado cuenta de ello. Para ayudarte a decidir qu\u00e9 ver en Mallorca, hemos preparado para ti este art\u00edculo con los imprescindibles de la isla.","breadcrumb":{"@id":"https:\/\/volare.volotea.com\/es\/ciudades\/mallorca\/que-ver-mallorca-imprescindibles\/#breadcrumb"},"inLanguage":"es","potentialAction":[{"@type":"ReadAction","target":["https:\/\/volare.volotea.com\/es\/ciudades\/mallorca\/que-ver-mallorca-imprescindibles\/"]}]},{"@type":"ImageObject","inLanguage":"es","@id":"https:\/\/volare.volotea.com\/es\/ciudades\/mallorca\/que-ver-mallorca-imprescindibles\/#primaryimage","url":"https:\/\/i0.wp.com\/volare.volotea.com\/wp-content\/uploads\/2023\/05\/Foto-6-San-Salvador-Arta-1.jpg?fit=1350%2C608&ssl=1","contentUrl":"https:\/\/i0.wp.com\/volare.volotea.com\/wp-content\/uploads\/2023\/05\/Foto-6-San-Salvador-Arta-1.jpg?fit=1350%2C608&ssl=1","width":1350,"height":608,"caption":"san salvador art\u00e0"},{"@type":"BreadcrumbList","@id":"https:\/\/volare.volotea.com\/es\/ciudades\/mallorca\/que-ver-mallorca-imprescindibles\/#breadcrumb","itemListElement":[{"@type":"ListItem","position":1,"name":"Portada","item":"https:\/\/volare.volotea.com\/es\/"},{"@type":"ListItem","position":2,"name":"Inspiracion","item":"https:\/\/volare.volotea.com\/it\/citta\/"},{"@type":"ListItem","position":3,"name":"Qu\u00e9 ver en Mallorca: los imprescindibles"}]},{"@type":"WebSite","@id":"https:\/\/volare.volotea.com\/fr\/#website","url":"https:\/\/volare.volotea.com\/fr\/","name":"VOLARE MAGAZINE | VOLOTEA","description":"Travel Blog","publisher":{"@id":"https:\/\/volare.volotea.com\/fr\/#organization"},"potentialAction":[{"@type":"SearchAction","target":{"@type":"EntryPoint","urlTemplate":"https:\/\/volare.volotea.com\/fr\/?s={search_term_string}"},"query-input":{"@type":"PropertyValueSpecification","valueRequired":true,"valueName":"search_term_string"}}],"inLanguage":"es"},{"@type":"Organization","@id":"https:\/\/volare.volotea.com\/fr\/#organization","name":"VOLARE MAGAZINE | VOLOTEA","url":"https:\/\/volare.volotea.com\/fr\/","logo":{"@type":"ImageObject","inLanguage":"es","@id":"https:\/\/volare.volotea.com\/fr\/#\/schema\/logo\/image\/","url":"https:\/\/volare.volotea.com\/wp-content\/uploads\/2026\/04\/volotea.png","contentUrl":"https:\/\/volare.volotea.com\/wp-content\/uploads\/2026\/04\/volotea.png","width":960,"height":318,"caption":"VOLARE MAGAZINE | VOLOTEA"},"image":{"@id":"https:\/\/volare.volotea.com\/fr\/#\/schema\/logo\/image\/"},"sameAs":["https:\/\/www.facebook.com\/Volotea\/","https:\/\/x.com\/volotea","https:\/\/es.pinterest.com\/volotea\/"]}]}},"jetpack_sharing_enabled":true,"_links":{"self":[{"href":"https:\/\/volare.volotea.com\/es\/wp-json\/wp\/v2\/inspiracion\/22195","targetHints":{"allow":["GET"]}}],"collection":[{"href":"https:\/\/volare.volotea.com\/es\/wp-json\/wp\/v2\/inspiracion"}],"about":[{"href":"https:\/\/volare.volotea.com\/es\/wp-json\/wp\/v2\/types\/inspiracion"}],"author":[{"embeddable":true,"href":"https:\/\/volare.volotea.com\/es\/wp-json\/wp\/v2\/users\/48"}],"wp:featuredmedia":[{"embeddable":true,"href":"https:\/\/volare.volotea.com\/es\/wp-json\/wp\/v2\/media\/22232"}],"wp:attachment":[{"href":"https:\/\/volare.volotea.com\/es\/wp-json\/wp\/v2\/media?parent=22195"}],"wp:term":[{"taxonomy":"topics","embeddable":true,"href":"https:\/\/volare.volotea.com\/es\/wp-json\/wp\/v2\/topics?post=22195"},{"taxonomy":"destination","embeddable":true,"href":"https:\/\/volare.volotea.com\/es\/wp-json\/wp\/v2\/destination?post=22195"}],"curies":[{"name":"wp","href":"https:\/\/api.w.org\/{rel}","templated":true}]}}