{"id":17477,"date":"2022-05-12T11:55:46","date_gmt":"2022-05-12T09:55:46","guid":{"rendered":"https:\/\/volare.volotea.com\/?post_type=inspiracion&#038;p=17477"},"modified":"2022-05-12T16:44:04","modified_gmt":"2022-05-12T14:44:04","slug":"lugares-sabores-palma-mallorca","status":"publish","type":"inspiracion","link":"https:\/\/volare.volotea.com\/es\/ciudades\/mallorca\/lugares-sabores-palma-mallorca\/","title":{"rendered":"Lugares y sabores de Palma de Mallorca"},"content":{"rendered":"<h5 class=\"wp-block-heading\">Palma de Mallorca es una ciudad ideal para disfrutarla los 365 d\u00edas del a\u00f1o. Una amalgama de culturas ha convivido en ella durante sus casi 2000 a\u00f1os de antig\u00fcedad por lo que, si te gusta la historia, descubrir\u00e1s multitud de edificios emblem\u00e1ticos y rincones que ni te imaginas.<\/h5>\n<p class=\"wp-block-paragraph\">Si eres un apasionado del dulce o del salado, deja que tu paladar disfrute de los productos m\u00e1s t\u00edpicos de nuestra gastronom\u00eda, que puedes encontrar en algunos de nuestros comercios m\u00e1s emblem\u00e1ticos. Otra excusa perfecta para una visita que no te dejar\u00e1 indiferente.<\/p>\n<p class=\"wp-block-paragraph\">Deja que te confiese un secreto, soy de aquellas personas que se quedan con ambas propuestas. \u00bfEst\u00e1s listo? Te voy a mostrar mi viaje ideal por nuestra capital con infinidad de curiosidades que no encontrar\u00e1s en ninguna gu\u00eda.<\/p>\n<h2 class=\"wp-block-heading\"><strong>Bas\u00edlica de San Francesc<\/strong><\/h2>\n<p class=\"wp-block-paragraph\">Empezamos el paseo por la ciudad por uno de sus muchos edificios emblem\u00e1ticos. Seguro que no sabes que dentro de ella se enfrentaron dos familias nobles de Palma, los Armadans y los Espa\u00f1ol. Tal fue la violencia que la bas\u00edlica tuvo que volver a consagrarse. Adem\u00e1s, como curiosidad,su portal lo tuvieron que reconstruir porque.. \u00a1lo parti\u00f3 un rayo!<\/p>\n<figure class=\"wp-block-image size-large\"><img data-recalc-dims=\"1\" loading=\"lazy\" decoding=\"async\" width=\"640\" height=\"894\" src=\"https:\/\/i0.wp.com\/volare.volotea.com\/wp-content\/uploads\/2022\/05\/San-Francesc-1-1.jpg?resize=640%2C894&#038;ssl=1\" alt=\"basilica san francesc palma\" class=\"wp-image-17478\" srcset=\"https:\/\/i0.wp.com\/volare.volotea.com\/wp-content\/uploads\/2022\/05\/San-Francesc-1-1.jpg?resize=733%2C1024&amp;ssl=1 733w, https:\/\/i0.wp.com\/volare.volotea.com\/wp-content\/uploads\/2022\/05\/San-Francesc-1-1.jpg?resize=215%2C300&amp;ssl=1 215w, https:\/\/i0.wp.com\/volare.volotea.com\/wp-content\/uploads\/2022\/05\/San-Francesc-1-1.jpg?resize=768%2C1073&amp;ssl=1 768w, https:\/\/i0.wp.com\/volare.volotea.com\/wp-content\/uploads\/2022\/05\/San-Francesc-1-1.jpg?w=916&amp;ssl=1 916w\" sizes=\"auto, (max-width: 640px) 100vw, 640px\" \/><\/figure>\n<h2 class=\"wp-block-heading\"><strong>Can Joan de S\u2019aigo<\/strong><\/h2>\n<p class=\"wp-block-paragraph\"><a href=\"https:\/\/www.google.es\/maps\/place\/Ca'n+Joan+de+s'Aigo\/@39.56993,2.648266,16z\/data=!4m5!3m4!1s0x1297924e6e9d6cfd:0xc6853557970a9c73!8m2!3d39.5699381!4d2.6526464\" target=\"_blank\" rel=\"noreferrer noopener\">Carrer de Can San\u00e7, 10<\/a><\/p>\n<p class=\"wp-block-paragraph\">Parada obligatoria, muy cerca de donde has empezado este paseo y que adem\u00e1s es el local m\u00e1s emblem\u00e1tico de los tres que llevan su hist\u00f3rico nombre.Es uno de los comercios m\u00e1s antiguos de Palma. Su fundador empez\u00f3 vendiendo bloques de hielo que se hac\u00edan con la nieve que se recog\u00eda en la Serra de Tramuntana.<\/p>\n<p class=\"wp-block-paragraph\">Adem\u00e1s, si eres amante de los peque\u00f1os placeres dulces, \u00a1<a href=\"https:\/\/canjoandesaigo.com\/es\/inicio\/\">Can Joan de S\u2019aigo<\/a> es tu lugar! Prueba su helado artesano de almendra, el chocolate a la taza, las ensaimadas y el cuarto, uno de los dulces m\u00e1s t\u00edpicos de la reposter\u00eda mallorquina.  Si te atreves a cocinarlo en casa, no olvides que su secreto es darle un buen susto.<\/p>\n<figure class=\"wp-block-image size-large\"><img data-recalc-dims=\"1\" loading=\"lazy\" decoding=\"async\" width=\"640\" height=\"509\" src=\"https:\/\/i0.wp.com\/volare.volotea.com\/wp-content\/uploads\/2022\/05\/cuarto-ensaimada-helado-y-chocolate.jpg?resize=640%2C509&#038;ssl=1\" alt=\"dulces san joan de s'aigo palma\" class=\"wp-image-17482\" srcset=\"https:\/\/i0.wp.com\/volare.volotea.com\/wp-content\/uploads\/2022\/05\/cuarto-ensaimada-helado-y-chocolate.jpg?resize=1024%2C814&amp;ssl=1 1024w, https:\/\/i0.wp.com\/volare.volotea.com\/wp-content\/uploads\/2022\/05\/cuarto-ensaimada-helado-y-chocolate.jpg?resize=300%2C238&amp;ssl=1 300w, https:\/\/i0.wp.com\/volare.volotea.com\/wp-content\/uploads\/2022\/05\/cuarto-ensaimada-helado-y-chocolate.jpg?resize=768%2C610&amp;ssl=1 768w, https:\/\/i0.wp.com\/volare.volotea.com\/wp-content\/uploads\/2022\/05\/cuarto-ensaimada-helado-y-chocolate.jpg?resize=1536%2C1221&amp;ssl=1 1536w, https:\/\/i0.wp.com\/volare.volotea.com\/wp-content\/uploads\/2022\/05\/cuarto-ensaimada-helado-y-chocolate.jpg?resize=2048%2C1628&amp;ssl=1 2048w, https:\/\/i0.wp.com\/volare.volotea.com\/wp-content\/uploads\/2022\/05\/cuarto-ensaimada-helado-y-chocolate.jpg?w=1280&amp;ssl=1 1280w, https:\/\/i0.wp.com\/volare.volotea.com\/wp-content\/uploads\/2022\/05\/cuarto-ensaimada-helado-y-chocolate.jpg?w=1920&amp;ssl=1 1920w\" sizes=\"auto, (max-width: 640px) 100vw, 640px\" \/><\/figure>\n<h2 class=\"wp-block-heading\"><strong>Iglesia de Santa Eulalia<\/strong><\/h2>\n<p class=\"wp-block-paragraph\">Estoy seguro de que has disfrutado de los peque\u00f1os caprichos que te he recomendado, pero ahora toca seguir nuestro paseo que nos lleva a la iglesia m\u00e1s antigua de Palma donde fue coronado uno de los reyes de Mallorca, Jaime II. Cuando est\u00e9s contemplando su espectacular fachada, piensa que bajo tus pies hab\u00eda algo un poco t\u00e9trico, el primer cementerio de la ciudad. <\/p>\n<figure class=\"wp-block-image size-large\"><img data-recalc-dims=\"1\" loading=\"lazy\" decoding=\"async\" width=\"576\" height=\"1024\" src=\"https:\/\/i0.wp.com\/volare.volotea.com\/wp-content\/uploads\/2022\/05\/Santa-Eulalia-576x1024.jpg?resize=576%2C1024&#038;ssl=1\" alt=\"iglesia santa eulalia palma\" class=\"wp-image-17486\" srcset=\"https:\/\/i0.wp.com\/volare.volotea.com\/wp-content\/uploads\/2022\/05\/Santa-Eulalia.jpg?resize=576%2C1024&amp;ssl=1 576w, https:\/\/i0.wp.com\/volare.volotea.com\/wp-content\/uploads\/2022\/05\/Santa-Eulalia.jpg?resize=169%2C300&amp;ssl=1 169w, https:\/\/i0.wp.com\/volare.volotea.com\/wp-content\/uploads\/2022\/05\/Santa-Eulalia.jpg?w=720&amp;ssl=1 720w\" sizes=\"auto, (max-width: 576px) 100vw, 576px\" \/><\/figure>\n<h2 class=\"wp-block-heading\"><strong>Bar Plata<\/strong><\/h2>\n<p class=\"wp-block-paragraph\"><a href=\"https:\/\/goo.gl\/maps\/1UhVBonZMwXhExJw7\" target=\"_blank\" rel=\"noreferrer noopener\">Carrer de l&#8217;Argenteria, 1<\/a><\/p>\n<p class=\"wp-block-paragraph\">Como te descuides, habr\u00e1s pasado por delante y ni te habr\u00e1s dado cuenta. Es uno de esos lugares emblem\u00e1ticos de la ciudad que de verdad es parte activa del barrio donde se encuentra, sobre todo desde que empez\u00f3 a regentarlo en el a\u00f1o 1956 Joan Serra, padre del actual propietario Tolo. \u00bfTe imaginas que un cliente venga a tu casa a despertarte por qu\u00e9 te has dormido y quiere que le abras para que pueda merendar? Pues esto es lo que pasaba. Es un buen momento para darte el capricho de probar la especialidad de la casa que son sus llonguets, puedes empezar con el de sobrasada y queso que es todo un cl\u00e1sico. Un momento, un momento, \u00bfqu\u00e9 no sabes que es un llonguet? Es un panecillo que hist\u00f3ricamente s\u00f3lo se horneaba en Palma.<\/p>\n<figure class=\"wp-block-image size-large\"><img data-recalc-dims=\"1\" loading=\"lazy\" decoding=\"async\" width=\"640\" height=\"289\" src=\"https:\/\/i0.wp.com\/volare.volotea.com\/wp-content\/uploads\/2022\/05\/entrada-bar.jpg?resize=640%2C289&#038;ssl=1\" alt=\"bra plata palma\" class=\"wp-image-17490\" srcset=\"https:\/\/i0.wp.com\/volare.volotea.com\/wp-content\/uploads\/2022\/05\/entrada-bar.jpg?resize=1024%2C462&amp;ssl=1 1024w, https:\/\/i0.wp.com\/volare.volotea.com\/wp-content\/uploads\/2022\/05\/entrada-bar.jpg?resize=300%2C135&amp;ssl=1 300w, https:\/\/i0.wp.com\/volare.volotea.com\/wp-content\/uploads\/2022\/05\/entrada-bar.jpg?resize=768%2C346&amp;ssl=1 768w, https:\/\/i0.wp.com\/volare.volotea.com\/wp-content\/uploads\/2022\/05\/entrada-bar.jpg?w=1280&amp;ssl=1 1280w\" sizes=\"auto, (max-width: 640px) 100vw, 640px\" \/><\/figure>\n<h2 class=\"wp-block-heading\"><strong>Ayuntamiento de Palma<\/strong><\/h2>\n<p class=\"wp-block-paragraph\">Otro de esos lugares que has de visitar s\u00ed o s\u00ed. Fascinante por todos sus detalles; su espectacular voladizo, en Figuera que es el nombre del reloj que preside la fachada, su banco llamado en Si No Fos. Adem\u00e1s te reto a que descubras d\u00f3nde se esconden la sargantana y el caracol. \u00a1No dudes y entra!  Ya ver\u00e1s todo lo que descubrir\u00e1s.<\/p>\n<figure class=\"wp-block-image size-large\"><img data-recalc-dims=\"1\" loading=\"lazy\" decoding=\"async\" width=\"640\" height=\"480\" src=\"https:\/\/i0.wp.com\/volare.volotea.com\/wp-content\/uploads\/2022\/05\/Ayuntamiento.jpg?resize=640%2C480&#038;ssl=1\" alt=\"ayuntamiento de palma \" class=\"wp-image-17494\" srcset=\"https:\/\/i0.wp.com\/volare.volotea.com\/wp-content\/uploads\/2022\/05\/Ayuntamiento.jpg?resize=1024%2C768&amp;ssl=1 1024w, https:\/\/i0.wp.com\/volare.volotea.com\/wp-content\/uploads\/2022\/05\/Ayuntamiento.jpg?resize=300%2C225&amp;ssl=1 300w, https:\/\/i0.wp.com\/volare.volotea.com\/wp-content\/uploads\/2022\/05\/Ayuntamiento.jpg?resize=768%2C576&amp;ssl=1 768w, https:\/\/i0.wp.com\/volare.volotea.com\/wp-content\/uploads\/2022\/05\/Ayuntamiento.jpg?w=1280&amp;ssl=1 1280w\" sizes=\"auto, (max-width: 640px) 100vw, 640px\" \/><\/figure>\n<h2 class=\"wp-block-heading\"><strong>Es Fornet de la Soca<\/strong><\/h2>\n<p class=\"wp-block-paragraph\"><a href=\"https:\/\/goo.gl\/maps\/VVyi1pBfsDAaBBTN6\" target=\"_blank\" rel=\"noreferrer noopener\">Pla\u00e7a de Weyler, 9<\/a> y <a href=\"https:\/\/goo.gl\/maps\/SiECrTZjyxvzayV99\" target=\"_blank\" rel=\"noreferrer noopener\">Pla\u00e7a de Cort, 6<\/a><\/p>\n<p class=\"wp-block-paragraph\">Cuando entras en cualquiera de los dos establecimientos de <a href=\"https:\/\/fornetdelasoca.com\/\" target=\"_blank\" rel=\"noreferrer noopener nofollow\">Es Fornet de la Soca<\/a>, disfrutar\u00e1s de un \u201cbocado\u201d de la historia de nuestra ciudad, gracias a un recetario que se remonta a siglos atr\u00e1s. Una combinaci\u00f3n de postres muy conocidos como las ensaimadas o las \u201cpanadas\u201d (que, por cierto, tienen hasta 16 variedades diferentes) con otros que seguro no conoces y que es una obligaci\u00f3n probar porque no los encontrar\u00e1s en ning\u00fan otro lugar.<\/p>\n<figure class=\"wp-block-image size-large\"><img data-recalc-dims=\"1\" loading=\"lazy\" decoding=\"async\" width=\"640\" height=\"918\" src=\"https:\/\/i0.wp.com\/volare.volotea.com\/wp-content\/uploads\/2022\/05\/fornet-de-la-soca-segundo-local-en-plaza-weyler.jpg?resize=640%2C918&#038;ssl=1\" alt=\"es fornet de la soca palma\" class=\"wp-image-17498\" srcset=\"https:\/\/i0.wp.com\/volare.volotea.com\/wp-content\/uploads\/2022\/05\/fornet-de-la-soca-segundo-local-en-plaza-weyler.jpg?resize=714%2C1024&amp;ssl=1 714w, https:\/\/i0.wp.com\/volare.volotea.com\/wp-content\/uploads\/2022\/05\/fornet-de-la-soca-segundo-local-en-plaza-weyler.jpg?resize=209%2C300&amp;ssl=1 209w, https:\/\/i0.wp.com\/volare.volotea.com\/wp-content\/uploads\/2022\/05\/fornet-de-la-soca-segundo-local-en-plaza-weyler.jpg?resize=768%2C1101&amp;ssl=1 768w, https:\/\/i0.wp.com\/volare.volotea.com\/wp-content\/uploads\/2022\/05\/fornet-de-la-soca-segundo-local-en-plaza-weyler.jpg?w=893&amp;ssl=1 893w\" sizes=\"auto, (max-width: 640px) 100vw, 640px\" \/><\/figure>\n<h2 class=\"wp-block-heading\"><strong>Bomboner\u00eda la Pajarita y Colmado la Pajarita<\/strong><\/h2>\n<p class=\"wp-block-paragraph\"><a href=\"https:\/\/goo.gl\/maps\/SKim8tRV7LggBFZaA\" target=\"_blank\" rel=\"noreferrer noopener\">Carrer de Sant Nicolau 2 y 4<\/a><\/p>\n<p class=\"wp-block-paragraph\">Dos negocios emblem\u00e1ticos y una historia que va de la mano.  Una fachada \u00fanica de un inconfundible color naranja desde sus or\u00edgenes en el a\u00f1o 1872. Antigua chocolater\u00eda y primera tienda en vender pl\u00e1tanos, caf\u00e9 y Mo\u00ebt Chandon en toda Mallorca. Tanto si eres de dulce como de salado seguro caer\u00e1s en sus peque\u00f1as tentaciones tal y como lo he hecho yo y otros ilustres personajes como el escritor Robert Graves o el archiduque Luis Salvador de Austria.<\/p>\n<figure class=\"wp-block-image size-large\"><img data-recalc-dims=\"1\" loading=\"lazy\" decoding=\"async\" width=\"640\" height=\"394\" src=\"https:\/\/i0.wp.com\/volare.volotea.com\/wp-content\/uploads\/2022\/05\/pajarita.jpg?resize=640%2C394&#038;ssl=1\" alt=\"la pajarita palma\" class=\"wp-image-17502\" srcset=\"https:\/\/i0.wp.com\/volare.volotea.com\/wp-content\/uploads\/2022\/05\/pajarita.jpg?resize=1024%2C631&amp;ssl=1 1024w, https:\/\/i0.wp.com\/volare.volotea.com\/wp-content\/uploads\/2022\/05\/pajarita.jpg?resize=300%2C185&amp;ssl=1 300w, https:\/\/i0.wp.com\/volare.volotea.com\/wp-content\/uploads\/2022\/05\/pajarita.jpg?resize=768%2C473&amp;ssl=1 768w, https:\/\/i0.wp.com\/volare.volotea.com\/wp-content\/uploads\/2022\/05\/pajarita.jpg?w=1280&amp;ssl=1 1280w\" sizes=\"auto, (max-width: 640px) 100vw, 640px\" \/><\/figure>\n<h2 class=\"wp-block-heading\"><strong>Gran Hotel<\/strong><\/h2>\n<p class=\"wp-block-paragraph\">Seas un apasionado o no del arte modernista, ya s\u00f3lo su fachada llena de detalles florales te va a cautivar. Hasta la inauguraci\u00f3n del hotel Ritz en Madrid, este establecimiento fue el m\u00e1s lujoso de Espa\u00f1a. Ten\u00eda capacidad para 150 personas, pero aunque parezca mentira no todas las habitaciones dispon\u00edan de ba\u00f1o propio. Los precios por noche variaban entre 2,5 y 15 pesetas (aproximadamente entre 1,5 c\u00e9ntimos de euro y 9 c\u00e9ntimos de euro). \u00bfTe imaginas pagar ahora estos precios?<\/p>\n<figure class=\"wp-block-image size-large\"><img data-recalc-dims=\"1\" loading=\"lazy\" decoding=\"async\" width=\"640\" height=\"391\" src=\"https:\/\/i0.wp.com\/volare.volotea.com\/wp-content\/uploads\/2022\/05\/Gran-hotel-frontal.jpg?resize=640%2C391&#038;ssl=1\" alt=\"gran hotel palma\" class=\"wp-image-17506\" srcset=\"https:\/\/i0.wp.com\/volare.volotea.com\/wp-content\/uploads\/2022\/05\/Gran-hotel-frontal.jpg?resize=1024%2C626&amp;ssl=1 1024w, https:\/\/i0.wp.com\/volare.volotea.com\/wp-content\/uploads\/2022\/05\/Gran-hotel-frontal.jpg?resize=300%2C184&amp;ssl=1 300w, https:\/\/i0.wp.com\/volare.volotea.com\/wp-content\/uploads\/2022\/05\/Gran-hotel-frontal.jpg?resize=768%2C470&amp;ssl=1 768w, https:\/\/i0.wp.com\/volare.volotea.com\/wp-content\/uploads\/2022\/05\/Gran-hotel-frontal.jpg?w=1280&amp;ssl=1 1280w\" sizes=\"auto, (max-width: 640px) 100vw, 640px\" \/><\/figure>\n<h2 class=\"wp-block-heading\"><strong>Es Forn de la Gl\u00f2ria<\/strong><\/h2>\n<p class=\"wp-block-paragraph\"><a href=\"https:\/\/goo.gl\/maps\/FYu8Tip44vK5kZxj9\" target=\"_blank\" rel=\"noreferrer noopener\">Carrer del Forn de la Gl\u00f2ria, 7<\/a><\/p>\n<p class=\"wp-block-paragraph\">Esta panader\u00eda se encuentra muy cerca de uno de los grandes edificios de la ciudad, la lonja. La de historias que nos pueden contar sus m\u00e1s de 300 a\u00f1os de antig\u00fcedad. Al entrar, seguro que lo primero que te cautivar\u00e1 ser\u00e1 su olor a pan reci\u00e9n horneado. De los pocos hornos de le\u00f1a que quedan en la ciudad y donde adem\u00e1s, \u201cel pan canta\u201d.<\/p>\n<figure class=\"wp-block-image size-large\"><img data-recalc-dims=\"1\" loading=\"lazy\" decoding=\"async\" width=\"640\" height=\"640\" src=\"https:\/\/i0.wp.com\/volare.volotea.com\/wp-content\/uploads\/2022\/05\/forn-de-la-gloria-interior.jpg?resize=640%2C640&#038;ssl=1\" alt=\"es forn de la gloria palma\" class=\"wp-image-17510\" srcset=\"https:\/\/i0.wp.com\/volare.volotea.com\/wp-content\/uploads\/2022\/05\/forn-de-la-gloria-interior.jpg?resize=1024%2C1024&amp;ssl=1 1024w, https:\/\/i0.wp.com\/volare.volotea.com\/wp-content\/uploads\/2022\/05\/forn-de-la-gloria-interior.jpg?resize=300%2C300&amp;ssl=1 300w, https:\/\/i0.wp.com\/volare.volotea.com\/wp-content\/uploads\/2022\/05\/forn-de-la-gloria-interior.jpg?resize=150%2C150&amp;ssl=1 150w, https:\/\/i0.wp.com\/volare.volotea.com\/wp-content\/uploads\/2022\/05\/forn-de-la-gloria-interior.jpg?resize=768%2C768&amp;ssl=1 768w, https:\/\/i0.wp.com\/volare.volotea.com\/wp-content\/uploads\/2022\/05\/forn-de-la-gloria-interior.jpg?w=1080&amp;ssl=1 1080w\" sizes=\"auto, (max-width: 640px) 100vw, 640px\" \/><\/figure>\n<p class=\"wp-block-paragraph\">Hasta aqu\u00ed nuestro viaje de grandes lugares y peque\u00f1os placeres. Lo bueno siempre pasa muy r\u00e1pido pero, no lo dudes, Volotea siempre estar\u00e1 lista para ti cuando quieras volver a repetirlo!<\/p>\n","protected":false},"excerpt":{"rendered":"<p>Palma de Mallorca es una ciudad ideal para disfrutarla los 365 d\u00edas del a\u00f1o. Una amalgama de culturas ha convivido en ella durante sus casi 2000 a\u00f1os de antig\u00fcedad por lo que, si te gusta la historia, descubrir\u00e1s multitud de edificios emblem\u00e1ticos y rincones que ni te imaginas. Si eres un apasionado del dulce o [&hellip;]<\/p>\n","protected":false},"author":48,"featured_media":17531,"template":"","topics":[2524],"destination":[2842],"class_list":["post-17477","inspiracion","type-inspiracion","status-publish","has-post-thumbnail","hentry","topics-gastronomia","destination-mallorca"],"acf":[],"yoast_head":"<!-- This site is optimized with the Yoast SEO plugin v28.4 - https:\/\/yoast.com\/product\/yoast-seo-wordpress\/ -->\n<title>Lugares y sabores de Palma de Mallorca - VOLARE MAGAZINE | VOLOTEA<\/title>\n<meta name=\"description\" content=\"Te voy a mostrar mi viaje ideal por la capital de Mallorca con infinidad de curiosidades que no encontrar\u00e1s en ninguna gu\u00eda.\" \/>\n<meta name=\"robots\" content=\"index, follow, max-snippet:-1, max-image-preview:large, max-video-preview:-1\" \/>\n<link rel=\"canonical\" href=\"https:\/\/volare.volotea.com\/es\/ciudades\/mallorca\/lugares-sabores-palma-mallorca\/\" \/>\n<meta property=\"og:locale\" content=\"es_ES\" \/>\n<meta property=\"og:type\" content=\"article\" \/>\n<meta property=\"og:title\" content=\"Lugares y sabores de Palma de Mallorca - VOLARE MAGAZINE | VOLOTEA\" \/>\n<meta property=\"og:description\" content=\"Te voy a mostrar mi viaje ideal por la capital de Mallorca con infinidad de curiosidades que no encontrar\u00e1s en ninguna gu\u00eda.\" \/>\n<meta property=\"og:url\" content=\"https:\/\/volare.volotea.com\/es\/ciudades\/mallorca\/lugares-sabores-palma-mallorca\/\" \/>\n<meta property=\"og:site_name\" content=\"VOLARE MAGAZINE | VOLOTEA\" \/>\n<meta property=\"article:publisher\" content=\"https:\/\/www.facebook.com\/Volotea\/\" \/>\n<meta property=\"article:modified_time\" content=\"2022-05-12T14:44:04+00:00\" \/>\n<meta property=\"og:image\" content=\"https:\/\/volare.volotea.com\/wp-content\/uploads\/2022\/05\/shutterstock_211988770.jpg\" \/>\n\t<meta property=\"og:image:width\" content=\"1000\" \/>\n\t<meta property=\"og:image:height\" content=\"667\" \/>\n\t<meta property=\"og:image:type\" content=\"image\/jpeg\" \/>\n<meta name=\"twitter:card\" content=\"summary_large_image\" \/>\n<meta name=\"twitter:site\" content=\"@volotea\" \/>\n<meta name=\"twitter:label1\" content=\"Tiempo de lectura\" \/>\n\t<meta name=\"twitter:data1\" content=\"6 minutos\" \/>\n<script type=\"application\/ld+json\" class=\"yoast-schema-graph\">{\"@context\":\"https:\\\/\\\/schema.org\",\"@graph\":[{\"@type\":\"WebPage\",\"@id\":\"https:\\\/\\\/volare.volotea.com\\\/es\\\/ciudades\\\/mallorca\\\/lugares-sabores-palma-mallorca\\\/\",\"url\":\"https:\\\/\\\/volare.volotea.com\\\/es\\\/ciudades\\\/mallorca\\\/lugares-sabores-palma-mallorca\\\/\",\"name\":\"Lugares y sabores de Palma de Mallorca - VOLARE MAGAZINE | VOLOTEA\",\"isPartOf\":{\"@id\":\"https:\\\/\\\/volare.volotea.com\\\/fr\\\/#website\"},\"primaryImageOfPage\":{\"@id\":\"https:\\\/\\\/volare.volotea.com\\\/es\\\/ciudades\\\/mallorca\\\/lugares-sabores-palma-mallorca\\\/#primaryimage\"},\"image\":{\"@id\":\"https:\\\/\\\/volare.volotea.com\\\/es\\\/ciudades\\\/mallorca\\\/lugares-sabores-palma-mallorca\\\/#primaryimage\"},\"thumbnailUrl\":\"https:\\\/\\\/i0.wp.com\\\/volare.volotea.com\\\/wp-content\\\/uploads\\\/2022\\\/05\\\/shutterstock_211988770.jpg?fit=1000%2C667&ssl=1\",\"datePublished\":\"2022-05-12T09:55:46+00:00\",\"dateModified\":\"2022-05-12T14:44:04+00:00\",\"description\":\"Te voy a mostrar mi viaje ideal por la capital de Mallorca con infinidad de curiosidades que no encontrar\u00e1s en ninguna gu\u00eda.\",\"breadcrumb\":{\"@id\":\"https:\\\/\\\/volare.volotea.com\\\/es\\\/ciudades\\\/mallorca\\\/lugares-sabores-palma-mallorca\\\/#breadcrumb\"},\"inLanguage\":\"es\",\"potentialAction\":[{\"@type\":\"ReadAction\",\"target\":[\"https:\\\/\\\/volare.volotea.com\\\/es\\\/ciudades\\\/mallorca\\\/lugares-sabores-palma-mallorca\\\/\"]}]},{\"@type\":\"ImageObject\",\"inLanguage\":\"es\",\"@id\":\"https:\\\/\\\/volare.volotea.com\\\/es\\\/ciudades\\\/mallorca\\\/lugares-sabores-palma-mallorca\\\/#primaryimage\",\"url\":\"https:\\\/\\\/i0.wp.com\\\/volare.volotea.com\\\/wp-content\\\/uploads\\\/2022\\\/05\\\/shutterstock_211988770.jpg?fit=1000%2C667&ssl=1\",\"contentUrl\":\"https:\\\/\\\/i0.wp.com\\\/volare.volotea.com\\\/wp-content\\\/uploads\\\/2022\\\/05\\\/shutterstock_211988770.jpg?fit=1000%2C667&ssl=1\",\"width\":1000,\"height\":667},{\"@type\":\"BreadcrumbList\",\"@id\":\"https:\\\/\\\/volare.volotea.com\\\/es\\\/ciudades\\\/mallorca\\\/lugares-sabores-palma-mallorca\\\/#breadcrumb\",\"itemListElement\":[{\"@type\":\"ListItem\",\"position\":1,\"name\":\"Portada\",\"item\":\"https:\\\/\\\/volare.volotea.com\\\/es\\\/\"},{\"@type\":\"ListItem\",\"position\":2,\"name\":\"Inspiracion\",\"item\":\"https:\\\/\\\/volare.volotea.com\\\/it\\\/citta\\\/\"},{\"@type\":\"ListItem\",\"position\":3,\"name\":\"Lugares y sabores de Palma de Mallorca\"}]},{\"@type\":\"WebSite\",\"@id\":\"https:\\\/\\\/volare.volotea.com\\\/fr\\\/#website\",\"url\":\"https:\\\/\\\/volare.volotea.com\\\/fr\\\/\",\"name\":\"VOLARE MAGAZINE | VOLOTEA\",\"description\":\"Travel Blog\",\"publisher\":{\"@id\":\"https:\\\/\\\/volare.volotea.com\\\/fr\\\/#organization\"},\"potentialAction\":[{\"@type\":\"SearchAction\",\"target\":{\"@type\":\"EntryPoint\",\"urlTemplate\":\"https:\\\/\\\/volare.volotea.com\\\/fr\\\/?s={search_term_string}\"},\"query-input\":{\"@type\":\"PropertyValueSpecification\",\"valueRequired\":true,\"valueName\":\"search_term_string\"}}],\"inLanguage\":\"es\"},{\"@type\":\"Organization\",\"@id\":\"https:\\\/\\\/volare.volotea.com\\\/fr\\\/#organization\",\"name\":\"VOLARE MAGAZINE | VOLOTEA\",\"url\":\"https:\\\/\\\/volare.volotea.com\\\/fr\\\/\",\"logo\":{\"@type\":\"ImageObject\",\"inLanguage\":\"es\",\"@id\":\"https:\\\/\\\/volare.volotea.com\\\/fr\\\/#\\\/schema\\\/logo\\\/image\\\/\",\"url\":\"https:\\\/\\\/volare.volotea.com\\\/wp-content\\\/uploads\\\/2026\\\/04\\\/volotea.png\",\"contentUrl\":\"https:\\\/\\\/volare.volotea.com\\\/wp-content\\\/uploads\\\/2026\\\/04\\\/volotea.png\",\"width\":960,\"height\":318,\"caption\":\"VOLARE MAGAZINE | VOLOTEA\"},\"image\":{\"@id\":\"https:\\\/\\\/volare.volotea.com\\\/fr\\\/#\\\/schema\\\/logo\\\/image\\\/\"},\"sameAs\":[\"https:\\\/\\\/www.facebook.com\\\/Volotea\\\/\",\"https:\\\/\\\/x.com\\\/volotea\",\"https:\\\/\\\/es.pinterest.com\\\/volotea\\\/\"]}]}<\/script>\n<!-- \/ Yoast SEO plugin. -->","yoast_head_json":{"title":"Lugares y sabores de Palma de Mallorca - VOLARE MAGAZINE | VOLOTEA","description":"Te voy a mostrar mi viaje ideal por la capital de Mallorca con infinidad de curiosidades que no encontrar\u00e1s en ninguna gu\u00eda.","robots":{"index":"index","follow":"follow","max-snippet":"max-snippet:-1","max-image-preview":"max-image-preview:large","max-video-preview":"max-video-preview:-1"},"canonical":"https:\/\/volare.volotea.com\/es\/ciudades\/mallorca\/lugares-sabores-palma-mallorca\/","og_locale":"es_ES","og_type":"article","og_title":"Lugares y sabores de Palma de Mallorca - VOLARE MAGAZINE | VOLOTEA","og_description":"Te voy a mostrar mi viaje ideal por la capital de Mallorca con infinidad de curiosidades que no encontrar\u00e1s en ninguna gu\u00eda.","og_url":"https:\/\/volare.volotea.com\/es\/ciudades\/mallorca\/lugares-sabores-palma-mallorca\/","og_site_name":"VOLARE MAGAZINE | VOLOTEA","article_publisher":"https:\/\/www.facebook.com\/Volotea\/","article_modified_time":"2022-05-12T14:44:04+00:00","og_image":[{"width":1000,"height":667,"url":"https:\/\/volare.volotea.com\/wp-content\/uploads\/2022\/05\/shutterstock_211988770.jpg","type":"image\/jpeg"}],"twitter_card":"summary_large_image","twitter_site":"@volotea","twitter_misc":{"Tiempo de lectura":"6 minutos"},"schema":{"@context":"https:\/\/schema.org","@graph":[{"@type":"WebPage","@id":"https:\/\/volare.volotea.com\/es\/ciudades\/mallorca\/lugares-sabores-palma-mallorca\/","url":"https:\/\/volare.volotea.com\/es\/ciudades\/mallorca\/lugares-sabores-palma-mallorca\/","name":"Lugares y sabores de Palma de Mallorca - VOLARE MAGAZINE | VOLOTEA","isPartOf":{"@id":"https:\/\/volare.volotea.com\/fr\/#website"},"primaryImageOfPage":{"@id":"https:\/\/volare.volotea.com\/es\/ciudades\/mallorca\/lugares-sabores-palma-mallorca\/#primaryimage"},"image":{"@id":"https:\/\/volare.volotea.com\/es\/ciudades\/mallorca\/lugares-sabores-palma-mallorca\/#primaryimage"},"thumbnailUrl":"https:\/\/i0.wp.com\/volare.volotea.com\/wp-content\/uploads\/2022\/05\/shutterstock_211988770.jpg?fit=1000%2C667&ssl=1","datePublished":"2022-05-12T09:55:46+00:00","dateModified":"2022-05-12T14:44:04+00:00","description":"Te voy a mostrar mi viaje ideal por la capital de Mallorca con infinidad de curiosidades que no encontrar\u00e1s en ninguna gu\u00eda.","breadcrumb":{"@id":"https:\/\/volare.volotea.com\/es\/ciudades\/mallorca\/lugares-sabores-palma-mallorca\/#breadcrumb"},"inLanguage":"es","potentialAction":[{"@type":"ReadAction","target":["https:\/\/volare.volotea.com\/es\/ciudades\/mallorca\/lugares-sabores-palma-mallorca\/"]}]},{"@type":"ImageObject","inLanguage":"es","@id":"https:\/\/volare.volotea.com\/es\/ciudades\/mallorca\/lugares-sabores-palma-mallorca\/#primaryimage","url":"https:\/\/i0.wp.com\/volare.volotea.com\/wp-content\/uploads\/2022\/05\/shutterstock_211988770.jpg?fit=1000%2C667&ssl=1","contentUrl":"https:\/\/i0.wp.com\/volare.volotea.com\/wp-content\/uploads\/2022\/05\/shutterstock_211988770.jpg?fit=1000%2C667&ssl=1","width":1000,"height":667},{"@type":"BreadcrumbList","@id":"https:\/\/volare.volotea.com\/es\/ciudades\/mallorca\/lugares-sabores-palma-mallorca\/#breadcrumb","itemListElement":[{"@type":"ListItem","position":1,"name":"Portada","item":"https:\/\/volare.volotea.com\/es\/"},{"@type":"ListItem","position":2,"name":"Inspiracion","item":"https:\/\/volare.volotea.com\/it\/citta\/"},{"@type":"ListItem","position":3,"name":"Lugares y sabores de Palma de Mallorca"}]},{"@type":"WebSite","@id":"https:\/\/volare.volotea.com\/fr\/#website","url":"https:\/\/volare.volotea.com\/fr\/","name":"VOLARE MAGAZINE | VOLOTEA","description":"Travel Blog","publisher":{"@id":"https:\/\/volare.volotea.com\/fr\/#organization"},"potentialAction":[{"@type":"SearchAction","target":{"@type":"EntryPoint","urlTemplate":"https:\/\/volare.volotea.com\/fr\/?s={search_term_string}"},"query-input":{"@type":"PropertyValueSpecification","valueRequired":true,"valueName":"search_term_string"}}],"inLanguage":"es"},{"@type":"Organization","@id":"https:\/\/volare.volotea.com\/fr\/#organization","name":"VOLARE MAGAZINE | VOLOTEA","url":"https:\/\/volare.volotea.com\/fr\/","logo":{"@type":"ImageObject","inLanguage":"es","@id":"https:\/\/volare.volotea.com\/fr\/#\/schema\/logo\/image\/","url":"https:\/\/volare.volotea.com\/wp-content\/uploads\/2026\/04\/volotea.png","contentUrl":"https:\/\/volare.volotea.com\/wp-content\/uploads\/2026\/04\/volotea.png","width":960,"height":318,"caption":"VOLARE MAGAZINE | VOLOTEA"},"image":{"@id":"https:\/\/volare.volotea.com\/fr\/#\/schema\/logo\/image\/"},"sameAs":["https:\/\/www.facebook.com\/Volotea\/","https:\/\/x.com\/volotea","https:\/\/es.pinterest.com\/volotea\/"]}]}},"jetpack_sharing_enabled":true,"_links":{"self":[{"href":"https:\/\/volare.volotea.com\/es\/wp-json\/wp\/v2\/inspiracion\/17477","targetHints":{"allow":["GET"]}}],"collection":[{"href":"https:\/\/volare.volotea.com\/es\/wp-json\/wp\/v2\/inspiracion"}],"about":[{"href":"https:\/\/volare.volotea.com\/es\/wp-json\/wp\/v2\/types\/inspiracion"}],"author":[{"embeddable":true,"href":"https:\/\/volare.volotea.com\/es\/wp-json\/wp\/v2\/users\/48"}],"wp:featuredmedia":[{"embeddable":true,"href":"https:\/\/volare.volotea.com\/es\/wp-json\/wp\/v2\/media\/17531"}],"wp:attachment":[{"href":"https:\/\/volare.volotea.com\/es\/wp-json\/wp\/v2\/media?parent=17477"}],"wp:term":[{"taxonomy":"topics","embeddable":true,"href":"https:\/\/volare.volotea.com\/es\/wp-json\/wp\/v2\/topics?post=17477"},{"taxonomy":"destination","embeddable":true,"href":"https:\/\/volare.volotea.com\/es\/wp-json\/wp\/v2\/destination?post=17477"}],"curies":[{"name":"wp","href":"https:\/\/api.w.org\/{rel}","templated":true}]}}